{"id":9989,"date":"2024-04-26T15:16:23","date_gmt":"2024-04-26T13:16:23","guid":{"rendered":"https:\/\/lcpr.pl\/zg\/?page_id=9989"},"modified":"2026-02-06T09:47:19","modified_gmt":"2026-02-06T08:47:19","slug":"akademia-mlodego-czlowieka","status":"publish","type":"page","link":"https:\/\/lcpr.pl\/zg\/akademia-mlodego-czlowieka\/","title":{"rendered":"Akademia M\u0142odego Cz\u0142owieka"},"content":{"rendered":"<style type=\"text\/css\"> \n#cmsms_row_69f16e6c4a50d .cmsms_row_outer_parent { \n\tpadding-top: 50px; \n} \n\n#cmsms_row_69f16e6c4a50d .cmsms_row_outer_parent { \n\tpadding-bottom: 0px; \n} \n\n \n#cmsms_heading_69f16e6c4a5ec, #cmsms_heading_69f16e6c4a5ec a { \n\tfont-size:28px; \n\ttext-align:center; \n\tfont-weight:400; \n\tfont-style:normal; \n\tmargin-top:0px; \n\tmargin-bottom:20px; \n} \n \n#cmsms_row_69f16e6c4a618 .cmsms_row_outer_parent { \n\tpadding-top: 50px; \n} \n\n#cmsms_row_69f16e6c4a618 .cmsms_row_outer_parent { \n\tpadding-bottom: 50px; \n} \n\n \n#cmsms_row_69f16e6c4aca0 .cmsms_row_outer_parent { \n\tpadding-top: 0px; \n} \n\n#cmsms_row_69f16e6c4aca0 .cmsms_row_outer_parent { \n\tpadding-bottom: 50px; \n} \n\n<\/style><div id=\"cmsms_row_69f16e6c4a50d\" class=\"cmsms_row cmsms_color_scheme_default\">\n<div class=\"cmsms_row_outer_parent\">\n<div class=\"cmsms_row_outer\">\n<div class=\"cmsms_row_inner\">\n<div class=\"cmsms_row_margin\">\n<div class=\"cmsms_column one_first\">\n<h1 id=\"cmsms_heading_69f16e6c4a5ec\" class=\"cmsms_heading\">Akademia M\u0142odego Cz\u0142owieka<\/h1>\n<\/div>\n<\/div>\n<\/div>\n<\/div>\n<\/div>\n<\/div>\n<div id=\"cmsms_row_69f16e6c4a618\" class=\"cmsms_row cmsms_color_scheme_default\">\n<div class=\"cmsms_row_outer_parent\">\n<div class=\"cmsms_row_outer\">\n<div class=\"cmsms_row_inner\">\n<div class=\"cmsms_row_margin\">\n<div class=\"cmsms_column one_third\">\n<div class=\"aligncenter\">\n<div class=\"cmsms_img  cmsms_image_c\">\n<a href=\"https:\/\/lcpr.pl\/zg\/akademia-mlodego-czlowieka\/\"><img decoding=\"async\" src=\"https:\/\/lcpr.pl\/zg\/wp-content\/uploads\/2024\/04\/sowa-na-www-730x1024.jpg\" \/><\/a>\n<\/div>\n<\/div>\n<\/div>\n<div class=\"cmsms_column two_third\">\n<div class=\"cmsms_text\">\n<h4 style=\"text-align: left;\"><strong>Akademia M\u0142odego Cz\u0142owieka &#8211; warsztaty pszczelarskie<\/strong><\/h4>\n<h4 style=\"text-align: left;\">To dzia\u0142anie edukacyjne, wspieraj\u0105ce \u015brodowisko pszczelarskie, skierowane do najm\u0142odszych mieszka\u0144c\u00f3w wojew\u00f3dztwa lubuskiego.<\/h4>\n<h4 style=\"text-align: left;\">Spotkania odbywaj\u0105 si\u0119 w plac\u00f3wkach przedszkolnych, w pasiekach lub skansenach pszczelarskich i skierowane s\u0105 do uczni\u00f3w szk\u00f3\u0142 podstawowych i przedszkoli.<\/h4>\n<h4 style=\"text-align: left;\">Dzia\u0142anie s\u0142u\u017cy edukowaniu najm\u0142odszych \u2013 aby uwra\u017cliwi\u0107 dzieci na prac\u0119 pszcz\u00f3\u0142 i jako\u015b\u0107 produkt\u00f3w \u2013 miodu i innych produkt\u00f3w pszczelich.<\/h4>\n<h4 style=\"text-align: left;\"><strong>W ramach Akademii m\u0142odego cz\u0142owieka &#8211; warsztat\u00f3w pszczelarskich &#8211; dzieci dowiaduj\u0105 si\u0119:<\/strong><\/h4>\n<h4 style=\"text-align: left;\">&#8211; Kim jest pszczelarz?<\/h4>\n<h4 style=\"text-align: left;\">&#8211; Jak wygl\u0105da ul?<\/h4>\n<h4 style=\"text-align: left;\">&#8211; Czym jest pszczela rodzina?<\/h4>\n<h4 style=\"text-align: left;\">&#8211; Jakie znaczenie maj\u0105 pszczo\u0142y dla otaczaj\u0105cego nas \u015bwiata?<\/h4>\n<h4 style=\"text-align: left;\">&#8211; Dlaczego powinni\u015bmy o nie dba\u0107?<\/h4>\n<h4 style=\"text-align: left;\"><strong>Uczestnicy warsztat\u00f3w otrzymuj\u0105:<\/strong><\/h4>\n<h4 style=\"text-align: left;\">&#8211; dawk\u0119 wiedzy ekologicznej dostosowan\u0105 do ich wieku,<\/h4>\n<h4 style=\"text-align: left;\">&#8211; Odznak\u0119 M\u0142odego Pszczelarza,<\/h4>\n<h4 style=\"text-align: left;\">&#8211; s\u0142odki pocz\u0119stunek,<\/h4>\n<h4 style=\"text-align: left;\">&#8211; s\u0142oiczek miodu.<\/h4>\n<h4 style=\"text-align: left;\">Wsp\u00f3lnie poznajemy bli\u017cej \u017cycie i prac\u0119 pszcz\u00f3\u0142.<\/h4>\n<h4 style=\"text-align: left;\">W ramach zaj\u0119\u0107 prowadzona jest r\u00f3wnie\u017c degustacja py\u0142ku pszczelego i miodu.<\/h4>\n<h4 style=\"text-align: left;\">Dzieci poznaj\u0105 tak\u017ce pszcz\u00f3\u0142kowe rekwizyty i prawdziwe pszczo\u0142y w ramce!<\/h4>\n<h4 style=\"text-align: left;\">Akademia M\u0142odego Cz\u0142owieka to r\u00f3wnie\u017c okazja do poznania naszego Superbohatera \u2013 Misia LCPR, kt\u00f3ry jest wielkim fanem miodu.<\/h4>\n<\/div>\n<\/div>\n<\/div>\n<\/div>\n<\/div>\n<\/div>\n<\/div>\n<div id=\"cmsms_row_69f16e6c4aca0\" class=\"cmsms_row cmsms_color_scheme_default\">\n<div class=\"cmsms_row_outer_parent\">\n<div class=\"cmsms_row_outer\">\n<div class=\"cmsms_row_inner\">\n<div class=\"cmsms_row_margin\">\n<div class=\"cmsms_column one_first\">\n<div class=\"cmsms_wrap_blog entry-summary\" id=\"blog_69f16e6c4ad7f\"><script type=\"text\/javascript\">\r\njQuery(document).ready(function () {\r\n\t(function ($) {\r\n\t\tif ($('#blog_69f16e6c4ad7f').find('article').length == '0') {\r\n\t\t\treturn false;\r\n\t\t}\r\n\t\t\r\n\t\r\n\t\tstartBlog( \r\n\t\t\t'69f16e6c4ad7f', \r\n\t\t\t'columns', \r\n\t\t\t'grid', \r\n\t\t\t'https:\/\/lcpr.pl\/zg\/wp-content\/plugins\/cmsms-content-composer\/', \r\n\t\t\t'date', \r\n\t\t\t'DESC', \r\n\t\t\t'12', \r\n\t\t\t'akademia-mlodego-czlowieka', \r\n\t\t\t'date,categories,more' \r\n\t\t);\r\n\t} )(jQuery);\r\n} );\r\n<\/script>\r\n<div class=\"blog columns grid cmsms_3\">\r\n<!--_________________________ Start Standard Article _________________________ -->\r\n\r\n<article id=\"post-15537\" class=\"cmsms_post_masonry post-15537 post type-post status-publish format-standard has-post-thumbnail hentry category-akademia-mlodego-czlowieka category-aktualnosci\" data-category=\"akademia-mlodego-czlowieka aktualnosci\">\r\n\t<span class=\"cmsms_post_format_img  cmsms-icon-desktop-3\"><\/span>\r\n\t<div class=\"cmsms_post_cont\">\r\n\t<figure><a href=\"https:\/\/lcpr.pl\/zg\/2025\/06\/18\/warsztaty-pszczelarskie\/\" title=\"Warsztaty pszczelarskie dla dzieci &#8222;Akademia M\u0142odego Cz\u0142owieka&#8221; z Lubuskim Zwi\u0105zkiem Pszczelarzy!\" class=\"cmsms_img_link preloader\"><img loading=\"lazy\" decoding=\"async\" width=\"580\" height=\"390\" src=\"https:\/\/lcpr.pl\/zg\/wp-content\/uploads\/2025\/06\/20250617_094138-4-scaled-e1750938524383-580x390.jpg\" class=\"full-width wp-post-image\" alt=\"Warsztaty pszczelarskie dla dzieci &#8222;Akademia M\u0142odego Cz\u0142owieka&#8221; z Lubuskim Zwi\u0105zkiem Pszczelarzy!\" title=\"Warsztaty pszczelarskie dla dzieci &#8222;Akademia M\u0142odego Cz\u0142owieka&#8221; z Lubuskim Zwi\u0105zkiem Pszczelarzy!\" \/><\/a><\/figure><header class=\"cmsms_post_header entry-header\"><h2 class=\"cmsms_post_title entry-title\"><a href=\"https:\/\/lcpr.pl\/zg\/2025\/06\/18\/warsztaty-pszczelarskie\/\">Warsztaty pszczelarskie dla dzieci &#8222;Akademia M\u0142odego Cz\u0142owieka&#8221; z Lubuskim Zwi\u0105zkiem Pszczelarzy!<\/a><\/h2><\/header><div class=\"cmsms_post_cont_info entry-meta\"><span class=\"cmsms_post_category\">Kategoria <a href=\"https:\/\/lcpr.pl\/zg\/category\/akademia-mlodego-czlowieka\/\" rel=\"category tag\">Akademia M\u0142odego Cz\u0142owieka<\/a>, <a href=\"https:\/\/lcpr.pl\/zg\/category\/aktualnosci\/\" rel=\"category tag\">Aktualno\u015bci<\/a><\/span><\/div><div class=\"cmsms_post_content entry-content\">\n<p>Wczoraj i dzi\u015b (17.06 i 18.06) odbyli\u015bmy niesamowite warsztaty pszczelarskie w Pasieka Klenica w ramach dzia\u0142ania \"Akademia M\u0142odego Cz\u0142owieka\".<\/p>\n<\/div>\n<footer class=\"cmsms_post_footer entry-meta tar\"><div class=\"cmsms_post_meta_info\"><abbr class=\"published cmsms_post_date cmsms-icon-calendar-8\" title=\"2025-06-18\">2025-06-18<\/abbr><abbr class=\"dn date updated\" title=\"2025-06-26\">2025-06-26<\/abbr><\/div><a class=\"button cmsms_post_read_more\" href=\"https:\/\/lcpr.pl\/zg\/2025\/06\/18\/warsztaty-pszczelarskie\/\">Wi\u0119cej informacji<\/a><\/footer>\t<\/div>\r\n<\/article>\r\n<!--_________________________ Finish Standard Article _________________________ -->\r\n\r\n\r\n<!--_________________________ Start Standard Article _________________________ -->\r\n\r\n<article id=\"post-15342\" class=\"cmsms_post_masonry post-15342 post type-post status-publish format-standard has-post-thumbnail hentry category-akademia-mlodego-czlowieka category-aktualnosci\" data-category=\"akademia-mlodego-czlowieka aktualnosci\">\r\n\t<span class=\"cmsms_post_format_img  cmsms-icon-desktop-3\"><\/span>\r\n\t<div class=\"cmsms_post_cont\">\r\n\t<figure><a href=\"https:\/\/lcpr.pl\/zg\/2025\/06\/06\/ruszyla-akademia-mlodego-czlowieka-warsztaty-pszczelarskie-z-wzp-w-skansenie-pszczelarskim-w-kostrzynie\/\" title=\"Trwa Akademia M\u0142odego Cz\u0142owieka &#8211; warsztaty w Skansenie Pszczelarskim w Kostrzynie nad Odr\u0105\" class=\"cmsms_img_link preloader\"><img loading=\"lazy\" decoding=\"async\" width=\"580\" height=\"390\" src=\"https:\/\/lcpr.pl\/zg\/wp-content\/uploads\/2025\/06\/IMG-20250605-WA0001-1-scaled-e1749208362452-580x390.jpeg\" class=\"full-width wp-post-image\" alt=\"Trwa Akademia M\u0142odego Cz\u0142owieka &#8211; warsztaty w Skansenie Pszczelarskim w Kostrzynie nad Odr\u0105\" title=\"Trwa Akademia M\u0142odego Cz\u0142owieka &#8211; warsztaty w Skansenie Pszczelarskim w Kostrzynie nad Odr\u0105\" \/><\/a><\/figure><header class=\"cmsms_post_header entry-header\"><h2 class=\"cmsms_post_title entry-title\"><a href=\"https:\/\/lcpr.pl\/zg\/2025\/06\/06\/ruszyla-akademia-mlodego-czlowieka-warsztaty-pszczelarskie-z-wzp-w-skansenie-pszczelarskim-w-kostrzynie\/\">Trwa Akademia M\u0142odego Cz\u0142owieka &#8211; warsztaty w Skansenie Pszczelarskim w Kostrzynie nad Odr\u0105<\/a><\/h2><\/header><div class=\"cmsms_post_cont_info entry-meta\"><span class=\"cmsms_post_category\">Kategoria <a href=\"https:\/\/lcpr.pl\/zg\/category\/akademia-mlodego-czlowieka\/\" rel=\"category tag\">Akademia M\u0142odego Cz\u0142owieka<\/a>, <a href=\"https:\/\/lcpr.pl\/zg\/category\/aktualnosci\/\" rel=\"category tag\">Aktualno\u015bci<\/a><\/span><\/div><div class=\"cmsms_post_content entry-content\">\n<p>Trwa Akademia M\u0142odego Cz\u0142owieka! warsztaty pszczelarskie z Wojew\u00f3dzkim Zwi\u0105zkiem Pszczelarzy w Gorzowie - warztaty w Skansenie Pszczelarskim w Kostrzynie nad Odr\u0105.<\/p>\n<\/div>\n<footer class=\"cmsms_post_footer entry-meta tar\"><div class=\"cmsms_post_meta_info\"><abbr class=\"published cmsms_post_date cmsms-icon-calendar-8\" title=\"2025-06-06\">2025-06-06<\/abbr><abbr class=\"dn date updated\" title=\"2025-06-06\">2025-06-06<\/abbr><\/div><a class=\"button cmsms_post_read_more\" href=\"https:\/\/lcpr.pl\/zg\/2025\/06\/06\/ruszyla-akademia-mlodego-czlowieka-warsztaty-pszczelarskie-z-wzp-w-skansenie-pszczelarskim-w-kostrzynie\/\">Wi\u0119cej informacji<\/a><\/footer>\t<\/div>\r\n<\/article>\r\n<!--_________________________ Finish Standard Article _________________________ -->\r\n\r\n\r\n<!--_________________________ Start Standard Article _________________________ -->\r\n\r\n<article id=\"post-15255\" class=\"cmsms_post_masonry post-15255 post type-post status-publish format-standard has-post-thumbnail hentry category-akademia-mlodego-czlowieka category-aktualnosci\" data-category=\"akademia-mlodego-czlowieka aktualnosci\">\r\n\t<span class=\"cmsms_post_format_img  cmsms-icon-desktop-3\"><\/span>\r\n\t<div class=\"cmsms_post_cont\">\r\n\t<figure><a href=\"https:\/\/lcpr.pl\/zg\/2025\/06\/03\/ruszyla-akademia-mlodego-czlowieka-warsztaty-pszczelarskie-z-wzp-w-skansenie-pszczelarskim\/\" title=\"Ruszy\u0142a Akademia M\u0142odego Cz\u0142owieka &#8211; warsztaty pszczelarskie z WZP w Skansenie Pszczelarskim w Kostrzynie nad Odr\u0105!\" class=\"cmsms_img_link preloader\"><img loading=\"lazy\" decoding=\"async\" width=\"580\" height=\"390\" src=\"https:\/\/lcpr.pl\/zg\/wp-content\/uploads\/2025\/06\/20250603_112254-scaled-e1748963253685-580x390.jpg\" class=\"full-width wp-post-image\" alt=\"Ruszy\u0142a Akademia M\u0142odego Cz\u0142owieka &#8211; warsztaty pszczelarskie z WZP w Skansenie Pszczelarskim w Kostrzynie nad Odr\u0105!\" title=\"Ruszy\u0142a Akademia M\u0142odego Cz\u0142owieka &#8211; warsztaty pszczelarskie z WZP w Skansenie Pszczelarskim w Kostrzynie nad Odr\u0105!\" \/><\/a><\/figure><header class=\"cmsms_post_header entry-header\"><h2 class=\"cmsms_post_title entry-title\"><a href=\"https:\/\/lcpr.pl\/zg\/2025\/06\/03\/ruszyla-akademia-mlodego-czlowieka-warsztaty-pszczelarskie-z-wzp-w-skansenie-pszczelarskim\/\">Ruszy\u0142a Akademia M\u0142odego Cz\u0142owieka &#8211; warsztaty pszczelarskie z WZP w Skansenie Pszczelarskim w Kostrzynie nad Odr\u0105!<\/a><\/h2><\/header><div class=\"cmsms_post_cont_info entry-meta\"><span class=\"cmsms_post_category\">Kategoria <a href=\"https:\/\/lcpr.pl\/zg\/category\/akademia-mlodego-czlowieka\/\" rel=\"category tag\">Akademia M\u0142odego Cz\u0142owieka<\/a>, <a href=\"https:\/\/lcpr.pl\/zg\/category\/aktualnosci\/\" rel=\"category tag\">Aktualno\u015bci<\/a><\/span><\/div><div class=\"cmsms_post_content entry-content\">\n<p>Ruszy\u0142a Akademia M\u0142odego Cz\u0142owieka! warsztaty pszczelarskie z WZP w Skansenie Pszczelarskim w Kostrzynie nad Odr\u0105!<\/p>\n<\/div>\n<footer class=\"cmsms_post_footer entry-meta tar\"><div class=\"cmsms_post_meta_info\"><abbr class=\"published cmsms_post_date cmsms-icon-calendar-8\" title=\"2025-06-03\">2025-06-03<\/abbr><abbr class=\"dn date updated\" title=\"2025-06-06\">2025-06-06<\/abbr><\/div><a class=\"button cmsms_post_read_more\" href=\"https:\/\/lcpr.pl\/zg\/2025\/06\/03\/ruszyla-akademia-mlodego-czlowieka-warsztaty-pszczelarskie-z-wzp-w-skansenie-pszczelarskim\/\">Wi\u0119cej informacji<\/a><\/footer>\t<\/div>\r\n<\/article>\r\n<!--_________________________ Finish Standard Article _________________________ -->\r\n\r\n\r\n<!--_________________________ Start Standard Article _________________________ -->\r\n\r\n<article id=\"post-11155\" class=\"cmsms_post_masonry post-11155 post type-post status-publish format-standard has-post-thumbnail hentry category-akademia-mlodego-czlowieka category-aktualnosci\" data-category=\"akademia-mlodego-czlowieka aktualnosci\">\r\n\t<span class=\"cmsms_post_format_img  cmsms-icon-desktop-3\"><\/span>\r\n\t<div class=\"cmsms_post_cont\">\r\n\t<figure><a href=\"https:\/\/lcpr.pl\/zg\/2024\/05\/22\/cykl-akademia-mlodego-czlowieka-w-skansenie-pszczelarskim-w-kostrzynie-nad-odra-dobiega-konca\/\" title=\"Cykl ,,Akademia m\u0142odego Cz\u0142owieka&#8221; w Skansenie Pszczelarskim w Kostrzynie nad Odr\u0105 dobiega ko\u0144ca\" class=\"cmsms_img_link preloader\"><img loading=\"lazy\" decoding=\"async\" width=\"580\" height=\"390\" src=\"https:\/\/lcpr.pl\/zg\/wp-content\/uploads\/2024\/06\/443713795_485160150505967_3380439345658933473_n-580x390.jpg\" class=\"full-width wp-post-image\" alt=\"Cykl ,,Akademia m\u0142odego Cz\u0142owieka&#8221; w Skansenie Pszczelarskim w Kostrzynie nad Odr\u0105 dobiega ko\u0144ca\" title=\"Cykl ,,Akademia m\u0142odego Cz\u0142owieka&#8221; w Skansenie Pszczelarskim w Kostrzynie nad Odr\u0105 dobiega ko\u0144ca\" \/><\/a><\/figure><header class=\"cmsms_post_header entry-header\"><h2 class=\"cmsms_post_title entry-title\"><a href=\"https:\/\/lcpr.pl\/zg\/2024\/05\/22\/cykl-akademia-mlodego-czlowieka-w-skansenie-pszczelarskim-w-kostrzynie-nad-odra-dobiega-konca\/\">Cykl ,,Akademia m\u0142odego Cz\u0142owieka&#8221; w Skansenie Pszczelarskim w Kostrzynie nad Odr\u0105 dobiega ko\u0144ca<\/a><\/h2><\/header><div class=\"cmsms_post_cont_info entry-meta\"><span class=\"cmsms_post_category\">Kategoria <a href=\"https:\/\/lcpr.pl\/zg\/category\/akademia-mlodego-czlowieka\/\" rel=\"category tag\">Akademia M\u0142odego Cz\u0142owieka<\/a>, <a href=\"https:\/\/lcpr.pl\/zg\/category\/aktualnosci\/\" rel=\"category tag\">Aktualno\u015bci<\/a><\/span><\/div><div class=\"cmsms_post_content entry-content\">\n<p>Od 17 do 23 maja Pa\u0144stwo Grzywacz z Pasieki Rodzinnej Grzywacz pr\u0119\u017cnie dzia\u0142ali, aby jak najefektywniej przekaza\u0107 dzieciom wiedz\u0119 na temat pszczelarstwa i po\u017cytecznej pracy pszcz\u00f3\u0142.<\/p>\n<\/div>\n<footer class=\"cmsms_post_footer entry-meta tar\"><div class=\"cmsms_post_meta_info\"><abbr class=\"published cmsms_post_date cmsms-icon-calendar-8\" title=\"2024-05-22\">2024-05-22<\/abbr><abbr class=\"dn date updated\" title=\"2024-06-07\">2024-06-07<\/abbr><\/div><a class=\"button cmsms_post_read_more\" href=\"https:\/\/lcpr.pl\/zg\/2024\/05\/22\/cykl-akademia-mlodego-czlowieka-w-skansenie-pszczelarskim-w-kostrzynie-nad-odra-dobiega-konca\/\">Wi\u0119cej informacji<\/a><\/footer>\t<\/div>\r\n<\/article>\r\n<!--_________________________ Finish Standard Article _________________________ -->\r\n\r\n\r\n<!--_________________________ Start Standard Article _________________________ -->\r\n\r\n<article id=\"post-11167\" class=\"cmsms_post_masonry post-11167 post type-post status-publish format-standard has-post-thumbnail hentry category-akademia-mlodego-czlowieka category-aktualnosci\" data-category=\"akademia-mlodego-czlowieka aktualnosci\">\r\n\t<span class=\"cmsms_post_format_img  cmsms-icon-desktop-3\"><\/span>\r\n\t<div class=\"cmsms_post_cont\">\r\n\t<figure><a href=\"https:\/\/lcpr.pl\/zg\/2024\/05\/17\/akademia-mlodego-czlowieka-warsztaty-w-skansenie-pszczelarskim-w-kostrzynie-2\/\" title=\",,Akademia m\u0142odego Cz\u0142owieka&#8221; \u2013 warsztaty w Skansenie Pszczelarskim w Kostrzynie nad Odr\u0105\" class=\"cmsms_img_link preloader\"><img loading=\"lazy\" decoding=\"async\" width=\"580\" height=\"390\" src=\"https:\/\/lcpr.pl\/zg\/wp-content\/uploads\/2024\/06\/20240517_103903-1024x768-1-580x390.jpg\" class=\"full-width wp-post-image\" alt=\",,Akademia m\u0142odego Cz\u0142owieka&#8221; \u2013 warsztaty w Skansenie Pszczelarskim w Kostrzynie nad Odr\u0105\" title=\",,Akademia m\u0142odego Cz\u0142owieka&#8221; \u2013 warsztaty w Skansenie Pszczelarskim w Kostrzynie nad Odr\u0105\" \/><\/a><\/figure><header class=\"cmsms_post_header entry-header\"><h2 class=\"cmsms_post_title entry-title\"><a href=\"https:\/\/lcpr.pl\/zg\/2024\/05\/17\/akademia-mlodego-czlowieka-warsztaty-w-skansenie-pszczelarskim-w-kostrzynie-2\/\">,,Akademia m\u0142odego Cz\u0142owieka&#8221; \u2013 warsztaty w Skansenie Pszczelarskim w Kostrzynie nad Odr\u0105<\/a><\/h2><\/header><div class=\"cmsms_post_cont_info entry-meta\"><span class=\"cmsms_post_category\">Kategoria <a href=\"https:\/\/lcpr.pl\/zg\/category\/akademia-mlodego-czlowieka\/\" rel=\"category tag\">Akademia M\u0142odego Cz\u0142owieka<\/a>, <a href=\"https:\/\/lcpr.pl\/zg\/category\/aktualnosci\/\" rel=\"category tag\">Aktualno\u015bci<\/a><\/span><\/div><div class=\"cmsms_post_content entry-content\">\n<p>Od 17 do 23 maja Pa\u0144stwo Grzywacz z Pasieki Rodzinnej Grzywacz pr\u0119\u017cnie dzia\u0142ali, aby jak najefektywniej przekaza\u0107 dzieciom wiedz\u0119 na temat pszczelarstwa i po\u017cytecznej pracy pszcz\u00f3\u0142.<\/p>\n<\/div>\n<footer class=\"cmsms_post_footer entry-meta tar\"><div class=\"cmsms_post_meta_info\"><abbr class=\"published cmsms_post_date cmsms-icon-calendar-8\" title=\"2024-05-17\">2024-05-17<\/abbr><abbr class=\"dn date updated\" title=\"2024-06-07\">2024-06-07<\/abbr><\/div><a class=\"button cmsms_post_read_more\" href=\"https:\/\/lcpr.pl\/zg\/2024\/05\/17\/akademia-mlodego-czlowieka-warsztaty-w-skansenie-pszczelarskim-w-kostrzynie-2\/\">Wi\u0119cej informacji<\/a><\/footer>\t<\/div>\r\n<\/article>\r\n<!--_________________________ Finish Standard Article _________________________ -->\r\n\r\n\r\n<!--_________________________ Start Standard Article _________________________ -->\r\n\r\n<article id=\"post-11210\" class=\"cmsms_post_masonry post-11210 post type-post status-publish format-standard has-post-thumbnail hentry category-akademia-mlodego-czlowieka category-aktualnosci\" data-category=\"akademia-mlodego-czlowieka aktualnosci\">\r\n\t<span class=\"cmsms_post_format_img  cmsms-icon-desktop-3\"><\/span>\r\n\t<div class=\"cmsms_post_cont\">\r\n\t<figure><a href=\"https:\/\/lcpr.pl\/zg\/2024\/05\/10\/akademia-mlodego-czlowieka-w-przedszkolach-2\/\" title=\",,Akademia m\u0142odego Cz\u0142owieka&#8221; w przedszkolach!\" class=\"cmsms_img_link preloader\"><img loading=\"lazy\" decoding=\"async\" width=\"580\" height=\"390\" src=\"https:\/\/lcpr.pl\/zg\/wp-content\/uploads\/2024\/06\/1000004936-1024x768-1-580x390.jpg\" class=\"full-width wp-post-image\" alt=\",,Akademia m\u0142odego Cz\u0142owieka&#8221; w przedszkolach!\" title=\",,Akademia m\u0142odego Cz\u0142owieka&#8221; w przedszkolach!\" \/><\/a><\/figure><header class=\"cmsms_post_header entry-header\"><h2 class=\"cmsms_post_title entry-title\"><a href=\"https:\/\/lcpr.pl\/zg\/2024\/05\/10\/akademia-mlodego-czlowieka-w-przedszkolach-2\/\">,,Akademia m\u0142odego Cz\u0142owieka&#8221; w przedszkolach!<\/a><\/h2><\/header><div class=\"cmsms_post_cont_info entry-meta\"><span class=\"cmsms_post_category\">Kategoria <a href=\"https:\/\/lcpr.pl\/zg\/category\/akademia-mlodego-czlowieka\/\" rel=\"category tag\">Akademia M\u0142odego Cz\u0142owieka<\/a>, <a href=\"https:\/\/lcpr.pl\/zg\/category\/aktualnosci\/\" rel=\"category tag\">Aktualno\u015bci<\/a><\/span><\/div><div class=\"cmsms_post_content entry-content\">\n<p>Wczoraj 09 maja odwiedzili\u015bmy wraz z Profesor Pszcz\u00f3\u0142ka Przedszkole w Czerwie\u0144sku.<\/p>\n<\/div>\n<footer class=\"cmsms_post_footer entry-meta tar\"><div class=\"cmsms_post_meta_info\"><abbr class=\"published cmsms_post_date cmsms-icon-calendar-8\" title=\"2024-05-10\">2024-05-10<\/abbr><abbr class=\"dn date updated\" title=\"2024-06-07\">2024-06-07<\/abbr><\/div><a class=\"button cmsms_post_read_more\" href=\"https:\/\/lcpr.pl\/zg\/2024\/05\/10\/akademia-mlodego-czlowieka-w-przedszkolach-2\/\">Wi\u0119cej informacji<\/a><\/footer>\t<\/div>\r\n<\/article>\r\n<!--_________________________ Finish Standard Article _________________________ -->\r\n\r\n\r\n<!--_________________________ Start Standard Article _________________________ -->\r\n\r\n<article id=\"post-11257\" class=\"cmsms_post_masonry post-11257 post type-post status-publish format-standard has-post-thumbnail hentry category-akademia-mlodego-czlowieka category-aktualnosci\" data-category=\"akademia-mlodego-czlowieka aktualnosci\">\r\n\t<span class=\"cmsms_post_format_img  cmsms-icon-desktop-3\"><\/span>\r\n\t<div class=\"cmsms_post_cont\">\r\n\t<figure><a href=\"https:\/\/lcpr.pl\/zg\/2024\/04\/29\/akademia-mlodego-czlowieka-wystartowala\/\" title=\",,Akademia m\u0142odego Cz\u0142owieka&#8221; wystartowa\u0142a!\" class=\"cmsms_img_link preloader\"><img loading=\"lazy\" decoding=\"async\" width=\"580\" height=\"390\" src=\"https:\/\/lcpr.pl\/zg\/wp-content\/uploads\/2024\/06\/IMG-20240430-WA0001-1024x768-1-580x390.jpg\" class=\"full-width wp-post-image\" alt=\",,Akademia m\u0142odego Cz\u0142owieka&#8221; wystartowa\u0142a!\" title=\",,Akademia m\u0142odego Cz\u0142owieka&#8221; wystartowa\u0142a!\" \/><\/a><\/figure><header class=\"cmsms_post_header entry-header\"><h2 class=\"cmsms_post_title entry-title\"><a href=\"https:\/\/lcpr.pl\/zg\/2024\/04\/29\/akademia-mlodego-czlowieka-wystartowala\/\">,,Akademia m\u0142odego Cz\u0142owieka&#8221; wystartowa\u0142a!<\/a><\/h2><\/header><div class=\"cmsms_post_cont_info entry-meta\"><span class=\"cmsms_post_category\">Kategoria <a href=\"https:\/\/lcpr.pl\/zg\/category\/akademia-mlodego-czlowieka\/\" rel=\"category tag\">Akademia M\u0142odego Cz\u0142owieka<\/a>, <a href=\"https:\/\/lcpr.pl\/zg\/category\/aktualnosci\/\" rel=\"category tag\">Aktualno\u015bci<\/a><\/span><\/div><div class=\"cmsms_post_content entry-content\">\n<p>29 kwietnia rozpocz\u0119li\u015bmy nowe dzia\u0142anie edukacyjne skierowane do najm\u0142odszych - Akademia M\u0142odego Cz\u0142owieka.<\/p>\n<\/div>\n<footer class=\"cmsms_post_footer entry-meta tar\"><div class=\"cmsms_post_meta_info\"><abbr class=\"published cmsms_post_date cmsms-icon-calendar-8\" title=\"2024-04-29\">2024-04-29<\/abbr><abbr class=\"dn date updated\" title=\"2024-06-07\">2024-06-07<\/abbr><\/div><a class=\"button cmsms_post_read_more\" href=\"https:\/\/lcpr.pl\/zg\/2024\/04\/29\/akademia-mlodego-czlowieka-wystartowala\/\">Wi\u0119cej informacji<\/a><\/footer>\t<\/div>\r\n<\/article>\r\n<!--_________________________ Finish Standard Article _________________________ -->\r\n\r\n<\/div><div class=\"cmsms_wrap_more_posts cmsms_wrap_more_items\"><\/div><\/div>\n<\/div>\n<\/div>\n<\/div>\n<\/div>\n<\/div>\n<\/div>\n\n","protected":false},"excerpt":{"rendered":"","protected":false},"author":9,"featured_media":0,"parent":0,"menu_order":0,"comment_status":"closed","ping_status":"closed","template":"","meta":{"footnotes":""},"class_list":["post-9989","page","type-page","status-publish","hentry"],"_links":{"self":[{"href":"https:\/\/lcpr.pl\/zg\/wp-json\/wp\/v2\/pages\/9989","targetHints":{"allow":["GET"]}}],"collection":[{"href":"https:\/\/lcpr.pl\/zg\/wp-json\/wp\/v2\/pages"}],"about":[{"href":"https:\/\/lcpr.pl\/zg\/wp-json\/wp\/v2\/types\/page"}],"author":[{"embeddable":true,"href":"https:\/\/lcpr.pl\/zg\/wp-json\/wp\/v2\/users\/9"}],"replies":[{"embeddable":true,"href":"https:\/\/lcpr.pl\/zg\/wp-json\/wp\/v2\/comments?post=9989"}],"version-history":[{"count":14,"href":"https:\/\/lcpr.pl\/zg\/wp-json\/wp\/v2\/pages\/9989\/revisions"}],"predecessor-version":[{"id":20042,"href":"https:\/\/lcpr.pl\/zg\/wp-json\/wp\/v2\/pages\/9989\/revisions\/20042"}],"wp:attachment":[{"href":"https:\/\/lcpr.pl\/zg\/wp-json\/wp\/v2\/media?parent=9989"}],"curies":[{"name":"wp","href":"https:\/\/api.w.org\/{rel}","templated":true}]}}