{"id":9911,"date":"2024-04-17T18:30:10","date_gmt":"2024-04-17T16:30:10","guid":{"rendered":"https:\/\/lcpr.pl\/zg\/?page_id=9911"},"modified":"2025-05-23T16:41:55","modified_gmt":"2025-05-23T14:41:55","slug":"lubuskie-trendy-na-regionalne-weekendy","status":"publish","type":"page","link":"https:\/\/lcpr.pl\/zg\/lubuskie-trendy-na-regionalne-weekendy\/","title":{"rendered":"Lubuskie trendy na regionalne weekendy!"},"content":{"rendered":"<style type=\"text\/css\"> \n#cmsms_row_69f16f5c80405 .cmsms_row_outer_parent { \n\tpadding-top: 50px; \n} \n\n#cmsms_row_69f16f5c80405 .cmsms_row_outer_parent { \n\tpadding-bottom: 0px; \n} \n\n \n#cmsms_heading_69f16f5c80557, #cmsms_heading_69f16f5c80557 a { \n\tfont-size:28px; \n\ttext-align:left; \n\tfont-weight:400; \n\tfont-style:normal; \n\tmargin-top:0px; \n\tmargin-bottom:20px; \n} \n \n#cmsms_row_69f16f5c80637 .cmsms_row_outer_parent { \n\tpadding-top: 50px; \n} \n\n#cmsms_row_69f16f5c80637 .cmsms_row_outer_parent { \n\tpadding-bottom: 50px; \n} \n\n \n#cmsms_row_69f16f5c80f0b .cmsms_row_outer_parent { \n\tpadding-top: 0px; \n} \n\n#cmsms_row_69f16f5c80f0b .cmsms_row_outer_parent { \n\tpadding-bottom: 50px; \n} \n\n \n#cmsms_row_69f16f5c8a610 .cmsms_row_outer_parent { \n\tpadding-top: 0px; \n} \n\n#cmsms_row_69f16f5c8a610 .cmsms_row_outer_parent { \n\tpadding-bottom: 50px; \n} \n\n<\/style><div id=\"cmsms_row_69f16f5c80299\" class=\"cmsms_row cmsms_color_scheme_default\">\n<div class=\"cmsms_row_outer_parent\">\n<div class=\"cmsms_row_outer\">\n<div class=\"cmsms_row_inner\">\n<div class=\"cmsms_row_margin\">\n<div class=\"cmsms_column one_first\">\n<div class=\"cmsms_text\">\n<p>&nbsp;<\/p>\n<\/div>\n<\/div>\n<\/div>\n<\/div>\n<\/div>\n<\/div>\n<\/div>\n<div id=\"cmsms_row_69f16f5c80405\" class=\"cmsms_row cmsms_color_scheme_default\">\n<div class=\"cmsms_row_outer_parent\">\n<div class=\"cmsms_row_outer\">\n<div class=\"cmsms_row_inner\">\n<div class=\"cmsms_row_margin\">\n<div class=\"cmsms_column one_first\">\n<h1 id=\"cmsms_heading_69f16f5c80557\" class=\"cmsms_heading\">Lubuskie trendy na regionalne weekendy!<\/h1>\n<\/div>\n<\/div>\n<\/div>\n<\/div>\n<\/div>\n<\/div>\n<div id=\"cmsms_row_69f16f5c8057b\" class=\"cmsms_row cmsms_color_scheme_default\">\n<div class=\"cmsms_row_outer_parent\">\n<div class=\"cmsms_row_outer\">\n<div class=\"cmsms_row_inner\">\n<div class=\"cmsms_row_margin\">\n<div class=\"cmsms_column one_first\">\n<div class=\"cmsms_text\">\n<p>&nbsp;<\/p>\n<\/div>\n<\/div>\n<\/div>\n<\/div>\n<\/div>\n<\/div>\n<\/div>\n<div id=\"cmsms_row_69f16f5c80637\" class=\"cmsms_row cmsms_color_scheme_default\">\n<div class=\"cmsms_row_outer_parent\">\n<div class=\"cmsms_row_outer\">\n<div class=\"cmsms_row_inner\">\n<div class=\"cmsms_row_margin\">\n<div class=\"cmsms_column one_third\">\n<div class=\"aligncenter\">\n<div class=\"cmsms_img  cmsms_image_c\">\n<img decoding=\"async\" src=\"https:\/\/lcpr.pl\/zg\/wp-content\/uploads\/2024\/04\/lubuskie-trendy-na-fb-730x1024.jpg\" \/>\n<\/div>\n<\/div>\n<\/div>\n<div class=\"cmsms_column two_third\">\n<div class=\"cmsms_text\">\n<p align=\"justify\">\u201e<em><strong>Lubuskie trendy na regionalne weekendy!<\/strong><\/em>\u201d jest to dzia\u0142anie <strong>Lubuskiego Centrum Produktu Regionalnego w Zielonej G\u00f3rze<\/strong>, kt\u00f3re sw\u00f3j pocz\u0105tek mia\u0142o dok\u0142adnie 01.05.2024 r. Data ta nie jest przypadkowa- pocz\u0105tek maja dla wielu jest r\u00f3wnie\u017c pocz\u0105tkiem Maj\u00f3wki, a wi\u0119c d\u0142u\u017cszego odpoczynku, a <strong>odpoczynek<\/strong> <strong>=\u00a0<em> Lubuskie trendy<\/em><\/strong>!<\/p>\n<p align=\"justify\"><strong><em> Lubuskie trendy&#8230;<\/em><\/strong> to swoisty przewodnik dotycz\u0105cy producent\u00f3w i obiekt\u00f3w znajduj\u0105cych si\u0119 na terenie wojew\u00f3dztwa lubuskiego, do kt\u00f3rych mo\u017cna przyjecha\u0107 w dni wolne od pracy w terminie <strong>od 1 maja do 30 wrze\u015bnia<\/strong> i sp\u0119dzi\u0107 mi\u0142o czas (<strong>w pojedynk\u0119,<\/strong> <strong>we dwoje,<\/strong> <strong>rodzin\u0105 <\/strong>lub <strong>przyjaci\u00f3\u0142mi<\/strong>) \u2012 czy to na gospodarstwie, czy w restauracji lub przy grillu w ogr\u00f3dku albo mo\u017ce zwiedzaj\u0105c winnice? Wszak\u017ce <strong>opcji jest tak wiele!<br \/>\n<\/strong><strong>Przewodnik sk\u0142ada si\u0119 z cyklu wpis\u00f3w tworz\u0105cych wizyt\u00f3wki danego miejsca i producenta, prezentowanych w formie zwi\u0119z\u0142ej i lekkiej, ale przede wszystkim merytorycznej.<\/strong><\/p>\n<p align=\"justify\">G\u0142\u00f3wn\u0105 ide\u0105 dzia\u0142ania jest promowanie lokalnych oraz regionalnych producent\u00f3w i przybli\u017cenie charakterystyki ich dzia\u0142alno\u015bci, co pozwoli <strong>skr\u00f3ci\u0107 dystans <\/strong>pomi\u0119dzy konsumentem, a wytw\u00f3rc\u0105 i poka\u017ce, \u017ce regionalny <strong>producent jest na wyci\u0105gni\u0119cie r\u0119ki<\/strong>. Jeste\u015bmy wi\u0119cej ni\u017c pewni, \u017ce ka\u017cdy z Pa\u0144stwa znajdzie co\u015b dla siebie i b\u0119dzie mia\u0142 szans\u0119 skorzysta\u0107 z urok\u00f3w naszego wojew\u00f3dztwa! Jednak <strong>trzeba pami\u0119ta\u0107<\/strong>, aby ka\u017cdorazowo <strong>zadzwoni\u0107 i upewni\u0107 si\u0119<\/strong>, \u017ce <strong>przyjazd w okre\u015blonym terminie jest mo\u017cliwy.<br \/>\n<\/strong><strong>A zatem&#8230; #b\u0105d\u017aTrendy!<\/strong><\/p>\n<hr \/>\n<p style=\"text-align: center;\"><strong>Poni\u017cej znajduje si\u0119 legenda wraz z opisanymi piktogramami, informuj\u0105cymi o udogodnieniach w danym obiekcie. Warto si\u0119 z nimi zapozna\u0107!<\/strong><\/p>\n<p>&nbsp;<\/p>\n<figure class=\"wp-block-table\">\n<table style=\"height: 424px;\" width=\"841\">\n<tbody>\n<tr>\n<td><center><img loading=\"lazy\" decoding=\"async\" class=\"aligncenter size-full wp-image-15095\" src=\"https:\/\/lcpr.pl\/zg\/wp-content\/uploads\/2025\/05\/gastronomia_60x60-e1748010557796.jpg\" alt=\"\" width=\"90\" height=\"89\" \/><strong>Punkt gastronomiczny<\/strong><\/center><\/td>\n<td><center><img loading=\"lazy\" decoding=\"async\" class=\"aligncenter size-full wp-image-15104\" src=\"https:\/\/lcpr.pl\/zg\/wp-content\/uploads\/2025\/05\/sklep_60x60-e1748010488723.jpg\" alt=\"\" width=\"90\" height=\"90\" \/><strong>Sklep lokalny<\/strong><\/center><\/td>\n<td><center><img loading=\"lazy\" decoding=\"async\" class=\"aligncenter size-full wp-image-15098\" src=\"https:\/\/lcpr.pl\/zg\/wp-content\/uploads\/2025\/05\/kazdy_60x60-e1748010533362.jpg\" alt=\"\" width=\"90\" height=\"85\" \/><strong>Dla ka\u017cdego<\/strong><\/center><\/td>\n<td><center><img loading=\"lazy\" decoding=\"async\" class=\"aligncenter size-full wp-image-15113\" src=\"https:\/\/lcpr.pl\/zg\/wp-content\/uploads\/2025\/05\/karta_60x60-e1748010803726.jpg\" alt=\"\" width=\"90\" height=\"90\" \/><strong>Mo\u017cliwo\u015b\u0107 p\u0142atno\u015bci<\/strong><br \/>\n<strong>kart\u0105 i\/lub BLIK-iem<\/strong><\/center><\/td>\n<td><center><img loading=\"lazy\" decoding=\"async\" class=\"aligncenter size-full wp-image-15107\" src=\"https:\/\/lcpr.pl\/zg\/wp-content\/uploads\/2025\/05\/wege_60x60-e1748010404859.jpg\" alt=\"\" width=\"90\" height=\"90\" \/><strong>Menu dla wegetarian<\/strong><\/center><\/td>\n<td><center><img loading=\"lazy\" decoding=\"async\" class=\"aligncenter size-full wp-image-15111\" src=\"https:\/\/lcpr.pl\/zg\/wp-content\/uploads\/2025\/05\/zwierzeta_60x60-e1748010462414.jpg\" alt=\"\" width=\"90\" height=\"90\" \/><strong>Zwierz\u0119ta mile widziane<\/strong><\/center><\/td>\n<\/tr>\n<tr>\n<td><center><strong><img loading=\"lazy\" decoding=\"async\" class=\"aligncenter size-full wp-image-15109\" src=\"https:\/\/lcpr.pl\/zg\/wp-content\/uploads\/2025\/05\/zadzwon_60x60-e1748010430523.jpg\" alt=\"\" width=\"90\" height=\"90\" \/>Zadzwo\u0144 i zapytaj<\/strong><\/center><\/td>\n<td><center><img loading=\"lazy\" decoding=\"async\" class=\"aligncenter size-full wp-image-15105\" src=\"https:\/\/lcpr.pl\/zg\/wp-content\/uploads\/2025\/05\/w_pojedynke_60x60-e1748010479196.jpg\" alt=\"\" width=\"90\" height=\"90\" \/><strong>W pojedynk\u0119<\/strong><\/center><\/td>\n<td><center><strong><img loading=\"lazy\" decoding=\"async\" class=\"aligncenter size-full wp-image-15106\" src=\"https:\/\/lcpr.pl\/zg\/wp-content\/uploads\/2025\/05\/we_dwoje_60x60-e1748010470505.jpg\" alt=\"\" width=\"90\" height=\"90\" \/>We dwoje<\/strong><\/center><\/td>\n<td><center><img loading=\"lazy\" decoding=\"async\" class=\"aligncenter size-full wp-image-15102\" src=\"https:\/\/lcpr.pl\/zg\/wp-content\/uploads\/2025\/05\/rejs_60x60-e1748010503433.jpg\" alt=\"\" width=\"90\" height=\"90\" \/><strong>Ruszaj w rejs<\/strong><\/center><\/td>\n<td><center><img loading=\"lazy\" decoding=\"async\" class=\"aligncenter size-full wp-image-15099\" src=\"https:\/\/lcpr.pl\/zg\/wp-content\/uploads\/2025\/05\/namiot_60x60-e1748010525376.jpg\" alt=\"\" width=\"90\" height=\"90\" \/><strong>Pole namiotowe<\/strong><\/center><\/td>\n<td><center><img loading=\"lazy\" decoding=\"async\" class=\"aligncenter size-full wp-image-15101\" src=\"https:\/\/lcpr.pl\/zg\/wp-content\/uploads\/2025\/05\/nocleg_60x60-e1748010511587.jpg\" alt=\"\" width=\"90\" height=\"90\" \/><strong>Nocleg<\/strong><\/center><\/td>\n<\/tr>\n<tr>\n<td style=\"text-align: left;\"><center><img loading=\"lazy\" decoding=\"async\" class=\"aligncenter size-full wp-image-15103\" src=\"https:\/\/lcpr.pl\/zg\/wp-content\/uploads\/2025\/05\/sezonowo_60x60-e1748010496954.jpg\" alt=\"\" width=\"90\" height=\"90\" \/><strong>Otwarte sezonowo<\/strong><\/center><\/td>\n<td style=\"text-align: left;\"><center><img loading=\"lazy\" decoding=\"async\" class=\"aligncenter size-full wp-image-15108\" src=\"https:\/\/lcpr.pl\/zg\/wp-content\/uploads\/2025\/05\/wielosezonowo_60x60-e1748010420927.jpg\" alt=\"\" width=\"90\" height=\"90\" \/><strong>Otwarte wielosezonowo<\/strong><\/center><\/td>\n<td style=\"text-align: left;\"><center><img loading=\"lazy\" decoding=\"async\" class=\"aligncenter size-full wp-image-15100\" src=\"https:\/\/lcpr.pl\/zg\/wp-content\/uploads\/2025\/05\/natura_60x60-e1748010519202.jpg\" alt=\"\" width=\"90\" height=\"90\" \/><strong>Na \u0142onie natury<\/strong><\/center><\/td>\n<td style=\"text-align: left;\"><center><img loading=\"lazy\" decoding=\"async\" class=\"aligncenter size-full wp-image-15096\" src=\"https:\/\/lcpr.pl\/zg\/wp-content\/uploads\/2025\/05\/kalendarz_60x60-e1748010550557.jpg\" alt=\"\" width=\"90\" height=\"84\" \/><strong>Kalendarz<\/strong><\/center><\/td>\n<td style=\"text-align: left;\"><center><img loading=\"lazy\" decoding=\"async\" class=\"aligncenter size-full wp-image-15110\" src=\"https:\/\/lcpr.pl\/zg\/wp-content\/uploads\/2025\/05\/zegar_60x60-e1748010443679.jpg\" alt=\"\" width=\"90\" height=\"90\" \/><strong>Godziny otwarcia<\/strong><\/center><\/td>\n<td style=\"text-align: left;\"><center><img loading=\"lazy\" decoding=\"async\" class=\"aligncenter size-full wp-image-15094\" src=\"https:\/\/lcpr.pl\/zg\/wp-content\/uploads\/2025\/05\/auto_60x60-e1748010565745.jpg\" alt=\"\" width=\"90\" height=\"85\" \/><strong>Dojazd<\/strong><\/center><\/td>\n<\/tr>\n<\/tbody>\n<\/table>\n<\/figure>\n<\/div>\n<\/div>\n<\/div>\n<\/div>\n<\/div>\n<\/div>\n<\/div>\n<div id=\"cmsms_row_69f16f5c80f0b\" class=\"cmsms_row cmsms_color_scheme_default\">\n<div class=\"cmsms_row_outer_parent\">\n<div class=\"cmsms_row_outer\">\n<div class=\"cmsms_row_inner\">\n<div class=\"cmsms_row_margin\">\n<div class=\"cmsms_column one_first\">\n<div class=\"cmsms_wrap_blog entry-summary\" id=\"blog_69f16f5c81054\"><script type=\"text\/javascript\">\r\njQuery(document).ready(function () {\r\n\t(function ($) {\r\n\t\tif ($('#blog_69f16f5c81054').find('article').length == '0') {\r\n\t\t\treturn false;\r\n\t\t}\r\n\t\t\r\n\t\r\n\t\tstartBlog( \r\n\t\t\t'69f16f5c81054', \r\n\t\t\t'columns', \r\n\t\t\t'grid', \r\n\t\t\t'https:\/\/lcpr.pl\/zg\/wp-content\/plugins\/cmsms-content-composer\/', \r\n\t\t\t'date', \r\n\t\t\t'DESC', \r\n\t\t\t'12', \r\n\t\t\t'trendy', \r\n\t\t\t'more' \r\n\t\t);\r\n\t} )(jQuery);\r\n} );\r\n<\/script>\r\n<div class=\"blog columns grid cmsms_3\">\r\n<!--_________________________ Start Standard Article _________________________ -->\r\n\r\n<article id=\"post-16180\" class=\"cmsms_post_masonry post-16180 post type-post status-publish format-standard has-post-thumbnail hentry category-trendy\" data-category=\"trendy\">\r\n\t<span class=\"cmsms_post_format_img  cmsms-icon-desktop-3\"><\/span>\r\n\t<div class=\"cmsms_post_cont\">\r\n\t<figure><a href=\"https:\/\/lcpr.pl\/zg\/2025\/07\/14\/bialy-tulipan-rekodzielo\/\" title=\"Bia\u0142y Tulipan R\u0119kodzie\u0142o Jerzy Krzywda\" class=\"cmsms_img_link preloader\"><img loading=\"lazy\" decoding=\"async\" width=\"580\" height=\"390\" src=\"https:\/\/lcpr.pl\/zg\/wp-content\/uploads\/2025\/07\/logo-Bialy-Tulipan-580x390.jpg\" class=\"full-width wp-post-image\" alt=\"Bia\u0142y Tulipan R\u0119kodzie\u0142o Jerzy Krzywda\" title=\"Bia\u0142y Tulipan R\u0119kodzie\u0142o Jerzy Krzywda\" \/><\/a><\/figure><header class=\"cmsms_post_header entry-header\"><h2 class=\"cmsms_post_title entry-title\"><a href=\"https:\/\/lcpr.pl\/zg\/2025\/07\/14\/bialy-tulipan-rekodzielo\/\">Bia\u0142y Tulipan R\u0119kodzie\u0142o Jerzy Krzywda<\/a><\/h2><\/header><div class=\"cmsms_post_content entry-content\">\n<p>\"Wszystko co tworzymy przygotowujemy r\u0119cznie pocz\u0105wszy od np zagniecenia ciasta a ko\u0144cz\u0105c na zapakowaniu.\"<br \/>\n- W\u0142a\u015bciciele Dorota i Jerzy Krzywda<\/p>\n<\/div>\n<footer class=\"cmsms_post_footer entry-meta tar\"><a class=\"button cmsms_post_read_more\" href=\"https:\/\/lcpr.pl\/zg\/2025\/07\/14\/bialy-tulipan-rekodzielo\/\">Wi\u0119cej informacji<\/a><\/footer>\t<\/div>\r\n<\/article>\r\n<!--_________________________ Finish Standard Article _________________________ -->\r\n\r\n\r\n<!--_________________________ Start Standard Article _________________________ -->\r\n\r\n<article id=\"post-15695\" class=\"cmsms_post_masonry post-15695 post type-post status-publish format-standard has-post-thumbnail hentry category-trendy\" data-category=\"trendy\">\r\n\t<span class=\"cmsms_post_format_img  cmsms-icon-desktop-3\"><\/span>\r\n\t<div class=\"cmsms_post_cont\">\r\n\t<figure><a href=\"https:\/\/lcpr.pl\/zg\/2025\/06\/20\/kaktusiarnia-zagan-zdzislaw-kondratowicz\/\" title=\"Kaktusiarnia \u017baga\u0144 &#8211; Zdzis\u0142aw Kondratowicz\" class=\"cmsms_img_link preloader\"><img loading=\"lazy\" decoding=\"async\" width=\"580\" height=\"390\" src=\"https:\/\/lcpr.pl\/zg\/wp-content\/uploads\/2025\/06\/474744673_922994983277909_3739012666488615640_n-580x390.jpg\" class=\"full-width wp-post-image\" alt=\"Kaktusiarnia \u017baga\u0144 &#8211; Zdzis\u0142aw Kondratowicz\" title=\"Kaktusiarnia \u017baga\u0144 &#8211; Zdzis\u0142aw Kondratowicz\" \/><\/a><\/figure><header class=\"cmsms_post_header entry-header\"><h2 class=\"cmsms_post_title entry-title\"><a href=\"https:\/\/lcpr.pl\/zg\/2025\/06\/20\/kaktusiarnia-zagan-zdzislaw-kondratowicz\/\">Kaktusiarnia \u017baga\u0144 &#8211; Zdzis\u0142aw Kondratowicz<\/a><\/h2><\/header><div class=\"cmsms_post_content entry-content\">\n<p>Kaktusiarnia liczy 200 tys. sztuk, a w tym a\u017c 600 r\u00f3\u017cnych gatunk\u00f3w!<\/p>\n<\/div>\n<footer class=\"cmsms_post_footer entry-meta tar\"><a class=\"button cmsms_post_read_more\" href=\"https:\/\/lcpr.pl\/zg\/2025\/06\/20\/kaktusiarnia-zagan-zdzislaw-kondratowicz\/\">Wi\u0119cej informacji<\/a><\/footer>\t<\/div>\r\n<\/article>\r\n<!--_________________________ Finish Standard Article _________________________ -->\r\n\r\n\r\n<!--_________________________ Start Standard Article _________________________ -->\r\n\r\n<article id=\"post-15500\" class=\"cmsms_post_masonry post-15500 post type-post status-publish format-standard has-post-thumbnail hentry category-trendy\" data-category=\"trendy\">\r\n\t<span class=\"cmsms_post_format_img  cmsms-icon-desktop-3\"><\/span>\r\n\t<div class=\"cmsms_post_cont\">\r\n\t<figure><a href=\"https:\/\/lcpr.pl\/zg\/2025\/06\/13\/gosciniec-u-decow\/\" title=\"Go\u015bciniec u Dec\u00f3w\" class=\"cmsms_img_link preloader\"><img loading=\"lazy\" decoding=\"async\" width=\"580\" height=\"390\" src=\"https:\/\/lcpr.pl\/zg\/wp-content\/uploads\/2025\/06\/Gosciniec_u_Decow_logo-580x390.jpg\" class=\"full-width wp-post-image\" alt=\"Go\u015bciniec u Dec\u00f3w\" title=\"Go\u015bciniec u Dec\u00f3w\" \/><\/a><\/figure><header class=\"cmsms_post_header entry-header\"><h2 class=\"cmsms_post_title entry-title\"><a href=\"https:\/\/lcpr.pl\/zg\/2025\/06\/13\/gosciniec-u-decow\/\">Go\u015bciniec u Dec\u00f3w<\/a><\/h2><\/header><div class=\"cmsms_post_content entry-content\">\n<p align=\"justify\"> \"Restauracja specjalizuje si\u0119 w dziczy\u017anie, jednak znajdziemy w menu co\u015b dla ka\u017cdego! Przyjed\u017a. Posmakuj. Zosta\u0144 na d\u0142u\u017cej.\"<br \/>\n- W\u0142a\u015bcicielka Magdalena Dec<\/p>\n<\/div>\n<footer class=\"cmsms_post_footer entry-meta tar\"><a class=\"button cmsms_post_read_more\" href=\"https:\/\/lcpr.pl\/zg\/2025\/06\/13\/gosciniec-u-decow\/\">Wi\u0119cej informacji<\/a><\/footer>\t<\/div>\r\n<\/article>\r\n<!--_________________________ Finish Standard Article _________________________ -->\r\n\r\n\r\n<!--_________________________ Start Standard Article _________________________ -->\r\n\r\n<article id=\"post-15383\" class=\"cmsms_post_masonry post-15383 post type-post status-publish format-standard has-post-thumbnail hentry category-trendy\" data-category=\"trendy\">\r\n\t<span class=\"cmsms_post_format_img  cmsms-icon-desktop-3\"><\/span>\r\n\t<div class=\"cmsms_post_cont\">\r\n\t<figure><a href=\"https:\/\/lcpr.pl\/zg\/2025\/06\/06\/malinowka\/\" title=\"Malin\u00f3wka\" class=\"cmsms_img_link preloader\"><img loading=\"lazy\" decoding=\"async\" width=\"181\" height=\"181\" src=\"https:\/\/lcpr.pl\/zg\/wp-content\/uploads\/2025\/06\/logotyp.jpg\" class=\"full-width wp-post-image\" alt=\"Malin\u00f3wka\" title=\"Malin\u00f3wka\" srcset=\"https:\/\/lcpr.pl\/zg\/wp-content\/uploads\/2025\/06\/logotyp.jpg 181w, https:\/\/lcpr.pl\/zg\/wp-content\/uploads\/2025\/06\/logotyp-55x55.jpg 55w\" sizes=\"auto, (max-width: 181px) 100vw, 181px\" \/><\/a><\/figure><header class=\"cmsms_post_header entry-header\"><h2 class=\"cmsms_post_title entry-title\"><a href=\"https:\/\/lcpr.pl\/zg\/2025\/06\/06\/malinowka\/\">Malin\u00f3wka<\/a><\/h2><\/header><div class=\"cmsms_post_content entry-content\">\n<p align=\"justify\"> \"W Malin\u00f3wce czas p\u0142ynie inaczej. Prawie stuletni dom, naturalne zakola Brze\u017aniczanki, dziko\u015b\u0107 przyrody i zwierz\u0119ta \u2013 to przenosi naszych Go\u015bci w czasy dzieci\u0144stwa. To daje spok\u00f3j.\"<br \/>\n- W\u0142a\u015bciciele Magdalena i Sylwester \u015awiderscy<\/p>\n<\/div>\n<footer class=\"cmsms_post_footer entry-meta tar\"><a class=\"button cmsms_post_read_more\" href=\"https:\/\/lcpr.pl\/zg\/2025\/06\/06\/malinowka\/\">Wi\u0119cej informacji<\/a><\/footer>\t<\/div>\r\n<\/article>\r\n<!--_________________________ Finish Standard Article _________________________ -->\r\n\r\n\r\n<!--_________________________ Start Standard Article _________________________ -->\r\n\r\n<article id=\"post-14985\" class=\"cmsms_post_masonry post-14985 post type-post status-publish format-standard has-post-thumbnail hentry category-trendy\" data-category=\"trendy\">\r\n\t<span class=\"cmsms_post_format_img  cmsms-icon-desktop-3\"><\/span>\r\n\t<div class=\"cmsms_post_cont\">\r\n\t<figure><a href=\"https:\/\/lcpr.pl\/zg\/2025\/05\/23\/alpacze-ranczo-alpaki-w-ilowej-sp-z-o-o\/\" title=\"Alpacze Ranczo \u2013 Alpaki w I\u0142owej Sp. z o.o.\" class=\"cmsms_img_link preloader\"><img loading=\"lazy\" decoding=\"async\" width=\"580\" height=\"390\" src=\"https:\/\/lcpr.pl\/zg\/wp-content\/uploads\/2025\/05\/Alpacze-Ranczo-logo-580x390.jpg\" class=\"full-width wp-post-image\" alt=\"Alpacze Ranczo \u2013 Alpaki w I\u0142owej Sp. z o.o.\" title=\"Alpacze Ranczo \u2013 Alpaki w I\u0142owej Sp. z o.o.\" \/><\/a><\/figure><header class=\"cmsms_post_header entry-header\"><h2 class=\"cmsms_post_title entry-title\"><a href=\"https:\/\/lcpr.pl\/zg\/2025\/05\/23\/alpacze-ranczo-alpaki-w-ilowej-sp-z-o-o\/\">Alpacze Ranczo \u2013 Alpaki w I\u0142owej Sp. z o.o.<\/a><\/h2><\/header><div class=\"cmsms_post_content entry-content\">\n<p align=\"justify\"> Alpacze Ranczo to nie tylko atrakcja \u2013 to prze\u017cycie, kt\u00f3re zostaje w sercu na d\u0142ugo. Zapraszamy do \u015bwiata, w kt\u00f3rym marchewka rz\u0105dzi, a u\u015bmiech Go\u015bci m\u00f3wi wszystko!<br \/>\n- W\u0142a\u015bcicielka Karolina Koniecpolska<\/p>\n<\/div>\n<footer class=\"cmsms_post_footer entry-meta tar\"><a class=\"button cmsms_post_read_more\" href=\"https:\/\/lcpr.pl\/zg\/2025\/05\/23\/alpacze-ranczo-alpaki-w-ilowej-sp-z-o-o\/\">Wi\u0119cej informacji<\/a><\/footer>\t<\/div>\r\n<\/article>\r\n<!--_________________________ Finish Standard Article _________________________ -->\r\n\r\n\r\n<!--_________________________ Start Standard Article _________________________ -->\r\n\r\n<article id=\"post-14674\" class=\"cmsms_post_masonry post-14674 post type-post status-publish format-standard has-post-thumbnail hentry category-trendy\" data-category=\"trendy\">\r\n\t<span class=\"cmsms_post_format_img  cmsms-icon-desktop-3\"><\/span>\r\n\t<div class=\"cmsms_post_cont\">\r\n\t<figure><a href=\"https:\/\/lcpr.pl\/zg\/2025\/05\/15\/dereniowka\/\" title=\"Gospodarstwo Rolno-Agroturystyczne, Zagroda Edukacyjna Dereni\u00f3wka\" class=\"cmsms_img_link preloader\"><img loading=\"lazy\" decoding=\"async\" width=\"580\" height=\"390\" src=\"https:\/\/lcpr.pl\/zg\/wp-content\/uploads\/2025\/05\/dereniowka-logo-580x390.jpg\" class=\"full-width wp-post-image\" alt=\"Gospodarstwo Rolno-Agroturystyczne, Zagroda Edukacyjna Dereni\u00f3wka\" title=\"Gospodarstwo Rolno-Agroturystyczne, Zagroda Edukacyjna Dereni\u00f3wka\" \/><\/a><\/figure><header class=\"cmsms_post_header entry-header\"><h2 class=\"cmsms_post_title entry-title\"><a href=\"https:\/\/lcpr.pl\/zg\/2025\/05\/15\/dereniowka\/\">Gospodarstwo Rolno-Agroturystyczne, Zagroda Edukacyjna Dereni\u00f3wka<\/a><\/h2><\/header><div class=\"cmsms_post_content entry-content\">\n<p align=\"justify\"> \"Tutaj od ponad 70 lat znajduje si\u0119 nasz dom, w kt\u00f3rym staramy si\u0119 tworzy\u0107 ciep\u0142\u0105 atmosfer\u0119 oraz kameralne warunki do odpoczynku, z my\u015bl\u0105 o Tobie... Wypoczynek u nas to alternatywa wobec turystyki masowej.\"<br \/>\n- W\u0142a\u015bcicielka Gra\u017cyna Dere\u0144<\/p>\n<\/div>\n<footer class=\"cmsms_post_footer entry-meta tar\"><a class=\"button cmsms_post_read_more\" href=\"https:\/\/lcpr.pl\/zg\/2025\/05\/15\/dereniowka\/\">Wi\u0119cej informacji<\/a><\/footer>\t<\/div>\r\n<\/article>\r\n<!--_________________________ Finish Standard Article _________________________ -->\r\n\r\n\r\n<!--_________________________ Start Standard Article _________________________ -->\r\n\r\n<article id=\"post-14549\" class=\"cmsms_post_masonry post-14549 post type-post status-publish format-standard has-post-thumbnail hentry category-trendy\" data-category=\"trendy\">\r\n\t<span class=\"cmsms_post_format_img  cmsms-icon-desktop-3\"><\/span>\r\n\t<div class=\"cmsms_post_cont\">\r\n\t<figure><a href=\"https:\/\/lcpr.pl\/zg\/2025\/05\/08\/gosciniec-pod-debem\/\" title=\"Go\u015bciniec Pod D\u0119bem\" class=\"cmsms_img_link preloader\"><img loading=\"lazy\" decoding=\"async\" width=\"580\" height=\"390\" src=\"https:\/\/lcpr.pl\/zg\/wp-content\/uploads\/2025\/05\/Logo-580x390.jpg\" class=\"full-width wp-post-image\" alt=\"Go\u015bciniec Pod D\u0119bem\" title=\"Go\u015bciniec Pod D\u0119bem\" \/><\/a><\/figure><header class=\"cmsms_post_header entry-header\"><h2 class=\"cmsms_post_title entry-title\"><a href=\"https:\/\/lcpr.pl\/zg\/2025\/05\/08\/gosciniec-pod-debem\/\">Go\u015bciniec Pod D\u0119bem<\/a><\/h2><\/header><div class=\"cmsms_post_content entry-content\">\n<p align=\"justify\"> \"Go\u015bcie mog\u0105 cz\u0119stowa\u0107 si\u0119 owocami prosto z sadu i z plantacji malin, kt\u00f3re s\u0105 podstawowym komponentem serwowanych sos\u00f3w, deser\u00f3w, sok\u00f3w i konfitur.\"<br \/>\n- W\u0142a\u015bciciel Janusz Fr\u0105czek<\/p>\n<\/div>\n<footer class=\"cmsms_post_footer entry-meta tar\"><a class=\"button cmsms_post_read_more\" href=\"https:\/\/lcpr.pl\/zg\/2025\/05\/08\/gosciniec-pod-debem\/\">Wi\u0119cej informacji<\/a><\/footer>\t<\/div>\r\n<\/article>\r\n<!--_________________________ Finish Standard Article _________________________ -->\r\n\r\n\r\n<!--_________________________ Start Standard Article _________________________ -->\r\n\r\n<article id=\"post-14375\" class=\"cmsms_post_masonry post-14375 post type-post status-publish format-standard has-post-thumbnail hentry category-trendy\" data-category=\"trendy\">\r\n\t<span class=\"cmsms_post_format_img  cmsms-icon-desktop-3\"><\/span>\r\n\t<div class=\"cmsms_post_cont\">\r\n\t<figure><a href=\"https:\/\/lcpr.pl\/zg\/2025\/04\/29\/nasze-wolne-zycie\/\" title=\"Nasze Wolne \u017bycie\" class=\"cmsms_img_link preloader\"><img loading=\"lazy\" decoding=\"async\" width=\"580\" height=\"390\" src=\"https:\/\/lcpr.pl\/zg\/wp-content\/uploads\/2025\/04\/NDZ_logo_final_cmyk_nabialym-580x390.jpg\" class=\"full-width wp-post-image\" alt=\"Nasze Wolne \u017bycie\" title=\"Nasze Wolne \u017bycie\" \/><\/a><\/figure><header class=\"cmsms_post_header entry-header\"><h2 class=\"cmsms_post_title entry-title\"><a href=\"https:\/\/lcpr.pl\/zg\/2025\/04\/29\/nasze-wolne-zycie\/\">Nasze Wolne \u017bycie<\/a><\/h2><\/header><div class=\"cmsms_post_content entry-content\">\n<p align=\"justify\">\"Pomorsko urzek\u0142o nas od pierwszych minut. By\u0142 zach\u00f3d s\u0142o\u0144ca a my brodzili\u015bmy po pas w trawie, przechadzaj\u0105c si\u0119 w\u015br\u00f3d starych drzew w ogrodzie rosn\u0105cym za ponad stuletnim domem. Kilka lat p\u00f3\u017aniej mieszkamy tu i czasem nie wierzymy, \u017ce to dzieje si\u0119 naprawd\u0119. Mieszkamy w domu z dusz\u0105, ogl\u0105damy zachody s\u0142o\u0144ca nad rzek\u0105, mamy piwnic\u0119 pe\u0142n\u0105 w\u0142asnych s\u0142oiczk\u00f3w, pieczemy chleby, go\u015bcimy cudownych ludzi, organizujemy warsztaty, spotkania i bierzemy udzia\u0142 w wielu projektach, kt\u00f3re s\u0105 ciekawe i nowatorskie.\"<br \/>\n - W\u0142a\u015bciciele Ma\u0142gorzata i Przemys\u0142aw Zieli\u0144scy<\/p>\n<\/div>\n<footer class=\"cmsms_post_footer entry-meta tar\"><a class=\"button cmsms_post_read_more\" href=\"https:\/\/lcpr.pl\/zg\/2025\/04\/29\/nasze-wolne-zycie\/\">Wi\u0119cej informacji<\/a><\/footer>\t<\/div>\r\n<\/article>\r\n<!--_________________________ Finish Standard Article _________________________ -->\r\n\r\n\r\n<!--_________________________ Start Standard Article _________________________ -->\r\n\r\n<article id=\"post-12541\" class=\"cmsms_post_masonry post-12541 post type-post status-publish format-standard has-post-thumbnail hentry category-trendy\" data-category=\"trendy\">\r\n\t<span class=\"cmsms_post_format_img  cmsms-icon-desktop-3\"><\/span>\r\n\t<div class=\"cmsms_post_cont\">\r\n\t<figure><a href=\"https:\/\/lcpr.pl\/zg\/2024\/09\/18\/kubusiowa-pasieka\/\" title=\"Kubusiowa Pasieka\" class=\"cmsms_img_link preloader\"><img loading=\"lazy\" decoding=\"async\" width=\"247\" height=\"250\" src=\"https:\/\/lcpr.pl\/zg\/wp-content\/uploads\/2024\/09\/Logo-1-e1726644575975.jpg\" class=\"full-width wp-post-image\" alt=\"Kubusiowa Pasieka\" title=\"Kubusiowa Pasieka\" \/><\/a><\/figure><header class=\"cmsms_post_header entry-header\"><h2 class=\"cmsms_post_title entry-title\"><a href=\"https:\/\/lcpr.pl\/zg\/2024\/09\/18\/kubusiowa-pasieka\/\">Kubusiowa Pasieka<\/a><\/h2><\/header><div class=\"cmsms_post_content entry-content\">\n<p>\"Mo\u017cna degustowa\u0107 na miejscu wszystkie nasze miody klasyczne i miody kremowane z dodatkami liofilizowanymi. W sezonie dost\u0119pny jest mi\u00f3d prosto z plastra, a tak\u017ce lemoniada miodowa lub herbata. Dzieci mog\u0105 spr\u00f3bowa\u0107 r\u00f3wnie\u017c miod\u00f3w na wafelkach lub na cha\u0142ce (w sezonie).\"<br \/>\n- Kubusiowa Pasieka<\/p>\n<\/div>\n<footer class=\"cmsms_post_footer entry-meta tar\"><a class=\"button cmsms_post_read_more\" href=\"https:\/\/lcpr.pl\/zg\/2024\/09\/18\/kubusiowa-pasieka\/\">Wi\u0119cej informacji<\/a><\/footer>\t<\/div>\r\n<\/article>\r\n<!--_________________________ Finish Standard Article _________________________ -->\r\n\r\n\r\n<!--_________________________ Start Standard Article _________________________ -->\r\n\r\n<article id=\"post-12343\" class=\"cmsms_post_masonry post-12343 post type-post status-publish format-standard has-post-thumbnail hentry category-trendy\" data-category=\"trendy\">\r\n\t<span class=\"cmsms_post_format_img  cmsms-icon-desktop-3\"><\/span>\r\n\t<div class=\"cmsms_post_cont\">\r\n\t<figure><a href=\"https:\/\/lcpr.pl\/zg\/2024\/09\/02\/dyniowe-pole-rokitno\/\" title=\"Dyniowe Pole Rokitno\" class=\"cmsms_img_link preloader\"><img loading=\"lazy\" decoding=\"async\" width=\"248\" height=\"248\" src=\"https:\/\/lcpr.pl\/zg\/wp-content\/uploads\/2024\/09\/Dyniowe-Pole-Rokitno-logo-820x820-1-e1726666944220.png\" class=\"full-width wp-post-image\" alt=\"Dyniowe Pole Rokitno\" title=\"Dyniowe Pole Rokitno\" \/><\/a><\/figure><header class=\"cmsms_post_header entry-header\"><h2 class=\"cmsms_post_title entry-title\"><a href=\"https:\/\/lcpr.pl\/zg\/2024\/09\/02\/dyniowe-pole-rokitno\/\">Dyniowe Pole Rokitno<\/a><\/h2><\/header><div class=\"cmsms_post_content entry-content\">\n<p>W 2025 roku Dyniowe Pole Rokitno zaj\u0119\u0142o I i II miejsce na najwi\u0119ksz\u0105 ekologiczn\u0105 dynie w konkursie XXII Targ\u00f3w Rolniczych \"Jesie\u0144 w Gli\u015bnie\".  Po konkursie dynie mo\u017cna by\u0142o zobaczy\u0107 w plenerze dyniowym. <\/p>\n<\/div>\n<footer class=\"cmsms_post_footer entry-meta tar\"><a class=\"button cmsms_post_read_more\" href=\"https:\/\/lcpr.pl\/zg\/2024\/09\/02\/dyniowe-pole-rokitno\/\">Wi\u0119cej informacji<\/a><\/footer>\t<\/div>\r\n<\/article>\r\n<!--_________________________ Finish Standard Article _________________________ -->\r\n\r\n\r\n<!--_________________________ Start Standard Article _________________________ -->\r\n\r\n<article id=\"post-12161\" class=\"cmsms_post_masonry post-12161 post type-post status-publish format-standard has-post-thumbnail hentry category-trendy\" data-category=\"trendy\">\r\n\t<span class=\"cmsms_post_format_img  cmsms-icon-desktop-3\"><\/span>\r\n\t<div class=\"cmsms_post_cont\">\r\n\t<figure><a href=\"https:\/\/lcpr.pl\/zg\/2024\/08\/09\/smaki-przylasek\/\" title=\"Smaki Przylasek Gospodarstwo Rodzinne RiD Karwan\" class=\"cmsms_img_link preloader\"><img loading=\"lazy\" decoding=\"async\" width=\"260\" height=\"263\" src=\"https:\/\/lcpr.pl\/zg\/wp-content\/uploads\/2024\/08\/Smaki-Przylasek-logo-1-e1723212063928.png\" class=\"full-width wp-post-image\" alt=\"Smaki Przylasek Gospodarstwo Rodzinne RiD Karwan\" title=\"Smaki Przylasek Gospodarstwo Rodzinne RiD Karwan\" \/><\/a><\/figure><header class=\"cmsms_post_header entry-header\"><h2 class=\"cmsms_post_title entry-title\"><a href=\"https:\/\/lcpr.pl\/zg\/2024\/08\/09\/smaki-przylasek\/\">Smaki Przylasek Gospodarstwo Rodzinne RiD Karwan<\/a><\/h2><\/header><div class=\"cmsms_post_content entry-content\">\n<p>W roku 2023 \"Smaki Przylasek\" zosta\u0142o najlepszym gospodarstwem ekologicznym wojew\u00f3dztwa lubuskiego!<\/p>\n<\/div>\n<footer class=\"cmsms_post_footer entry-meta tar\"><a class=\"button cmsms_post_read_more\" href=\"https:\/\/lcpr.pl\/zg\/2024\/08\/09\/smaki-przylasek\/\">Wi\u0119cej informacji<\/a><\/footer>\t<\/div>\r\n<\/article>\r\n<!--_________________________ Finish Standard Article _________________________ -->\r\n\r\n\r\n<!--_________________________ Start Standard Article _________________________ -->\r\n\r\n<article id=\"post-12059\" class=\"cmsms_post_masonry post-12059 post type-post status-publish format-standard has-post-thumbnail hentry category-trendy\" data-category=\"trendy\">\r\n\t<span class=\"cmsms_post_format_img  cmsms-icon-desktop-3\"><\/span>\r\n\t<div class=\"cmsms_post_cont\">\r\n\t<figure><a href=\"https:\/\/lcpr.pl\/zg\/2024\/07\/30\/winnica-julia-malgorzata-i-roman-grad\/\" title=\"Winnica Julia &#8211; Ma\u0142gorzata i Roman Grad\" class=\"cmsms_img_link preloader\"><img loading=\"lazy\" decoding=\"async\" width=\"580\" height=\"390\" src=\"https:\/\/lcpr.pl\/zg\/wp-content\/uploads\/2024\/07\/169271772_135055318625111_6395500563407067256_n-580x390.jpg\" class=\"full-width wp-post-image\" alt=\"Winnica Julia &#8211; Ma\u0142gorzata i Roman Grad\" title=\"Winnica Julia &#8211; Ma\u0142gorzata i Roman Grad\" \/><\/a><\/figure><header class=\"cmsms_post_header entry-header\"><h2 class=\"cmsms_post_title entry-title\"><a href=\"https:\/\/lcpr.pl\/zg\/2024\/07\/30\/winnica-julia-malgorzata-i-roman-grad\/\">Winnica Julia &#8211; Ma\u0142gorzata i Roman Grad<\/a><\/h2><\/header><div class=\"cmsms_post_content entry-content\">\n<p>\"Nasz\u0105 misj\u0105 jest odrodzenie regionalnych tradycji winiarskich, upowszechnienie wiedzy o nich oraz popularyzowanie polskich win.\"<br \/>\n- W\u0142a\u015bciciele Winnicy Julia<\/p>\n<\/div>\n<footer class=\"cmsms_post_footer entry-meta tar\"><a class=\"button cmsms_post_read_more\" href=\"https:\/\/lcpr.pl\/zg\/2024\/07\/30\/winnica-julia-malgorzata-i-roman-grad\/\">Wi\u0119cej informacji<\/a><\/footer>\t<\/div>\r\n<\/article>\r\n<!--_________________________ Finish Standard Article _________________________ -->\r\n\r\n<\/div><div class=\"cmsms_wrap_more_posts cmsms_wrap_more_items\"><div class=\"cmsms_wrap_pagination\"><ul class='page-numbers'>\n\t<li><span aria-current=\"page\" class=\"page-numbers current\">1<\/span><\/li>\n\t<li><a class=\"page-numbers\" href=\"https:\/\/lcpr.pl\/zg\/wp-json\/wp\/v2\/pages\/9911\/page\/2\/\">2<\/a><\/li>\n\t<li><a class=\"page-numbers\" href=\"https:\/\/lcpr.pl\/zg\/wp-json\/wp\/v2\/pages\/9911\/page\/3\/\">3<\/a><\/li>\n\t<li><a class=\"next page-numbers\" href=\"https:\/\/lcpr.pl\/zg\/wp-json\/wp\/v2\/pages\/9911\/page\/2\/\"><span class=\"cmsms_next_arrow\"><span><\/span><\/span><\/a><\/li>\n<\/ul>\n<\/div><\/div><\/div>\n<\/div>\n<\/div>\n<\/div>\n<\/div>\n<\/div>\n<\/div>\n<div id=\"cmsms_row_69f16f5c8a610\" class=\"cmsms_row cmsms_color_scheme_default\">\n<div class=\"cmsms_row_outer_parent\">\n<div class=\"cmsms_row_outer\">\n<div class=\"cmsms_row_inner\">\n<div class=\"cmsms_row_margin\">\n<div class=\"cmsms_column one_first\">\n<p><\/p>\n<\/div>\n<\/div>\n<\/div>\n<\/div>\n<\/div>\n<\/div>\n\n","protected":false},"excerpt":{"rendered":"","protected":false},"author":1,"featured_media":0,"parent":0,"menu_order":0,"comment_status":"closed","ping_status":"closed","template":"","meta":{"footnotes":""},"class_list":["post-9911","page","type-page","status-publish","hentry"],"_links":{"self":[{"href":"https:\/\/lcpr.pl\/zg\/wp-json\/wp\/v2\/pages\/9911","targetHints":{"allow":["GET"]}}],"collection":[{"href":"https:\/\/lcpr.pl\/zg\/wp-json\/wp\/v2\/pages"}],"about":[{"href":"https:\/\/lcpr.pl\/zg\/wp-json\/wp\/v2\/types\/page"}],"author":[{"embeddable":true,"href":"https:\/\/lcpr.pl\/zg\/wp-json\/wp\/v2\/users\/1"}],"replies":[{"embeddable":true,"href":"https:\/\/lcpr.pl\/zg\/wp-json\/wp\/v2\/comments?post=9911"}],"version-history":[{"count":33,"href":"https:\/\/lcpr.pl\/zg\/wp-json\/wp\/v2\/pages\/9911\/revisions"}],"predecessor-version":[{"id":15116,"href":"https:\/\/lcpr.pl\/zg\/wp-json\/wp\/v2\/pages\/9911\/revisions\/15116"}],"wp:attachment":[{"href":"https:\/\/lcpr.pl\/zg\/wp-json\/wp\/v2\/media?parent=9911"}],"curies":[{"name":"wp","href":"https:\/\/api.w.org\/{rel}","templated":true}]}}