{"id":4451,"date":"2024-02-26T18:45:02","date_gmt":"2024-02-26T17:45:02","guid":{"rendered":"https:\/\/lcpr.pl\/zg\/?page_id=4451"},"modified":"2024-03-15T22:12:28","modified_gmt":"2024-03-15T21:12:28","slug":"producent-pyta-ekspert-odpowiada","status":"publish","type":"page","link":"https:\/\/lcpr.pl\/zg\/akademia-producenta\/producent-pyta-ekspert-odpowiada\/","title":{"rendered":"Producent pyta &#8211; ekspert (p)odpowiada"},"content":{"rendered":"<style type=\"text\/css\"> \n#cmsms_row_69f16f51b872a .cmsms_row_outer_parent { \n\tpadding-top: 50px; \n} \n\n#cmsms_row_69f16f51b872a .cmsms_row_outer_parent { \n\tpadding-bottom: 0px; \n} \n\n \n#cmsms_heading_69f16f51b8873, #cmsms_heading_69f16f51b8873 a { \n\tfont-size:28px; \n\ttext-align:left; \n\tfont-weight:400; \n\tfont-style:normal; \n\tmargin-top:0px; \n\tmargin-bottom:20px; \n} \n \n#cmsms_row_69f16f51b8a67 .cmsms_row_outer_parent { \n\tpadding-top: 0px; \n} \n\n#cmsms_row_69f16f51b8a67 .cmsms_row_outer_parent { \n\tpadding-bottom: 50px; \n} \n\n \n#cmsms_heading_69f16f51b8d7e, #cmsms_heading_69f16f51b8d7e a { \n\tfont-weight:400; \n\tfont-style:normal; \n\tmargin-top:0px; \n\tmargin-bottom:20px; \n} \n \n#cmsms_row_69f16f51b9225 .cmsms_row_outer_parent { \n\tpadding-top: 0px; \n} \n\n#cmsms_row_69f16f51b9225 .cmsms_row_outer_parent { \n\tpadding-bottom: 0px; \n} \n\n \n#cmsms_divider_69f16f51b92ee { \n\tpadding-top:50px; \n\tmargin-bottom:40px; \n} \n<\/style><div id=\"cmsms_row_69f16f51b872a\" class=\"cmsms_row cmsms_color_scheme_default\">\n<div class=\"cmsms_row_outer_parent\">\n<div class=\"cmsms_row_outer\">\n<div class=\"cmsms_row_inner\">\n<div class=\"cmsms_row_margin\">\n<div class=\"cmsms_column one_first\">\n<h1 id=\"cmsms_heading_69f16f51b8873\" class=\"cmsms_heading\">Producent pyta &#8211; ekspert (p)odpowiada<\/h1><div class=\"cmsms_text\">\n<p>Szanowni Pa\u0144stwo,<\/p>\n<p>Lubuskie Centrum Produktu Regionalnego zaprasza do korzystania z\u00a0bezp\u0142atnych porad eksperta.<\/p>\n<p>Ci z Pa\u0144stwa, kt\u00f3rzy s\u0105 zainteresowani otrzymaniem porady proszeni s\u0105 o napisanie maila na adres: <a href=\"mailto:ekspert@lcpr.pl\">ekspert@lcpr.pl<\/a>.<\/p>\n<p>W tre\u015bci maila prosimy o wskazanie pytania, danych osobowych, Pa\u0144stwa adresu mailowego i numeru kontaktowego.<\/p>\n<p>&nbsp;<\/p>\n<p><strong>Porady z zakresu prawa:<\/strong><\/p>\n<p>Udzielanie porad prawnych na rzecz os\u00f3b\/podmiot\u00f3w zainteresowanych wsparciem oraz wsp\u00f3\u0142prac\u0105 oferowan\u0105 ze strony Lubuskiego Centrum Produktu Regionalnego w Zielonej G\u00f3rze, w zakresie przedmiotu dzia\u0142alno\u015bci Centrum.<\/p>\n<\/div>\n<\/div>\n<\/div>\n<\/div>\n<\/div>\n<\/div>\n<\/div>\n<div id=\"cmsms_row_69f16f51b8a67\" class=\"cmsms_row cmsms_color_scheme_default\">\n<div class=\"cmsms_row_outer_parent\">\n<div class=\"cmsms_row_outer\">\n<div class=\"cmsms_row_inner\">\n<div class=\"cmsms_row_margin\">\n<div class=\"cmsms_column one_first\">\n<h3 id=\"cmsms_heading_69f16f51b8d7e\" class=\"cmsms_heading\">Ekspert (p)odpowiada<\/h3><div class=\"cmsms_toggles toggles_mode_toggle\">\n<div class=\"cmsms_toggle_wrap\" data-tags=\"all \">\n<div class=\"cmsms_toggle_title\">\n<span class=\"cmsms_toggle_plus\">\n<span class=\"cmsms_toggle_plus_hor\"><\/span>\n<span class=\"cmsms_toggle_plus_vert\"><\/span>\n<\/span>\n<a href=\"#\">1. Zmiany kwot do emerytur i rent rolniczych od marca 2022 r.<\/a>\n<\/div>\n<div class=\"cmsms_toggle\">\n<div class=\"cmsms_toggle_inner\">\n<p>Od 1 marca 2022 roku kwoty przychodu powoduj\u0105ce zmniejszenie\/zawieszenie \u015bwiadcze\u0144 emerytalno-rentowych wynosz\u0105 odpowiednio:<\/p>\n<ul>\n<li>70% przeci\u0119tnego miesi\u0119cznego wynagrodzenia tj.4 196,60 z\u0142<\/li>\n<li>130% tego wynagrodzenia tj. 7 793,70 z\u0142<\/li>\n<\/ul>\n<p>Nowe kwoty og\u0142oszone zosta\u0142y:<\/p>\n<ul>\n<li>Komunikatem Prezesa GUS z dnia 09.02.2022 r, w sprawie przeci\u0119tnego wynagrodzenia w czwartym kwartale 2020 r. (M.P. z 2022 poz.177).<\/li>\n<li>Komunikatem Prezesa ZUS z dnia 10.02.2022 r. w sprawie kwot przychodu odpowiadaj\u0105cych 70% i 130% przeci\u0119tnego miesi\u0119cznego wynagrodzenia og\u0142oszonego za IV kwarta\u0142 2021r. stosowanych przy zmniejszaniu albo zawieszaniu emerytur i rent (MP 2022 r. poz.233).<\/li>\n<\/ul>\n<p><em>Skonsultowane z Ekspertem<\/em><\/p>\n<\/div>\n<\/div>\n<\/div><div class=\"cmsms_toggle_wrap\" data-tags=\"all \">\n<div class=\"cmsms_toggle_title\">\n<span class=\"cmsms_toggle_plus\">\n<span class=\"cmsms_toggle_plus_hor\"><\/span>\n<span class=\"cmsms_toggle_plus_vert\"><\/span>\n<\/span>\n<a href=\"#\">2. Urlop na \u017c\u0105danie<\/a>\n<\/div>\n<div class=\"cmsms_toggle\">\n<div class=\"cmsms_toggle_inner\">\n<p>Pracownik wyst\u0119puj\u0105c do pracodawcy o urlop na \u017c\u0105danie winien uzyska\u0107 wyra\u017an\u0105 akceptacj\u0119, i\u017c urlop taki otrzyma\u0142. Wniosek o urlop na \u017c\u0105danie powinien by\u0107 zg\u0142oszony najp\u00f3\u017aniej w dniu jego rozpocz\u0119cia i mo\u017cna go z\u0142o\u017cy\u0107 na r\u00f3\u017cne sposoby: telefonicznie, mailowo, sms-em, pisemnie, osobi\u015bcie.<br \/>\nUrlop na \u017c\u0105danie to uprawnienie pracownicze uregulowane w Kodeksie Pracy. Jest to cz\u0119\u015b\u0107 urlopu wypoczynkowego pozwalaj\u0105ca pracownikowi na skorzystanie z wolnego w nag\u0142ym wypadku w wymiarze nie wi\u0119cej ni\u017c 4 dni. Nie jest to wi\u0119c urlop zaplanowany i pomniejsza pul\u0119 dni urlopu wypoczynkowego.<\/p>\n<p><em>Skonsultowane z Ekspertem<\/em><\/p>\n<\/div>\n<\/div>\n<\/div><div class=\"cmsms_toggle_wrap\" data-tags=\"all \">\n<div class=\"cmsms_toggle_title\">\n<span class=\"cmsms_toggle_plus\">\n<span class=\"cmsms_toggle_plus_hor\"><\/span>\n<span class=\"cmsms_toggle_plus_vert\"><\/span>\n<\/span>\n<a href=\"#\">3. Wynagrodzenie w roku 2022<\/a>\n<\/div>\n<div class=\"cmsms_toggle\">\n<div class=\"cmsms_toggle_inner\">\n<p>Wynagrodzenie minimalne za prac\u0119 w 2022 roku wynosi 3.010 z\u0142 brutto a minimalna stawka godzinowa 19,70 brutto.<\/p>\n<p>Wysoko\u015b\u0107 minimalnego wynagrodzenia wp\u0142ywa na wysoko\u015b\u0107 innych \u015bwiadcze\u0144, takich jak odprawy, odszkodowania, wynagrodzenie za gotowo\u015b\u0107 do pracy oraz przest\u00f3j, dodatek za prac\u0119 w nocy.<\/p>\n<p><em>Skonsultowane z Ekspertem<\/em><\/p>\n<\/div>\n<\/div>\n<\/div><div class=\"cmsms_toggle_wrap\" data-tags=\"all \">\n<div class=\"cmsms_toggle_title\">\n<span class=\"cmsms_toggle_plus\">\n<span class=\"cmsms_toggle_plus_hor\"><\/span>\n<span class=\"cmsms_toggle_plus_vert\"><\/span>\n<\/span>\n<a href=\"#\">4. Deklaracja dotycz\u0105ca \u017ar\u00f3de\u0142 ogrzewania<\/a>\n<\/div>\n<div class=\"cmsms_toggle\">\n<div class=\"cmsms_toggle_inner\">\n<p>Do ko\u0144ca czerwca 2022 roku w\u0142a\u015bciciele budynk\u00f3w mieszkalnych i niemieszkalnych musz\u0105 z\u0142o\u017cy\u0107 deklaracj\u0119 do Centralnej Ewidencji Emisyjno\u015bci Budynk\u00f3w (CEEB) i okre\u015bli\u0107 w niej z jakich \u017ar\u00f3de\u0142 ogrzewania si\u0119 w nich u\u017cywa.<\/p>\n<p>Deklaracj\u0119 mo\u017cna z\u0142o\u017cy\u0107 w swoim urz\u0119dzie gminy albo za po\u015brednictwem internetu.<\/p>\n<p>Za niedope\u0142nienie obowi\u0105zku grozi kara grzywny.<\/p>\n<p><em>Skonsultowane z Ekspertem<\/em><\/p>\n<\/div>\n<\/div>\n<\/div><div class=\"cmsms_toggle_wrap\" data-tags=\"all \">\n<div class=\"cmsms_toggle_title\">\n<span class=\"cmsms_toggle_plus\">\n<span class=\"cmsms_toggle_plus_hor\"><\/span>\n<span class=\"cmsms_toggle_plus_vert\"><\/span>\n<\/span>\n<a href=\"#\">5. Wypadki przy pracy \u2013 zmiany w orzecznictwie<\/a>\n<\/div>\n<div class=\"cmsms_toggle\">\n<div class=\"cmsms_toggle_inner\">\n<p>W dniu 14 stycznia 2022 roku S\u0105d Najwy\u017cszy wyda\u0142 Uchwa\u0142\u0119 wa\u017cn\u0105 dla poszkodowanych w wypadkach maszyn rolniczych i innych pojazd\u00f3w wielofunkcyjnych.<\/p>\n<p>Dotychczas decyduj\u0105cym czynnikiem dla uzyskania przez poszkodowanego odszkodowania za wypadek zwi\u0105zany z u\u017cywaniem maszyny rolniczej czy innej wielofunkcyjnej by\u0142a definicja \u201eruchu pojazdu\u201d. Wyst\u0119powa\u0142a tu niekorzystna interpretacja przepis\u00f3w ubezpieczeniowych. Wypadki jakie mia\u0142y miejsce np. przy pracach polowych przy w\u0142\u0105czonym silniku ale bez poruszania si\u0119 maszyny ubezpieczyciele traktowali jako nie obj\u0119te ubezpieczeniem.<\/p>\n<p>Obecnie \u2013 wobec podj\u0119tej przez S\u0105d Najwy\u017cszy w sk\u0142adzie 7-osobowym Uchwa\u0142y kt\u00f3ra ukierunkowuje orzecznictwo s\u0105dowe &#8211; definicja \u201eruch pojazdu\u201d obejmuje tak\u017ce korzystanie z pojazdu jako narz\u0119dzia pracy czyli tak\u017ce wtedy, gdy w chwili wyrz\u0105dzenia szkody pojazd nie pe\u0142ni\u0142 funkcji komunikacyjnej.<\/p>\n<p><em>Skonsultowane z Ekspertem<\/em><\/p>\n<\/div>\n<\/div>\n<\/div><div class=\"cmsms_toggle_wrap\" data-tags=\"all \">\n<div class=\"cmsms_toggle_title\">\n<span class=\"cmsms_toggle_plus\">\n<span class=\"cmsms_toggle_plus_hor\"><\/span>\n<span class=\"cmsms_toggle_plus_vert\"><\/span>\n<\/span>\n<a href=\"#\">6. Ponowna zmiana wysoko\u015bci odsetek za op\u00f3\u017anienie w p\u0142atno\u015bciach<\/a>\n<\/div>\n<div class=\"cmsms_toggle\">\n<div class=\"cmsms_toggle_inner\">\n<p>Od dnia 4 listopada 2021 r. odsetki ustawowe za op\u00f3\u017anienie zostaj\u0105 podwy\u017cszone do 6,75% w stosunku rocznym &#8211; obwieszenie Ministra Sprawiedliwo\u015bci z dnia 29.11.2021, Monitor Polski 2021 poz.1097.<\/p>\n<p><em>Skonsultowane z Ekspertem<\/em><\/p>\n<\/div>\n<\/div>\n<\/div><div class=\"cmsms_toggle_wrap\" data-tags=\"all \">\n<div class=\"cmsms_toggle_title\">\n<span class=\"cmsms_toggle_plus\">\n<span class=\"cmsms_toggle_plus_hor\"><\/span>\n<span class=\"cmsms_toggle_plus_vert\"><\/span>\n<\/span>\n<a href=\"#\">7. Usuni\u0119cie drzewa z w\u0142asnej posesji \u2013 wymagania<\/a>\n<\/div>\n<div class=\"cmsms_toggle\">\n<div class=\"cmsms_toggle_inner\">\n<p>Usuni\u0119cie drzewa z w\u0142asnej posesji wymaga zg\u0142oszenia w urz\u0119dzie gminy, gdy pie\u0144 tego drzewa mierzony na wysoko\u015bci 5 cm od ziemi jest odpowiedniej grubo\u015bci, co do zasady jest to 50 cm. W przypadku topoli, klonu jesionolistnego i srebrzystego, wierzby wyznaczona grubo\u015b\u0107 pnia to 80 cm a w przypadku kasztana zwyczajnego, robinii akacjowej i platana klonolistnego 65 cm. Urz\u0105d gminy po otrzymaniu zg\u0142oszenia o zamiarze usuni\u0119cia drzewa przeprowadzi ogl\u0119dziny i mo\u017ce wnie\u015b\u0107 sprzeciw.<\/p>\n<p>Podstawa prawna: Ustawa z dnia 16.04.2004 r. o ochronie przyrody, Dz.U 2021 poz.1098, 1718.<\/p>\n<p><em>Skonsultowane z Ekspertem<\/em><\/p>\n<\/div>\n<\/div>\n<\/div><div class=\"cmsms_toggle_wrap\" data-tags=\"all \">\n<div class=\"cmsms_toggle_title\">\n<span class=\"cmsms_toggle_plus\">\n<span class=\"cmsms_toggle_plus_hor\"><\/span>\n<span class=\"cmsms_toggle_plus_vert\"><\/span>\n<\/span>\n<a href=\"#\">8. Obowi\u0105zek \u015bwiadcze\u0144 rzeczowych \u2013 kiedy mo\u017ce zosta\u0107 na\u0142o\u017cony?<\/a>\n<\/div>\n<div class=\"cmsms_toggle\">\n<div class=\"cmsms_toggle_inner\">\n<p>Na urz\u0119dy, instytucje, przedsi\u0119biorc\u00f3w ale tak\u017ce na osoby fizyczne mo\u017ce zosta\u0107 na\u0142o\u017cony obowi\u0105zek \u015bwiadcze\u0144 rzeczowych polegaj\u0105cy na oddaniu do u\u017cywania posiadanych nieruchomo\u015bci i rzeczy ruchomych na cele przygotowania obrony pa\u0144stwa.<\/p>\n<p>Obowi\u0105zek taki nak\u0142adany jest decyzj\u0105 administracyjn\u0105 na podstawie Ustawy z dnia 21.11.67 o powszechnym obowi\u0105zku obrony. Decyzj\u0119 wydaje w\u00f3jt (burmistrz, prezydent).<\/p>\n<p>Stronie przys\u0142uguje odwo\u0142anie od decyzji administracyjnej o przeznaczeniu nieruchomo\u015bci lub rzeczy ruchomych do wojewody w terminie 14 dni od otrzymania tej decyzji.<\/p>\n<p><em>Skonsultowane z Ekspertem<\/em><\/p>\n<\/div>\n<\/div>\n<\/div><div class=\"cmsms_toggle_wrap\" data-tags=\"all \">\n<div class=\"cmsms_toggle_title\">\n<span class=\"cmsms_toggle_plus\">\n<span class=\"cmsms_toggle_plus_hor\"><\/span>\n<span class=\"cmsms_toggle_plus_vert\"><\/span>\n<\/span>\n<a href=\"#\">9. Zmiany w handlu w niedziele i \u015bwi\u0119ta<\/a>\n<\/div>\n<div class=\"cmsms_toggle\">\n<div class=\"cmsms_toggle_inner\">\n<p>Od 1 lutego 2022 roku wchodz\u0105 w \u017cycie zmiany do Ustawy z dnia 10.02.2018 w sprawie ograniczenia handlu w niedziele i \u015bwi\u0119ta. Zakaz handlu nadal nie obowi\u0105zuje:<\/p>\n<ul>\n<li>w plac\u00f3wkach handlowych organizowanych wy\u0142\u0105cznie na potrzeby festyn\u00f3w, jarmark\u00f3w i innych imprez okoliczno\u015bciowych (tak\u017ce, gdy s\u0105 organizowane w halach targowych),<\/li>\n<li>w przypadku rolniczego handlu detalicznego,<\/li>\n<li>w plac\u00f3wkach handlu kwiatami.<\/li>\n<\/ul>\n<p>W okresie od 1 czerwca do 30 wrze\u015bnia ka\u017cdego roku kalendarzowego dopuszczalny jest handel wy\u0142\u0105cznie maszynami rolniczymi i cz\u0119\u015bciami zamiennymi do tych maszyn.<\/p>\n<p><em>Skonsultowane z Ekspertem<\/em><\/p>\n<\/div>\n<\/div>\n<\/div><div class=\"cmsms_toggle_wrap\" data-tags=\"all \">\n<div class=\"cmsms_toggle_title\">\n<span class=\"cmsms_toggle_plus\">\n<span class=\"cmsms_toggle_plus_hor\"><\/span>\n<span class=\"cmsms_toggle_plus_vert\"><\/span>\n<\/span>\n<a href=\"#\">10. Czy dozwolona jest w Polsce reklama wina, piwa, napoj\u00f3w alkoholowych?<\/a>\n<\/div>\n<div class=\"cmsms_toggle\">\n<div class=\"cmsms_toggle_inner\">\n<p>Reklama wina mo\u017ce by\u0107 zmieszczona na plakacie i powieszona w sklepie monopolowym bez ogranicze\u0144. Natomiast w przypadku sklepu wielobran\u017cowego, w kt\u00f3rym dost\u0119pne s\u0105 inne produkty, taki plakat mo\u017cna powiesi\u0107 jedynie w obr\u0119bie wydzielonego stoiska alkoholowego &#8211; odr\u0119bnej cz\u0119\u015bci sklepu do sprzeda\u017cy napoj\u00f3w alkoholowych.<\/p>\n<p>Zgodnie z art. 13(1) ust. 9 ustawy z dnia 26 pa\u017adziernika 1982 r. o wychowaniu w trze\u017awo\u015bci i przeciwdzia\u0142aniu alkoholizmowi, zakazy reklamy i promocji napoj\u00f3w alkoholowych nie dotycz\u0105 reklamy i promocji prowadzonej wewn\u0105trz pomieszcze\u0144 hurtowni, wydzielonych stoisk lub punkt\u00f3w prowadz\u0105cych wy\u0142\u0105cznie sprzeda\u017c napoj\u00f3w alkoholowych oraz na terenie punkt\u00f3w prowadz\u0105cych sprzeda\u017c napoj\u00f3w alkoholowych przeznaczonych do spo\u017cycia w miejscu sprzeda\u017cy.<\/p>\n<p>Wyk\u0142adni\u0105 prawa w tym zakresie jest Ustawa o wychowaniu w trze\u017awo\u015bci i przeciwdzia\u0142aniu alkoholizmowi, w kt\u00f3rej zawarta zosta\u0142a definicja reklamy napoj\u00f3w alkoholowych, kt\u00f3r\u0105 okre\u015blono poprzez publiczne rozpowszechnianie znak\u00f3w towarowych napoj\u00f3w alkoholowych lub symboli graficznych z nimi zwi\u0105zanych, a tak\u017ce nazw i symboli graficznych przedsi\u0119biorc\u00f3w produkuj\u0105cych napoje alkoholowe, nier\u00f3\u017cni\u0105cych si\u0119 od nazw i symboli graficznych napoj\u00f3w alkoholowych, s\u0142u\u017c\u0105ce popularyzowaniu znak\u00f3w towarowych napoj\u00f3w alkoholowych. W ustawie okre\u015blona zosta\u0142a r\u00f3wnie\u017c definicja promocji napoj\u00f3w alkoholowych.<\/p>\n<p>Je\u015bli chodzi o ulotki, to nale\u017cy pami\u0119ta\u0107, i\u017c zabroniona jest reklama, kt\u00f3ra ma charakter publiczny, tj. skierowana do nieograniczonej liczby odbiorc\u00f3w. Natomiast, je\u017celi ulotki czy te\u017c zaproszenia b\u0119d\u0105 rozdawane okre\u015blonej grupie ludzi przez sprzedawc\u0119 lub personalizowane to zapis ten nie obowi\u0105zuje.<br \/>\nW przypadku w\u0105tpliwo\u015bci, ka\u017cdy przypadek powinien by\u0107 rozpatrywany indywidualnie, najlepiej w konsultacji z prawnikiem.<\/p>\n<p><em>Skonsultowane z Ekspertem<\/em><\/p>\n<\/div>\n<\/div>\n<\/div><div class=\"cmsms_toggle_wrap\" data-tags=\"all \">\n<div class=\"cmsms_toggle_title\">\n<span class=\"cmsms_toggle_plus\">\n<span class=\"cmsms_toggle_plus_hor\"><\/span>\n<span class=\"cmsms_toggle_plus_vert\"><\/span>\n<\/span>\n<a href=\"#\">11. Czym jest Rolniczy Handel Detaliczny?<\/a>\n<\/div>\n<div class=\"cmsms_toggle\">\n<div class=\"cmsms_toggle_inner\">\n<p>RHD &#8211; handel detaliczny w rozumieniu art. 3 ust. 7 rozporz\u0105dzenia nr 178\/2002, polegaj\u0105cy na produkcji \u017cywno\u015bci pochodz\u0105cej w ca\u0142o\u015bci lub cz\u0119\u015bci z w\u0142asnej uprawy, hodowli lub chowu podmiotu dzia\u0142aj\u0105cego na rynku spo\u017cywczym i zbywaniu takiej \u017cywno\u015bci.<\/p>\n<p>RHD &#8211; sprzeda\u017c:<\/p>\n<ol>\n<li>sprzeda\u017c klientowi finalnemu \u2013 na terenie ca\u0142ej Polski:<br \/>\n&#8211; w gospodarstwach w kt\u00f3rych produkty zosta\u0142y wytworzone,<br \/>\n&#8211; w miejscach przeznaczonych do prowadzenia handlu np. targowiska,<br \/>\n&#8211; sprzeda\u017c wysy\u0142kowa;<\/li>\n<li>sprzeda\u017c do zak\u0142ad\u00f3w &#8211; wy\u0142\u0105cznie zlokalizowanych na obszarze wojew\u00f3dztwa, w kt\u00f3rym ma miejsce prowadzenie produkcji \u017cywno\u015bci w ramach RHD lub na obszarach powiat\u00f3w lub miast stanowi\u0105cych siedzib\u0119 wojewody lub sejmiku wojew\u00f3dztwa, s\u0105siaduj\u0105cych z tym wojew\u00f3dztwem.<\/li>\n<\/ol>\n<p><em>Skonsultowane z Ekspertem<\/em><\/p>\n<\/div>\n<\/div>\n<\/div><div class=\"cmsms_toggle_wrap\" data-tags=\"all \">\n<div class=\"cmsms_toggle_title\">\n<span class=\"cmsms_toggle_plus\">\n<span class=\"cmsms_toggle_plus_hor\"><\/span>\n<span class=\"cmsms_toggle_plus_vert\"><\/span>\n<\/span>\n<a href=\"#\">12. Kto pe\u0142ni nadz\u00f3r nad w\u0142a\u015bciw\u0105 jako\u015bci\u0105 zdrowotn\u0105 (bezpiecze\u0144stwem)?<\/a>\n<\/div>\n<div class=\"cmsms_toggle\">\n<div class=\"cmsms_toggle_inner\">\n<p>G\u0142\u00f3wny Inspektorat Weterynaryjny &#8211; produkt\u00f3w pochodzenia zwierz\u0119cego i \u017cywno\u015bci zawieraj\u0105cej jednocze\u015bnie \u015brodki spo\u017cywcze pochodzenia niezwierz\u0119cego i produkty pochodzenia zwierz\u0119cego.<\/p>\n<p>Pa\u0144stwowa Inspekcja Sanitarna \u2013 \u017cywno\u015b\u0107 pochodzenia niezwierz\u0119cego.<br \/>\nIJHARS \u2013 nad jako\u015bci\u0105 handlow\u0105 \u017cywno\u015bci znajduj\u0105cej si\u0119 w rolniczym handlu detalicznym (RHD).<\/p>\n<p><em>Skonsultowane z Ekspertem<\/em><\/p>\n<\/div>\n<\/div>\n<\/div><div class=\"cmsms_toggle_wrap\" data-tags=\"all \">\n<div class=\"cmsms_toggle_title\">\n<span class=\"cmsms_toggle_plus\">\n<span class=\"cmsms_toggle_plus_hor\"><\/span>\n<span class=\"cmsms_toggle_plus_vert\"><\/span>\n<\/span>\n<a href=\"#\">13. Czy rolnicy b\u0119d\u0105cy p\u0142atnikami VAT, mog\u0105 zbywa\u0107 swoje produkty w ramach RHD?<\/a>\n<\/div>\n<div class=\"cmsms_toggle\">\n<div class=\"cmsms_toggle_inner\">\n<p>Tak, nale\u017cy jednak pami\u0119ta\u0107 o nieprzekraczaniu kwoty sprzeda\u017cy powy\u017cej 20 tys. z\u0142.<\/p>\n<p><em>Skonsultowane z Ekspertem<\/em><\/p>\n<\/div>\n<\/div>\n<\/div><div class=\"cmsms_toggle_wrap\" data-tags=\"all \">\n<div class=\"cmsms_toggle_title\">\n<span class=\"cmsms_toggle_plus\">\n<span class=\"cmsms_toggle_plus_hor\"><\/span>\n<span class=\"cmsms_toggle_plus_vert\"><\/span>\n<\/span>\n<a href=\"#\">14. Jak znakowa\u0107 \u017cywno\u015b\u0107 sprzedawan\u0105 w ramach RHD?<\/a>\n<\/div>\n<div class=\"cmsms_toggle\">\n<div class=\"cmsms_toggle_inner\">\n<ul>\n<li>Znakowanie \u017cywno\u015bci wprowadzanej do obrotu w ramach rolniczego handlu detalicznego<\/li>\n<li>Wymagania dotycz\u0105ce oznakowania przetwor\u00f3w owocowych (d\u017cemy, marmolady, powid\u0142a, konfitury itp.)<\/li>\n<li>Rolniczy handel detaliczny<\/li>\n<\/ul>\n<p><em>Skonsultowane z Ekspertem<\/em><\/p>\n<\/div>\n<\/div>\n<\/div><div class=\"cmsms_toggle_wrap\" data-tags=\"all \">\n<div class=\"cmsms_toggle_title\">\n<span class=\"cmsms_toggle_plus\">\n<span class=\"cmsms_toggle_plus_hor\"><\/span>\n<span class=\"cmsms_toggle_plus_vert\"><\/span>\n<\/span>\n<a href=\"#\">15. Kiedy m\u00f3wimy o dzia\u0142alno\u015bci gospodarczej?<\/a>\n<\/div>\n<div class=\"cmsms_toggle\">\n<div class=\"cmsms_toggle_inner\">\n<p>Zgodnie z Ustaw\u0105 z dnia 6 marca 2018 r. Prawo przedsi\u0119biorc\u00f3w Art. 5.<\/p>\n<ol>\n<li>Nie stanowi dzia\u0142alno\u015bci gospodarczej dzia\u0142alno\u015b\u0107 wykonywana przez osob\u0119 fizyczn\u0105, kt\u00f3rej przych\u00f3d nale\u017cny z tej dzia\u0142alno\u015bci nie przekracza w \u017cadnym miesi\u0105cu 50% kwoty minimalnego wynagrodzenia, o kt\u00f3rym mowa w ustawie z dnia 10 pa\u017adziernika 2002 r. o minimalnym wynagrodzeniu za prac\u0119 (Dz. U. z 2018 r. poz. 2177), i kt\u00f3ra w okresie ostatnich 60 miesi\u0119cy nie wykonywa\u0142a dzia\u0142alno\u015bci gospodarczej.<\/li>\n<li>Osoba wykonuj\u0105ca dzia\u0142alno\u015b\u0107, o kt\u00f3rej mowa w ust. 1, mo\u017ce z\u0142o\u017cy\u0107 wniosek o wpis do Centralnej Ewidencji i Informacji o Dzia\u0142alno\u015bci Gospodarczej. Dzia\u0142alno\u015b\u0107 ta staje si\u0119 dzia\u0142alno\u015bci\u0105 gospodarcz\u0105 z dniem okre\u015blonym we wniosku.<\/li>\n<li>Je\u017celi przych\u00f3d nale\u017cny z dzia\u0142alno\u015bci, o kt\u00f3rej mowa w ust. 1, przekroczy\u0142 w danym miesi\u0105cu wysoko\u015b\u0107 okre\u015blon\u0105 w ust. 1, dzia\u0142alno\u015b\u0107 ta staje si\u0119 dzia\u0142alno\u015bci\u0105 gospodarcz\u0105, pocz\u0105wszy od dnia, w kt\u00f3rym nast\u0105pi\u0142o przekroczenie wysoko\u015bci, o kt\u00f3rym mowa w ust. 1.<\/li>\n<li>W przypadku, o kt\u00f3rym mowa w ust. 3, osoba wykonuj\u0105ca dzia\u0142alno\u015b\u0107 gospodarcz\u0105 sk\u0142ada wniosek o wpis do Centralnej Ewidencji i Informacji o Dzia\u0142alno\u015bci Gospodarczej w terminie 7 dni od dnia, w kt\u00f3rym nast\u0105pi\u0142o przekroczenie wysoko\u015bci, o kt\u00f3rym mowa w ust. 1.<\/li>\n<li>Przepisu ust. 1 nie stosuje si\u0119 do dzia\u0142alno\u015bci wykonywanej w ramach umowy sp\u00f3\u0142ki cywilnej.<\/li>\n<li>Przez przych\u00f3d nale\u017cny, o kt\u00f3rym mowa w ust. 1, rozumie si\u0119 kwoty nale\u017cne, cho\u0107by nie zosta\u0142y faktycznie otrzymane, po wy\u0142\u0105czeniu warto\u015bci zwr\u00f3conych towar\u00f3w, udzielonych bonifikat i skont.<\/li>\n<\/ol>\n<p>Nale\u017cy podkre\u015bli\u0107, i\u017c ka\u017cdy przypadek powinien by\u0107 interpretowany indywidualnie a w razie szczeg\u00f3\u0142owych pyta\u0144 prosimy o kontakt z w\u0142a\u015bciwym Urz\u0119dem Skarbowym.<\/p>\n<p><em>Skonsultowane z Ekspertem<\/em><\/p>\n<\/div>\n<\/div>\n<\/div><div class=\"cmsms_toggle_wrap\" data-tags=\"all \">\n<div class=\"cmsms_toggle_title\">\n<span class=\"cmsms_toggle_plus\">\n<span class=\"cmsms_toggle_plus_hor\"><\/span>\n<span class=\"cmsms_toggle_plus_vert\"><\/span>\n<\/span>\n<a href=\"#\">16. Kto jest odpowiedzialny za atesty w\u0142asnych wyrob\u00f3w?<\/a>\n<\/div>\n<div class=\"cmsms_toggle\">\n<div class=\"cmsms_toggle_inner\">\n<p>W \u015bwietle przepis\u00f3w prawnych to producent jest odpowiedzialny za bezpiecze\u0144stwo wytwarzanych i wprowadzanych do obrotu produkt\u00f3w &#8211; Ustawa z dnia 12 grudnia 2003 r. o og\u00f3lnym bezpiecze\u0144stwie produkt\u00f3w.<\/p>\n<p>Producent mo\u017ce podda\u0107 atestom sw\u00f3j produkt, aby zapewni\u0107 jego bezpiecze\u0144stwo odpowiednim certyfikatem.<\/p>\n<p>Nale\u017cy sprawdzi\u0107 czy istniej\u0105 Polskie Normy dla danego produktu &#8211; Polski Komitet Normalizacyjny.<\/p>\n<p>Informacje w tym zakresie mo\u017cna r\u00f3wnie\u017c uzyska\u0107 w Polskiej Izbie Handlu.<\/p>\n<p><em>Skonsultowane z Ekspertem<\/em><\/p>\n<\/div>\n<\/div>\n<\/div><\/div>\n<\/div>\n<\/div>\n<\/div>\n<\/div>\n<\/div>\n<\/div>\n<div id=\"cmsms_row_69f16f51b9225\" class=\"cmsms_row cmsms_color_scheme_default\">\n<div class=\"cmsms_row_outer_parent\">\n<div class=\"cmsms_row_outer\">\n<div class=\"cmsms_row_inner\">\n<div class=\"cmsms_row_margin\">\n<div class=\"cmsms_column one_first\">\n<div id=\"cmsms_divider_69f16f51b92ee\" class=\"cmsms_divider solid\"><\/div>\n<\/div>\n<\/div>\n<\/div>\n<\/div>\n<\/div>\n<\/div>\n\n","protected":false},"excerpt":{"rendered":"","protected":false},"author":1,"featured_media":0,"parent":4448,"menu_order":0,"comment_status":"closed","ping_status":"closed","template":"","meta":{"footnotes":""},"class_list":["post-4451","page","type-page","status-publish","hentry"],"_links":{"self":[{"href":"https:\/\/lcpr.pl\/zg\/wp-json\/wp\/v2\/pages\/4451","targetHints":{"allow":["GET"]}}],"collection":[{"href":"https:\/\/lcpr.pl\/zg\/wp-json\/wp\/v2\/pages"}],"about":[{"href":"https:\/\/lcpr.pl\/zg\/wp-json\/wp\/v2\/types\/page"}],"author":[{"embeddable":true,"href":"https:\/\/lcpr.pl\/zg\/wp-json\/wp\/v2\/users\/1"}],"replies":[{"embeddable":true,"href":"https:\/\/lcpr.pl\/zg\/wp-json\/wp\/v2\/comments?post=4451"}],"version-history":[{"count":7,"href":"https:\/\/lcpr.pl\/zg\/wp-json\/wp\/v2\/pages\/4451\/revisions"}],"predecessor-version":[{"id":4458,"href":"https:\/\/lcpr.pl\/zg\/wp-json\/wp\/v2\/pages\/4451\/revisions\/4458"}],"up":[{"embeddable":true,"href":"https:\/\/lcpr.pl\/zg\/wp-json\/wp\/v2\/pages\/4448"}],"wp:attachment":[{"href":"https:\/\/lcpr.pl\/zg\/wp-json\/wp\/v2\/media?parent=4451"}],"curies":[{"name":"wp","href":"https:\/\/api.w.org\/{rel}","templated":true}]}}