{"id":4287,"date":"2024-02-25T21:43:20","date_gmt":"2024-02-25T20:43:20","guid":{"rendered":"https:\/\/lcpr.pl\/zg\/?page_id=4287"},"modified":"2024-03-15T22:28:56","modified_gmt":"2024-03-15T21:28:56","slug":"poznaj-lubuskich-producentow-wybieraj-lokalnie","status":"publish","type":"page","link":"https:\/\/lcpr.pl\/zg\/poznaj-lubuskich-producentow-wybieraj-lokalnie\/","title":{"rendered":"Poznaj lubuskich producent\u00f3w. Wybieraj lokalnie"},"content":{"rendered":"<style type=\"text\/css\"> \n#cmsms_row_69f16f4d96d1b .cmsms_row_outer_parent { \n\tpadding-top: 50px; \n} \n\n#cmsms_row_69f16f4d96d1b .cmsms_row_outer_parent { \n\tpadding-bottom: 0px; \n} \n\n \n#cmsms_heading_69f16f4d96e5b, #cmsms_heading_69f16f4d96e5b a { \n\tfont-size:28px; \n\ttext-align:left; \n\tfont-weight:400; \n\tfont-style:normal; \n\tmargin-top:0px; \n\tmargin-bottom:20px; \n} \n \n#cmsms_row_69f16f4d9773b .cmsms_row_outer_parent { \n\tpadding-top: 0px; \n} \n\n#cmsms_row_69f16f4d9773b .cmsms_row_outer_parent { \n\tpadding-bottom: 50px; \n} \n\n \n#cmsms_heading_69f16f4d977c0, #cmsms_heading_69f16f4d977c0 a { \n\tfont-weight:400; \n\tfont-style:normal; \n\tmargin-top:0px; \n\tmargin-bottom:20px; \n} \n \n#cmsms_row_69f16f4d97812 .cmsms_row_outer_parent { \n\tpadding-top: 0px; \n} \n\n#cmsms_row_69f16f4d97812 .cmsms_row_outer_parent { \n\tpadding-bottom: 50px; \n} \n\n \n#cmsms_heading_69f16f4d9794e, #cmsms_heading_69f16f4d9794e a { \n\tfont-weight:400; \n\tfont-style:normal; \n\tmargin-top:0px; \n\tmargin-bottom:20px; \n} \n \n#cmsms_row_69f16f4d98771 .cmsms_row_outer_parent { \n\tpadding-top: 0px; \n} \n\n#cmsms_row_69f16f4d98771 .cmsms_row_outer_parent { \n\tpadding-bottom: 50px; \n} \n\n \n#cmsms_heading_69f16f4d9886c, #cmsms_heading_69f16f4d9886c a { \n\tfont-weight:400; \n\tfont-style:normal; \n\tmargin-top:0px; \n\tmargin-bottom:20px; \n} \n \n#cmsms_row_69f16f4d98e5d .cmsms_row_outer_parent { \n\tpadding-top: 0px; \n} \n\n#cmsms_row_69f16f4d98e5d .cmsms_row_outer_parent { \n\tpadding-bottom: 50px; \n} \n\n \n#cmsms_heading_69f16f4d98ec4, #cmsms_heading_69f16f4d98ec4 a { \n\tfont-weight:400; \n\tfont-style:normal; \n\tmargin-top:0px; \n\tmargin-bottom:20px; \n} \n \n#cmsms_row_69f16f4d99aeb .cmsms_row_outer_parent { \n\tpadding-top: 0px; \n} \n\n#cmsms_row_69f16f4d99aeb .cmsms_row_outer_parent { \n\tpadding-bottom: 50px; \n} \n\n \n#cmsms_heading_69f16f4d99b4f, #cmsms_heading_69f16f4d99b4f a { \n\tfont-weight:400; \n\tfont-style:normal; \n\tmargin-top:0px; \n\tmargin-bottom:20px; \n} \n \n#cmsms_row_69f16f4d99f64 .cmsms_row_outer_parent { \n\tpadding-top: 0px; \n} \n\n#cmsms_row_69f16f4d99f64 .cmsms_row_outer_parent { \n\tpadding-bottom: 50px; \n} \n\n \n#cmsms_heading_69f16f4d99fc4, #cmsms_heading_69f16f4d99fc4 a { \n\tfont-weight:400; \n\tfont-style:normal; \n\tmargin-top:0px; \n\tmargin-bottom:20px; \n} \n \n#cmsms_row_69f16f4d9abe2 .cmsms_row_outer_parent { \n\tpadding-top: 0px; \n} \n\n#cmsms_row_69f16f4d9abe2 .cmsms_row_outer_parent { \n\tpadding-bottom: 50px; \n} \n\n \n#cmsms_heading_69f16f4d9ac47, #cmsms_heading_69f16f4d9ac47 a { \n\tfont-weight:400; \n\tfont-style:normal; \n\tmargin-top:0px; \n\tmargin-bottom:20px; \n} \n \n#cmsms_row_69f16f4d9b514 .cmsms_row_outer_parent { \n\tpadding-top: 0px; \n} \n\n#cmsms_row_69f16f4d9b514 .cmsms_row_outer_parent { \n\tpadding-bottom: 50px; \n} \n\n \n#cmsms_heading_69f16f4d9b589, #cmsms_heading_69f16f4d9b589 a { \n\tfont-weight:400; \n\tfont-style:normal; \n\tmargin-top:0px; \n\tmargin-bottom:20px; \n} \n \n#cmsms_row_69f16f4d9c1ec .cmsms_row_outer_parent { \n\tpadding-top: 0px; \n} \n\n#cmsms_row_69f16f4d9c1ec .cmsms_row_outer_parent { \n\tpadding-bottom: 50px; \n} \n\n \n#cmsms_heading_69f16f4d9c252, #cmsms_heading_69f16f4d9c252 a { \n\tfont-weight:400; \n\tfont-style:normal; \n\tmargin-top:0px; \n\tmargin-bottom:20px; \n} \n \n#cmsms_row_69f16f4d9c685 .cmsms_row_outer_parent { \n\tpadding-top: 0px; \n} \n\n#cmsms_row_69f16f4d9c685 .cmsms_row_outer_parent { \n\tpadding-bottom: 50px; \n} \n\n \n#cmsms_heading_69f16f4d9c6e4, #cmsms_heading_69f16f4d9c6e4 a { \n\tfont-weight:400; \n\tfont-style:normal; \n\tmargin-top:0px; \n\tmargin-bottom:20px; \n} \n \n#cmsms_row_69f16f4d9caca .cmsms_row_outer_parent { \n\tpadding-top: 0px; \n} \n\n#cmsms_row_69f16f4d9caca .cmsms_row_outer_parent { \n\tpadding-bottom: 50px; \n} \n\n \n#cmsms_heading_69f16f4d9cb25, #cmsms_heading_69f16f4d9cb25 a { \n\tfont-weight:400; \n\tfont-style:normal; \n\tmargin-top:0px; \n\tmargin-bottom:20px; \n} \n \n#cmsms_row_69f16f4d9d335 .cmsms_row_outer_parent { \n\tpadding-top: 0px; \n} \n\n#cmsms_row_69f16f4d9d335 .cmsms_row_outer_parent { \n\tpadding-bottom: 50px; \n} \n\n \n#cmsms_heading_69f16f4d9d38f, #cmsms_heading_69f16f4d9d38f a { \n\tfont-weight:400; \n\tfont-style:normal; \n\tmargin-top:0px; \n\tmargin-bottom:20px; \n} \n \n#cmsms_row_69f16f4d9db39 .cmsms_row_outer_parent { \n\tpadding-top: 0px; \n} \n\n#cmsms_row_69f16f4d9db39 .cmsms_row_outer_parent { \n\tpadding-bottom: 50px; \n} \n\n \n#cmsms_heading_69f16f4d9db95, #cmsms_heading_69f16f4d9db95 a { \n\tfont-weight:400; \n\tfont-style:normal; \n\tmargin-top:0px; \n\tmargin-bottom:20px; \n} \n \n#cmsms_row_69f16f4d9e3a0 .cmsms_row_outer_parent { \n\tpadding-top: 0px; \n} \n\n#cmsms_row_69f16f4d9e3a0 .cmsms_row_outer_parent { \n\tpadding-bottom: 50px; \n} \n\n \n#cmsms_heading_69f16f4d9e3fa, #cmsms_heading_69f16f4d9e3fa a { \n\tfont-weight:400; \n\tfont-style:normal; \n\tmargin-top:0px; \n\tmargin-bottom:20px; \n} \n \n#cmsms_row_69f16f4d9e80d .cmsms_row_outer_parent { \n\tpadding-top: 0px; \n} \n\n#cmsms_row_69f16f4d9e80d .cmsms_row_outer_parent { \n\tpadding-bottom: 50px; \n} \n\n \n#cmsms_heading_69f16f4d9e865, #cmsms_heading_69f16f4d9e865 a { \n\tfont-weight:400; \n\tfont-style:normal; \n\tmargin-top:0px; \n\tmargin-bottom:20px; \n} \n \n#cmsms_row_69f16f4d9f0d0 .cmsms_row_outer_parent { \n\tpadding-top: 0px; \n} \n\n#cmsms_row_69f16f4d9f0d0 .cmsms_row_outer_parent { \n\tpadding-bottom: 50px; \n} \n\n \n#cmsms_heading_69f16f4d9f131, #cmsms_heading_69f16f4d9f131 a { \n\tfont-weight:400; \n\tfont-style:normal; \n\tmargin-top:0px; \n\tmargin-bottom:20px; \n} \n \n#cmsms_row_69f16f4d9f9ec .cmsms_row_outer_parent { \n\tpadding-top: 0px; \n} \n\n#cmsms_row_69f16f4d9f9ec .cmsms_row_outer_parent { \n\tpadding-bottom: 50px; \n} \n\n \n#cmsms_heading_69f16f4d9fa4c, #cmsms_heading_69f16f4d9fa4c a { \n\tfont-weight:400; \n\tfont-style:normal; \n\tmargin-top:0px; \n\tmargin-bottom:20px; \n} \n \n#cmsms_row_69f16f4da02b1 .cmsms_row_outer_parent { \n\tpadding-top: 0px; \n} \n\n#cmsms_row_69f16f4da02b1 .cmsms_row_outer_parent { \n\tpadding-bottom: 50px; \n} \n\n \n#cmsms_heading_69f16f4da0311, #cmsms_heading_69f16f4da0311 a { \n\tfont-weight:400; \n\tfont-style:normal; \n\tmargin-top:0px; \n\tmargin-bottom:20px; \n} \n \n#cmsms_row_69f16f4da0794 .cmsms_row_outer_parent { \n\tpadding-top: 0px; \n} \n\n#cmsms_row_69f16f4da0794 .cmsms_row_outer_parent { \n\tpadding-bottom: 50px; \n} \n\n \n#cmsms_row_69f16f4da0831 .cmsms_row_outer_parent { \n\tpadding-top: 0px; \n} \n\n#cmsms_row_69f16f4da0831 .cmsms_row_outer_parent { \n\tpadding-bottom: 50px; \n} \n\n \n#cmsms_row_69f16f4da0c2e .cmsms_row_outer_parent { \n\tpadding-top: 0px; \n} \n\n#cmsms_row_69f16f4da0c2e .cmsms_row_outer_parent { \n\tpadding-bottom: 0px; \n} \n\n \n#cmsms_divider_69f16f4da0c96 { \n\tpadding-top:50px; \n\tmargin-bottom:40px; \n} \n<\/style><div id=\"cmsms_row_69f16f4d96d1b\" class=\"cmsms_row cmsms_color_scheme_default\">\n<div class=\"cmsms_row_outer_parent\">\n<div class=\"cmsms_row_outer\">\n<div class=\"cmsms_row_inner\">\n<div class=\"cmsms_row_margin\">\n<div class=\"cmsms_column one_first\">\n<h1 id=\"cmsms_heading_69f16f4d96e5b\" class=\"cmsms_heading\">Kampania promocyjna &#8222;Poznaj lubuskich producent\u00f3w. Wybieraj lokalnie&#8221;<\/h1><div class=\"aligncenter\">\n<div class=\"cmsms_img  cmsms_image_c\">\n<img decoding=\"async\" src=\"https:\/\/lcpr.pl\/zg\/wp-content\/uploads\/2024\/02\/poznaj-lubuskich-producentow.jpg\" \/>\n<\/div>\n<\/div>\n<div class=\"cmsms_text\">\n<p>Celem kampanii jest wyr\u00f3\u017cnienie i zwi\u0119kszenie rozpoznawalno\u015bci lubuskich przedsi\u0119biorc\u00f3w M\u015aP w w\/w bran\u017cy, wzmocnienie konkurencyjno\u015bci i innowacyjno\u015bci oraz kreowanie rozpoznawalno\u015bci oferty producent\u00f3w w grupie mieszka\u0144c\u00f3w s\u0105siednich region\u00f3w zar\u00f3wno w kraju jak i za granic\u0105. Promocja tej bran\u017cy zach\u0119ci mieszka\u0144c\u00f3w regionu do korzystania z ofert lokalnych przedsi\u0119biorc\u00f3w, a tym samym wspierania lokalnej gospodarki i tworzenia nowych miejsc pracy gospodarstw agroturystycznych<br \/>\ni producent\u00f3w zwi\u0105zanych z turystyk\u0105 le\u015bn\u0105 Wojew\u00f3dztwa Lubuskiego.<\/p>\n<\/div>\n<div class=\"aligncenter\">\n<div class=\"cmsms_img  cmsms_image_c\">\n<img decoding=\"async\" src=\"https:\/\/lcpr.pl\/zg\/wp-content\/uploads\/2024\/02\/torba_kampania-819x1024-1.jpg\" \/>\n<\/div>\n<\/div>\n<\/div>\n<\/div>\n<\/div>\n<\/div>\n<\/div>\n<\/div>\n<div id=\"cmsms_row_69f16f4d9773b\" class=\"cmsms_row cmsms_color_scheme_default\">\n<div class=\"cmsms_row_outer_parent\">\n<div class=\"cmsms_row_outer\">\n<div class=\"cmsms_row_inner\">\n<div class=\"cmsms_row_margin\">\n<div class=\"cmsms_column one_first\">\n<h1 id=\"cmsms_heading_69f16f4d977c0\" class=\"cmsms_heading\">Na czym polega kampania?<\/h1><div class=\"cmsms_text\">\n<p>Konsumenci!<br \/>\nCzy znacie producent\u00f3w produkt\u00f3w regionalnych z wojew\u00f3dztwa lubuskiego? Kampania promocyjna ,,Poznaj Lubuskich producent\u00f3w. Wybieraj lokalnie\u201d ma na celu m.in. zwi\u0119kszenie rozpoznawalno\u015bci lubuskich producent\u00f3w i wytwarzanych przez nich produkt\u00f3w regionalnych. W tym celu Lubuskie Centrum Produktu Regionalnego rozpropagowywa\u0142o materia\u0142y promocyjne w wojew\u00f3dztwie lubuskim w\u015br\u00f3d 83 gmin, 12 powiat\u00f3w i 2 miast wojew\u00f3dzkich, a tak\u017ce zrealizowa\u0142o materia\u0142y filmowe w lubuskich miejscach sprzeda\u017cy produkt\u00f3w regionalnych.<\/p>\n<\/div>\n<\/div>\n<\/div>\n<\/div>\n<\/div>\n<\/div>\n<\/div>\n<div id=\"cmsms_row_69f16f4d97812\" class=\"cmsms_row cmsms_color_scheme_default\">\n<div class=\"cmsms_row_outer_parent\">\n<div class=\"cmsms_row_outer\">\n<div class=\"cmsms_row_inner\">\n<div class=\"cmsms_row_margin\">\n<div class=\"cmsms_column one_first\">\n<h1 id=\"cmsms_heading_69f16f4d9794e\" class=\"cmsms_heading\">Jak przebieg\u0142a kampania? Zobacz sam:<\/h1><div class=\"cmsms_text\">\n<ol>\n<li><strong>Filmy promuj\u0105ce miejsca sprzeda\u017cy<\/strong><br \/>\nLubuskie Centrum Produktu Regionalnego zrealizowa\u0142o trzy filmy, promuj\u0105ce miejsca sprzeda\u017cy w wojew\u00f3dztwie lubuskim. Zrealizowane zosta\u0142y ona w Zielonej G\u00f3rze \u2013 Ochli na Twoim Zielonym Targu, w K\u0142odawie na Targu nad Jeziorem i w \u017barach na Folwarku Zamkowym.<\/li>\n<\/ol>\n<ul>\n<li><strong>Tw\u00f3j Zielony Targ \u2013 Zielona G\u00f3ra \u2013 Ochla, ul. Muzealna 5<br \/>\n<\/strong>Targ z produktami regionalnymi, organizowany cyklicznie od czerwca 2014 roku.<br \/>\nTarg odbywa si\u0119\u00a0<strong>w ka\u017cd\u0105 niedziel\u0119 od 9:00 do 14:00<br \/>\n<\/strong><br \/>\n<iframe loading=\"lazy\" title=\"YouTube video player\" src=\"https:\/\/www.youtube-nocookie.com\/embed\/1t6B0QJay0E?si=KO734TsMtTcGvT9F\" width=\"560\" height=\"315\" frameborder=\"0\" allowfullscreen=\"allowfullscreen\"><\/iframe><\/li>\n<li><strong>Targ nad Jeziorem \u2013 K\u0142odawa, ul. Wojcieszycka 8<br \/>\n<\/strong>Targ z produktami regionalnymi odbywa si\u0119\u00a0<strong>w ka\u017cd\u0105 niedziel\u0119 od 9:00 do 14:00<br \/>\n<\/strong><br \/>\n<iframe loading=\"lazy\" title=\"YouTube video player\" src=\"https:\/\/www.youtube-nocookie.com\/embed\/686-YwYV-u4?si=WhpZXFE3irpPka9Y\" width=\"560\" height=\"315\" frameborder=\"0\" allowfullscreen=\"allowfullscreen\"><\/iframe><\/li>\n<li><strong>Folwark Zamkowy \u2013 Targ \u015aniadaniowy \u2013 \u017bary, ul. Folwarczna 3<br \/>\n<\/strong>Targ z produktami regionalnymi odbywa si\u0119\u00a0<strong>w co drug\u0105 niedziel\u0119 od 9:00 do 14:00<br \/>\n<\/strong><br \/>\n<iframe loading=\"lazy\" title=\"YouTube video player\" src=\"https:\/\/www.youtube-nocookie.com\/embed\/yqZbxqI_z6E?si=6g8IcOCaRIVdE9Jl\" width=\"560\" height=\"315\" frameborder=\"0\" allowfullscreen=\"allowfullscreen\"><\/iframe><\/li>\n<\/ul>\n<div class=\"wp-block-spacer\" aria-hidden=\"true\"><\/div>\n<ol start=\"2\">\n<li><strong>Materia\u0142y promocyjne<\/strong><br \/>\nW celu rozpropagowania kampanii LCPR wyda\u0142o materia\u0142y promuj\u0105ce kampani\u0119 ,,Poznaj Lubuskich Producent\u00f3w. Wybieraj lokalnie\u201d. W tym celu wydane zosta\u0142y bannery,\u00a0<a href=\"https:\/\/lcpr.pl\/zg\/wp-content\/uploads\/2024\/02\/rollup_poznaj.jpg\"><strong>rollupy<\/strong><\/a>, plakaty w formacie B1 oraz B2,\u00a0<a href=\"https:\/\/lcpr.pl\/zg\/wp-content\/uploads\/2024\/02\/ulotka_poznaj.jpg\"><strong>ulotki<\/strong><\/a>\u00a0oraz\u00a0<a href=\"https:\/\/lcpr.pl\/zg\/wp-content\/uploads\/2024\/02\/torba_kampania-819x1024-1.jpg\"><strong>torby promocyjne<\/strong><\/a>.<\/li>\n<\/ol>\n<div class=\"wp-block-spacer\" aria-hidden=\"true\"><\/div>\n<ol start=\"3\">\n<li><strong>Zaanga\u017cowanie Gmin i Powiat\u00f3w<\/strong><br \/>\nMateria\u0142y promocyjne rozpropagowane zosta\u0142y w wojew\u00f3dztwie lubuskim w\u015br\u00f3d 83 gmin, 12 powiat\u00f3w i 2 miast wojew\u00f3dzkich.<\/li>\n<\/ol>\n<\/div>\n<div class=\"cmsms_gallery\">\n<ul>\n<li class=\"one_third\"><figure><a href=\"https:\/\/lcpr.pl\/zg\/wp-content\/uploads\/2024\/02\/zaangazowanie-gmin-1.jpg\" rel=\"ilightbox[69f16f4d979d3]\"><img loading=\"lazy\" decoding=\"async\" width=\"300\" height=\"225\" src=\"https:\/\/lcpr.pl\/zg\/wp-content\/uploads\/2024\/02\/zaangazowanie-gmin-1-300x225.jpg\" class=\"attachment-medium size-medium\" alt=\"zaanga\u017cowanie gmin\" srcset=\"https:\/\/lcpr.pl\/zg\/wp-content\/uploads\/2024\/02\/zaangazowanie-gmin-1-300x225.jpg 300w, https:\/\/lcpr.pl\/zg\/wp-content\/uploads\/2024\/02\/zaangazowanie-gmin-1-1024x768.jpg 1024w, https:\/\/lcpr.pl\/zg\/wp-content\/uploads\/2024\/02\/zaangazowanie-gmin-1-768x576.jpg 768w, https:\/\/lcpr.pl\/zg\/wp-content\/uploads\/2024\/02\/zaangazowanie-gmin-1-1536x1152.jpg 1536w, https:\/\/lcpr.pl\/zg\/wp-content\/uploads\/2024\/02\/zaangazowanie-gmin-1-580x435.jpg 580w, https:\/\/lcpr.pl\/zg\/wp-content\/uploads\/2024\/02\/zaangazowanie-gmin-1-820x615.jpg 820w, https:\/\/lcpr.pl\/zg\/wp-content\/uploads\/2024\/02\/zaangazowanie-gmin-1-1160x870.jpg 1160w, https:\/\/lcpr.pl\/zg\/wp-content\/uploads\/2024\/02\/zaangazowanie-gmin-1.jpg 1600w\" sizes=\"auto, (max-width: 300px) 100vw, 300px\" \/><\/a><\/figure><\/li><li class=\"one_third\"><figure><a href=\"https:\/\/lcpr.pl\/zg\/wp-content\/uploads\/2024\/02\/zaangazowanie-gmin-2.jpg\" rel=\"ilightbox[69f16f4d979d3]\"><img loading=\"lazy\" decoding=\"async\" width=\"300\" height=\"225\" src=\"https:\/\/lcpr.pl\/zg\/wp-content\/uploads\/2024\/02\/zaangazowanie-gmin-2-300x225.jpg\" class=\"attachment-medium size-medium\" alt=\"zaanga\u017cowanie gmin\" srcset=\"https:\/\/lcpr.pl\/zg\/wp-content\/uploads\/2024\/02\/zaangazowanie-gmin-2-300x225.jpg 300w, https:\/\/lcpr.pl\/zg\/wp-content\/uploads\/2024\/02\/zaangazowanie-gmin-2-1024x768.jpg 1024w, https:\/\/lcpr.pl\/zg\/wp-content\/uploads\/2024\/02\/zaangazowanie-gmin-2-768x576.jpg 768w, https:\/\/lcpr.pl\/zg\/wp-content\/uploads\/2024\/02\/zaangazowanie-gmin-2-1536x1152.jpg 1536w, https:\/\/lcpr.pl\/zg\/wp-content\/uploads\/2024\/02\/zaangazowanie-gmin-2-580x435.jpg 580w, https:\/\/lcpr.pl\/zg\/wp-content\/uploads\/2024\/02\/zaangazowanie-gmin-2-820x615.jpg 820w, https:\/\/lcpr.pl\/zg\/wp-content\/uploads\/2024\/02\/zaangazowanie-gmin-2-1160x870.jpg 1160w, https:\/\/lcpr.pl\/zg\/wp-content\/uploads\/2024\/02\/zaangazowanie-gmin-2.jpg 1600w\" sizes=\"auto, (max-width: 300px) 100vw, 300px\" \/><\/a><\/figure><\/li><li class=\"one_third\"><figure><a href=\"https:\/\/lcpr.pl\/zg\/wp-content\/uploads\/2024\/02\/zaangazowanie-gmin-3.jpg\" rel=\"ilightbox[69f16f4d979d3]\"><img loading=\"lazy\" decoding=\"async\" width=\"300\" height=\"225\" src=\"https:\/\/lcpr.pl\/zg\/wp-content\/uploads\/2024\/02\/zaangazowanie-gmin-3-300x225.jpg\" class=\"attachment-medium size-medium\" alt=\"zaanga\u017cowanie gmin\" srcset=\"https:\/\/lcpr.pl\/zg\/wp-content\/uploads\/2024\/02\/zaangazowanie-gmin-3-300x225.jpg 300w, https:\/\/lcpr.pl\/zg\/wp-content\/uploads\/2024\/02\/zaangazowanie-gmin-3-1024x768.jpg 1024w, https:\/\/lcpr.pl\/zg\/wp-content\/uploads\/2024\/02\/zaangazowanie-gmin-3-768x576.jpg 768w, https:\/\/lcpr.pl\/zg\/wp-content\/uploads\/2024\/02\/zaangazowanie-gmin-3-1536x1152.jpg 1536w, https:\/\/lcpr.pl\/zg\/wp-content\/uploads\/2024\/02\/zaangazowanie-gmin-3-580x435.jpg 580w, https:\/\/lcpr.pl\/zg\/wp-content\/uploads\/2024\/02\/zaangazowanie-gmin-3-820x615.jpg 820w, https:\/\/lcpr.pl\/zg\/wp-content\/uploads\/2024\/02\/zaangazowanie-gmin-3-1160x870.jpg 1160w, https:\/\/lcpr.pl\/zg\/wp-content\/uploads\/2024\/02\/zaangazowanie-gmin-3.jpg 2000w\" sizes=\"auto, (max-width: 300px) 100vw, 300px\" \/><\/a><\/figure><\/li><\/ul>\n<\/div>\n<\/div>\n<\/div>\n<\/div>\n<\/div>\n<\/div>\n<\/div>\n<div id=\"cmsms_row_69f16f4d98771\" class=\"cmsms_row cmsms_color_scheme_default\">\n<div class=\"cmsms_row_outer_parent\">\n<div class=\"cmsms_row_outer\">\n<div class=\"cmsms_row_inner\">\n<div class=\"cmsms_row_margin\">\n<div class=\"cmsms_column one_first\">\n<h3 id=\"cmsms_heading_69f16f4d9886c\" class=\"cmsms_heading\">Gmina Kargowa<\/h3><div class=\"cmsms_gallery\">\n<ul>\n<li class=\"one_first\"><figure><a href=\"https:\/\/lcpr.pl\/zg\/wp-content\/uploads\/2024\/02\/kargowa-768x576-1.jpg\" rel=\"ilightbox[69f16f4d9887d]\"><img loading=\"lazy\" decoding=\"async\" width=\"768\" height=\"576\" src=\"https:\/\/lcpr.pl\/zg\/wp-content\/uploads\/2024\/02\/kargowa-768x576-1.jpg\" class=\"attachment-full size-full\" alt=\"kargowa\" srcset=\"https:\/\/lcpr.pl\/zg\/wp-content\/uploads\/2024\/02\/kargowa-768x576-1.jpg 768w, https:\/\/lcpr.pl\/zg\/wp-content\/uploads\/2024\/02\/kargowa-768x576-1-300x225.jpg 300w, https:\/\/lcpr.pl\/zg\/wp-content\/uploads\/2024\/02\/kargowa-768x576-1-580x435.jpg 580w\" sizes=\"auto, (max-width: 768px) 100vw, 768px\" \/><\/a><\/figure><\/li><\/ul>\n<\/div>\n<\/div>\n<\/div>\n<\/div>\n<\/div>\n<\/div>\n<\/div>\n<div id=\"cmsms_row_69f16f4d98e5d\" class=\"cmsms_row cmsms_color_scheme_default\">\n<div class=\"cmsms_row_outer_parent\">\n<div class=\"cmsms_row_outer\">\n<div class=\"cmsms_row_inner\">\n<div class=\"cmsms_row_margin\">\n<div class=\"cmsms_column one_first\">\n<h3 id=\"cmsms_heading_69f16f4d98ec4\" class=\"cmsms_heading\">Sulech\u00f3w<\/h3><div class=\"cmsms_gallery\">\n<ul>\n<li class=\"one_third\"><figure><a href=\"https:\/\/lcpr.pl\/zg\/wp-content\/uploads\/2024\/02\/sulechow3-768x1024-1.jpg\" rel=\"ilightbox[69f16f4d98ed5]\"><img loading=\"lazy\" decoding=\"async\" width=\"225\" height=\"300\" src=\"https:\/\/lcpr.pl\/zg\/wp-content\/uploads\/2024\/02\/sulechow3-768x1024-1-225x300.jpg\" class=\"attachment-medium size-medium\" alt=\"sulech\u00f3w\" srcset=\"https:\/\/lcpr.pl\/zg\/wp-content\/uploads\/2024\/02\/sulechow3-768x1024-1-225x300.jpg 225w, https:\/\/lcpr.pl\/zg\/wp-content\/uploads\/2024\/02\/sulechow3-768x1024-1-580x773.jpg 580w, https:\/\/lcpr.pl\/zg\/wp-content\/uploads\/2024\/02\/sulechow3-768x1024-1.jpg 768w\" sizes=\"auto, (max-width: 225px) 100vw, 225px\" \/><\/a><\/figure><\/li><li class=\"one_third\"><figure><a href=\"https:\/\/lcpr.pl\/zg\/wp-content\/uploads\/2024\/02\/sulechow2-768x1024-1.jpg\" rel=\"ilightbox[69f16f4d98ed5]\"><img loading=\"lazy\" decoding=\"async\" width=\"225\" height=\"300\" src=\"https:\/\/lcpr.pl\/zg\/wp-content\/uploads\/2024\/02\/sulechow2-768x1024-1-225x300.jpg\" class=\"attachment-medium size-medium\" alt=\"sulech\u00f3w\" srcset=\"https:\/\/lcpr.pl\/zg\/wp-content\/uploads\/2024\/02\/sulechow2-768x1024-1-225x300.jpg 225w, https:\/\/lcpr.pl\/zg\/wp-content\/uploads\/2024\/02\/sulechow2-768x1024-1-580x773.jpg 580w, https:\/\/lcpr.pl\/zg\/wp-content\/uploads\/2024\/02\/sulechow2-768x1024-1.jpg 768w\" sizes=\"auto, (max-width: 225px) 100vw, 225px\" \/><\/a><\/figure><\/li><li class=\"one_third\"><figure><a href=\"https:\/\/lcpr.pl\/zg\/wp-content\/uploads\/2024\/02\/sulechow-768x576-1.jpeg\" rel=\"ilightbox[69f16f4d98ed5]\"><img loading=\"lazy\" decoding=\"async\" width=\"300\" height=\"225\" src=\"https:\/\/lcpr.pl\/zg\/wp-content\/uploads\/2024\/02\/sulechow-768x576-1-300x225.jpeg\" class=\"attachment-medium size-medium\" alt=\"sulech\u00f3w\" srcset=\"https:\/\/lcpr.pl\/zg\/wp-content\/uploads\/2024\/02\/sulechow-768x576-1-300x225.jpeg 300w, https:\/\/lcpr.pl\/zg\/wp-content\/uploads\/2024\/02\/sulechow-768x576-1-580x435.jpeg 580w, https:\/\/lcpr.pl\/zg\/wp-content\/uploads\/2024\/02\/sulechow-768x576-1.jpeg 768w\" sizes=\"auto, (max-width: 300px) 100vw, 300px\" \/><\/a><\/figure><\/li><\/ul>\n<\/div>\n<\/div>\n<\/div>\n<\/div>\n<\/div>\n<\/div>\n<\/div>\n<div id=\"cmsms_row_69f16f4d99aeb\" class=\"cmsms_row cmsms_color_scheme_default\">\n<div class=\"cmsms_row_outer_parent\">\n<div class=\"cmsms_row_outer\">\n<div class=\"cmsms_row_inner\">\n<div class=\"cmsms_row_margin\">\n<div class=\"cmsms_column one_first\">\n<h3 id=\"cmsms_heading_69f16f4d99b4f\" class=\"cmsms_heading\">Gmina Deszczno<\/h3><div class=\"cmsms_gallery\">\n<ul>\n<li class=\"one_first\"><figure><a href=\"https:\/\/lcpr.pl\/zg\/wp-content\/uploads\/2024\/02\/deszczno-1024x576-1.jpg\" rel=\"ilightbox[69f16f4d99b5f]\"><img loading=\"lazy\" decoding=\"async\" width=\"1024\" height=\"576\" src=\"https:\/\/lcpr.pl\/zg\/wp-content\/uploads\/2024\/02\/deszczno-1024x576-1.jpg\" class=\"attachment-full size-full\" alt=\"deszczno\" srcset=\"https:\/\/lcpr.pl\/zg\/wp-content\/uploads\/2024\/02\/deszczno-1024x576-1.jpg 1024w, https:\/\/lcpr.pl\/zg\/wp-content\/uploads\/2024\/02\/deszczno-1024x576-1-300x169.jpg 300w, https:\/\/lcpr.pl\/zg\/wp-content\/uploads\/2024\/02\/deszczno-1024x576-1-768x432.jpg 768w, https:\/\/lcpr.pl\/zg\/wp-content\/uploads\/2024\/02\/deszczno-1024x576-1-580x326.jpg 580w, https:\/\/lcpr.pl\/zg\/wp-content\/uploads\/2024\/02\/deszczno-1024x576-1-820x461.jpg 820w\" sizes=\"auto, (max-width: 1024px) 100vw, 1024px\" \/><\/a><\/figure><\/li><\/ul>\n<\/div>\n<\/div>\n<\/div>\n<\/div>\n<\/div>\n<\/div>\n<\/div>\n<div id=\"cmsms_row_69f16f4d99f64\" class=\"cmsms_row cmsms_color_scheme_default\">\n<div class=\"cmsms_row_outer_parent\">\n<div class=\"cmsms_row_outer\">\n<div class=\"cmsms_row_inner\">\n<div class=\"cmsms_row_margin\">\n<div class=\"cmsms_column one_first\">\n<h3 id=\"cmsms_heading_69f16f4d99fc4\" class=\"cmsms_heading\">Gmina Witnica<\/h3><div class=\"cmsms_gallery\">\n<ul>\n<li class=\"one_third\"><figure><a href=\"https:\/\/lcpr.pl\/zg\/wp-content\/uploads\/2024\/02\/witnica-576x1024-1.jpg\" rel=\"ilightbox[69f16f4d99fd3]\"><img loading=\"lazy\" decoding=\"async\" width=\"169\" height=\"300\" src=\"https:\/\/lcpr.pl\/zg\/wp-content\/uploads\/2024\/02\/witnica-576x1024-1-169x300.jpg\" class=\"attachment-medium size-medium\" alt=\"witnica\" srcset=\"https:\/\/lcpr.pl\/zg\/wp-content\/uploads\/2024\/02\/witnica-576x1024-1-169x300.jpg 169w, https:\/\/lcpr.pl\/zg\/wp-content\/uploads\/2024\/02\/witnica-576x1024-1.jpg 576w\" sizes=\"auto, (max-width: 169px) 100vw, 169px\" \/><\/a><\/figure><\/li><li class=\"one_third\"><figure><a href=\"https:\/\/lcpr.pl\/zg\/wp-content\/uploads\/2024\/02\/witnica2-768x354-1.jpg\" rel=\"ilightbox[69f16f4d99fd3]\"><img loading=\"lazy\" decoding=\"async\" width=\"300\" height=\"138\" src=\"https:\/\/lcpr.pl\/zg\/wp-content\/uploads\/2024\/02\/witnica2-768x354-1-300x138.jpg\" class=\"attachment-medium size-medium\" alt=\"witnica\" srcset=\"https:\/\/lcpr.pl\/zg\/wp-content\/uploads\/2024\/02\/witnica2-768x354-1-300x138.jpg 300w, https:\/\/lcpr.pl\/zg\/wp-content\/uploads\/2024\/02\/witnica2-768x354-1-580x267.jpg 580w, https:\/\/lcpr.pl\/zg\/wp-content\/uploads\/2024\/02\/witnica2-768x354-1.jpg 768w\" sizes=\"auto, (max-width: 300px) 100vw, 300px\" \/><\/a><\/figure><\/li><li class=\"one_third\"><figure><a href=\"https:\/\/lcpr.pl\/zg\/wp-content\/uploads\/2024\/02\/witnica3-768x354-1.jpg\" rel=\"ilightbox[69f16f4d99fd3]\"><img loading=\"lazy\" decoding=\"async\" width=\"300\" height=\"138\" src=\"https:\/\/lcpr.pl\/zg\/wp-content\/uploads\/2024\/02\/witnica3-768x354-1-300x138.jpg\" class=\"attachment-medium size-medium\" alt=\"witnica\" srcset=\"https:\/\/lcpr.pl\/zg\/wp-content\/uploads\/2024\/02\/witnica3-768x354-1-300x138.jpg 300w, https:\/\/lcpr.pl\/zg\/wp-content\/uploads\/2024\/02\/witnica3-768x354-1-580x267.jpg 580w, https:\/\/lcpr.pl\/zg\/wp-content\/uploads\/2024\/02\/witnica3-768x354-1.jpg 768w\" sizes=\"auto, (max-width: 300px) 100vw, 300px\" \/><\/a><\/figure><\/li><\/ul>\n<\/div>\n<\/div>\n<\/div>\n<\/div>\n<\/div>\n<\/div>\n<\/div>\n<div id=\"cmsms_row_69f16f4d9abe2\" class=\"cmsms_row cmsms_color_scheme_default\">\n<div class=\"cmsms_row_outer_parent\">\n<div class=\"cmsms_row_outer\">\n<div class=\"cmsms_row_inner\">\n<div class=\"cmsms_row_margin\">\n<div class=\"cmsms_column one_first\">\n<h3 id=\"cmsms_heading_69f16f4d9ac47\" class=\"cmsms_heading\">Gmina Lubsko<\/h3><div class=\"cmsms_gallery\">\n<ul>\n<li class=\"one_half\"><figure><a href=\"https:\/\/lcpr.pl\/zg\/wp-content\/uploads\/2024\/02\/lubsko_2-1024x1024-1.jpg\" rel=\"ilightbox[69f16f4d9ac56]\"><img loading=\"lazy\" decoding=\"async\" width=\"300\" height=\"300\" src=\"https:\/\/lcpr.pl\/zg\/wp-content\/uploads\/2024\/02\/lubsko_2-1024x1024-1-300x300.jpg\" class=\"attachment-medium size-medium\" alt=\"lubsko\" srcset=\"https:\/\/lcpr.pl\/zg\/wp-content\/uploads\/2024\/02\/lubsko_2-1024x1024-1-300x300.jpg 300w, https:\/\/lcpr.pl\/zg\/wp-content\/uploads\/2024\/02\/lubsko_2-1024x1024-1-200x200.jpg 200w, https:\/\/lcpr.pl\/zg\/wp-content\/uploads\/2024\/02\/lubsko_2-1024x1024-1-768x768.jpg 768w, https:\/\/lcpr.pl\/zg\/wp-content\/uploads\/2024\/02\/lubsko_2-1024x1024-1-55x55.jpg 55w, https:\/\/lcpr.pl\/zg\/wp-content\/uploads\/2024\/02\/lubsko_2-1024x1024-1-250x250.jpg 250w, https:\/\/lcpr.pl\/zg\/wp-content\/uploads\/2024\/02\/lubsko_2-1024x1024-1-580x580.jpg 580w, https:\/\/lcpr.pl\/zg\/wp-content\/uploads\/2024\/02\/lubsko_2-1024x1024-1-820x820.jpg 820w, https:\/\/lcpr.pl\/zg\/wp-content\/uploads\/2024\/02\/lubsko_2-1024x1024-1.jpg 1024w\" sizes=\"auto, (max-width: 300px) 100vw, 300px\" \/><\/a><\/figure><\/li><li class=\"one_half\"><figure><a href=\"https:\/\/lcpr.pl\/zg\/wp-content\/uploads\/2024\/02\/lubsko_1-1024x1024-1.jpg\" rel=\"ilightbox[69f16f4d9ac56]\"><img loading=\"lazy\" decoding=\"async\" width=\"300\" height=\"300\" src=\"https:\/\/lcpr.pl\/zg\/wp-content\/uploads\/2024\/02\/lubsko_1-1024x1024-1-300x300.jpg\" class=\"attachment-medium size-medium\" alt=\"lubsko\" srcset=\"https:\/\/lcpr.pl\/zg\/wp-content\/uploads\/2024\/02\/lubsko_1-1024x1024-1-300x300.jpg 300w, https:\/\/lcpr.pl\/zg\/wp-content\/uploads\/2024\/02\/lubsko_1-1024x1024-1-200x200.jpg 200w, https:\/\/lcpr.pl\/zg\/wp-content\/uploads\/2024\/02\/lubsko_1-1024x1024-1-768x768.jpg 768w, https:\/\/lcpr.pl\/zg\/wp-content\/uploads\/2024\/02\/lubsko_1-1024x1024-1-55x55.jpg 55w, https:\/\/lcpr.pl\/zg\/wp-content\/uploads\/2024\/02\/lubsko_1-1024x1024-1-250x250.jpg 250w, https:\/\/lcpr.pl\/zg\/wp-content\/uploads\/2024\/02\/lubsko_1-1024x1024-1-580x580.jpg 580w, https:\/\/lcpr.pl\/zg\/wp-content\/uploads\/2024\/02\/lubsko_1-1024x1024-1-820x820.jpg 820w, https:\/\/lcpr.pl\/zg\/wp-content\/uploads\/2024\/02\/lubsko_1-1024x1024-1.jpg 1024w\" sizes=\"auto, (max-width: 300px) 100vw, 300px\" \/><\/a><\/figure><\/li><\/ul>\n<\/div>\n<\/div>\n<\/div>\n<\/div>\n<\/div>\n<\/div>\n<\/div>\n<div id=\"cmsms_row_69f16f4d9b514\" class=\"cmsms_row cmsms_color_scheme_default\">\n<div class=\"cmsms_row_outer_parent\">\n<div class=\"cmsms_row_outer\">\n<div class=\"cmsms_row_inner\">\n<div class=\"cmsms_row_margin\">\n<div class=\"cmsms_column one_first\">\n<h3 id=\"cmsms_heading_69f16f4d9b589\" class=\"cmsms_heading\">Gmina Trzebiech\u00f3w<\/h3><div class=\"cmsms_gallery\">\n<ul>\n<li class=\"one_third\"><figure><a href=\"https:\/\/lcpr.pl\/zg\/wp-content\/uploads\/2024\/02\/trzebiechow3.jpg\" rel=\"ilightbox[69f16f4d9b59a]\"><img loading=\"lazy\" decoding=\"async\" width=\"169\" height=\"300\" src=\"https:\/\/lcpr.pl\/zg\/wp-content\/uploads\/2024\/02\/trzebiechow3-169x300.jpg\" class=\"attachment-medium size-medium\" alt=\"trzebiech\u00f3w\" srcset=\"https:\/\/lcpr.pl\/zg\/wp-content\/uploads\/2024\/02\/trzebiechow3-169x300.jpg 169w, https:\/\/lcpr.pl\/zg\/wp-content\/uploads\/2024\/02\/trzebiechow3-577x1024.jpg 577w, https:\/\/lcpr.pl\/zg\/wp-content\/uploads\/2024\/02\/trzebiechow3-768x1362.jpg 768w, https:\/\/lcpr.pl\/zg\/wp-content\/uploads\/2024\/02\/trzebiechow3-866x1536.jpg 866w, https:\/\/lcpr.pl\/zg\/wp-content\/uploads\/2024\/02\/trzebiechow3-580x1029.jpg 580w, https:\/\/lcpr.pl\/zg\/wp-content\/uploads\/2024\/02\/trzebiechow3-820x1455.jpg 820w, https:\/\/lcpr.pl\/zg\/wp-content\/uploads\/2024\/02\/trzebiechow3.jpg 902w\" sizes=\"auto, (max-width: 169px) 100vw, 169px\" \/><\/a><\/figure><\/li><li class=\"one_third\"><figure><a href=\"https:\/\/lcpr.pl\/zg\/wp-content\/uploads\/2024\/02\/trzebiechow2.jpg\" rel=\"ilightbox[69f16f4d9b59a]\"><img loading=\"lazy\" decoding=\"async\" width=\"169\" height=\"300\" src=\"https:\/\/lcpr.pl\/zg\/wp-content\/uploads\/2024\/02\/trzebiechow2-169x300.jpg\" class=\"attachment-medium size-medium\" alt=\"trzebiech\u00f3w\" srcset=\"https:\/\/lcpr.pl\/zg\/wp-content\/uploads\/2024\/02\/trzebiechow2-169x300.jpg 169w, https:\/\/lcpr.pl\/zg\/wp-content\/uploads\/2024\/02\/trzebiechow2-577x1024.jpg 577w, https:\/\/lcpr.pl\/zg\/wp-content\/uploads\/2024\/02\/trzebiechow2-768x1362.jpg 768w, https:\/\/lcpr.pl\/zg\/wp-content\/uploads\/2024\/02\/trzebiechow2-866x1536.jpg 866w, https:\/\/lcpr.pl\/zg\/wp-content\/uploads\/2024\/02\/trzebiechow2-580x1029.jpg 580w, https:\/\/lcpr.pl\/zg\/wp-content\/uploads\/2024\/02\/trzebiechow2-820x1455.jpg 820w, https:\/\/lcpr.pl\/zg\/wp-content\/uploads\/2024\/02\/trzebiechow2.jpg 902w\" sizes=\"auto, (max-width: 169px) 100vw, 169px\" \/><\/a><\/figure><\/li><li class=\"one_third\"><figure><a href=\"https:\/\/lcpr.pl\/zg\/wp-content\/uploads\/2024\/02\/trzebiechow1-1024x577-1.jpg\" rel=\"ilightbox[69f16f4d9b59a]\"><img loading=\"lazy\" decoding=\"async\" width=\"300\" height=\"169\" src=\"https:\/\/lcpr.pl\/zg\/wp-content\/uploads\/2024\/02\/trzebiechow1-1024x577-1-300x169.jpg\" class=\"attachment-medium size-medium\" alt=\"trzebiech\u00f3w\" srcset=\"https:\/\/lcpr.pl\/zg\/wp-content\/uploads\/2024\/02\/trzebiechow1-1024x577-1-300x169.jpg 300w, https:\/\/lcpr.pl\/zg\/wp-content\/uploads\/2024\/02\/trzebiechow1-1024x577-1-768x433.jpg 768w, https:\/\/lcpr.pl\/zg\/wp-content\/uploads\/2024\/02\/trzebiechow1-1024x577-1-580x327.jpg 580w, https:\/\/lcpr.pl\/zg\/wp-content\/uploads\/2024\/02\/trzebiechow1-1024x577-1-820x462.jpg 820w, https:\/\/lcpr.pl\/zg\/wp-content\/uploads\/2024\/02\/trzebiechow1-1024x577-1.jpg 1024w\" sizes=\"auto, (max-width: 300px) 100vw, 300px\" \/><\/a><\/figure><\/li><\/ul>\n<\/div>\n<\/div>\n<\/div>\n<\/div>\n<\/div>\n<\/div>\n<\/div>\n<div id=\"cmsms_row_69f16f4d9c1ec\" class=\"cmsms_row cmsms_color_scheme_default\">\n<div class=\"cmsms_row_outer_parent\">\n<div class=\"cmsms_row_outer\">\n<div class=\"cmsms_row_inner\">\n<div class=\"cmsms_row_margin\">\n<div class=\"cmsms_column one_first\">\n<h3 id=\"cmsms_heading_69f16f4d9c252\" class=\"cmsms_heading\">Gmina G\u00f3rzyca<\/h3><div class=\"cmsms_gallery\">\n<ul>\n<li class=\"one_first\"><figure><a href=\"https:\/\/lcpr.pl\/zg\/wp-content\/uploads\/2024\/02\/gorzyca1-768x768-1.jpg\" rel=\"ilightbox[69f16f4d9c262]\"><img loading=\"lazy\" decoding=\"async\" width=\"768\" height=\"768\" src=\"https:\/\/lcpr.pl\/zg\/wp-content\/uploads\/2024\/02\/gorzyca1-768x768-1.jpg\" class=\"attachment-full size-full\" alt=\"G\u00f3rzyca\" srcset=\"https:\/\/lcpr.pl\/zg\/wp-content\/uploads\/2024\/02\/gorzyca1-768x768-1.jpg 768w, https:\/\/lcpr.pl\/zg\/wp-content\/uploads\/2024\/02\/gorzyca1-768x768-1-300x300.jpg 300w, https:\/\/lcpr.pl\/zg\/wp-content\/uploads\/2024\/02\/gorzyca1-768x768-1-200x200.jpg 200w, https:\/\/lcpr.pl\/zg\/wp-content\/uploads\/2024\/02\/gorzyca1-768x768-1-55x55.jpg 55w, https:\/\/lcpr.pl\/zg\/wp-content\/uploads\/2024\/02\/gorzyca1-768x768-1-250x250.jpg 250w, https:\/\/lcpr.pl\/zg\/wp-content\/uploads\/2024\/02\/gorzyca1-768x768-1-580x580.jpg 580w\" sizes=\"auto, (max-width: 768px) 100vw, 768px\" \/><\/a><\/figure><\/li><\/ul>\n<\/div>\n<\/div>\n<\/div>\n<\/div>\n<\/div>\n<\/div>\n<\/div>\n<div id=\"cmsms_row_69f16f4d9c685\" class=\"cmsms_row cmsms_color_scheme_default\">\n<div class=\"cmsms_row_outer_parent\">\n<div class=\"cmsms_row_outer\">\n<div class=\"cmsms_row_inner\">\n<div class=\"cmsms_row_margin\">\n<div class=\"cmsms_column one_first\">\n<h3 id=\"cmsms_heading_69f16f4d9c6e4\" class=\"cmsms_heading\">Gmina Szczaniec<\/h3><div class=\"cmsms_gallery\">\n<ul>\n<li class=\"one_first\"><figure><a href=\"https:\/\/lcpr.pl\/zg\/wp-content\/uploads\/2024\/02\/szczaniec-768x1020-1.jpg\" rel=\"ilightbox[69f16f4d9c6f6]\"><img loading=\"lazy\" decoding=\"async\" width=\"768\" height=\"1020\" src=\"https:\/\/lcpr.pl\/zg\/wp-content\/uploads\/2024\/02\/szczaniec-768x1020-1.jpg\" class=\"attachment-full size-full\" alt=\"szczaniec\" srcset=\"https:\/\/lcpr.pl\/zg\/wp-content\/uploads\/2024\/02\/szczaniec-768x1020-1.jpg 768w, https:\/\/lcpr.pl\/zg\/wp-content\/uploads\/2024\/02\/szczaniec-768x1020-1-226x300.jpg 226w, https:\/\/lcpr.pl\/zg\/wp-content\/uploads\/2024\/02\/szczaniec-768x1020-1-580x770.jpg 580w\" sizes=\"auto, (max-width: 768px) 100vw, 768px\" \/><\/a><\/figure><\/li><\/ul>\n<\/div>\n<\/div>\n<\/div>\n<\/div>\n<\/div>\n<\/div>\n<\/div>\n<div id=\"cmsms_row_69f16f4d9caca\" class=\"cmsms_row cmsms_color_scheme_default\">\n<div class=\"cmsms_row_outer_parent\">\n<div class=\"cmsms_row_outer\">\n<div class=\"cmsms_row_inner\">\n<div class=\"cmsms_row_margin\">\n<div class=\"cmsms_column one_first\">\n<h3 id=\"cmsms_heading_69f16f4d9cb25\" class=\"cmsms_heading\">Gmina Lipinki \u0141u\u017cyckie<\/h3><div class=\"cmsms_gallery\">\n<ul>\n<li class=\"one_half\"><figure><a href=\"https:\/\/lcpr.pl\/zg\/wp-content\/uploads\/2024\/02\/lip-luz-2-768x1024-1.jpg\" rel=\"ilightbox[69f16f4d9cb34]\"><img loading=\"lazy\" decoding=\"async\" width=\"225\" height=\"300\" src=\"https:\/\/lcpr.pl\/zg\/wp-content\/uploads\/2024\/02\/lip-luz-2-768x1024-1-225x300.jpg\" class=\"attachment-medium size-medium\" alt=\"lipinki \u0142u\u017cycke\" srcset=\"https:\/\/lcpr.pl\/zg\/wp-content\/uploads\/2024\/02\/lip-luz-2-768x1024-1-225x300.jpg 225w, https:\/\/lcpr.pl\/zg\/wp-content\/uploads\/2024\/02\/lip-luz-2-768x1024-1-580x773.jpg 580w, https:\/\/lcpr.pl\/zg\/wp-content\/uploads\/2024\/02\/lip-luz-2-768x1024-1.jpg 768w\" sizes=\"auto, (max-width: 225px) 100vw, 225px\" \/><\/a><\/figure><\/li><li class=\"one_half\"><figure><a href=\"https:\/\/lcpr.pl\/zg\/wp-content\/uploads\/2024\/02\/lip-luz-768x576-1.jpg\" rel=\"ilightbox[69f16f4d9cb34]\"><img loading=\"lazy\" decoding=\"async\" width=\"300\" height=\"225\" src=\"https:\/\/lcpr.pl\/zg\/wp-content\/uploads\/2024\/02\/lip-luz-768x576-1-300x225.jpg\" class=\"attachment-medium size-medium\" alt=\"lipinki \u0142u\u017cycke\" srcset=\"https:\/\/lcpr.pl\/zg\/wp-content\/uploads\/2024\/02\/lip-luz-768x576-1-300x225.jpg 300w, https:\/\/lcpr.pl\/zg\/wp-content\/uploads\/2024\/02\/lip-luz-768x576-1-580x435.jpg 580w, https:\/\/lcpr.pl\/zg\/wp-content\/uploads\/2024\/02\/lip-luz-768x576-1.jpg 768w\" sizes=\"auto, (max-width: 300px) 100vw, 300px\" \/><\/a><\/figure><\/li><\/ul>\n<\/div>\n<\/div>\n<\/div>\n<\/div>\n<\/div>\n<\/div>\n<\/div>\n<div id=\"cmsms_row_69f16f4d9d335\" class=\"cmsms_row cmsms_color_scheme_default\">\n<div class=\"cmsms_row_outer_parent\">\n<div class=\"cmsms_row_outer\">\n<div class=\"cmsms_row_inner\">\n<div class=\"cmsms_row_margin\">\n<div class=\"cmsms_column one_first\">\n<h3 id=\"cmsms_heading_69f16f4d9d38f\" class=\"cmsms_heading\">Gmina Stare Kurowo<\/h3><div class=\"cmsms_gallery\">\n<ul>\n<li class=\"one_half\"><figure><a href=\"https:\/\/lcpr.pl\/zg\/wp-content\/uploads\/2024\/02\/st-768x576-1.jpg\" rel=\"ilightbox[69f16f4d9d39e]\"><img loading=\"lazy\" decoding=\"async\" width=\"300\" height=\"225\" src=\"https:\/\/lcpr.pl\/zg\/wp-content\/uploads\/2024\/02\/st-768x576-1-300x225.jpg\" class=\"attachment-medium size-medium\" alt=\"Stare Kurowo\" srcset=\"https:\/\/lcpr.pl\/zg\/wp-content\/uploads\/2024\/02\/st-768x576-1-300x225.jpg 300w, https:\/\/lcpr.pl\/zg\/wp-content\/uploads\/2024\/02\/st-768x576-1-580x435.jpg 580w, https:\/\/lcpr.pl\/zg\/wp-content\/uploads\/2024\/02\/st-768x576-1.jpg 768w\" sizes=\"auto, (max-width: 300px) 100vw, 300px\" \/><\/a><\/figure><\/li><li class=\"one_half\"><figure><a href=\"https:\/\/lcpr.pl\/zg\/wp-content\/uploads\/2024\/02\/stare-kurowo-768x354-1.jpeg\" rel=\"ilightbox[69f16f4d9d39e]\"><img loading=\"lazy\" decoding=\"async\" width=\"300\" height=\"138\" src=\"https:\/\/lcpr.pl\/zg\/wp-content\/uploads\/2024\/02\/stare-kurowo-768x354-1-300x138.jpeg\" class=\"attachment-medium size-medium\" alt=\"Stare Kurowo\" srcset=\"https:\/\/lcpr.pl\/zg\/wp-content\/uploads\/2024\/02\/stare-kurowo-768x354-1-300x138.jpeg 300w, https:\/\/lcpr.pl\/zg\/wp-content\/uploads\/2024\/02\/stare-kurowo-768x354-1-580x267.jpeg 580w, https:\/\/lcpr.pl\/zg\/wp-content\/uploads\/2024\/02\/stare-kurowo-768x354-1.jpeg 768w\" sizes=\"auto, (max-width: 300px) 100vw, 300px\" \/><\/a><\/figure><\/li><\/ul>\n<\/div>\n<\/div>\n<\/div>\n<\/div>\n<\/div>\n<\/div>\n<\/div>\n<div id=\"cmsms_row_69f16f4d9db39\" class=\"cmsms_row cmsms_color_scheme_default\">\n<div class=\"cmsms_row_outer_parent\">\n<div class=\"cmsms_row_outer\">\n<div class=\"cmsms_row_inner\">\n<div class=\"cmsms_row_margin\">\n<div class=\"cmsms_column one_first\">\n<h3 id=\"cmsms_heading_69f16f4d9db95\" class=\"cmsms_heading\">Powiat \u017baga\u0144ski<\/h3><div class=\"cmsms_gallery\">\n<ul>\n<li class=\"one_half\"><figure><a href=\"https:\/\/lcpr.pl\/zg\/wp-content\/uploads\/2024\/02\/pow-zag2-768x576-1.jpg\" rel=\"ilightbox[69f16f4d9dba6]\"><img loading=\"lazy\" decoding=\"async\" width=\"300\" height=\"225\" src=\"https:\/\/lcpr.pl\/zg\/wp-content\/uploads\/2024\/02\/pow-zag2-768x576-1-300x225.jpg\" class=\"attachment-medium size-medium\" alt=\"Powiat \u017baga\u0144ski\" srcset=\"https:\/\/lcpr.pl\/zg\/wp-content\/uploads\/2024\/02\/pow-zag2-768x576-1-300x225.jpg 300w, https:\/\/lcpr.pl\/zg\/wp-content\/uploads\/2024\/02\/pow-zag2-768x576-1-580x435.jpg 580w, https:\/\/lcpr.pl\/zg\/wp-content\/uploads\/2024\/02\/pow-zag2-768x576-1.jpg 768w\" sizes=\"auto, (max-width: 300px) 100vw, 300px\" \/><\/a><\/figure><\/li><li class=\"one_half\"><figure><a href=\"https:\/\/lcpr.pl\/zg\/wp-content\/uploads\/2024\/02\/pow-zag-768x576-1.jpg\" rel=\"ilightbox[69f16f4d9dba6]\"><img loading=\"lazy\" decoding=\"async\" width=\"300\" height=\"225\" src=\"https:\/\/lcpr.pl\/zg\/wp-content\/uploads\/2024\/02\/pow-zag-768x576-1-300x225.jpg\" class=\"attachment-medium size-medium\" alt=\"Powiat \u017baga\u0144ski\" srcset=\"https:\/\/lcpr.pl\/zg\/wp-content\/uploads\/2024\/02\/pow-zag-768x576-1-300x225.jpg 300w, https:\/\/lcpr.pl\/zg\/wp-content\/uploads\/2024\/02\/pow-zag-768x576-1-580x435.jpg 580w, https:\/\/lcpr.pl\/zg\/wp-content\/uploads\/2024\/02\/pow-zag-768x576-1.jpg 768w\" sizes=\"auto, (max-width: 300px) 100vw, 300px\" \/><\/a><\/figure><\/li><\/ul>\n<\/div>\n<\/div>\n<\/div>\n<\/div>\n<\/div>\n<\/div>\n<\/div>\n<div id=\"cmsms_row_69f16f4d9e3a0\" class=\"cmsms_row cmsms_color_scheme_default\">\n<div class=\"cmsms_row_outer_parent\">\n<div class=\"cmsms_row_outer\">\n<div class=\"cmsms_row_inner\">\n<div class=\"cmsms_row_margin\">\n<div class=\"cmsms_column one_first\">\n<h3 id=\"cmsms_heading_69f16f4d9e3fa\" class=\"cmsms_heading\">Gmina \u015awidnica<\/h3><div class=\"cmsms_gallery\">\n<ul>\n<li class=\"one_first\"><figure><a href=\"https:\/\/lcpr.pl\/zg\/wp-content\/uploads\/2024\/02\/swidnica-768x1024-1.jpg\" rel=\"ilightbox[69f16f4d9e408]\"><img loading=\"lazy\" decoding=\"async\" width=\"768\" height=\"1024\" src=\"https:\/\/lcpr.pl\/zg\/wp-content\/uploads\/2024\/02\/swidnica-768x1024-1.jpg\" class=\"attachment-full size-full\" alt=\"\u015awidnica\" srcset=\"https:\/\/lcpr.pl\/zg\/wp-content\/uploads\/2024\/02\/swidnica-768x1024-1.jpg 768w, https:\/\/lcpr.pl\/zg\/wp-content\/uploads\/2024\/02\/swidnica-768x1024-1-225x300.jpg 225w, https:\/\/lcpr.pl\/zg\/wp-content\/uploads\/2024\/02\/swidnica-768x1024-1-580x773.jpg 580w\" sizes=\"auto, (max-width: 768px) 100vw, 768px\" \/><\/a><\/figure><\/li><\/ul>\n<\/div>\n<\/div>\n<\/div>\n<\/div>\n<\/div>\n<\/div>\n<\/div>\n<div id=\"cmsms_row_69f16f4d9e80d\" class=\"cmsms_row cmsms_color_scheme_default\">\n<div class=\"cmsms_row_outer_parent\">\n<div class=\"cmsms_row_outer\">\n<div class=\"cmsms_row_inner\">\n<div class=\"cmsms_row_margin\">\n<div class=\"cmsms_column one_first\">\n<h3 id=\"cmsms_heading_69f16f4d9e865\" class=\"cmsms_heading\">\u017bary<\/h3><div class=\"cmsms_gallery\">\n<ul>\n<li class=\"one_half\"><figure><a href=\"https:\/\/lcpr.pl\/zg\/wp-content\/uploads\/2024\/02\/zary2-768x1024-1.jpeg\" rel=\"ilightbox[69f16f4d9e873]\"><img loading=\"lazy\" decoding=\"async\" width=\"225\" height=\"300\" src=\"https:\/\/lcpr.pl\/zg\/wp-content\/uploads\/2024\/02\/zary2-768x1024-1-225x300.jpeg\" class=\"attachment-medium size-medium\" alt=\"\u017bary\" srcset=\"https:\/\/lcpr.pl\/zg\/wp-content\/uploads\/2024\/02\/zary2-768x1024-1-225x300.jpeg 225w, https:\/\/lcpr.pl\/zg\/wp-content\/uploads\/2024\/02\/zary2-768x1024-1-580x773.jpeg 580w, https:\/\/lcpr.pl\/zg\/wp-content\/uploads\/2024\/02\/zary2-768x1024-1.jpeg 768w\" sizes=\"auto, (max-width: 225px) 100vw, 225px\" \/><\/a><\/figure><\/li><li class=\"one_half\"><figure><a href=\"https:\/\/lcpr.pl\/zg\/wp-content\/uploads\/2024\/02\/zary.jpg\" rel=\"ilightbox[69f16f4d9e873]\"><img loading=\"lazy\" decoding=\"async\" width=\"300\" height=\"225\" src=\"https:\/\/lcpr.pl\/zg\/wp-content\/uploads\/2024\/02\/zary-300x225.jpg\" class=\"attachment-medium size-medium\" alt=\"\u017bary\" srcset=\"https:\/\/lcpr.pl\/zg\/wp-content\/uploads\/2024\/02\/zary-300x225.jpg 300w, https:\/\/lcpr.pl\/zg\/wp-content\/uploads\/2024\/02\/zary-580x435.jpg 580w, https:\/\/lcpr.pl\/zg\/wp-content\/uploads\/2024\/02\/zary.jpg 640w\" sizes=\"auto, (max-width: 300px) 100vw, 300px\" \/><\/a><\/figure><\/li><\/ul>\n<\/div>\n<\/div>\n<\/div>\n<\/div>\n<\/div>\n<\/div>\n<\/div>\n<div id=\"cmsms_row_69f16f4d9f0d0\" class=\"cmsms_row cmsms_color_scheme_default\">\n<div class=\"cmsms_row_outer_parent\">\n<div class=\"cmsms_row_outer\">\n<div class=\"cmsms_row_inner\">\n<div class=\"cmsms_row_margin\">\n<div class=\"cmsms_column one_first\">\n<h3 id=\"cmsms_heading_69f16f4d9f131\" class=\"cmsms_heading\">Gmina Kolsko<\/h3><div class=\"cmsms_gallery\">\n<ul>\n<li class=\"one_half\"><figure><a href=\"https:\/\/lcpr.pl\/zg\/wp-content\/uploads\/2024\/02\/kolsko2-768x1024-1.jpg\" rel=\"ilightbox[69f16f4d9f140]\"><img loading=\"lazy\" decoding=\"async\" width=\"225\" height=\"300\" src=\"https:\/\/lcpr.pl\/zg\/wp-content\/uploads\/2024\/02\/kolsko2-768x1024-1-225x300.jpg\" class=\"attachment-medium size-medium\" alt=\"kolsko\" srcset=\"https:\/\/lcpr.pl\/zg\/wp-content\/uploads\/2024\/02\/kolsko2-768x1024-1-225x300.jpg 225w, https:\/\/lcpr.pl\/zg\/wp-content\/uploads\/2024\/02\/kolsko2-768x1024-1-580x773.jpg 580w, https:\/\/lcpr.pl\/zg\/wp-content\/uploads\/2024\/02\/kolsko2-768x1024-1.jpg 768w\" sizes=\"auto, (max-width: 225px) 100vw, 225px\" \/><\/a><\/figure><\/li><li class=\"one_half\"><figure><a href=\"https:\/\/lcpr.pl\/zg\/wp-content\/uploads\/2024\/02\/kolsko-768x1024-1.jpg\" rel=\"ilightbox[69f16f4d9f140]\"><img loading=\"lazy\" decoding=\"async\" width=\"225\" height=\"300\" src=\"https:\/\/lcpr.pl\/zg\/wp-content\/uploads\/2024\/02\/kolsko-768x1024-1-225x300.jpg\" class=\"attachment-medium size-medium\" alt=\"kolsko\" srcset=\"https:\/\/lcpr.pl\/zg\/wp-content\/uploads\/2024\/02\/kolsko-768x1024-1-225x300.jpg 225w, https:\/\/lcpr.pl\/zg\/wp-content\/uploads\/2024\/02\/kolsko-768x1024-1-580x773.jpg 580w, https:\/\/lcpr.pl\/zg\/wp-content\/uploads\/2024\/02\/kolsko-768x1024-1.jpg 768w\" sizes=\"auto, (max-width: 225px) 100vw, 225px\" \/><\/a><\/figure><\/li><\/ul>\n<\/div>\n<\/div>\n<\/div>\n<\/div>\n<\/div>\n<\/div>\n<\/div>\n<div id=\"cmsms_row_69f16f4d9f9ec\" class=\"cmsms_row cmsms_color_scheme_default\">\n<div class=\"cmsms_row_outer_parent\">\n<div class=\"cmsms_row_outer\">\n<div class=\"cmsms_row_inner\">\n<div class=\"cmsms_row_margin\">\n<div class=\"cmsms_column one_first\">\n<h3 id=\"cmsms_heading_69f16f4d9fa4c\" class=\"cmsms_heading\">Gmina Sul\u0119cin<\/h3><div class=\"cmsms_gallery\">\n<ul>\n<li class=\"one_half\"><figure><a href=\"https:\/\/lcpr.pl\/zg\/wp-content\/uploads\/2024\/02\/sulecin2-461x1024-1.jpg\" rel=\"ilightbox[69f16f4d9fa5b]\"><img loading=\"lazy\" decoding=\"async\" width=\"200\" height=\"200\" src=\"https:\/\/lcpr.pl\/zg\/wp-content\/uploads\/2024\/02\/sulecin2-461x1024-1-200x200.jpg\" class=\"attachment-thumbnail size-thumbnail\" alt=\"Sul\u0119cin\" srcset=\"https:\/\/lcpr.pl\/zg\/wp-content\/uploads\/2024\/02\/sulecin2-461x1024-1-200x200.jpg 200w, https:\/\/lcpr.pl\/zg\/wp-content\/uploads\/2024\/02\/sulecin2-461x1024-1-55x55.jpg 55w, https:\/\/lcpr.pl\/zg\/wp-content\/uploads\/2024\/02\/sulecin2-461x1024-1-250x250.jpg 250w, https:\/\/lcpr.pl\/zg\/wp-content\/uploads\/2024\/02\/sulecin2-461x1024-1-461x460.jpg 461w\" sizes=\"auto, (max-width: 200px) 100vw, 200px\" \/><\/a><\/figure><\/li><li class=\"one_half\"><figure><a href=\"https:\/\/lcpr.pl\/zg\/wp-content\/uploads\/2024\/02\/sulecin-1024x768-1.png\" rel=\"ilightbox[69f16f4d9fa5b]\"><img loading=\"lazy\" decoding=\"async\" width=\"200\" height=\"200\" src=\"https:\/\/lcpr.pl\/zg\/wp-content\/uploads\/2024\/02\/sulecin-1024x768-1-200x200.png\" class=\"attachment-thumbnail size-thumbnail\" alt=\"Sul\u0119cin\" srcset=\"https:\/\/lcpr.pl\/zg\/wp-content\/uploads\/2024\/02\/sulecin-1024x768-1-200x200.png 200w, https:\/\/lcpr.pl\/zg\/wp-content\/uploads\/2024\/02\/sulecin-1024x768-1-55x55.png 55w, https:\/\/lcpr.pl\/zg\/wp-content\/uploads\/2024\/02\/sulecin-1024x768-1-250x250.png 250w\" sizes=\"auto, (max-width: 200px) 100vw, 200px\" \/><\/a><\/figure><\/li><\/ul>\n<\/div>\n<\/div>\n<\/div>\n<\/div>\n<\/div>\n<\/div>\n<\/div>\n<div id=\"cmsms_row_69f16f4da02b1\" class=\"cmsms_row cmsms_color_scheme_default\">\n<div class=\"cmsms_row_outer_parent\">\n<div class=\"cmsms_row_outer\">\n<div class=\"cmsms_row_inner\">\n<div class=\"cmsms_row_margin\">\n<div class=\"cmsms_column one_first\">\n<h3 id=\"cmsms_heading_69f16f4da0311\" class=\"cmsms_heading\">Bytom Odrza\u0144ski<\/h3><div class=\"cmsms_gallery\">\n<ul>\n<li class=\"one_first\"><figure><a href=\"https:\/\/lcpr.pl\/zg\/wp-content\/uploads\/2024\/02\/bytom-768x576-1.jpg\" rel=\"ilightbox[69f16f4da0321]\"><img loading=\"lazy\" decoding=\"async\" width=\"768\" height=\"576\" src=\"https:\/\/lcpr.pl\/zg\/wp-content\/uploads\/2024\/02\/bytom-768x576-1.jpg\" class=\"attachment-full size-full\" alt=\"Bytom Odrza\u0144ski\" srcset=\"https:\/\/lcpr.pl\/zg\/wp-content\/uploads\/2024\/02\/bytom-768x576-1.jpg 768w, https:\/\/lcpr.pl\/zg\/wp-content\/uploads\/2024\/02\/bytom-768x576-1-300x225.jpg 300w, https:\/\/lcpr.pl\/zg\/wp-content\/uploads\/2024\/02\/bytom-768x576-1-580x435.jpg 580w\" sizes=\"auto, (max-width: 768px) 100vw, 768px\" \/><\/a><\/figure><\/li><\/ul>\n<\/div>\n<\/div>\n<\/div>\n<\/div>\n<\/div>\n<\/div>\n<\/div>\n<div id=\"cmsms_row_69f16f4da0794\" class=\"cmsms_row cmsms_color_scheme_default\">\n<div class=\"cmsms_row_outer_parent\">\n<div class=\"cmsms_row_outer\">\n<div class=\"cmsms_row_inner\">\n<div class=\"cmsms_row_margin\">\n<div class=\"cmsms_column one_first\">\n<div class=\"cmsms_text\">\n<p>Zadanie realizowane jest w ramach projektu RPLB.01.04.01-08-0002\/19 pn. \u201ePromocja gospodarcza wojew\u00f3dztwa lubuskiego poprzez organizacj\u0119 kampanii promocyjnych sektora agroturystycznego i producent\u00f3w regionalnych o zasi\u0119gu krajowym i mi\u0119dzynarodowym oraz regionalnych targ\u00f3w produkt\u00f3w regionalnych, tradycyjnych i lokalnych\u201d w ramach Regionalnego Programu Operacyjnego Lubuskie 2020, Dzia\u0142anie 1.4. Promocja regionu i umi\u0119dzynarodowienie sektora M\u015aP, Poddzia\u0142anie 1.4.1. Promocja regionu i umi\u0119dzynarodowienie sektora M\u015aP \u2013 projekty realizowane poza formu\u0142\u0105 ZIT.<\/p>\n<\/div>\n<\/div>\n<\/div>\n<\/div>\n<\/div>\n<\/div>\n<\/div>\n<div id=\"cmsms_row_69f16f4da0831\" class=\"cmsms_row cmsms_color_scheme_default\">\n<div class=\"cmsms_row_outer_parent\">\n<div class=\"cmsms_row_outer\">\n<div class=\"cmsms_row_inner\">\n<div class=\"cmsms_row_margin\">\n<div class=\"cmsms_column one_first\">\n<div class=\"aligncenter\">\n<div class=\"cmsms_img  cmsms_image_c\">\n<img decoding=\"async\" src=\"https:\/\/lcpr.pl\/zg\/wp-content\/uploads\/2024\/02\/logo-fundusze-RP-lubuskie-UE-1024x110-1.jpg\" \/>\n<\/div>\n<\/div>\n<\/div>\n<\/div>\n<\/div>\n<\/div>\n<\/div>\n<\/div>\n<div id=\"cmsms_row_69f16f4da0c2e\" class=\"cmsms_row cmsms_color_scheme_default\">\n<div class=\"cmsms_row_outer_parent\">\n<div class=\"cmsms_row_outer\">\n<div class=\"cmsms_row_inner\">\n<div class=\"cmsms_row_margin\">\n<div class=\"cmsms_column one_first\">\n<div id=\"cmsms_divider_69f16f4da0c96\" class=\"cmsms_divider solid\"><\/div>\n<\/div>\n<\/div>\n<\/div>\n<\/div>\n<\/div>\n<\/div>\n\n","protected":false},"excerpt":{"rendered":"","protected":false},"author":1,"featured_media":0,"parent":0,"menu_order":0,"comment_status":"closed","ping_status":"closed","template":"","meta":{"footnotes":""},"class_list":["post-4287","page","type-page","status-publish","hentry"],"_links":{"self":[{"href":"https:\/\/lcpr.pl\/zg\/wp-json\/wp\/v2\/pages\/4287","targetHints":{"allow":["GET"]}}],"collection":[{"href":"https:\/\/lcpr.pl\/zg\/wp-json\/wp\/v2\/pages"}],"about":[{"href":"https:\/\/lcpr.pl\/zg\/wp-json\/wp\/v2\/types\/page"}],"author":[{"embeddable":true,"href":"https:\/\/lcpr.pl\/zg\/wp-json\/wp\/v2\/users\/1"}],"replies":[{"embeddable":true,"href":"https:\/\/lcpr.pl\/zg\/wp-json\/wp\/v2\/comments?post=4287"}],"version-history":[{"count":21,"href":"https:\/\/lcpr.pl\/zg\/wp-json\/wp\/v2\/pages\/4287\/revisions"}],"predecessor-version":[{"id":4838,"href":"https:\/\/lcpr.pl\/zg\/wp-json\/wp\/v2\/pages\/4287\/revisions\/4838"}],"wp:attachment":[{"href":"https:\/\/lcpr.pl\/zg\/wp-json\/wp\/v2\/media?parent=4287"}],"curies":[{"name":"wp","href":"https:\/\/api.w.org\/{rel}","templated":true}]}}