{"id":3916,"date":"2024-02-21T17:56:46","date_gmt":"2024-02-21T16:56:46","guid":{"rendered":"https:\/\/lcpr.pl\/zg\/?page_id=3916"},"modified":"2024-03-20T22:56:30","modified_gmt":"2024-03-20T21:56:30","slug":"kierunki-wspolpracy","status":"publish","type":"page","link":"https:\/\/lcpr.pl\/zg\/kierunki-wspolpracy\/","title":{"rendered":"Kierunki wsp\u00f3\u0142pracy"},"content":{"rendered":"<style type=\"text\/css\"> \n#cmsms_row_69f16e625ac2b .cmsms_row_outer_parent { \n\tpadding-top: 50px; \n} \n\n#cmsms_row_69f16e625ac2b .cmsms_row_outer_parent { \n\tpadding-bottom: 0px; \n} \n\n \n#cmsms_row_69f16e625ad65 .cmsms_row_outer_parent { \n\tpadding-top: 0px; \n} \n\n#cmsms_row_69f16e625ad65 .cmsms_row_outer_parent { \n\tpadding-bottom: 0px; \n} \n\n \n#cmsms_divider_69f16e625ae31 { \n\tpadding-top:50px; \n\tmargin-bottom:40px; \n} \n \n#cmsms_row_69f16e625ae4f .cmsms_row_outer_parent { \n\tpadding-top: 50px; \n} \n\n#cmsms_row_69f16e625ae4f .cmsms_row_outer_parent { \n\tpadding-bottom: 0px; \n} \n\n \n#cmsms_heading_69f16e625af5e, #cmsms_heading_69f16e625af5e a { \n\tfont-weight:400; \n\tfont-style:normal; \n\tmargin-top:0px; \n\tmargin-bottom:20px; \n} \n \n#cmsms_row_69f16e625cf40 .cmsms_row_outer_parent { \n\tpadding-top: 0px; \n} \n\n#cmsms_row_69f16e625cf40 .cmsms_row_outer_parent { \n\tpadding-bottom: 0px; \n} \n\n \n#cmsms_divider_69f16e625cfae { \n\tpadding-top:50px; \n\tmargin-bottom:40px; \n} \n \n#cmsms_row_69f16e625cfcc .cmsms_row_outer_parent { \n\tpadding-top: 50px; \n} \n\n#cmsms_row_69f16e625cfcc .cmsms_row_outer_parent { \n\tpadding-bottom: 0px; \n} \n\n \n#cmsms_row_69f16e625d05a .cmsms_row_outer_parent { \n\tpadding-top: 0px; \n} \n\n#cmsms_row_69f16e625d05a .cmsms_row_outer_parent { \n\tpadding-bottom: 0px; \n} \n\n \n#cmsms_divider_69f16e625d0a9 { \n\tpadding-top:50px; \n\tmargin-bottom:40px; \n} \n<\/style><div id=\"cmsms_row_69f16e625ac2b\" class=\"cmsms_row cmsms_color_scheme_default\">\n<div class=\"cmsms_row_outer_parent\">\n<div class=\"cmsms_row_outer\">\n<div class=\"cmsms_row_inner\">\n<div class=\"cmsms_row_margin\">\n<div class=\"cmsms_column one_first\">\n<div class=\"cmsms_text\">\n<p><strong>Lubuskie Centrum Produktu Regionalnego w Zielonej G\u00f3rze<\/strong> zajmuje si\u0119 promocj\u0105 produkt\u00f3w regionalnych i lokalnych wojew\u00f3dztwa lubuskiego na rynku krajowym i mi\u0119dzynarodowym poprzez wsparcie mikro, ma\u0142ych i \u015brednich przedsi\u0119biorstw (M\u015aP) prowadz\u0105cych dzia\u0142alno\u015b\u0107 gospodarcz\u0105 bran\u017cy spo\u017cywczej oraz r\u0119kodzielniczej. Jednocze\u015bnie mamy za zadanie budowa\u0107 wizerunek regionu lubuskiego jako miejsca atrakcyjnego dla nowych inwestycji w infrastruktur\u0119 turystyczn\u0105 oraz przyjaznego przedsi\u0119biorcom.<\/p>\n<\/div>\n<\/div>\n<\/div>\n<\/div>\n<\/div>\n<\/div>\n<\/div>\n<div id=\"cmsms_row_69f16e625ad65\" class=\"cmsms_row cmsms_color_scheme_default\">\n<div class=\"cmsms_row_outer_parent\">\n<div class=\"cmsms_row_outer\">\n<div class=\"cmsms_row_inner\">\n<div class=\"cmsms_row_margin\">\n<div class=\"cmsms_column one_first\">\n<div id=\"cmsms_divider_69f16e625ae31\" class=\"cmsms_divider solid\"><\/div>\n<\/div>\n<\/div>\n<\/div>\n<\/div>\n<\/div>\n<\/div>\n<div id=\"cmsms_row_69f16e625ae4f\" class=\"cmsms_row cmsms_color_scheme_default\">\n<div class=\"cmsms_row_outer_parent\">\n<div class=\"cmsms_row_outer\">\n<div class=\"cmsms_row_inner\">\n<div class=\"cmsms_row_margin\">\n<div class=\"cmsms_column one_half\">\n<h3 id=\"cmsms_heading_69f16e625af5e\" class=\"cmsms_heading\">Regiony wsp\u00f3\u0142pracuj\u0105ce z Wojew\u00f3dztwem Lubuskim:<\/h3><div class=\"cmsms_text\">\n<ul>\n<li>Kraj Zwi\u0105zkowy Brandenburgia (Niemcy)<\/li>\n<li>Obw\u00f3d Pskowski (Rosja)<\/li>\n<li>Obw\u00f3d Iwano &#8211; Frankowski (Ukraina)<\/li>\n<li>Region Abruzji (W\u0142ochy)<\/li>\n<li>Prowincja Hainan (Chiny)<\/li>\n<li>Municypium Kiszyni\u00f3w (Mo\u0142dawia)<\/li>\n<li>Obw\u00f3d Sumski (Ukraina)<\/li>\n<li>Obw\u00f3d Homelski (Bia\u0142oru\u015b)<\/li>\n<li>Samorz\u0105dowe Wojew\u00f3dztwo Nitrza\u0144skie (S\u0142owacja )<\/li>\n<li>Departament le Lot (Francja)<\/li>\n<li>Wolny Kraj Zwi\u0105zkowy Saksonia (Niemcy)<\/li>\n<li>Obw\u00f3d Wo\u0142ogodzki (Rosja)<\/li>\n<li>Region Kreta (Grecja)<\/li>\n<\/ul>\n<\/div>\n<\/div>\n<div class=\"cmsms_column one_half\">\n<div class=\"cmsms_gallery\">\n<ul>\n<li class=\"one_fourth\"><figure><a href=\"https:\/\/lcpr.pl\/zg\/wp-content\/uploads\/2024\/02\/Kraj-Zwiazkowy-Brandenburgia-Niemcy.png\" rel=\"ilightbox[69f16e625b02f]\" data-caption=\"Kraj Zwi\u0105zkowy Brandenburgia (Niemcy)\"><img loading=\"lazy\" decoding=\"async\" width=\"396\" height=\"473\" src=\"https:\/\/lcpr.pl\/zg\/wp-content\/uploads\/2024\/02\/Kraj-Zwiazkowy-Brandenburgia-Niemcy.png\" class=\"attachment-full size-full\" alt=\"Kraj Zwi\u0105zkowy Brandenburgia (Niemcy)\" srcset=\"https:\/\/lcpr.pl\/zg\/wp-content\/uploads\/2024\/02\/Kraj-Zwiazkowy-Brandenburgia-Niemcy.png 396w, https:\/\/lcpr.pl\/zg\/wp-content\/uploads\/2024\/02\/Kraj-Zwiazkowy-Brandenburgia-Niemcy-251x300.png 251w\" sizes=\"auto, (max-width: 396px) 100vw, 396px\" \/><\/a><figcaption>Kraj Zwi\u0105zkowy Brandenburgia (Niemcy)<\/figcaption><\/figure><\/li><li class=\"one_fourth\"><figure><a href=\"https:\/\/lcpr.pl\/zg\/wp-content\/uploads\/2024\/02\/Obwod-Pskowski-Rosja.png\" rel=\"ilightbox[69f16e625b02f]\" data-caption=\"Obw\u00f3d Pskowski (Rosja)\"><img loading=\"lazy\" decoding=\"async\" width=\"396\" height=\"464\" src=\"https:\/\/lcpr.pl\/zg\/wp-content\/uploads\/2024\/02\/Obwod-Pskowski-Rosja.png\" class=\"attachment-full size-full\" alt=\"Obw\u00f3d Pskowski (Rosja)\" srcset=\"https:\/\/lcpr.pl\/zg\/wp-content\/uploads\/2024\/02\/Obwod-Pskowski-Rosja.png 396w, https:\/\/lcpr.pl\/zg\/wp-content\/uploads\/2024\/02\/Obwod-Pskowski-Rosja-256x300.png 256w\" sizes=\"auto, (max-width: 396px) 100vw, 396px\" \/><\/a><figcaption>Obw\u00f3d Pskowski (Rosja)<\/figcaption><\/figure><\/li><li class=\"one_fourth\"><figure><a href=\"https:\/\/lcpr.pl\/zg\/wp-content\/uploads\/2024\/02\/Obwod-Iwano-Frankowski-Ukraina.png\" rel=\"ilightbox[69f16e625b02f]\" data-caption=\"Obw\u00f3d Iwano \u2013 Frankowski (Ukraina)\"><img loading=\"lazy\" decoding=\"async\" width=\"396\" height=\"478\" src=\"https:\/\/lcpr.pl\/zg\/wp-content\/uploads\/2024\/02\/Obwod-Iwano-Frankowski-Ukraina.png\" class=\"attachment-full size-full\" alt=\"Obw\u00f3d Iwano \u2013 Frankowski (Ukraina)\" srcset=\"https:\/\/lcpr.pl\/zg\/wp-content\/uploads\/2024\/02\/Obwod-Iwano-Frankowski-Ukraina.png 396w, https:\/\/lcpr.pl\/zg\/wp-content\/uploads\/2024\/02\/Obwod-Iwano-Frankowski-Ukraina-249x300.png 249w\" sizes=\"auto, (max-width: 396px) 100vw, 396px\" \/><\/a><figcaption>Obw\u00f3d Iwano \u2013 Frankowski (Ukraina)<\/figcaption><\/figure><\/li><li class=\"one_fourth\"><figure><a href=\"https:\/\/lcpr.pl\/zg\/wp-content\/uploads\/2024\/02\/Region-Abruzji-Wlochy.png\" rel=\"ilightbox[69f16e625b02f]\" data-caption=\"Region Abruzji (W\u0142ochy)\"><img loading=\"lazy\" decoding=\"async\" width=\"396\" height=\"522\" src=\"https:\/\/lcpr.pl\/zg\/wp-content\/uploads\/2024\/02\/Region-Abruzji-Wlochy.png\" class=\"attachment-full size-full\" alt=\"Region Abruzji (W\u0142ochy)\" srcset=\"https:\/\/lcpr.pl\/zg\/wp-content\/uploads\/2024\/02\/Region-Abruzji-Wlochy.png 396w, https:\/\/lcpr.pl\/zg\/wp-content\/uploads\/2024\/02\/Region-Abruzji-Wlochy-228x300.png 228w\" sizes=\"auto, (max-width: 396px) 100vw, 396px\" \/><\/a><figcaption>Region Abruzji (W\u0142ochy)<\/figcaption><\/figure><\/li><li class=\"one_fourth\"><figure><a href=\"https:\/\/lcpr.pl\/zg\/wp-content\/uploads\/2024\/02\/Municypium-Kiszyniow-Moldawia.png\" rel=\"ilightbox[69f16e625b02f]\" data-caption=\"Municypium Kiszyni\u00f3w (Mo\u0142dawia)\"><img loading=\"lazy\" decoding=\"async\" width=\"297\" height=\"473\" src=\"https:\/\/lcpr.pl\/zg\/wp-content\/uploads\/2024\/02\/Municypium-Kiszyniow-Moldawia.png\" class=\"attachment-full size-full\" alt=\"Municypium Kiszyni\u00f3w (Mo\u0142dawia)\" srcset=\"https:\/\/lcpr.pl\/zg\/wp-content\/uploads\/2024\/02\/Municypium-Kiszyniow-Moldawia.png 297w, https:\/\/lcpr.pl\/zg\/wp-content\/uploads\/2024\/02\/Municypium-Kiszyniow-Moldawia-188x300.png 188w\" sizes=\"auto, (max-width: 297px) 100vw, 297px\" \/><\/a><figcaption>Municypium Kiszyni\u00f3w (Mo\u0142dawia)<\/figcaption><\/figure><\/li><li class=\"one_fourth\"><figure><a href=\"https:\/\/lcpr.pl\/zg\/wp-content\/uploads\/2024\/02\/Obwod-Sumski-Ukraina.png\" rel=\"ilightbox[69f16e625b02f]\" data-caption=\"Obw\u00f3d Sumski (Ukraina)\"><img loading=\"lazy\" decoding=\"async\" width=\"396\" height=\"496\" src=\"https:\/\/lcpr.pl\/zg\/wp-content\/uploads\/2024\/02\/Obwod-Sumski-Ukraina.png\" class=\"attachment-full size-full\" alt=\"Obw\u00f3d Sumski (Ukraina)\" srcset=\"https:\/\/lcpr.pl\/zg\/wp-content\/uploads\/2024\/02\/Obwod-Sumski-Ukraina.png 396w, https:\/\/lcpr.pl\/zg\/wp-content\/uploads\/2024\/02\/Obwod-Sumski-Ukraina-240x300.png 240w\" sizes=\"auto, (max-width: 396px) 100vw, 396px\" \/><\/a><figcaption>Obw\u00f3d Sumski (Ukraina)<\/figcaption><\/figure><\/li><li class=\"one_fourth\"><figure><a href=\"https:\/\/lcpr.pl\/zg\/wp-content\/uploads\/2024\/02\/Obwod-Homelski-Bialorus.png\" rel=\"ilightbox[69f16e625b02f]\" data-caption=\"Obw\u00f3d Homelski (Bia\u0142oru\u015b)\"><img loading=\"lazy\" decoding=\"async\" width=\"396\" height=\"406\" src=\"https:\/\/lcpr.pl\/zg\/wp-content\/uploads\/2024\/02\/Obwod-Homelski-Bialorus.png\" class=\"attachment-full size-full\" alt=\"Obw\u00f3d Homelski (Bia\u0142oru\u015b)\" srcset=\"https:\/\/lcpr.pl\/zg\/wp-content\/uploads\/2024\/02\/Obwod-Homelski-Bialorus.png 396w, https:\/\/lcpr.pl\/zg\/wp-content\/uploads\/2024\/02\/Obwod-Homelski-Bialorus-293x300.png 293w, https:\/\/lcpr.pl\/zg\/wp-content\/uploads\/2024\/02\/Obwod-Homelski-Bialorus-55x55.png 55w\" sizes=\"auto, (max-width: 396px) 100vw, 396px\" \/><\/a><figcaption>Obw\u00f3d Homelski (Bia\u0142oru\u015b)<\/figcaption><\/figure><\/li><li class=\"one_fourth\"><figure><a href=\"https:\/\/lcpr.pl\/zg\/wp-content\/uploads\/2024\/02\/Samorzadowe-Wojewodztwo-Nitrzanskie-Slowacja.jpg\" rel=\"ilightbox[69f16e625b02f]\" data-caption=\"Samorz\u0105dowe Wojew\u00f3dztwo Nitrza\u0144skie (S\u0142owacja)\"><img loading=\"lazy\" decoding=\"async\" width=\"396\" height=\"466\" src=\"https:\/\/lcpr.pl\/zg\/wp-content\/uploads\/2024\/02\/Samorzadowe-Wojewodztwo-Nitrzanskie-Slowacja.jpg\" class=\"attachment-full size-full\" alt=\"Samorz\u0105dowe Wojew\u00f3dztwo Nitrza\u0144skie (S\u0142owacja)\" srcset=\"https:\/\/lcpr.pl\/zg\/wp-content\/uploads\/2024\/02\/Samorzadowe-Wojewodztwo-Nitrzanskie-Slowacja.jpg 396w, https:\/\/lcpr.pl\/zg\/wp-content\/uploads\/2024\/02\/Samorzadowe-Wojewodztwo-Nitrzanskie-Slowacja-255x300.jpg 255w\" sizes=\"auto, (max-width: 396px) 100vw, 396px\" \/><\/a><figcaption>Samorz\u0105dowe Wojew\u00f3dztwo Nitrza\u0144skie (S\u0142owacja)<\/figcaption><\/figure><\/li><li class=\"one_fourth\"><figure><a href=\"https:\/\/lcpr.pl\/zg\/wp-content\/uploads\/2024\/02\/Departament-le-Lot-Francja.png\" rel=\"ilightbox[69f16e625b02f]\" data-caption=\"Departament le Lot (Francja)\"><img loading=\"lazy\" decoding=\"async\" width=\"396\" height=\"436\" src=\"https:\/\/lcpr.pl\/zg\/wp-content\/uploads\/2024\/02\/Departament-le-Lot-Francja.png\" class=\"attachment-full size-full\" alt=\"Departament le Lot (Francja)\" srcset=\"https:\/\/lcpr.pl\/zg\/wp-content\/uploads\/2024\/02\/Departament-le-Lot-Francja.png 396w, https:\/\/lcpr.pl\/zg\/wp-content\/uploads\/2024\/02\/Departament-le-Lot-Francja-272x300.png 272w\" sizes=\"auto, (max-width: 396px) 100vw, 396px\" \/><\/a><figcaption>Departament le Lot (Francja)<\/figcaption><\/figure><\/li><li class=\"one_fourth\"><figure><a href=\"https:\/\/lcpr.pl\/zg\/wp-content\/uploads\/2024\/02\/Wolny-Kraj-Zwiazkowy-Saksonia-Niemcy.png\" rel=\"ilightbox[69f16e625b02f]\" data-caption=\"Wolny Kraj Zwi\u0105zkowy Saksonia (Niemcy)\"><img loading=\"lazy\" decoding=\"async\" width=\"396\" height=\"446\" src=\"https:\/\/lcpr.pl\/zg\/wp-content\/uploads\/2024\/02\/Wolny-Kraj-Zwiazkowy-Saksonia-Niemcy.png\" class=\"attachment-full size-full\" alt=\"Wolny Kraj Zwi\u0105zkowy Saksonia (Niemcy)\" srcset=\"https:\/\/lcpr.pl\/zg\/wp-content\/uploads\/2024\/02\/Wolny-Kraj-Zwiazkowy-Saksonia-Niemcy.png 396w, https:\/\/lcpr.pl\/zg\/wp-content\/uploads\/2024\/02\/Wolny-Kraj-Zwiazkowy-Saksonia-Niemcy-266x300.png 266w\" sizes=\"auto, (max-width: 396px) 100vw, 396px\" \/><\/a><figcaption>Wolny Kraj Zwi\u0105zkowy Saksonia (Niemcy)<\/figcaption><\/figure><\/li><li class=\"one_fourth\"><figure><a href=\"https:\/\/lcpr.pl\/zg\/wp-content\/uploads\/2024\/02\/Obwod-Wologodzki-Rosja.png\" rel=\"ilightbox[69f16e625b02f]\" data-caption=\"Obw\u00f3d Wo\u0142ogodzki (Rosja)\"><img loading=\"lazy\" decoding=\"async\" width=\"396\" height=\"497\" src=\"https:\/\/lcpr.pl\/zg\/wp-content\/uploads\/2024\/02\/Obwod-Wologodzki-Rosja.png\" class=\"attachment-full size-full\" alt=\"Obw\u00f3d Wo\u0142ogodzki (Rosja)\" srcset=\"https:\/\/lcpr.pl\/zg\/wp-content\/uploads\/2024\/02\/Obwod-Wologodzki-Rosja.png 396w, https:\/\/lcpr.pl\/zg\/wp-content\/uploads\/2024\/02\/Obwod-Wologodzki-Rosja-239x300.png 239w\" sizes=\"auto, (max-width: 396px) 100vw, 396px\" \/><\/a><figcaption>Obw\u00f3d Wo\u0142ogodzki (Rosja)<\/figcaption><\/figure><\/li><\/ul>\n<\/div>\n<\/div>\n<\/div>\n<\/div>\n<\/div>\n<\/div>\n<\/div>\n<div id=\"cmsms_row_69f16e625cf40\" class=\"cmsms_row cmsms_color_scheme_default\">\n<div class=\"cmsms_row_outer_parent\">\n<div class=\"cmsms_row_outer\">\n<div class=\"cmsms_row_inner\">\n<div class=\"cmsms_row_margin\">\n<div class=\"cmsms_column one_first\">\n<div id=\"cmsms_divider_69f16e625cfae\" class=\"cmsms_divider solid\"><\/div>\n<\/div>\n<\/div>\n<\/div>\n<\/div>\n<\/div>\n<\/div>\n<div id=\"cmsms_row_69f16e625cfcc\" class=\"cmsms_row cmsms_color_scheme_default\">\n<div class=\"cmsms_row_outer_parent\">\n<div class=\"cmsms_row_outer\">\n<div class=\"cmsms_row_inner\">\n<div class=\"cmsms_row_margin\">\n<div class=\"cmsms_column one_first\">\n<div class=\"cmsms_text\">\n<p>Wsp\u00f3\u0142praca ta jest skierowana do mikro, ma\u0142ych i \u015brednich przedsi\u0119biorstw prowadz\u0105cych dzia\u0142alno\u015b\u0107 gospodarcz\u0105 na terenie wojew\u00f3dztwa lubuskiego. Na ka\u017cdych imprezach regionalnych reprezentanci wezm\u0105 udzia\u0142 w licznych spotkaniach, podczas kt\u00f3rych zaprezentowane zostan\u0105 produkty regionalne i lokalne z wojew\u00f3dztwa. Wa\u017cnym zadaniem realizowanym podczas udzia\u0142u w targach jest cel: <strong>budowanie wizerunku regionu<\/strong>, jako miejsca atrakcyjnego dla nowych kontrahent\u00f3w oraz regionu przyjaznego przedsi\u0119biorcom, a tak\u017ce zwi\u0119kszenie rozpoznawalno\u015bci bran\u017cy spo\u017cywczej oraz r\u0119kodzielniczej na arenie mi\u0119dzynarodowej.<\/p>\n<\/div>\n<\/div>\n<\/div>\n<\/div>\n<\/div>\n<\/div>\n<\/div>\n<div id=\"cmsms_row_69f16e625d05a\" class=\"cmsms_row cmsms_color_scheme_default\">\n<div class=\"cmsms_row_outer_parent\">\n<div class=\"cmsms_row_outer\">\n<div class=\"cmsms_row_inner\">\n<div class=\"cmsms_row_margin\">\n<div class=\"cmsms_column one_first\">\n<div id=\"cmsms_divider_69f16e625d0a9\" class=\"cmsms_divider solid\"><\/div>\n<\/div>\n<\/div>\n<\/div>\n<\/div>\n<\/div>\n<\/div>\n\n","protected":false},"excerpt":{"rendered":"","protected":false},"author":1,"featured_media":0,"parent":0,"menu_order":0,"comment_status":"closed","ping_status":"closed","template":"","meta":{"footnotes":""},"class_list":["post-3916","page","type-page","status-publish","hentry"],"_links":{"self":[{"href":"https:\/\/lcpr.pl\/zg\/wp-json\/wp\/v2\/pages\/3916","targetHints":{"allow":["GET"]}}],"collection":[{"href":"https:\/\/lcpr.pl\/zg\/wp-json\/wp\/v2\/pages"}],"about":[{"href":"https:\/\/lcpr.pl\/zg\/wp-json\/wp\/v2\/types\/page"}],"author":[{"embeddable":true,"href":"https:\/\/lcpr.pl\/zg\/wp-json\/wp\/v2\/users\/1"}],"replies":[{"embeddable":true,"href":"https:\/\/lcpr.pl\/zg\/wp-json\/wp\/v2\/comments?post=3916"}],"version-history":[{"count":10,"href":"https:\/\/lcpr.pl\/zg\/wp-json\/wp\/v2\/pages\/3916\/revisions"}],"predecessor-version":[{"id":6566,"href":"https:\/\/lcpr.pl\/zg\/wp-json\/wp\/v2\/pages\/3916\/revisions\/6566"}],"wp:attachment":[{"href":"https:\/\/lcpr.pl\/zg\/wp-json\/wp\/v2\/media?parent=3916"}],"curies":[{"name":"wp","href":"https:\/\/api.w.org\/{rel}","templated":true}]}}