{"id":17897,"date":"2025-10-27T09:00:56","date_gmt":"2025-10-27T08:00:56","guid":{"rendered":"https:\/\/lcpr.pl\/zg\/?page_id=17897"},"modified":"2025-11-07T10:35:43","modified_gmt":"2025-11-07T09:35:43","slug":"zloty-fartuch","status":"publish","type":"page","link":"https:\/\/lcpr.pl\/zg\/zloty-fartuch\/","title":{"rendered":"Z\u0142oty Fartuch Konsumenta"},"content":{"rendered":"<style type=\"text\/css\"> \n#cmsms_row_69f16e6ad995e .cmsms_row_outer_parent { \n\tpadding-top: 50px; \n} \n\n#cmsms_row_69f16e6ad995e .cmsms_row_outer_parent { \n\tpadding-bottom: 0px; \n} \n\n \n#cmsms_heading_69f16e6ad9a64, #cmsms_heading_69f16e6ad9a64 a { \n\tfont-size:28px; \n\ttext-align:center; \n\tfont-weight:600; \n\tfont-style:normal; \n\tmargin-top:0px; \n\tmargin-bottom:20px; \n} \n \n#cmsms_row_69f16e6ad9abe .cmsms_row_outer_parent { \n\tpadding-top: 50px; \n} \n\n#cmsms_row_69f16e6ad9abe .cmsms_row_outer_parent { \n\tpadding-bottom: 50px; \n} \n\n \n#cmsms_row_69f16e6ad9f55 .cmsms_row_outer_parent { \n\tpadding-top: 0px; \n} \n\n#cmsms_row_69f16e6ad9f55 .cmsms_row_outer_parent { \n\tpadding-bottom: 50px; \n} \n\n<\/style><div id=\"cmsms_row_69f16e6ad995e\" class=\"cmsms_row cmsms_color_scheme_default\">\n<div class=\"cmsms_row_outer_parent\">\n<div class=\"cmsms_row_outer\">\n<div class=\"cmsms_row_inner\">\n<div class=\"cmsms_row_margin\">\n<div class=\"cmsms_column one_first\">\n<h3 id=\"cmsms_heading_69f16e6ad9a64\" class=\"cmsms_heading\">Z\u0141OTY FARTUCH KONSUMENTA<\/h3>\n<\/div>\n<\/div>\n<\/div>\n<\/div>\n<\/div>\n<\/div>\n<div id=\"cmsms_row_69f16e6ad9abe\" class=\"cmsms_row cmsms_color_scheme_default\">\n<div class=\"cmsms_row_outer_parent\">\n<div class=\"cmsms_row_outer\">\n<div class=\"cmsms_row_inner\">\n<div class=\"cmsms_row_margin\">\n<div class=\"cmsms_column one_third\">\n<div class=\"cmsms_img  cmsms_image_n\">\n<img decoding=\"async\" src=\"https:\/\/lcpr.pl\/zg\/wp-content\/uploads\/2025\/10\/super-fartuch-768x1024.png\" \/>\n<\/div>\n<\/div>\n<div class=\"cmsms_column two_third\">\n<div class=\"cmsms_text\">\n<hr \/>\n<h3><span style=\"font-family: Arial, serif;\"><b>Z\u0142oty Fartuch Konsumenta <\/b><\/span><span style=\"font-family: Arial, serif;\">to wsp\u00f3lna nagroda od a\u017c trzech podmiot\u00f3w \u2013 <strong><a href=\"https:\/\/www.facebook.com\/lcprzg?__cft__%5b0%5d=AZVy69q__NYwhiNsd2K5t5Elny--Ka4P-_bUGymb-T3FB6XcgONZU6nsEso9FxNnmM4jnWrp6e65V1VvwbeajOsnmr4oT-qTn5cldRUQ6Jgfaw-n9xYbrvbB7QhhLCY0hASADCx-tNA0aDRVnuMhj-7Y3jApewY9xw_AyCAClLRkUQ&amp;__tn__=-%5dK-R\">Lubuskie Centrum Produktu Regionalnego<\/a>, <a href=\"https:\/\/www.facebook.com\/twojzielonytarg?__cft__%5b0%5d=AZVy69q__NYwhiNsd2K5t5Elny--Ka4P-_bUGymb-T3FB6XcgONZU6nsEso9FxNnmM4jnWrp6e65V1VvwbeajOsnmr4oT-qTn5cldRUQ6Jgfaw-n9xYbrvbB7QhhLCY0hASADCx-tNA0aDRVnuMhj-7Y3jApewY9xw_AyCAClLRkUQ&amp;__tn__=-%5dK-R\">Tw\u00f3j Zielony Targ<\/a> i <a href=\"https:\/\/www.facebook.com\/ME.Ochla?__cft__%5b0%5d=AZVy69q__NYwhiNsd2K5t5Elny--Ka4P-_bUGymb-T3FB6XcgONZU6nsEso9FxNnmM4jnWrp6e65V1VvwbeajOsnmr4oT-qTn5cldRUQ6Jgfaw-n9xYbrvbB7QhhLCY0hASADCx-tNA0aDRVnuMhj-7Y3jApewY9xw_AyCAClLRkUQ&amp;__tn__=-%5dK-R\">Muzeum Etnograficzne w Zielonej G\u00f3rze \u2013 Ochli<\/a>.<\/strong> <\/span><\/h3>\n<h3><span style=\"font-family: Arial, serif;\">Jest to nagroda przechodnia dla <strong>Ulubionego Lubuskiego<\/strong> <strong>Wystawcy<\/strong>, kt\u00f3ry wystawia si\u0119 podczas <strong>\u015awi\u0119ta Produktu Regionalnego.<\/strong><\/span><\/h3>\n<h3><span style=\"font-family: Arial, serif;\">Tegoroczny fartuch rozpocz\u0105\u0142 pi\u0119kn\u0105 tradycj\u0119 \u2013 w kolejnych latach na Fartuchu b\u0119d\u0105 dopisywani kolejni zwyci\u0119zcy konkursu.<\/span><\/h3>\n<hr \/>\n<\/div>\n<\/div>\n<\/div>\n<\/div>\n<\/div>\n<\/div>\n<\/div>\n<div id=\"cmsms_row_69f16e6ad9f55\" class=\"cmsms_row cmsms_color_scheme_default\">\n<div class=\"cmsms_row_outer_parent\">\n<div class=\"cmsms_row_outer\">\n<div class=\"cmsms_row_inner\">\n<div class=\"cmsms_row_margin\">\n<div class=\"cmsms_column one_first\">\n<div class=\"cmsms_wrap_blog entry-summary\" id=\"blog_69f16e6ada043\"><script type=\"text\/javascript\">\r\njQuery(document).ready(function () {\r\n\t(function ($) {\r\n\t\tif ($('#blog_69f16e6ada043').find('article').length == '0') {\r\n\t\t\treturn false;\r\n\t\t}\r\n\t\t\r\n\t\r\n\t\tstartBlog( \r\n\t\t\t'69f16e6ada043', \r\n\t\t\t'columns', \r\n\t\t\t'grid', \r\n\t\t\t'https:\/\/lcpr.pl\/zg\/wp-content\/plugins\/cmsms-content-composer\/', \r\n\t\t\t'date', \r\n\t\t\t'DESC', \r\n\t\t\t'12', \r\n\t\t\t'zloty-fartuch', \r\n\t\t\t'more' \r\n\t\t);\r\n\t} )(jQuery);\r\n} );\r\n<\/script>\r\n<div class=\"blog columns grid cmsms_3\">\r\n<!--_________________________ Start Standard Article _________________________ -->\r\n\r\n<article id=\"post-18480\" class=\"cmsms_post_masonry post-18480 post type-post status-publish format-standard has-post-thumbnail hentry category-aktualnosci category-zloty-fartuch\" data-category=\"aktualnosci zloty-fartuch\">\r\n\t<span class=\"cmsms_post_format_img  cmsms-icon-desktop-3\"><\/span>\r\n\t<div class=\"cmsms_post_cont\">\r\n\t<figure><a href=\"https:\/\/lcpr.pl\/zg\/2025\/12\/04\/sesja-zdjeciowa-zdobywco-zlotego-fartucha-konsumenta\/\" title=\"Sesja zdj\u0119ciowa zdobywc\u00f3w Z\u0142otego Fartucha Konsumenta\" class=\"cmsms_img_link preloader\"><img loading=\"lazy\" decoding=\"async\" width=\"580\" height=\"390\" src=\"https:\/\/lcpr.pl\/zg\/wp-content\/uploads\/2025\/12\/592959176_886685703686741_176734079572133404_n-1-e1764864308982-580x390.jpg\" class=\"full-width wp-post-image\" alt=\"Sesja zdj\u0119ciowa zdobywc\u00f3w Z\u0142otego Fartucha Konsumenta\" title=\"Sesja zdj\u0119ciowa zdobywc\u00f3w Z\u0142otego Fartucha Konsumenta\" \/><\/a><\/figure><header class=\"cmsms_post_header entry-header\"><h2 class=\"cmsms_post_title entry-title\"><a href=\"https:\/\/lcpr.pl\/zg\/2025\/12\/04\/sesja-zdjeciowa-zdobywco-zlotego-fartucha-konsumenta\/\">Sesja zdj\u0119ciowa zdobywc\u00f3w Z\u0142otego Fartucha Konsumenta<\/a><\/h2><\/header><div class=\"cmsms_post_content entry-content\">\n<\/div>\n<footer class=\"cmsms_post_footer entry-meta tar\"><a class=\"button cmsms_post_read_more\" href=\"https:\/\/lcpr.pl\/zg\/2025\/12\/04\/sesja-zdjeciowa-zdobywco-zlotego-fartucha-konsumenta\/\">Wi\u0119cej informacji<\/a><\/footer>\t<\/div>\r\n<\/article>\r\n<!--_________________________ Finish Standard Article _________________________ -->\r\n\r\n\r\n<!--_________________________ Start Standard Article _________________________ -->\r\n\r\n<article id=\"post-18072\" class=\"cmsms_post_masonry post-18072 post type-post status-publish format-standard has-post-thumbnail hentry category-aktualnosci category-zloty-fartuch\" data-category=\"aktualnosci zloty-fartuch\">\r\n\t<span class=\"cmsms_post_format_img  cmsms-icon-desktop-3\"><\/span>\r\n\t<div class=\"cmsms_post_cont\">\r\n\t<figure><a href=\"https:\/\/lcpr.pl\/zg\/2025\/11\/09\/maka-i-cukier-na-twoim-zielonym-targu\/\" title=\"M\u0105ka i Cukier na Twoim Zielonym Targu\" class=\"cmsms_img_link preloader\"><img loading=\"lazy\" decoding=\"async\" width=\"580\" height=\"302\" src=\"https:\/\/lcpr.pl\/zg\/wp-content\/uploads\/2025\/11\/577029855_866109099077735_8812934308097599699_n-1-e1763022148451-580x302.jpg\" class=\"full-width wp-post-image\" alt=\"M\u0105ka i Cukier na Twoim Zielonym Targu\" title=\"M\u0105ka i Cukier na Twoim Zielonym Targu\" \/><\/a><\/figure><header class=\"cmsms_post_header entry-header\"><h2 class=\"cmsms_post_title entry-title\"><a href=\"https:\/\/lcpr.pl\/zg\/2025\/11\/09\/maka-i-cukier-na-twoim-zielonym-targu\/\">M\u0105ka i Cukier na Twoim Zielonym Targu<\/a><\/h2><\/header><div class=\"cmsms_post_content entry-content\">\n<\/div>\n<footer class=\"cmsms_post_footer entry-meta tar\"><a class=\"button cmsms_post_read_more\" href=\"https:\/\/lcpr.pl\/zg\/2025\/11\/09\/maka-i-cukier-na-twoim-zielonym-targu\/\">Wi\u0119cej informacji<\/a><\/footer>\t<\/div>\r\n<\/article>\r\n<!--_________________________ Finish Standard Article _________________________ -->\r\n\r\n\r\n<!--_________________________ Start Standard Article _________________________ -->\r\n\r\n<article id=\"post-18029\" class=\"cmsms_post_masonry post-18029 post type-post status-publish format-standard has-post-thumbnail hentry category-aktualnosci category-zloty-fartuch\" data-category=\"aktualnosci zloty-fartuch\">\r\n\t<span class=\"cmsms_post_format_img  cmsms-icon-desktop-3\"><\/span>\r\n\t<div class=\"cmsms_post_cont\">\r\n\t<figure><a href=\"https:\/\/lcpr.pl\/zg\/2025\/11\/06\/baner-w-ochli-zloty-fartuch-konsumenta-2025\/\" title=\"Baner w Ochli &#8211; Z\u0142oty Fartuch Konsumenta 2025\" class=\"cmsms_img_link preloader\"><img loading=\"lazy\" decoding=\"async\" width=\"580\" height=\"390\" src=\"https:\/\/lcpr.pl\/zg\/wp-content\/uploads\/2025\/11\/577778689_865228159165829_8682911886341983930_n-e1762433918805-580x390.jpg\" class=\"full-width wp-post-image\" alt=\"Baner w Ochli &#8211; Z\u0142oty Fartuch Konsumenta 2025\" title=\"Baner w Ochli &#8211; Z\u0142oty Fartuch Konsumenta 2025\" \/><\/a><\/figure><header class=\"cmsms_post_header entry-header\"><h2 class=\"cmsms_post_title entry-title\"><a href=\"https:\/\/lcpr.pl\/zg\/2025\/11\/06\/baner-w-ochli-zloty-fartuch-konsumenta-2025\/\">Baner w Ochli &#8211; Z\u0142oty Fartuch Konsumenta 2025<\/a><\/h2><\/header><div class=\"cmsms_post_content entry-content\">\n<\/div>\n<footer class=\"cmsms_post_footer entry-meta tar\"><a class=\"button cmsms_post_read_more\" href=\"https:\/\/lcpr.pl\/zg\/2025\/11\/06\/baner-w-ochli-zloty-fartuch-konsumenta-2025\/\">Wi\u0119cej informacji<\/a><\/footer>\t<\/div>\r\n<\/article>\r\n<!--_________________________ Finish Standard Article _________________________ -->\r\n\r\n\r\n<!--_________________________ Start Standard Article _________________________ -->\r\n\r\n<article id=\"post-17873\" class=\"cmsms_post_masonry post-17873 post type-post status-publish format-standard has-post-thumbnail hentry category-aktualnosci category-zloty-fartuch\" data-category=\"aktualnosci zloty-fartuch\">\r\n\t<span class=\"cmsms_post_format_img  cmsms-icon-desktop-3\"><\/span>\r\n\t<div class=\"cmsms_post_cont\">\r\n\t<figure><a href=\"https:\/\/lcpr.pl\/zg\/2025\/10\/22\/pamietacie-kto-otrzymal-zloty-fartuch-konsumenta-2025\/\" title=\"Pami\u0119tacie kto otrzyma\u0142 Z\u0142oty Fartuch Konsumenta 2025?\" class=\"cmsms_img_link preloader\"><img loading=\"lazy\" decoding=\"async\" width=\"580\" height=\"390\" src=\"https:\/\/lcpr.pl\/zg\/wp-content\/uploads\/2025\/10\/542688459_810753414613304_880134945660849s2725_n-2-e1761206729397-580x390.jpg\" class=\"full-width wp-post-image\" alt=\"Pami\u0119tacie kto otrzyma\u0142 Z\u0142oty Fartuch Konsumenta 2025?\" title=\"Pami\u0119tacie kto otrzyma\u0142 Z\u0142oty Fartuch Konsumenta 2025?\" \/><\/a><\/figure><header class=\"cmsms_post_header entry-header\"><h2 class=\"cmsms_post_title entry-title\"><a href=\"https:\/\/lcpr.pl\/zg\/2025\/10\/22\/pamietacie-kto-otrzymal-zloty-fartuch-konsumenta-2025\/\">Pami\u0119tacie kto otrzyma\u0142 Z\u0142oty Fartuch Konsumenta 2025?<\/a><\/h2><\/header><div class=\"cmsms_post_content entry-content\">\n<\/div>\n<footer class=\"cmsms_post_footer entry-meta tar\"><a class=\"button cmsms_post_read_more\" href=\"https:\/\/lcpr.pl\/zg\/2025\/10\/22\/pamietacie-kto-otrzymal-zloty-fartuch-konsumenta-2025\/\">Wi\u0119cej informacji<\/a><\/footer>\t<\/div>\r\n<\/article>\r\n<!--_________________________ Finish Standard Article _________________________ -->\r\n\r\n<\/div><div class=\"cmsms_wrap_more_posts cmsms_wrap_more_items\"><\/div><\/div>\n<\/div>\n<\/div>\n<\/div>\n<\/div>\n<\/div>\n<\/div>\n\n","protected":false},"excerpt":{"rendered":"","protected":false},"author":4,"featured_media":17900,"parent":0,"menu_order":0,"comment_status":"closed","ping_status":"closed","template":"","meta":{"footnotes":""},"class_list":["post-17897","page","type-page","status-publish","has-post-thumbnail","hentry"],"_links":{"self":[{"href":"https:\/\/lcpr.pl\/zg\/wp-json\/wp\/v2\/pages\/17897","targetHints":{"allow":["GET"]}}],"collection":[{"href":"https:\/\/lcpr.pl\/zg\/wp-json\/wp\/v2\/pages"}],"about":[{"href":"https:\/\/lcpr.pl\/zg\/wp-json\/wp\/v2\/types\/page"}],"author":[{"embeddable":true,"href":"https:\/\/lcpr.pl\/zg\/wp-json\/wp\/v2\/users\/4"}],"replies":[{"embeddable":true,"href":"https:\/\/lcpr.pl\/zg\/wp-json\/wp\/v2\/comments?post=17897"}],"version-history":[{"count":17,"href":"https:\/\/lcpr.pl\/zg\/wp-json\/wp\/v2\/pages\/17897\/revisions"}],"predecessor-version":[{"id":18043,"href":"https:\/\/lcpr.pl\/zg\/wp-json\/wp\/v2\/pages\/17897\/revisions\/18043"}],"wp:featuredmedia":[{"embeddable":true,"href":"https:\/\/lcpr.pl\/zg\/wp-json\/wp\/v2\/media\/17900"}],"wp:attachment":[{"href":"https:\/\/lcpr.pl\/zg\/wp-json\/wp\/v2\/media?parent=17897"}],"curies":[{"name":"wp","href":"https:\/\/api.w.org\/{rel}","templated":true}]}}