{"id":12615,"date":"2024-09-25T22:30:50","date_gmt":"2024-09-25T20:30:50","guid":{"rendered":"https:\/\/lcpr.pl\/zg\/?page_id=12615"},"modified":"2024-09-27T13:18:52","modified_gmt":"2024-09-27T11:18:52","slug":"wynajem-przyczepy-gastronomicznej","status":"publish","type":"page","link":"https:\/\/lcpr.pl\/zg\/wynajem-przyczepy-gastronomicznej\/","title":{"rendered":"Wynajem przyczepy gastronomicznej"},"content":{"rendered":"<style type=\"text\/css\"> \n#cmsms_row_69f16f5b9dbb5 .cmsms_row_outer_parent { \n\tpadding-top: 0px; \n} \n\n#cmsms_row_69f16f5b9dbb5 .cmsms_row_outer_parent { \n\tpadding-bottom: 50px; \n} \n\n \n#cmsms_divider_69f16f5b9dee2 { \n\tpadding-top:30px; \n\tmargin-bottom:30px; \n} \n \n#cmsms_heading_69f16f5b9defa, #cmsms_heading_69f16f5b9defa a { \n\tfont-weight:400; \n\tfont-style:normal; \n\tmargin-top:0px; \n\tmargin-bottom:20px; \n} \n \n#cmsms_divider_69f16f5b9e5bd { \n\tpadding-top:10px; \n\tmargin-bottom:10px; \n} \n \n#cmsms_row_69f16f5b9e867 .cmsms_row_outer_parent { \n\tpadding-top: 0px; \n} \n\n#cmsms_row_69f16f5b9e867 .cmsms_row_outer_parent { \n\tpadding-bottom: 50px; \n} \n\n<\/style><div id=\"cmsms_row_69f16f5b9dbb5\" class=\"cmsms_row cmsms_color_scheme_default\">\n<div class=\"cmsms_row_outer_parent\">\n<div class=\"cmsms_row_outer\">\n<div class=\"cmsms_row_inner\">\n<div class=\"cmsms_row_margin\">\n<div class=\"cmsms_column one_first\">\n<div id=\"cmsms_divider_69f16f5b9dee2\" class=\"cl\"><\/div>\n<h1 id=\"cmsms_heading_69f16f5b9defa\" class=\"cmsms_heading\">Wynajem przyczepy gastronomicznej<\/h1><div class=\"content_slider_wrap\" style=\"max-width:px;\">\n<script type=\"text\/javascript\">jQuery(document).ready(function () { jQuery(\"#cmsms_slider_69f16f5b9df0f.content_slider\").owlCarousel( { singleItem : true, transitionStyle: false, rewindNav: false, rewindSpeed : 1000, slideSpeed : 600, autoHeight : true, paginationSpeed : \t600, autoPlay : false, pagination: false, navigationText : \t[ \"<span class=\\\"cmsms_prev_arrow\\\"><\/span>\", \"<span class=\\\"cmsms_next_arrow\\\"><\/span>\" ] } );} );<\/script>\n<div id=\"cmsms_slider_69f16f5b9df0f\" class=\"content_slider owl-carousel\">\n<div class=\"item\"><img loading=\"lazy\" decoding=\"async\" width=\"2000\" height=\"1500\" src=\"https:\/\/lcpr.pl\/zg\/wp-content\/uploads\/2024\/09\/przyczepa_gastronomiczna_01.jpg\" class=\"attachment-full size-full\" alt=\"\" srcset=\"https:\/\/lcpr.pl\/zg\/wp-content\/uploads\/2024\/09\/przyczepa_gastronomiczna_01.jpg 2000w, https:\/\/lcpr.pl\/zg\/wp-content\/uploads\/2024\/09\/przyczepa_gastronomiczna_01-300x225.jpg 300w, https:\/\/lcpr.pl\/zg\/wp-content\/uploads\/2024\/09\/przyczepa_gastronomiczna_01-1024x768.jpg 1024w, https:\/\/lcpr.pl\/zg\/wp-content\/uploads\/2024\/09\/przyczepa_gastronomiczna_01-768x576.jpg 768w, https:\/\/lcpr.pl\/zg\/wp-content\/uploads\/2024\/09\/przyczepa_gastronomiczna_01-1536x1152.jpg 1536w, https:\/\/lcpr.pl\/zg\/wp-content\/uploads\/2024\/09\/przyczepa_gastronomiczna_01-580x435.jpg 580w, https:\/\/lcpr.pl\/zg\/wp-content\/uploads\/2024\/09\/przyczepa_gastronomiczna_01-820x615.jpg 820w, https:\/\/lcpr.pl\/zg\/wp-content\/uploads\/2024\/09\/przyczepa_gastronomiczna_01-1160x870.jpg 1160w\" sizes=\"auto, (max-width: 2000px) 100vw, 2000px\" \/><\/div><\/div>\n<\/div>\n<div id=\"cmsms_divider_69f16f5b9e5bd\" class=\"cl\"><\/div>\n<div class=\"cmsms_text\">\n<p><span style=\"font-family: Arial, sans-serif;\"><span style=\"font-size: medium;\">Lubuskie Centrum Produktu Regionalnego w Zielonej G\u00f3rze zaprasza Pa\u0144stwa do wynajmu przyczepy gastronomicznej widocznej na zdj\u0119ciach, o wymiarach 6,3 x 2,5m posiadaj\u0105cej nast\u0119puj\u0105ce wyposa\u017cenie:<\/span><\/span><\/p>\n<ul type=\"DISC\">\n<li><span style=\"font-family: Arial, sans-serif;\"><span style=\"font-size: medium;\"><b>zewn\u0119trzne<br \/>\n<\/b><\/span><\/span><span style=\"font-family: Arial, sans-serif;\"><span style=\"font-size: medium;\">\u00a0&#8211; o\u015bwietlana klapa sprzeda\u017cowa otwierana za pomoc\u0105 si\u0142ownika elektrycznego<br \/>\n<\/span><\/span><span style=\"font-family: Arial, sans-serif;\"><span style=\"font-size: medium;\">\u00a0&#8211; blat zewn\u0119trzny<br \/>\n<\/span><\/span><span style=\"font-family: Arial, sans-serif;\"><span style=\"font-size: medium;\">\u00a0&#8211; drzwi wej\u015bciowe od strony dyszy<\/span><\/span><\/li>\n<li><span style=\"font-family: Arial, sans-serif;\"><span style=\"font-size: medium;\"><b>wewn\u0119trzne<br \/>\n<\/b><\/span><\/span><span style=\"font-family: Arial, sans-serif;\"><span style=\"font-size: medium;\">\u00a0&#8211; witryna ch\u0142odnicza<br \/>\n<\/span><\/span><span style=\"font-family: Arial, sans-serif;\"><span style=\"font-size: medium;\">\u00a0&#8211; szafa ch\u0142odnicza<br \/>\n<\/span><\/span><span style=\"font-family: Arial, sans-serif;\"><span style=\"font-size: medium;\">\u00a0&#8211; blat wydawczy<br \/>\n<\/span><\/span><span style=\"font-family: Arial, sans-serif;\"><span style=\"font-size: medium;\">\u00a0&#8211; zlewozmywak<br \/>\n<\/span><\/span><span style=\"font-family: Arial, sans-serif;\"><span style=\"font-size: medium;\">\u00a0&#8211; blat roboczy<br \/>\n<\/span><\/span><span style=\"font-family: Arial, sans-serif;\"><span style=\"font-size: medium;\">\u00a0&#8211; warnik<br \/>\n<\/span><\/span><span style=\"font-family: Arial, sans-serif;\"><span style=\"font-size: medium;\">\u00a0&#8211; kuchenka gazowa<br \/>\n<\/span><\/span><span style=\"font-family: Arial, sans-serif;\"><span style=\"font-size: medium;\">\u00a0&#8211; wentylator wyci\u0105gowy<br \/>\n<\/span><\/span><span style=\"font-family: Arial, sans-serif;\"><span style=\"font-size: medium;\">\u00a0&#8211; kufer na butl\u0119 gazow\u0105<br \/>\n<\/span><\/span><span style=\"font-family: Arial, sans-serif;\"><span style=\"font-size: medium;\">\u00a0&#8211; umywalka<br \/>\n<\/span><\/span><span style=\"font-family: Arial, sans-serif;\"><span style=\"font-size: medium;\">\u00a0&#8211; instalacja gazowa do pod\u0142\u0105czenia urz\u0105dzenia gazowego<br \/>\n<\/span><\/span><span style=\"font-family: Arial, sans-serif;\"><span style=\"font-size: medium;\">\u00a0&#8211; bemary z kranem spustowym<\/span><\/span><\/li>\n<\/ul>\n<ul type=\"DISC\">\n<li><span style=\"font-family: Arial, sans-serif;\"><span style=\"font-size: medium;\"><b>instalacja elektryczna<br \/>\n<\/b><\/span><\/span><span style=\"font-family: Arial, sans-serif;\"><span style=\"font-size: medium;\">\u00a0&#8211; skrzynia elektryczna z bezpiecznikiem r\u00f3\u017cnicowym<br \/>\n<\/span><\/span><span style=\"font-family: Arial, sans-serif;\"><span style=\"font-size: medium;\">\u00a0&#8211; gniazdo zewn\u0119trzne<br \/>\n<\/span><\/span><span style=\"font-family: Arial, sans-serif;\"><span style=\"font-size: medium;\">\u00a0&#8211; gniazda wewn\u0119trzne<br \/>\n<\/span><\/span><span style=\"font-family: Arial, sans-serif;\"><span style=\"font-size: medium;\">\u00a0&#8211; kabel zasilania<br \/>\n<\/span><\/span><span style=\"font-family: Arial, sans-serif;\"><span style=\"font-size: medium;\">\u00a0&#8211; lampy<\/span><\/span><\/li>\n<\/ul>\n<p><span style=\"font-family: Arial, sans-serif;\"><span style=\"font-size: medium;\">Przyczepa posiada mas\u0119 w\u0142asn\u0105 1820kg, dopuszczalna masa ca\u0142kowita 2600kg.<\/span><\/span><\/p>\n<p style=\"text-align: center;\"><span style=\"font-family: Arial, sans-serif;\"><span style=\"font-size: medium;\"><br \/>\n<strong>\u00a0Zainteresowanych wynajmem przyczepy zapraszamy do kontaktu:<br \/>\n<\/strong><\/span><\/span><span style=\"font-family: Arial, sans-serif;\"><span style=\"font-size: medium;\"><strong><br \/>\ne-mail<\/strong>: <a href=\"mailto:sekretariat@lcpr.pl\">sekretariat@lcpr.pl<\/a><br \/>\n<\/span><\/span><span style=\"font-family: Arial, sans-serif;\"><span style=\"font-size: medium;\"><strong>telefon<\/strong>: 68 326 74 01<\/span><\/span><\/p>\n<\/div>\n<\/div>\n<\/div>\n<\/div>\n<\/div>\n<\/div>\n<\/div>\n<div id=\"cmsms_row_69f16f5b9e867\" class=\"cmsms_row cmsms_color_scheme_default\">\n<div class=\"cmsms_row_outer_parent\">\n<div class=\"cmsms_row_outer\">\n<div class=\"cmsms_row_inner\">\n<div class=\"cmsms_row_margin\">\n<div class=\"cmsms_column one_first\">\n<div class=\"cmsms_gallery\" data-animation=\"fadeInUpBig\" data-delay=\"0\">\n<ul>\n<li class=\"one_third\"><figure><a target=\"_blank\" href=\"https:\/\/lcpr.pl\/zg\/wp-content\/uploads\/2024\/09\/przyczepa_gastronomiczna_06-1.jpg\"><img loading=\"lazy\" decoding=\"async\" width=\"2000\" height=\"1500\" src=\"https:\/\/lcpr.pl\/zg\/wp-content\/uploads\/2024\/09\/przyczepa_gastronomiczna_06-1.jpg\" class=\"attachment-full size-full\" alt=\"\" srcset=\"https:\/\/lcpr.pl\/zg\/wp-content\/uploads\/2024\/09\/przyczepa_gastronomiczna_06-1.jpg 2000w, https:\/\/lcpr.pl\/zg\/wp-content\/uploads\/2024\/09\/przyczepa_gastronomiczna_06-1-300x225.jpg 300w, https:\/\/lcpr.pl\/zg\/wp-content\/uploads\/2024\/09\/przyczepa_gastronomiczna_06-1-1024x768.jpg 1024w, https:\/\/lcpr.pl\/zg\/wp-content\/uploads\/2024\/09\/przyczepa_gastronomiczna_06-1-768x576.jpg 768w, https:\/\/lcpr.pl\/zg\/wp-content\/uploads\/2024\/09\/przyczepa_gastronomiczna_06-1-1536x1152.jpg 1536w, https:\/\/lcpr.pl\/zg\/wp-content\/uploads\/2024\/09\/przyczepa_gastronomiczna_06-1-580x435.jpg 580w, https:\/\/lcpr.pl\/zg\/wp-content\/uploads\/2024\/09\/przyczepa_gastronomiczna_06-1-820x615.jpg 820w, https:\/\/lcpr.pl\/zg\/wp-content\/uploads\/2024\/09\/przyczepa_gastronomiczna_06-1-1160x870.jpg 1160w\" sizes=\"auto, (max-width: 2000px) 100vw, 2000px\" \/><\/a><\/figure><\/li><li class=\"one_third\"><figure><a target=\"_blank\" href=\"https:\/\/lcpr.pl\/zg\/wp-content\/uploads\/2024\/09\/przyczepa_gastronomiczna_04.jpg\"><img loading=\"lazy\" decoding=\"async\" width=\"2000\" height=\"1500\" src=\"https:\/\/lcpr.pl\/zg\/wp-content\/uploads\/2024\/09\/przyczepa_gastronomiczna_04.jpg\" class=\"attachment-full size-full\" alt=\"\" srcset=\"https:\/\/lcpr.pl\/zg\/wp-content\/uploads\/2024\/09\/przyczepa_gastronomiczna_04.jpg 2000w, https:\/\/lcpr.pl\/zg\/wp-content\/uploads\/2024\/09\/przyczepa_gastronomiczna_04-300x225.jpg 300w, https:\/\/lcpr.pl\/zg\/wp-content\/uploads\/2024\/09\/przyczepa_gastronomiczna_04-1024x768.jpg 1024w, https:\/\/lcpr.pl\/zg\/wp-content\/uploads\/2024\/09\/przyczepa_gastronomiczna_04-768x576.jpg 768w, https:\/\/lcpr.pl\/zg\/wp-content\/uploads\/2024\/09\/przyczepa_gastronomiczna_04-1536x1152.jpg 1536w, https:\/\/lcpr.pl\/zg\/wp-content\/uploads\/2024\/09\/przyczepa_gastronomiczna_04-580x435.jpg 580w, https:\/\/lcpr.pl\/zg\/wp-content\/uploads\/2024\/09\/przyczepa_gastronomiczna_04-820x615.jpg 820w, https:\/\/lcpr.pl\/zg\/wp-content\/uploads\/2024\/09\/przyczepa_gastronomiczna_04-1160x870.jpg 1160w\" sizes=\"auto, (max-width: 2000px) 100vw, 2000px\" \/><\/a><\/figure><\/li><li class=\"one_third\"><figure><a target=\"_blank\" href=\"https:\/\/lcpr.pl\/zg\/wp-content\/uploads\/2024\/09\/przyczepa_gastronomiczna_05.jpg\"><img loading=\"lazy\" decoding=\"async\" width=\"2000\" height=\"1500\" src=\"https:\/\/lcpr.pl\/zg\/wp-content\/uploads\/2024\/09\/przyczepa_gastronomiczna_05.jpg\" class=\"attachment-full size-full\" alt=\"\" srcset=\"https:\/\/lcpr.pl\/zg\/wp-content\/uploads\/2024\/09\/przyczepa_gastronomiczna_05.jpg 2000w, https:\/\/lcpr.pl\/zg\/wp-content\/uploads\/2024\/09\/przyczepa_gastronomiczna_05-300x225.jpg 300w, https:\/\/lcpr.pl\/zg\/wp-content\/uploads\/2024\/09\/przyczepa_gastronomiczna_05-1024x768.jpg 1024w, https:\/\/lcpr.pl\/zg\/wp-content\/uploads\/2024\/09\/przyczepa_gastronomiczna_05-768x576.jpg 768w, https:\/\/lcpr.pl\/zg\/wp-content\/uploads\/2024\/09\/przyczepa_gastronomiczna_05-1536x1152.jpg 1536w, https:\/\/lcpr.pl\/zg\/wp-content\/uploads\/2024\/09\/przyczepa_gastronomiczna_05-580x435.jpg 580w, https:\/\/lcpr.pl\/zg\/wp-content\/uploads\/2024\/09\/przyczepa_gastronomiczna_05-820x615.jpg 820w, https:\/\/lcpr.pl\/zg\/wp-content\/uploads\/2024\/09\/przyczepa_gastronomiczna_05-1160x870.jpg 1160w\" sizes=\"auto, (max-width: 2000px) 100vw, 2000px\" \/><\/a><\/figure><\/li><li class=\"one_third\"><figure><a target=\"_blank\" href=\"https:\/\/lcpr.pl\/zg\/wp-content\/uploads\/2024\/09\/przyczepa_gastronomiczna_02.jpg\"><img loading=\"lazy\" decoding=\"async\" width=\"2000\" height=\"1500\" src=\"https:\/\/lcpr.pl\/zg\/wp-content\/uploads\/2024\/09\/przyczepa_gastronomiczna_02.jpg\" class=\"attachment-full size-full\" alt=\"\" srcset=\"https:\/\/lcpr.pl\/zg\/wp-content\/uploads\/2024\/09\/przyczepa_gastronomiczna_02.jpg 2000w, https:\/\/lcpr.pl\/zg\/wp-content\/uploads\/2024\/09\/przyczepa_gastronomiczna_02-300x225.jpg 300w, https:\/\/lcpr.pl\/zg\/wp-content\/uploads\/2024\/09\/przyczepa_gastronomiczna_02-1024x768.jpg 1024w, https:\/\/lcpr.pl\/zg\/wp-content\/uploads\/2024\/09\/przyczepa_gastronomiczna_02-768x576.jpg 768w, https:\/\/lcpr.pl\/zg\/wp-content\/uploads\/2024\/09\/przyczepa_gastronomiczna_02-1536x1152.jpg 1536w, https:\/\/lcpr.pl\/zg\/wp-content\/uploads\/2024\/09\/przyczepa_gastronomiczna_02-580x435.jpg 580w, https:\/\/lcpr.pl\/zg\/wp-content\/uploads\/2024\/09\/przyczepa_gastronomiczna_02-820x615.jpg 820w, https:\/\/lcpr.pl\/zg\/wp-content\/uploads\/2024\/09\/przyczepa_gastronomiczna_02-1160x870.jpg 1160w\" sizes=\"auto, (max-width: 2000px) 100vw, 2000px\" \/><\/a><\/figure><\/li><li class=\"one_third\"><figure><a target=\"_blank\" href=\"https:\/\/lcpr.pl\/zg\/wp-content\/uploads\/2024\/09\/przyczepa_gastronomiczna_03.jpg\"><img loading=\"lazy\" decoding=\"async\" width=\"2000\" height=\"1500\" src=\"https:\/\/lcpr.pl\/zg\/wp-content\/uploads\/2024\/09\/przyczepa_gastronomiczna_03.jpg\" class=\"attachment-full size-full\" alt=\"\" srcset=\"https:\/\/lcpr.pl\/zg\/wp-content\/uploads\/2024\/09\/przyczepa_gastronomiczna_03.jpg 2000w, https:\/\/lcpr.pl\/zg\/wp-content\/uploads\/2024\/09\/przyczepa_gastronomiczna_03-300x225.jpg 300w, https:\/\/lcpr.pl\/zg\/wp-content\/uploads\/2024\/09\/przyczepa_gastronomiczna_03-1024x768.jpg 1024w, https:\/\/lcpr.pl\/zg\/wp-content\/uploads\/2024\/09\/przyczepa_gastronomiczna_03-768x576.jpg 768w, https:\/\/lcpr.pl\/zg\/wp-content\/uploads\/2024\/09\/przyczepa_gastronomiczna_03-1536x1152.jpg 1536w, https:\/\/lcpr.pl\/zg\/wp-content\/uploads\/2024\/09\/przyczepa_gastronomiczna_03-580x435.jpg 580w, https:\/\/lcpr.pl\/zg\/wp-content\/uploads\/2024\/09\/przyczepa_gastronomiczna_03-820x615.jpg 820w, https:\/\/lcpr.pl\/zg\/wp-content\/uploads\/2024\/09\/przyczepa_gastronomiczna_03-1160x870.jpg 1160w\" sizes=\"auto, (max-width: 2000px) 100vw, 2000px\" \/><\/a><\/figure><\/li><\/ul>\n<\/div>\n<\/div>\n<\/div>\n<\/div>\n<\/div>\n<\/div>\n<\/div>\n\n","protected":false},"excerpt":{"rendered":"","protected":false},"author":4,"featured_media":12624,"parent":0,"menu_order":0,"comment_status":"closed","ping_status":"closed","template":"","meta":{"footnotes":""},"class_list":["post-12615","page","type-page","status-publish","has-post-thumbnail","hentry"],"_links":{"self":[{"href":"https:\/\/lcpr.pl\/zg\/wp-json\/wp\/v2\/pages\/12615","targetHints":{"allow":["GET"]}}],"collection":[{"href":"https:\/\/lcpr.pl\/zg\/wp-json\/wp\/v2\/pages"}],"about":[{"href":"https:\/\/lcpr.pl\/zg\/wp-json\/wp\/v2\/types\/page"}],"author":[{"embeddable":true,"href":"https:\/\/lcpr.pl\/zg\/wp-json\/wp\/v2\/users\/4"}],"replies":[{"embeddable":true,"href":"https:\/\/lcpr.pl\/zg\/wp-json\/wp\/v2\/comments?post=12615"}],"version-history":[{"count":30,"href":"https:\/\/lcpr.pl\/zg\/wp-json\/wp\/v2\/pages\/12615\/revisions"}],"predecessor-version":[{"id":12660,"href":"https:\/\/lcpr.pl\/zg\/wp-json\/wp\/v2\/pages\/12615\/revisions\/12660"}],"wp:featuredmedia":[{"embeddable":true,"href":"https:\/\/lcpr.pl\/zg\/wp-json\/wp\/v2\/media\/12624"}],"wp:attachment":[{"href":"https:\/\/lcpr.pl\/zg\/wp-json\/wp\/v2\/media?parent=12615"}],"curies":[{"name":"wp","href":"https:\/\/api.w.org\/{rel}","templated":true}]}}