{"id":12459,"date":"2024-09-08T21:25:49","date_gmt":"2024-09-08T19:25:49","guid":{"rendered":"https:\/\/lcpr.pl\/zg\/?page_id=12459"},"modified":"2024-09-09T10:01:27","modified_gmt":"2024-09-09T08:01:27","slug":"projekt-ue","status":"publish","type":"page","link":"https:\/\/lcpr.pl\/zg\/projekt-ue\/","title":{"rendered":"Projekt UE"},"content":{"rendered":"<style type=\"text\/css\"><\/style>\n<figure class=\"wp-block-image size-full is-resized\"><img decoding=\"async\" src=\"https:\/\/lcpr.pl\/zg\/wp-content\/uploads\/2024\/09\/logotypy.png\" alt=\"\" class=\"wp-image-12461\" style=\"width:970px;height:auto\"\/><\/figure>\n\n\n\n<div style=\"height:20px\" aria-hidden=\"true\" class=\"wp-block-spacer\"><\/div>\n\n\n\n<p class=\"has-color-1-color has-text-color has-link-color wp-elements-54e1e427c73756ac8615da6535352471\">Lubuskie Centrum Produktu Regionalnego w Zielonej G\u00f3rze od 2024 roku realizuje projekt pn. <em><strong>Promocja gospodarcza wojew\u00f3dztwa lubuskiego poprzez organizacj\u0119 i udzia\u0142 w krajowych i zagranicznych misjach gospodarczych \u2013 trzecia edycja<\/strong><\/em> wsp\u00f3\u0142finansowany ze \u015brodk\u00f3w Unii Europejskiej (Funduszy Europejskich) w ramach programu Fundusze Europejskie dla Lubuskiego 2021-2027, priorytet Fundusze Europejskie dla lubuskiej gospodarki, dzia\u0142anie Rozw\u00f3j przedsi\u0119biorczo\u015bci \u2013 dotacje.<\/p>\n\n\n\n<p class=\"has-color-1-color has-text-color has-link-color wp-elements-b9c77d6336b83fe57b3bc0b2292eee9f\">Projekt b\u0119dzie obejmowa\u0142 4 zadania.<\/p>\n\n\n\n<p class=\"has-color-1-color has-text-color has-link-color wp-elements-ddff46aa6bced742d6238b4ec3150739\">Przedmiotem pierwszych trzech b\u0119dzie organizacja wyjazdowych misji gospodarczych. Misje b\u0119d\u0105 przygotowywane etapami od rekrutacji poprzez realizacj\u0119 zadania do jego zako\u0144czenia. Podczas jednej z misji w trakcie trwania trag\u00f3w bran\u017cowych zostanie zorganizowane stoisko wystawiennicze promocyjno-informacyjne, kt\u00f3rego podmiotem s\u0105 lubuscy przedsi\u0119biorcy bran\u017cy spo\u017cywczej, HORECA i e-commerce.<\/p>\n\n\n\n<p class=\"has-color-1-color has-text-color has-link-color wp-elements-95f8b25185f1e356e58b1143ae3ff8d1\">Zadanie 4 b\u0119dzie polega\u0142o na przygotowaniu katalogu promocyjno-informacyjnego nt. lubuskich przedsi\u0119biorc\u00f3w M\u015aP oraz potencja\u0142u rynku gospodarczo-ekonomicznego bran\u017cy spo\u017cywczej i bran\u017c pochodnych Wojew\u00f3dztwa Lubuskiego.<\/p>\n\n\n\n<p class=\"has-color-1-color has-text-color has-link-color wp-elements-8afba4cb4b47261cc0f5fc02004ae06f\">Beneficjent dodatkowo przeprowadzi kampani\u0119 promocyjn\u0105 wydania katalogu, np. w mediach spo\u0142eczno\u015bciowych, prasie i za po\u015brednictwem instytucji wsp\u00f3\u0142pracuj\u0105cych z jednostk\u0105.<\/p>\n\n\n\n<p class=\"has-color-1-color has-text-color has-link-color wp-elements-6c718c691cfd62e68dffa635b693a4d3\">Realizacja projektu przyczyni si\u0119 do promocji lubuskich przedsi\u0119biorstw M\u015aP na wielu p\u0142aszczyznach gospodarczych oraz promocji regionu jako miejsca przyjaznego do inwestowania i atrakcyjnego turystycznie. Promocja regionu jako miejsca przyjaznego dla inwestycji spowoduje zintensyfikowanie wsp\u00f3\u0142pracy gospodarczej oraz wzrost wymiany handlowej pomi\u0119dzy przedsi\u0119biorcami M\u015aP oraz wp\u0142ynie zdecydowanie na wzrost inwestycyjnej atrakcyjno\u015bci regionu.<\/p>\n\n\n\n<p class=\"has-color-1-color has-text-color has-link-color wp-elements-96d6199fc8f1eb54de0faf224b59c1d4\">Efektem wsparcia b\u0119dzie tak\u017ce zwi\u0119kszenie skali dzia\u0142alno\u015bci gospodarczej oraz nawi\u0105zanie przez grupy przedsi\u0119biorstw M\u015aP trwa\u0142ych kontakt\u00f3w, co prze\u0142o\u017cy si\u0119 za wzrost gospodarczy regionu na rynki europejskie. Realizacja projektu przyczyni si\u0119 r\u00f3wnie\u017c do podejmowania dalszych inwestycji w przedsi\u0119biorstwach M\u015aP.<br><br>#FunduszeUE #Fundusze Europejskie<\/p>\n\n\n\n<p class=\"has-color-1-color has-text-color has-link-color wp-elements-00f22b21641dd946a5462ed412c4fb75\"><br>Warto\u015b\u0107 projektu: 1&nbsp;747&nbsp;392,00 z\u0142<br>Wysoko\u015b\u0107 wk\u0142adu z Funduszy Europejskich: 1&nbsp;499&nbsp;999,98 z\u0142<\/p>\n","protected":false},"excerpt":{"rendered":"<p>Lubuskie Centrum Produktu Regionalnego w Zielonej G\u00f3rze od 2024 roku realizuje projekt pn. Promocja gospodarcza wojew\u00f3dztwa lubuskiego poprzez organizacj\u0119 i udzia\u0142 w krajowych i zagranicznych misjach gospodarczych \u2013 trzecia edycja wsp\u00f3\u0142finansowany ze \u015brodk\u00f3w Unii Europejskiej (Funduszy Europejskich) w ramach programu Fundusze Europejskie dla Lubuskiego 2021-2027, priorytet Fundusze Europejskie dla lubuskiej gospodarki, dzia\u0142anie Rozw\u00f3j przedsi\u0119biorczo\u015bci \u2013&#8230;<\/p>\n","protected":false},"author":4,"featured_media":0,"parent":0,"menu_order":0,"comment_status":"closed","ping_status":"closed","template":"","meta":{"footnotes":""},"class_list":["post-12459","page","type-page","status-publish","hentry"],"_links":{"self":[{"href":"https:\/\/lcpr.pl\/zg\/wp-json\/wp\/v2\/pages\/12459","targetHints":{"allow":["GET"]}}],"collection":[{"href":"https:\/\/lcpr.pl\/zg\/wp-json\/wp\/v2\/pages"}],"about":[{"href":"https:\/\/lcpr.pl\/zg\/wp-json\/wp\/v2\/types\/page"}],"author":[{"embeddable":true,"href":"https:\/\/lcpr.pl\/zg\/wp-json\/wp\/v2\/users\/4"}],"replies":[{"embeddable":true,"href":"https:\/\/lcpr.pl\/zg\/wp-json\/wp\/v2\/comments?post=12459"}],"version-history":[{"count":5,"href":"https:\/\/lcpr.pl\/zg\/wp-json\/wp\/v2\/pages\/12459\/revisions"}],"predecessor-version":[{"id":12467,"href":"https:\/\/lcpr.pl\/zg\/wp-json\/wp\/v2\/pages\/12459\/revisions\/12467"}],"wp:attachment":[{"href":"https:\/\/lcpr.pl\/zg\/wp-json\/wp\/v2\/media?parent=12459"}],"curies":[{"name":"wp","href":"https:\/\/api.w.org\/{rel}","templated":true}]}}