{"id":10783,"date":"2024-05-21T08:01:31","date_gmt":"2024-05-21T06:01:31","guid":{"rendered":"https:\/\/lcpr.pl\/zg\/?page_id=10783"},"modified":"2024-05-21T08:02:09","modified_gmt":"2024-05-21T06:02:09","slug":"warsztaty-2024","status":"publish","type":"page","link":"https:\/\/lcpr.pl\/zg\/warsztaty-z-producentami\/warsztaty-2024\/","title":{"rendered":"Warsztaty 2024"},"content":{"rendered":"<style type=\"text\/css\"> \n#cmsms_row_69f17d60ba679 .cmsms_row_outer_parent { \n\tpadding-top: 0px; \n} \n\n#cmsms_row_69f17d60ba679 .cmsms_row_outer_parent { \n\tpadding-bottom: 50px; \n} \n\n<\/style><div id=\"cmsms_row_69f17d60ba679\" class=\"cmsms_row cmsms_color_scheme_default\">\n<div class=\"cmsms_row_outer_parent\">\n<div class=\"cmsms_row_outer\">\n<div class=\"cmsms_row_inner\">\n<div class=\"cmsms_row_margin\">\n<div class=\"cmsms_column one_first\">\n<div class=\"cmsms_wrap_blog entry-summary\" id=\"blog_69f17d60ba6df\"><script type=\"text\/javascript\">\r\njQuery(document).ready(function () {\r\n\t(function ($) {\r\n\t\tif ($('#blog_69f17d60ba6df').find('article').length == '0') {\r\n\t\t\treturn false;\r\n\t\t}\r\n\t\t\r\n\t\r\n\t\tstartBlog( \r\n\t\t\t'69f17d60ba6df', \r\n\t\t\t'columns', \r\n\t\t\t'grid', \r\n\t\t\t'https:\/\/lcpr.pl\/zg\/wp-content\/plugins\/cmsms-content-composer\/', \r\n\t\t\t'date', \r\n\t\t\t'DESC', \r\n\t\t\t'32', \r\n\t\t\t'warsztaty-2024', \r\n\t\t\t'date,more' \r\n\t\t);\r\n\t} )(jQuery);\r\n} );\r\n<\/script>\r\n<div class=\"blog columns grid cmsms_4\">\r\n<!--_________________________ Start Standard Article _________________________ -->\r\n\r\n<article id=\"post-13383\" class=\"cmsms_post_masonry post-13383 post type-post status-publish format-standard has-post-thumbnail hentry category-aktualnosci category-warsztaty-2024\" data-category=\"aktualnosci warsztaty-2024\">\r\n\t<span class=\"cmsms_post_format_img  cmsms-icon-desktop-3\"><\/span>\r\n\t<div class=\"cmsms_post_cont\">\r\n\t<figure><a href=\"https:\/\/lcpr.pl\/zg\/2024\/12\/27\/podsumowanie-warsztatow\/\" title=\"Podsumowanie warsztat\u00f3w\" class=\"cmsms_img_link preloader\"><img loading=\"lazy\" decoding=\"async\" width=\"580\" height=\"390\" src=\"https:\/\/lcpr.pl\/zg\/wp-content\/uploads\/2024\/12\/PODSUMOWANIE-WARSZTATOW-2024-e1768562737910-580x390.jpg\" class=\"full-width wp-post-image\" alt=\"Podsumowanie warsztat\u00f3w\" title=\"Podsumowanie warsztat\u00f3w\" \/><\/a><\/figure><header class=\"cmsms_post_header entry-header\"><h2 class=\"cmsms_post_title entry-title\"><a href=\"https:\/\/lcpr.pl\/zg\/2024\/12\/27\/podsumowanie-warsztatow\/\">Podsumowanie warsztat\u00f3w<\/a><\/h2><\/header><div class=\"cmsms_post_content entry-content\">\n<\/div>\n<footer class=\"cmsms_post_footer entry-meta tar\"><div class=\"cmsms_post_meta_info\"><abbr class=\"published cmsms_post_date cmsms-icon-calendar-8\" title=\"2024-12-27\">2024-12-27<\/abbr><abbr class=\"dn date updated\" title=\"2024-12-27\">2024-12-27<\/abbr><\/div><a class=\"button cmsms_post_read_more\" href=\"https:\/\/lcpr.pl\/zg\/2024\/12\/27\/podsumowanie-warsztatow\/\">Wi\u0119cej informacji<\/a><\/footer>\t<\/div>\r\n<\/article>\r\n<!--_________________________ Finish Standard Article _________________________ -->\r\n\r\n\r\n<!--_________________________ Start Standard Article _________________________ -->\r\n\r\n<article id=\"post-12602\" class=\"cmsms_post_masonry post-12602 post type-post status-publish format-standard has-post-thumbnail hentry category-warsztaty-2024\" data-category=\"warsztaty-2024\">\r\n\t<span class=\"cmsms_post_format_img  cmsms-icon-desktop-3\"><\/span>\r\n\t<div class=\"cmsms_post_cont\">\r\n\t<figure><a href=\"https:\/\/lcpr.pl\/zg\/2024\/09\/23\/warsztaty-29-09-2024-iii-tura\/\" title=\"Warsztaty 29-09-2024 III tura &#8211; godz. 13:00\" class=\"cmsms_img_link preloader\"><img loading=\"lazy\" decoding=\"async\" width=\"580\" height=\"390\" src=\"https:\/\/lcpr.pl\/zg\/wp-content\/uploads\/2024\/09\/pizza-580x390.jpg\" class=\"full-width wp-post-image\" alt=\"Warsztaty 29-09-2024 III tura &#8211; godz. 13:00\" title=\"Warsztaty 29-09-2024 III tura &#8211; godz. 13:00\" \/><\/a><\/figure><header class=\"cmsms_post_header entry-header\"><h2 class=\"cmsms_post_title entry-title\"><a href=\"https:\/\/lcpr.pl\/zg\/2024\/09\/23\/warsztaty-29-09-2024-iii-tura\/\">Warsztaty 29-09-2024 III tura &#8211; godz. 13:00<\/a><\/h2><\/header><div class=\"cmsms_post_content entry-content\">\n<p>Zapraszamy na zapisy na\u00a0darmowe warsztaty, kt\u00f3re odb\u0119d\u0105 si\u0119 29 wrze\u015bnia 2024 roku na Twoim Zielonym Targu Ochla \u2013 Muzealna 5, Zielona G\u00f3ra. Temat warsztat\u00f3w:\u00a0\u201eLubuska Pizza z Dusz\u0105\u201d.<br \/>\nTermin warsztat\u00f3w:\u00a029.09.2024 r. godzina:\u00a013:00<\/p>\n<\/div>\n<footer class=\"cmsms_post_footer entry-meta tar\"><div class=\"cmsms_post_meta_info\"><abbr class=\"published cmsms_post_date cmsms-icon-calendar-8\" title=\"2024-09-23\">2024-09-23<\/abbr><abbr class=\"dn date updated\" title=\"2024-10-23\">2024-10-23<\/abbr><\/div><a class=\"button cmsms_post_read_more\" href=\"https:\/\/lcpr.pl\/zg\/2024\/09\/23\/warsztaty-29-09-2024-iii-tura\/\">Wi\u0119cej informacji<\/a><\/footer>\t<\/div>\r\n<\/article>\r\n<!--_________________________ Finish Standard Article _________________________ -->\r\n\r\n\r\n<!--_________________________ Start Standard Article _________________________ -->\r\n\r\n<article id=\"post-12598\" class=\"cmsms_post_masonry post-12598 post type-post status-publish format-standard has-post-thumbnail hentry category-warsztaty-2024\" data-category=\"warsztaty-2024\">\r\n\t<span class=\"cmsms_post_format_img  cmsms-icon-desktop-3\"><\/span>\r\n\t<div class=\"cmsms_post_cont\">\r\n\t<figure><a href=\"https:\/\/lcpr.pl\/zg\/2024\/09\/23\/warsztaty-29-09-2024-ii-tura\/\" title=\"Warsztaty 29-09-2024 II tura &#8211; godz. 11:30\" class=\"cmsms_img_link preloader\"><img loading=\"lazy\" decoding=\"async\" width=\"580\" height=\"390\" src=\"https:\/\/lcpr.pl\/zg\/wp-content\/uploads\/2024\/09\/pizza-580x390.jpg\" class=\"full-width wp-post-image\" alt=\"Warsztaty 29-09-2024 II tura &#8211; godz. 11:30\" title=\"Warsztaty 29-09-2024 II tura &#8211; godz. 11:30\" \/><\/a><\/figure><header class=\"cmsms_post_header entry-header\"><h2 class=\"cmsms_post_title entry-title\"><a href=\"https:\/\/lcpr.pl\/zg\/2024\/09\/23\/warsztaty-29-09-2024-ii-tura\/\">Warsztaty 29-09-2024 II tura &#8211; godz. 11:30<\/a><\/h2><\/header><div class=\"cmsms_post_content entry-content\">\n<p>Zapraszamy na zapisy na\u00a0darmowe warsztaty, kt\u00f3re odb\u0119d\u0105 si\u0119 29 wrze\u015bnia 2024 roku na Twoim Zielonym Targu Ochla \u2013 Muzealna 5, Zielona G\u00f3ra. Temat warsztat\u00f3w:\u00a0\u201eLubuska Pizza z Dusz\u0105\u201d.<br \/>\nTermin warsztat\u00f3w:\u00a029.09.2024 r. godzina:\u00a011:30<\/p>\n<\/div>\n<footer class=\"cmsms_post_footer entry-meta tar\"><div class=\"cmsms_post_meta_info\"><abbr class=\"published cmsms_post_date cmsms-icon-calendar-8\" title=\"2024-09-23\">2024-09-23<\/abbr><abbr class=\"dn date updated\" title=\"2024-10-23\">2024-10-23<\/abbr><\/div><a class=\"button cmsms_post_read_more\" href=\"https:\/\/lcpr.pl\/zg\/2024\/09\/23\/warsztaty-29-09-2024-ii-tura\/\">Wi\u0119cej informacji<\/a><\/footer>\t<\/div>\r\n<\/article>\r\n<!--_________________________ Finish Standard Article _________________________ -->\r\n\r\n\r\n<!--_________________________ Start Standard Article _________________________ -->\r\n\r\n<article id=\"post-12587\" class=\"cmsms_post_masonry post-12587 post type-post status-publish format-standard has-post-thumbnail hentry category-warsztaty-2024\" data-category=\"warsztaty-2024\">\r\n\t<span class=\"cmsms_post_format_img  cmsms-icon-desktop-3\"><\/span>\r\n\t<div class=\"cmsms_post_cont\">\r\n\t<figure><a href=\"https:\/\/lcpr.pl\/zg\/2024\/09\/23\/warsztaty-29-09-2024-i-tura\/\" title=\"Warsztaty 29-09-2024 I tura &#8211; godz. 10:00\" class=\"cmsms_img_link preloader\"><img loading=\"lazy\" decoding=\"async\" width=\"580\" height=\"390\" src=\"https:\/\/lcpr.pl\/zg\/wp-content\/uploads\/2024\/09\/pizza-580x390.jpg\" class=\"full-width wp-post-image\" alt=\"Warsztaty 29-09-2024 I tura &#8211; godz. 10:00\" title=\"Warsztaty 29-09-2024 I tura &#8211; godz. 10:00\" \/><\/a><\/figure><header class=\"cmsms_post_header entry-header\"><h2 class=\"cmsms_post_title entry-title\"><a href=\"https:\/\/lcpr.pl\/zg\/2024\/09\/23\/warsztaty-29-09-2024-i-tura\/\">Warsztaty 29-09-2024 I tura &#8211; godz. 10:00<\/a><\/h2><\/header><div class=\"cmsms_post_content entry-content\">\n<p>Zapraszamy na zapisy na\u00a0darmowe warsztaty, kt\u00f3re odb\u0119d\u0105 si\u0119 29 wrze\u015bnia 2024 roku na Twoim Zielonym Targu Ochla \u2013 Muzealna 5, Zielona G\u00f3ra. Temat warsztat\u00f3w:\u00a0\u201eLubuska Pizza z Dusz\u0105\u201d.<br \/>\nTermin warsztat\u00f3w:\u00a029.09.2024 r. godzina:\u00a010:00<\/p>\n<\/div>\n<footer class=\"cmsms_post_footer entry-meta tar\"><div class=\"cmsms_post_meta_info\"><abbr class=\"published cmsms_post_date cmsms-icon-calendar-8\" title=\"2024-09-23\">2024-09-23<\/abbr><abbr class=\"dn date updated\" title=\"2024-10-23\">2024-10-23<\/abbr><\/div><a class=\"button cmsms_post_read_more\" href=\"https:\/\/lcpr.pl\/zg\/2024\/09\/23\/warsztaty-29-09-2024-i-tura\/\">Wi\u0119cej informacji<\/a><\/footer>\t<\/div>\r\n<\/article>\r\n<!--_________________________ Finish Standard Article _________________________ -->\r\n\r\n\r\n<!--_________________________ Start Standard Article _________________________ -->\r\n\r\n<article id=\"post-12311\" class=\"cmsms_post_masonry post-12311 post type-post status-publish format-standard has-post-thumbnail hentry category-warsztaty-2024\" data-category=\"warsztaty-2024\">\r\n\t<span class=\"cmsms_post_format_img  cmsms-icon-desktop-3\"><\/span>\r\n\t<div class=\"cmsms_post_cont\">\r\n\t<figure><a href=\"https:\/\/lcpr.pl\/zg\/2024\/08\/28\/warsztaty-01-09-2024-godz-1300\/\" title=\"Warsztaty 01.09.2024 &#8211; godz. 13:00\" class=\"cmsms_img_link preloader\"><img loading=\"lazy\" decoding=\"async\" width=\"580\" height=\"390\" src=\"https:\/\/lcpr.pl\/zg\/wp-content\/uploads\/2024\/08\/PLAKAT-WARSZTATY-URODZINY-TZT-RGB-580x390.jpg\" class=\"full-width wp-post-image\" alt=\"Warsztaty 01.09.2024 &#8211; godz. 13:00\" title=\"Warsztaty 01.09.2024 &#8211; godz. 13:00\" \/><\/a><\/figure><header class=\"cmsms_post_header entry-header\"><h2 class=\"cmsms_post_title entry-title\"><a href=\"https:\/\/lcpr.pl\/zg\/2024\/08\/28\/warsztaty-01-09-2024-godz-1300\/\">Warsztaty 01.09.2024 &#8211; godz. 13:00<\/a><\/h2><\/header><div class=\"cmsms_post_content entry-content\">\n<p>Zapraszamy na zapisy na\u00a0darmowe warsztaty, kt\u00f3re odb\u0119d\u0105 si\u0119 01 wrze\u015bnia 2024 roku na Twoim Zielonym Targu Ochla \u2013 Muzealna 5, Zielona G\u00f3ra. Temat warsztat\u00f3w:\u00a0\u201eTorby pe\u0142ne kolor\u00f3w\u201d.<br \/>\nTermin warsztat\u00f3w:\u00a001.09.2024 r. godzina:\u00a013:00<\/p>\n<\/div>\n<footer class=\"cmsms_post_footer entry-meta tar\"><div class=\"cmsms_post_meta_info\"><abbr class=\"published cmsms_post_date cmsms-icon-calendar-8\" title=\"2024-08-28\">2024-08-28<\/abbr><abbr class=\"dn date updated\" title=\"2024-10-23\">2024-10-23<\/abbr><\/div><a class=\"button cmsms_post_read_more\" href=\"https:\/\/lcpr.pl\/zg\/2024\/08\/28\/warsztaty-01-09-2024-godz-1300\/\">Wi\u0119cej informacji<\/a><\/footer>\t<\/div>\r\n<\/article>\r\n<!--_________________________ Finish Standard Article _________________________ -->\r\n\r\n\r\n<!--_________________________ Start Standard Article _________________________ -->\r\n\r\n<article id=\"post-11999\" class=\"cmsms_post_masonry post-11999 post type-post status-publish format-standard has-post-thumbnail hentry category-warsztaty-2024\" data-category=\"warsztaty-2024\">\r\n\t<span class=\"cmsms_post_format_img  cmsms-icon-desktop-3\"><\/span>\r\n\t<div class=\"cmsms_post_cont\">\r\n\t<figure><a href=\"https:\/\/lcpr.pl\/zg\/2024\/07\/24\/warsztaty-28-07-2024-3\/\" title=\"Warsztaty 28-07-2024 III tura &#8211; godz. 13:00\" class=\"cmsms_img_link preloader\"><img loading=\"lazy\" decoding=\"async\" width=\"580\" height=\"390\" src=\"https:\/\/lcpr.pl\/zg\/wp-content\/uploads\/2024\/07\/plakat-warsztaty-buraki-580x390.jpg\" class=\"full-width wp-post-image\" alt=\"Warsztaty 28-07-2024 III tura &#8211; godz. 13:00\" title=\"Warsztaty 28-07-2024 III tura &#8211; godz. 13:00\" \/><\/a><\/figure><header class=\"cmsms_post_header entry-header\"><h2 class=\"cmsms_post_title entry-title\"><a href=\"https:\/\/lcpr.pl\/zg\/2024\/07\/24\/warsztaty-28-07-2024-3\/\">Warsztaty 28-07-2024 III tura &#8211; godz. 13:00<\/a><\/h2><\/header><div class=\"cmsms_post_content entry-content\">\n<p>Zapraszamy na zapisy na\u00a0darmowe warsztaty, kt\u00f3re odb\u0119d\u0105 si\u0119 28 lipca 2024 roku na Twoim Zielonym Targu Ochla \u2013 Muzealna 5, Zielona G\u00f3ra. Temat warsztat\u00f3w:\u00a0\u201e3 sposoby na buraki\u201d.<br \/>\nTermin warsztat\u00f3w:\u00a028.07.2024 r. godzina:\u00a013:00<\/p>\n<\/div>\n<footer class=\"cmsms_post_footer entry-meta tar\"><div class=\"cmsms_post_meta_info\"><abbr class=\"published cmsms_post_date cmsms-icon-calendar-8\" title=\"2024-07-24\">2024-07-24<\/abbr><abbr class=\"dn date updated\" title=\"2024-08-28\">2024-08-28<\/abbr><\/div><a class=\"button cmsms_post_read_more\" href=\"https:\/\/lcpr.pl\/zg\/2024\/07\/24\/warsztaty-28-07-2024-3\/\">Wi\u0119cej informacji<\/a><\/footer>\t<\/div>\r\n<\/article>\r\n<!--_________________________ Finish Standard Article _________________________ -->\r\n\r\n\r\n<!--_________________________ Start Standard Article _________________________ -->\r\n\r\n<article id=\"post-11995\" class=\"cmsms_post_masonry post-11995 post type-post status-publish format-standard has-post-thumbnail hentry category-warsztaty-2024\" data-category=\"warsztaty-2024\">\r\n\t<span class=\"cmsms_post_format_img  cmsms-icon-desktop-3\"><\/span>\r\n\t<div class=\"cmsms_post_cont\">\r\n\t<figure><a href=\"https:\/\/lcpr.pl\/zg\/2024\/07\/24\/warsztaty-28-07-2024-2\/\" title=\"Warsztaty 28-07-2024 II tura &#8211; godz. 11:30\" class=\"cmsms_img_link preloader\"><img loading=\"lazy\" decoding=\"async\" width=\"580\" height=\"390\" src=\"https:\/\/lcpr.pl\/zg\/wp-content\/uploads\/2024\/07\/plakat-warsztaty-buraki-580x390.jpg\" class=\"full-width wp-post-image\" alt=\"Warsztaty 28-07-2024 II tura &#8211; godz. 11:30\" title=\"Warsztaty 28-07-2024 II tura &#8211; godz. 11:30\" \/><\/a><\/figure><header class=\"cmsms_post_header entry-header\"><h2 class=\"cmsms_post_title entry-title\"><a href=\"https:\/\/lcpr.pl\/zg\/2024\/07\/24\/warsztaty-28-07-2024-2\/\">Warsztaty 28-07-2024 II tura &#8211; godz. 11:30<\/a><\/h2><\/header><div class=\"cmsms_post_content entry-content\">\n<p>Zapraszamy na zapisy na\u00a0darmowe warsztaty, kt\u00f3re odb\u0119d\u0105 si\u0119 28 lipca 2024 roku na Twoim Zielonym Targu Ochla \u2013 Muzealna 5, Zielona G\u00f3ra. Temat warsztat\u00f3w:\u00a0\u201e3 sposoby na buraki\u201d.<br \/>\nTermin warsztat\u00f3w:\u00a028.07.2024 r. godzina:\u00a011:30<\/p>\n<\/div>\n<footer class=\"cmsms_post_footer entry-meta tar\"><div class=\"cmsms_post_meta_info\"><abbr class=\"published cmsms_post_date cmsms-icon-calendar-8\" title=\"2024-07-24\">2024-07-24<\/abbr><abbr class=\"dn date updated\" title=\"2024-08-28\">2024-08-28<\/abbr><\/div><a class=\"button cmsms_post_read_more\" href=\"https:\/\/lcpr.pl\/zg\/2024\/07\/24\/warsztaty-28-07-2024-2\/\">Wi\u0119cej informacji<\/a><\/footer>\t<\/div>\r\n<\/article>\r\n<!--_________________________ Finish Standard Article _________________________ -->\r\n\r\n\r\n<!--_________________________ Start Standard Article _________________________ -->\r\n\r\n<article id=\"post-11981\" class=\"cmsms_post_masonry post-11981 post type-post status-publish format-standard has-post-thumbnail hentry category-warsztaty-2024\" data-category=\"warsztaty-2024\">\r\n\t<span class=\"cmsms_post_format_img  cmsms-icon-desktop-3\"><\/span>\r\n\t<div class=\"cmsms_post_cont\">\r\n\t<figure><a href=\"https:\/\/lcpr.pl\/zg\/2024\/07\/24\/warsztaty-28-07-2024-i-tura-godz-1000\/\" title=\"Warsztaty 28-07-2024 I tura &#8211; godz. 10:00\" class=\"cmsms_img_link preloader\"><img loading=\"lazy\" decoding=\"async\" width=\"580\" height=\"390\" src=\"https:\/\/lcpr.pl\/zg\/wp-content\/uploads\/2024\/07\/plakat-warsztaty-buraki-580x390.jpg\" class=\"full-width wp-post-image\" alt=\"Warsztaty 28-07-2024 I tura &#8211; godz. 10:00\" title=\"Warsztaty 28-07-2024 I tura &#8211; godz. 10:00\" \/><\/a><\/figure><header class=\"cmsms_post_header entry-header\"><h2 class=\"cmsms_post_title entry-title\"><a href=\"https:\/\/lcpr.pl\/zg\/2024\/07\/24\/warsztaty-28-07-2024-i-tura-godz-1000\/\">Warsztaty 28-07-2024 I tura &#8211; godz. 10:00<\/a><\/h2><\/header><div class=\"cmsms_post_content entry-content\">\n<p>Zapraszamy na zapisy na\u00a0darmowe warsztaty, kt\u00f3re odb\u0119d\u0105 si\u0119 28 lipca 2024 roku na Twoim Zielonym Targu Ochla \u2013 Muzealna 5, Zielona G\u00f3ra. Temat warsztat\u00f3w:\u00a0\u201e3 sposoby na buraki\u201d.<br \/>\nTermin warsztat\u00f3w:\u00a028.07.2024 r. godzina:\u00a010:00<\/p>\n<\/div>\n<footer class=\"cmsms_post_footer entry-meta tar\"><div class=\"cmsms_post_meta_info\"><abbr class=\"published cmsms_post_date cmsms-icon-calendar-8\" title=\"2024-07-24\">2024-07-24<\/abbr><abbr class=\"dn date updated\" title=\"2024-08-28\">2024-08-28<\/abbr><\/div><a class=\"button cmsms_post_read_more\" href=\"https:\/\/lcpr.pl\/zg\/2024\/07\/24\/warsztaty-28-07-2024-i-tura-godz-1000\/\">Wi\u0119cej informacji<\/a><\/footer>\t<\/div>\r\n<\/article>\r\n<!--_________________________ Finish Standard Article _________________________ -->\r\n\r\n\r\n<!--_________________________ Start Standard Article _________________________ -->\r\n\r\n<article id=\"post-11684\" class=\"cmsms_post_masonry post-11684 post type-post status-publish format-standard has-post-thumbnail hentry category-warsztaty-2024\" data-category=\"warsztaty-2024\">\r\n\t<span class=\"cmsms_post_format_img  cmsms-icon-desktop-3\"><\/span>\r\n\t<div class=\"cmsms_post_cont\">\r\n\t<figure><a href=\"https:\/\/lcpr.pl\/zg\/2024\/06\/26\/warsztaty-30-06-2024-iii-tura-godz-1300\/\" title=\"Warsztaty 30-06-2024 III tura &#8211; godz. 13:00\" class=\"cmsms_img_link preloader\"><img loading=\"lazy\" decoding=\"async\" width=\"580\" height=\"390\" src=\"https:\/\/lcpr.pl\/zg\/wp-content\/uploads\/2024\/06\/plakat-ceramika-2024-580x390.jpg\" class=\"full-width wp-post-image\" alt=\"Warsztaty 30-06-2024 III tura &#8211; godz. 13:00\" title=\"Warsztaty 30-06-2024 III tura &#8211; godz. 13:00\" \/><\/a><\/figure><header class=\"cmsms_post_header entry-header\"><h2 class=\"cmsms_post_title entry-title\"><a href=\"https:\/\/lcpr.pl\/zg\/2024\/06\/26\/warsztaty-30-06-2024-iii-tura-godz-1300\/\">Warsztaty 30-06-2024 III tura &#8211; godz. 13:00<\/a><\/h2><\/header><div class=\"cmsms_post_content entry-content\">\n<p>Zapraszamy na zapisy na\u00a0darmowe warsztaty, kt\u00f3re odb\u0119d\u0105 si\u0119 30 czerwca 2024 roku na Twoim Zielonym Targu Ochla \u2013 Muzealna 5, Zielona G\u00f3ra. Temat warsztat\u00f3w:\u00a0\u201eI Ty mo\u017cesz zrobi\u0107 sobie w\u0142asn\u0105 miseczk\u0119\u201d.<br \/>\nTermin warsztat\u00f3w:\u00a030.06.2024 r. godzina:\u00a010:00<\/p>\n<\/div>\n<footer class=\"cmsms_post_footer entry-meta tar\"><div class=\"cmsms_post_meta_info\"><abbr class=\"published cmsms_post_date cmsms-icon-calendar-8\" title=\"2024-06-26\">2024-06-26<\/abbr><abbr class=\"dn date updated\" title=\"2024-07-24\">2024-07-24<\/abbr><\/div><a class=\"button cmsms_post_read_more\" href=\"https:\/\/lcpr.pl\/zg\/2024\/06\/26\/warsztaty-30-06-2024-iii-tura-godz-1300\/\">Wi\u0119cej informacji<\/a><\/footer>\t<\/div>\r\n<\/article>\r\n<!--_________________________ Finish Standard Article _________________________ -->\r\n\r\n\r\n<!--_________________________ Start Standard Article _________________________ -->\r\n\r\n<article id=\"post-11681\" class=\"cmsms_post_masonry post-11681 post type-post status-publish format-standard has-post-thumbnail hentry category-warsztaty-2024\" data-category=\"warsztaty-2024\">\r\n\t<span class=\"cmsms_post_format_img  cmsms-icon-desktop-3\"><\/span>\r\n\t<div class=\"cmsms_post_cont\">\r\n\t<figure><a href=\"https:\/\/lcpr.pl\/zg\/2024\/06\/26\/warsztaty-30-06-2024-ii-tura-godz-1130\/\" title=\"Warsztaty 30-06-2024 II tura &#8211; godz. 11:30\" class=\"cmsms_img_link preloader\"><img loading=\"lazy\" decoding=\"async\" width=\"580\" height=\"390\" src=\"https:\/\/lcpr.pl\/zg\/wp-content\/uploads\/2024\/06\/plakat-ceramika-2024-580x390.jpg\" class=\"full-width wp-post-image\" alt=\"Warsztaty 30-06-2024 II tura &#8211; godz. 11:30\" title=\"Warsztaty 30-06-2024 II tura &#8211; godz. 11:30\" \/><\/a><\/figure><header class=\"cmsms_post_header entry-header\"><h2 class=\"cmsms_post_title entry-title\"><a href=\"https:\/\/lcpr.pl\/zg\/2024\/06\/26\/warsztaty-30-06-2024-ii-tura-godz-1130\/\">Warsztaty 30-06-2024 II tura &#8211; godz. 11:30<\/a><\/h2><\/header><div class=\"cmsms_post_content entry-content\">\n<p>Zapraszamy na zapisy na\u00a0darmowe warsztaty, kt\u00f3re odb\u0119d\u0105 si\u0119 30 czerwca 2024 roku na Twoim Zielonym Targu Ochla \u2013 Muzealna 5, Zielona G\u00f3ra. Temat warsztat\u00f3w:\u00a0\u201eI Ty mo\u017cesz zrobi\u0107 sobie w\u0142asn\u0105 miseczk\u0119\u201d.<br \/>\nTermin warsztat\u00f3w:\u00a030.06.2024 r. godzina:\u00a010:00<\/p>\n<\/div>\n<footer class=\"cmsms_post_footer entry-meta tar\"><div class=\"cmsms_post_meta_info\"><abbr class=\"published cmsms_post_date cmsms-icon-calendar-8\" title=\"2024-06-26\">2024-06-26<\/abbr><abbr class=\"dn date updated\" title=\"2024-07-24\">2024-07-24<\/abbr><\/div><a class=\"button cmsms_post_read_more\" href=\"https:\/\/lcpr.pl\/zg\/2024\/06\/26\/warsztaty-30-06-2024-ii-tura-godz-1130\/\">Wi\u0119cej informacji<\/a><\/footer>\t<\/div>\r\n<\/article>\r\n<!--_________________________ Finish Standard Article _________________________ -->\r\n\r\n\r\n<!--_________________________ Start Standard Article _________________________ -->\r\n\r\n<article id=\"post-11674\" class=\"cmsms_post_masonry post-11674 post type-post status-publish format-standard has-post-thumbnail hentry category-warsztaty-2024\" data-category=\"warsztaty-2024\">\r\n\t<span class=\"cmsms_post_format_img  cmsms-icon-desktop-3\"><\/span>\r\n\t<div class=\"cmsms_post_cont\">\r\n\t<figure><a href=\"https:\/\/lcpr.pl\/zg\/2024\/06\/26\/warsztaty-30-06-2024-i-tura-godz-1000\/\" title=\"Warsztaty 30-06-2024 I tura &#8211; godz. 10:00\" class=\"cmsms_img_link preloader\"><img loading=\"lazy\" decoding=\"async\" width=\"580\" height=\"390\" src=\"https:\/\/lcpr.pl\/zg\/wp-content\/uploads\/2024\/06\/plakat-ceramika-2024-580x390.jpg\" class=\"full-width wp-post-image\" alt=\"Warsztaty 30-06-2024 I tura &#8211; godz. 10:00\" title=\"Warsztaty 30-06-2024 I tura &#8211; godz. 10:00\" \/><\/a><\/figure><header class=\"cmsms_post_header entry-header\"><h2 class=\"cmsms_post_title entry-title\"><a href=\"https:\/\/lcpr.pl\/zg\/2024\/06\/26\/warsztaty-30-06-2024-i-tura-godz-1000\/\">Warsztaty 30-06-2024 I tura &#8211; godz. 10:00<\/a><\/h2><\/header><div class=\"cmsms_post_content entry-content\">\n<p>Zapraszamy na zapisy na\u00a0darmowe warsztaty, kt\u00f3re odb\u0119d\u0105 si\u0119 30 czerwca 2024 roku na Twoim Zielonym Targu Ochla \u2013 Muzealna 5, Zielona G\u00f3ra. Temat warsztat\u00f3w:\u00a0\u201eI Ty mo\u017cesz zrobi\u0107 sobie w\u0142asn\u0105 miseczk\u0119\u201d.<br \/>\nTermin warsztat\u00f3w:\u00a030.06.2024 r. godzina:\u00a010:00<\/p>\n<\/div>\n<footer class=\"cmsms_post_footer entry-meta tar\"><div class=\"cmsms_post_meta_info\"><abbr class=\"published cmsms_post_date cmsms-icon-calendar-8\" title=\"2024-06-26\">2024-06-26<\/abbr><abbr class=\"dn date updated\" title=\"2024-07-24\">2024-07-24<\/abbr><\/div><a class=\"button cmsms_post_read_more\" href=\"https:\/\/lcpr.pl\/zg\/2024\/06\/26\/warsztaty-30-06-2024-i-tura-godz-1000\/\">Wi\u0119cej informacji<\/a><\/footer>\t<\/div>\r\n<\/article>\r\n<!--_________________________ Finish Standard Article _________________________ -->\r\n\r\n\r\n<!--_________________________ Start Standard Article _________________________ -->\r\n\r\n<article id=\"post-10846\" class=\"cmsms_post_masonry post-10846 post type-post status-publish format-standard has-post-thumbnail hentry category-warsztaty-2024\" data-category=\"warsztaty-2024\">\r\n\t<span class=\"cmsms_post_format_img  cmsms-icon-desktop-3\"><\/span>\r\n\t<div class=\"cmsms_post_cont\">\r\n\t<figure><a href=\"https:\/\/lcpr.pl\/zg\/2024\/05\/21\/warsztaty-2024-05-1\/\" title=\"Warsztaty 26-05-2024 I tura &#8211; godz. 10:00\" class=\"cmsms_img_link preloader\"><img loading=\"lazy\" decoding=\"async\" width=\"571\" height=\"390\" src=\"https:\/\/lcpr.pl\/zg\/wp-content\/uploads\/2024\/05\/warsztaty-26-05-2024-571x390.jpg\" class=\"full-width wp-post-image\" alt=\"Warsztaty 26-05-2024 I tura &#8211; godz. 10:00\" title=\"Warsztaty 26-05-2024 I tura &#8211; godz. 10:00\" \/><\/a><\/figure><header class=\"cmsms_post_header entry-header\"><h2 class=\"cmsms_post_title entry-title\"><a href=\"https:\/\/lcpr.pl\/zg\/2024\/05\/21\/warsztaty-2024-05-1\/\">Warsztaty 26-05-2024 I tura &#8211; godz. 10:00<\/a><\/h2><\/header><div class=\"cmsms_post_content entry-content\">\n<p>Zapraszamy na zapisy na\u00a0darmowe warsztaty, kt\u00f3re odb\u0119d\u0105 si\u0119 26 maja 2024 roku na Twoim Zielonym Targu Ochla \u2013 Zielonog\u00f3rska 5, Zielona G\u00f3ra. Temat warsztat\u00f3w:\u00a0\u201eKruche cuda dla cudownej mamy\u201d.<br \/>\nTermin warsztat\u00f3w:\u00a026.05.2024 r. godzina:\u00a010:00<\/p>\n<\/div>\n<footer class=\"cmsms_post_footer entry-meta tar\"><div class=\"cmsms_post_meta_info\"><abbr class=\"published cmsms_post_date cmsms-icon-calendar-8\" title=\"2024-05-21\">2024-05-21<\/abbr><abbr class=\"dn date updated\" title=\"2024-06-26\">2024-06-26<\/abbr><\/div><a class=\"button cmsms_post_read_more\" href=\"https:\/\/lcpr.pl\/zg\/2024\/05\/21\/warsztaty-2024-05-1\/\">Wi\u0119cej informacji<\/a><\/footer>\t<\/div>\r\n<\/article>\r\n<!--_________________________ Finish Standard Article _________________________ -->\r\n\r\n\r\n<!--_________________________ Start Standard Article _________________________ -->\r\n\r\n<article id=\"post-10843\" class=\"cmsms_post_masonry post-10843 post type-post status-publish format-standard has-post-thumbnail hentry category-warsztaty-2024\" data-category=\"warsztaty-2024\">\r\n\t<span class=\"cmsms_post_format_img  cmsms-icon-desktop-3\"><\/span>\r\n\t<div class=\"cmsms_post_cont\">\r\n\t<figure><a href=\"https:\/\/lcpr.pl\/zg\/2024\/05\/21\/warsztaty-2024-05-2\/\" title=\"Warsztaty 26-05-2024 II tura &#8211; godz. 11:30\" class=\"cmsms_img_link preloader\"><img loading=\"lazy\" decoding=\"async\" width=\"571\" height=\"390\" src=\"https:\/\/lcpr.pl\/zg\/wp-content\/uploads\/2024\/05\/warsztaty-26-05-2024-571x390.jpg\" class=\"full-width wp-post-image\" alt=\"Warsztaty 26-05-2024 II tura &#8211; godz. 11:30\" title=\"Warsztaty 26-05-2024 II tura &#8211; godz. 11:30\" \/><\/a><\/figure><header class=\"cmsms_post_header entry-header\"><h2 class=\"cmsms_post_title entry-title\"><a href=\"https:\/\/lcpr.pl\/zg\/2024\/05\/21\/warsztaty-2024-05-2\/\">Warsztaty 26-05-2024 II tura &#8211; godz. 11:30<\/a><\/h2><\/header><div class=\"cmsms_post_content entry-content\">\n<p>Zapraszamy na zapisy na\u00a0darmowe warsztaty, kt\u00f3re odb\u0119d\u0105 si\u0119 26 maja 2024 roku na Twoim Zielonym Targu Ochla \u2013 Zielonog\u00f3rska 5, Zielona G\u00f3ra. Temat warsztat\u00f3w:\u00a0\u201eKruche cuda dla cudownej mamy\u201d.<br \/>\nTermin warsztat\u00f3w:\u00a026.05.2024 r. godzina:\u00a011:30<\/p>\n<\/div>\n<footer class=\"cmsms_post_footer entry-meta tar\"><div class=\"cmsms_post_meta_info\"><abbr class=\"published cmsms_post_date cmsms-icon-calendar-8\" title=\"2024-05-21\">2024-05-21<\/abbr><abbr class=\"dn date updated\" title=\"2024-06-26\">2024-06-26<\/abbr><\/div><a class=\"button cmsms_post_read_more\" href=\"https:\/\/lcpr.pl\/zg\/2024\/05\/21\/warsztaty-2024-05-2\/\">Wi\u0119cej informacji<\/a><\/footer>\t<\/div>\r\n<\/article>\r\n<!--_________________________ Finish Standard Article _________________________ -->\r\n\r\n\r\n<!--_________________________ Start Standard Article _________________________ -->\r\n\r\n<article id=\"post-10832\" class=\"cmsms_post_masonry post-10832 post type-post status-publish format-standard has-post-thumbnail hentry category-warsztaty-2024\" data-category=\"warsztaty-2024\">\r\n\t<span class=\"cmsms_post_format_img  cmsms-icon-desktop-3\"><\/span>\r\n\t<div class=\"cmsms_post_cont\">\r\n\t<figure><a href=\"https:\/\/lcpr.pl\/zg\/2024\/05\/21\/warsztaty-2024-05-3\/\" title=\"Warsztaty 26-05-2024 III tura &#8211; godz. 13:00\" class=\"cmsms_img_link preloader\"><img loading=\"lazy\" decoding=\"async\" width=\"571\" height=\"390\" src=\"https:\/\/lcpr.pl\/zg\/wp-content\/uploads\/2024\/05\/warsztaty-26-05-2024-571x390.jpg\" class=\"full-width wp-post-image\" alt=\"Warsztaty 26-05-2024 III tura &#8211; godz. 13:00\" title=\"Warsztaty 26-05-2024 III tura &#8211; godz. 13:00\" \/><\/a><\/figure><header class=\"cmsms_post_header entry-header\"><h2 class=\"cmsms_post_title entry-title\"><a href=\"https:\/\/lcpr.pl\/zg\/2024\/05\/21\/warsztaty-2024-05-3\/\">Warsztaty 26-05-2024 III tura &#8211; godz. 13:00<\/a><\/h2><\/header><div class=\"cmsms_post_content entry-content\">\n<p>Zapraszamy na zapisy na\u00a0darmowe warsztaty, kt\u00f3re odb\u0119d\u0105 si\u0119 26 maja 2024 roku na Twoim Zielonym Targu Ochla \u2013 Zielonog\u00f3rska 5, Zielona G\u00f3ra. Temat warsztat\u00f3w:\u00a0\u201eKruche cuda dla cudownej mamy\u201d.<br \/>\nTermin warsztat\u00f3w:\u00a026.05.2024 r. godzina:\u00a013:00<\/p>\n<\/div>\n<footer class=\"cmsms_post_footer entry-meta tar\"><div class=\"cmsms_post_meta_info\"><abbr class=\"published cmsms_post_date cmsms-icon-calendar-8\" title=\"2024-05-21\">2024-05-21<\/abbr><abbr class=\"dn date updated\" title=\"2024-06-26\">2024-06-26<\/abbr><\/div><a class=\"button cmsms_post_read_more\" href=\"https:\/\/lcpr.pl\/zg\/2024\/05\/21\/warsztaty-2024-05-3\/\">Wi\u0119cej informacji<\/a><\/footer>\t<\/div>\r\n<\/article>\r\n<!--_________________________ Finish Standard Article _________________________ -->\r\n\r\n<\/div><div class=\"cmsms_wrap_more_posts cmsms_wrap_more_items\"><\/div><\/div>\n<\/div>\n<\/div>\n<\/div>\n<\/div>\n<\/div>\n<\/div>\n\n","protected":false},"excerpt":{"rendered":"","protected":false},"author":1,"featured_media":0,"parent":4261,"menu_order":0,"comment_status":"closed","ping_status":"closed","template":"","meta":{"footnotes":""},"class_list":["post-10783","page","type-page","status-publish","hentry"],"_links":{"self":[{"href":"https:\/\/lcpr.pl\/zg\/wp-json\/wp\/v2\/pages\/10783","targetHints":{"allow":["GET"]}}],"collection":[{"href":"https:\/\/lcpr.pl\/zg\/wp-json\/wp\/v2\/pages"}],"about":[{"href":"https:\/\/lcpr.pl\/zg\/wp-json\/wp\/v2\/types\/page"}],"author":[{"embeddable":true,"href":"https:\/\/lcpr.pl\/zg\/wp-json\/wp\/v2\/users\/1"}],"replies":[{"embeddable":true,"href":"https:\/\/lcpr.pl\/zg\/wp-json\/wp\/v2\/comments?post=10783"}],"version-history":[{"count":2,"href":"https:\/\/lcpr.pl\/zg\/wp-json\/wp\/v2\/pages\/10783\/revisions"}],"predecessor-version":[{"id":10785,"href":"https:\/\/lcpr.pl\/zg\/wp-json\/wp\/v2\/pages\/10783\/revisions\/10785"}],"up":[{"embeddable":true,"href":"https:\/\/lcpr.pl\/zg\/wp-json\/wp\/v2\/pages\/4261"}],"wp:attachment":[{"href":"https:\/\/lcpr.pl\/zg\/wp-json\/wp\/v2\/media?parent=10783"}],"curies":[{"name":"wp","href":"https:\/\/api.w.org\/{rel}","templated":true}]}}