{"id":10781,"date":"2024-05-21T08:00:27","date_gmt":"2024-05-21T06:00:27","guid":{"rendered":"https:\/\/lcpr.pl\/zg\/?page_id=10781"},"modified":"2024-05-21T08:04:11","modified_gmt":"2024-05-21T06:04:11","slug":"warsztaty-2023","status":"publish","type":"page","link":"https:\/\/lcpr.pl\/zg\/warsztaty-z-producentami\/warsztaty-2023\/","title":{"rendered":"Warsztaty 2023"},"content":{"rendered":"<style type=\"text\/css\"> \n#cmsms_row_69f17d600a156 .cmsms_row_outer_parent { \n\tpadding-top: 0px; \n} \n\n#cmsms_row_69f17d600a156 .cmsms_row_outer_parent { \n\tpadding-bottom: 50px; \n} \n\n<\/style><div id=\"cmsms_row_69f17d600a156\" class=\"cmsms_row cmsms_color_scheme_default\">\n<div class=\"cmsms_row_outer_parent\">\n<div class=\"cmsms_row_outer\">\n<div class=\"cmsms_row_inner\">\n<div class=\"cmsms_row_margin\">\n<div class=\"cmsms_column one_first\">\n<div class=\"cmsms_wrap_blog entry-summary\" id=\"blog_69f17d600a25b\"><script type=\"text\/javascript\">\r\njQuery(document).ready(function () {\r\n\t(function ($) {\r\n\t\tif ($('#blog_69f17d600a25b').find('article').length == '0') {\r\n\t\t\treturn false;\r\n\t\t}\r\n\t\t\r\n\t\r\n\t\tstartBlog( \r\n\t\t\t'69f17d600a25b', \r\n\t\t\t'columns', \r\n\t\t\t'grid', \r\n\t\t\t'https:\/\/lcpr.pl\/zg\/wp-content\/plugins\/cmsms-content-composer\/', \r\n\t\t\t'date', \r\n\t\t\t'DESC', \r\n\t\t\t'32', \r\n\t\t\t'warsztaty-2023', \r\n\t\t\t'date,more' \r\n\t\t);\r\n\t} )(jQuery);\r\n} );\r\n<\/script>\r\n<div class=\"blog columns grid cmsms_4\">\r\n<!--_________________________ Start Standard Article _________________________ -->\r\n\r\n<article id=\"post-10774\" class=\"cmsms_post_masonry post-10774 post type-post status-publish format-standard has-post-thumbnail hentry category-warsztaty-2023\" data-category=\"warsztaty-2023\">\r\n\t<span class=\"cmsms_post_format_img  cmsms-icon-desktop-3\"><\/span>\r\n\t<div class=\"cmsms_post_cont\">\r\n\t<figure><a href=\"https:\/\/lcpr.pl\/zg\/2023\/11\/20\/warsztaty-2023-11-1\/\" title=\"Warsztaty 26-11-2023\" class=\"cmsms_img_link preloader\"><img loading=\"lazy\" decoding=\"async\" width=\"571\" height=\"390\" src=\"https:\/\/lcpr.pl\/zg\/wp-content\/uploads\/2024\/05\/warsztaty-26-11-2023-571x390.jpg\" class=\"full-width wp-post-image\" alt=\"Warsztaty 26-11-2023\" title=\"Warsztaty 26-11-2023\" \/><\/a><\/figure><header class=\"cmsms_post_header entry-header\"><h2 class=\"cmsms_post_title entry-title\"><a href=\"https:\/\/lcpr.pl\/zg\/2023\/11\/20\/warsztaty-2023-11-1\/\">Warsztaty 26-11-2023<\/a><\/h2><\/header><div class=\"cmsms_post_content entry-content\">\n<p>Zapraszamy na zapisy na\u00a0darmowe warsztaty, kt\u00f3re odb\u0119d\u0105 si\u0119 26 listopada 2023 roku na Twoim Zielonym Targu Ochla \u2013 Zielonog\u00f3rska 5, Zielona G\u00f3ra. Temat warsztat\u00f3w:\u00a0\u201eTwist z wieprzowin\u0105 na weki wek\u00f3w\u201d.<br \/>\nTermin warsztat\u00f3w:\u00a026.11.2023 r. godzina:\u00a010:00<\/p>\n<\/div>\n<footer class=\"cmsms_post_footer entry-meta tar\"><div class=\"cmsms_post_meta_info\"><abbr class=\"published cmsms_post_date cmsms-icon-calendar-8\" title=\"2023-11-20\">2023-11-20<\/abbr><abbr class=\"dn date updated\" title=\"2024-05-21\">2024-05-21<\/abbr><\/div><a class=\"button cmsms_post_read_more\" href=\"https:\/\/lcpr.pl\/zg\/2023\/11\/20\/warsztaty-2023-11-1\/\">Wi\u0119cej informacji<\/a><\/footer>\t<\/div>\r\n<\/article>\r\n<!--_________________________ Finish Standard Article _________________________ -->\r\n\r\n\r\n<!--_________________________ Start Standard Article _________________________ -->\r\n\r\n<article id=\"post-10772\" class=\"cmsms_post_masonry post-10772 post type-post status-publish format-standard has-post-thumbnail hentry category-warsztaty-2023\" data-category=\"warsztaty-2023\">\r\n\t<span class=\"cmsms_post_format_img  cmsms-icon-desktop-3\"><\/span>\r\n\t<div class=\"cmsms_post_cont\">\r\n\t<figure><a href=\"https:\/\/lcpr.pl\/zg\/2023\/11\/20\/warsztaty-2023-11-2\/\" title=\"Warsztaty 26-11-2023\" class=\"cmsms_img_link preloader\"><img loading=\"lazy\" decoding=\"async\" width=\"571\" height=\"390\" src=\"https:\/\/lcpr.pl\/zg\/wp-content\/uploads\/2024\/05\/warsztaty-26-11-2023-571x390.jpg\" class=\"full-width wp-post-image\" alt=\"Warsztaty 26-11-2023\" title=\"Warsztaty 26-11-2023\" \/><\/a><\/figure><header class=\"cmsms_post_header entry-header\"><h2 class=\"cmsms_post_title entry-title\"><a href=\"https:\/\/lcpr.pl\/zg\/2023\/11\/20\/warsztaty-2023-11-2\/\">Warsztaty 26-11-2023<\/a><\/h2><\/header><div class=\"cmsms_post_content entry-content\">\n<p>Zapraszamy na zapisy na\u00a0darmowe warsztaty, kt\u00f3re odb\u0119d\u0105 si\u0119 26 listopada 2023 roku na Twoim Zielonym Targu Ochla \u2013 Zielonog\u00f3rska 5, Zielona G\u00f3ra. Temat warsztat\u00f3w:\u00a0\u201eTwist z wieprzowin\u0105 na weki wek\u00f3w\u201d.<br \/>\nTermin warsztat\u00f3w:\u00a026.11.2023 r. godzina:\u00a011:30<\/p>\n<\/div>\n<footer class=\"cmsms_post_footer entry-meta tar\"><div class=\"cmsms_post_meta_info\"><abbr class=\"published cmsms_post_date cmsms-icon-calendar-8\" title=\"2023-11-20\">2023-11-20<\/abbr><abbr class=\"dn date updated\" title=\"2024-05-21\">2024-05-21<\/abbr><\/div><a class=\"button cmsms_post_read_more\" href=\"https:\/\/lcpr.pl\/zg\/2023\/11\/20\/warsztaty-2023-11-2\/\">Wi\u0119cej informacji<\/a><\/footer>\t<\/div>\r\n<\/article>\r\n<!--_________________________ Finish Standard Article _________________________ -->\r\n\r\n\r\n<!--_________________________ Start Standard Article _________________________ -->\r\n\r\n<article id=\"post-10770\" class=\"cmsms_post_masonry post-10770 post type-post status-publish format-standard has-post-thumbnail hentry category-warsztaty-2023\" data-category=\"warsztaty-2023\">\r\n\t<span class=\"cmsms_post_format_img  cmsms-icon-desktop-3\"><\/span>\r\n\t<div class=\"cmsms_post_cont\">\r\n\t<figure><a href=\"https:\/\/lcpr.pl\/zg\/2023\/11\/20\/warsztaty-2023-11-3\/\" title=\"Warsztaty 26-11-2023\" class=\"cmsms_img_link preloader\"><img loading=\"lazy\" decoding=\"async\" width=\"571\" height=\"390\" src=\"https:\/\/lcpr.pl\/zg\/wp-content\/uploads\/2024\/05\/warsztaty-26-11-2023-571x390.jpg\" class=\"full-width wp-post-image\" alt=\"Warsztaty 26-11-2023\" title=\"Warsztaty 26-11-2023\" \/><\/a><\/figure><header class=\"cmsms_post_header entry-header\"><h2 class=\"cmsms_post_title entry-title\"><a href=\"https:\/\/lcpr.pl\/zg\/2023\/11\/20\/warsztaty-2023-11-3\/\">Warsztaty 26-11-2023<\/a><\/h2><\/header><div class=\"cmsms_post_content entry-content\">\n<p>Zapraszamy na zapisy na\u00a0darmowe warsztaty, kt\u00f3re odb\u0119d\u0105 si\u0119 26 listopada 2023 roku na Twoim Zielonym Targu Ochla \u2013 Zielonog\u00f3rska 5, Zielona G\u00f3ra. Temat warsztat\u00f3w:\u00a0\u201eTwist z wieprzowin\u0105 na weki wek\u00f3w\u201d.<br \/>\nTermin warsztat\u00f3w:\u00a026.11.2023 r. godzina:\u00a013:00<\/p>\n<\/div>\n<footer class=\"cmsms_post_footer entry-meta tar\"><div class=\"cmsms_post_meta_info\"><abbr class=\"published cmsms_post_date cmsms-icon-calendar-8\" title=\"2023-11-20\">2023-11-20<\/abbr><abbr class=\"dn date updated\" title=\"2024-05-21\">2024-05-21<\/abbr><\/div><a class=\"button cmsms_post_read_more\" href=\"https:\/\/lcpr.pl\/zg\/2023\/11\/20\/warsztaty-2023-11-3\/\">Wi\u0119cej informacji<\/a><\/footer>\t<\/div>\r\n<\/article>\r\n<!--_________________________ Finish Standard Article _________________________ -->\r\n\r\n\r\n<!--_________________________ Start Standard Article _________________________ -->\r\n\r\n<article id=\"post-10767\" class=\"cmsms_post_masonry post-10767 post type-post status-publish format-standard has-post-thumbnail hentry category-warsztaty-2023\" data-category=\"warsztaty-2023\">\r\n\t<span class=\"cmsms_post_format_img  cmsms-icon-desktop-3\"><\/span>\r\n\t<div class=\"cmsms_post_cont\">\r\n\t<figure><a href=\"https:\/\/lcpr.pl\/zg\/2023\/10\/20\/warsztaty-2023-10-1\/\" title=\"Warsztaty 29-10-2023\" class=\"cmsms_img_link preloader\"><img loading=\"lazy\" decoding=\"async\" width=\"571\" height=\"390\" src=\"https:\/\/lcpr.pl\/zg\/wp-content\/uploads\/2023\/10\/warsztaty-29-10-2023-571x390.jpg\" class=\"full-width wp-post-image\" alt=\"Warsztaty 29-10-2023\" title=\"Warsztaty 29-10-2023\" \/><\/a><\/figure><header class=\"cmsms_post_header entry-header\"><h2 class=\"cmsms_post_title entry-title\"><a href=\"https:\/\/lcpr.pl\/zg\/2023\/10\/20\/warsztaty-2023-10-1\/\">Warsztaty 29-10-2023<\/a><\/h2><\/header><div class=\"cmsms_post_content entry-content\">\n<p>Zapraszamy na zapisy na\u00a0darmowe warsztaty, kt\u00f3re odb\u0119d\u0105 si\u0119 29 pa\u017adziernika 2023 roku\u00a0w Ochli \u2013 Zielonog\u00f3rska 5, Zielona G\u00f3ra. Temat warsztat\u00f3w:\u00a0\u201eCukierek albo chrypka!\u201d.<br \/>\nTermin warsztat\u00f3w:\u00a029.10.2023 r. godzina:\u00a010:00<\/p>\n<\/div>\n<footer class=\"cmsms_post_footer entry-meta tar\"><div class=\"cmsms_post_meta_info\"><abbr class=\"published cmsms_post_date cmsms-icon-calendar-8\" title=\"2023-10-20\">2023-10-20<\/abbr><abbr class=\"dn date updated\" title=\"2024-05-21\">2024-05-21<\/abbr><\/div><a class=\"button cmsms_post_read_more\" href=\"https:\/\/lcpr.pl\/zg\/2023\/10\/20\/warsztaty-2023-10-1\/\">Wi\u0119cej informacji<\/a><\/footer>\t<\/div>\r\n<\/article>\r\n<!--_________________________ Finish Standard Article _________________________ -->\r\n\r\n\r\n<!--_________________________ Start Standard Article _________________________ -->\r\n\r\n<article id=\"post-10765\" class=\"cmsms_post_masonry post-10765 post type-post status-publish format-standard has-post-thumbnail hentry category-warsztaty-2023\" data-category=\"warsztaty-2023\">\r\n\t<span class=\"cmsms_post_format_img  cmsms-icon-desktop-3\"><\/span>\r\n\t<div class=\"cmsms_post_cont\">\r\n\t<figure><a href=\"https:\/\/lcpr.pl\/zg\/2023\/10\/20\/warsztaty-2023-10-2\/\" title=\"Warsztaty 29-10-2023\" class=\"cmsms_img_link preloader\"><img loading=\"lazy\" decoding=\"async\" width=\"571\" height=\"390\" src=\"https:\/\/lcpr.pl\/zg\/wp-content\/uploads\/2023\/10\/warsztaty-29-10-2023-571x390.jpg\" class=\"full-width wp-post-image\" alt=\"Warsztaty 29-10-2023\" title=\"Warsztaty 29-10-2023\" \/><\/a><\/figure><header class=\"cmsms_post_header entry-header\"><h2 class=\"cmsms_post_title entry-title\"><a href=\"https:\/\/lcpr.pl\/zg\/2023\/10\/20\/warsztaty-2023-10-2\/\">Warsztaty 29-10-2023<\/a><\/h2><\/header><div class=\"cmsms_post_content entry-content\">\n<p>Zapraszamy na zapisy na\u00a0darmowe warsztaty, kt\u00f3re odb\u0119d\u0105 si\u0119 29 pa\u017adziernika 2023 roku\u00a0w Ochli \u2013 Zielonog\u00f3rska 5, Zielona G\u00f3ra. Temat warsztat\u00f3w:\u00a0\u201eCukierek albo chrypka!\u201d.<br \/>\nTermin warsztat\u00f3w:\u00a029.10.2023 r. godzina:\u00a011:30<\/p>\n<\/div>\n<footer class=\"cmsms_post_footer entry-meta tar\"><div class=\"cmsms_post_meta_info\"><abbr class=\"published cmsms_post_date cmsms-icon-calendar-8\" title=\"2023-10-20\">2023-10-20<\/abbr><abbr class=\"dn date updated\" title=\"2024-05-21\">2024-05-21<\/abbr><\/div><a class=\"button cmsms_post_read_more\" href=\"https:\/\/lcpr.pl\/zg\/2023\/10\/20\/warsztaty-2023-10-2\/\">Wi\u0119cej informacji<\/a><\/footer>\t<\/div>\r\n<\/article>\r\n<!--_________________________ Finish Standard Article _________________________ -->\r\n\r\n\r\n<!--_________________________ Start Standard Article _________________________ -->\r\n\r\n<article id=\"post-10763\" class=\"cmsms_post_masonry post-10763 post type-post status-publish format-standard has-post-thumbnail hentry category-warsztaty-2023\" data-category=\"warsztaty-2023\">\r\n\t<span class=\"cmsms_post_format_img  cmsms-icon-desktop-3\"><\/span>\r\n\t<div class=\"cmsms_post_cont\">\r\n\t<figure><a href=\"https:\/\/lcpr.pl\/zg\/2023\/10\/20\/warsztaty-2023-10-3\/\" title=\"Warsztaty 29-10-2023\" class=\"cmsms_img_link preloader\"><img loading=\"lazy\" decoding=\"async\" width=\"571\" height=\"390\" src=\"https:\/\/lcpr.pl\/zg\/wp-content\/uploads\/2023\/10\/warsztaty-29-10-2023-571x390.jpg\" class=\"full-width wp-post-image\" alt=\"Warsztaty 29-10-2023\" title=\"Warsztaty 29-10-2023\" \/><\/a><\/figure><header class=\"cmsms_post_header entry-header\"><h2 class=\"cmsms_post_title entry-title\"><a href=\"https:\/\/lcpr.pl\/zg\/2023\/10\/20\/warsztaty-2023-10-3\/\">Warsztaty 29-10-2023<\/a><\/h2><\/header><div class=\"cmsms_post_content entry-content\">\n<p>Zapraszamy na zapisy na\u00a0darmowe warsztaty, kt\u00f3re odb\u0119d\u0105 si\u0119 29 pa\u017adziernika 2023 roku\u00a0w Ochli \u2013 Zielonog\u00f3rska 5, Zielona G\u00f3ra. Temat warsztat\u00f3w:\u00a0\u201eCukierek albo chrypka!\u201d.<br \/>\nTermin warsztat\u00f3w:\u00a029.10.2023 r. godzina:\u00a013:00<\/p>\n<\/div>\n<footer class=\"cmsms_post_footer entry-meta tar\"><div class=\"cmsms_post_meta_info\"><abbr class=\"published cmsms_post_date cmsms-icon-calendar-8\" title=\"2023-10-20\">2023-10-20<\/abbr><abbr class=\"dn date updated\" title=\"2024-05-21\">2024-05-21<\/abbr><\/div><a class=\"button cmsms_post_read_more\" href=\"https:\/\/lcpr.pl\/zg\/2023\/10\/20\/warsztaty-2023-10-3\/\">Wi\u0119cej informacji<\/a><\/footer>\t<\/div>\r\n<\/article>\r\n<!--_________________________ Finish Standard Article _________________________ -->\r\n\r\n\r\n<!--_________________________ Start Standard Article _________________________ -->\r\n\r\n<article id=\"post-10760\" class=\"cmsms_post_masonry post-10760 post type-post status-publish format-standard has-post-thumbnail hentry category-warsztaty-2023\" data-category=\"warsztaty-2023\">\r\n\t<span class=\"cmsms_post_format_img  cmsms-icon-desktop-3\"><\/span>\r\n\t<div class=\"cmsms_post_cont\">\r\n\t<figure><a href=\"https:\/\/lcpr.pl\/zg\/2023\/09\/20\/warsztaty-2023-09-1\/\" title=\"Warsztaty 24-09-2023\" class=\"cmsms_img_link preloader\"><img loading=\"lazy\" decoding=\"async\" width=\"571\" height=\"390\" src=\"https:\/\/lcpr.pl\/zg\/wp-content\/uploads\/2023\/09\/warsztaty-24-09-2023-571x390.jpg\" class=\"full-width wp-post-image\" alt=\"Warsztaty 24-09-2023\" title=\"Warsztaty 24-09-2023\" \/><\/a><\/figure><header class=\"cmsms_post_header entry-header\"><h2 class=\"cmsms_post_title entry-title\"><a href=\"https:\/\/lcpr.pl\/zg\/2023\/09\/20\/warsztaty-2023-09-1\/\">Warsztaty 24-09-2023<\/a><\/h2><\/header><div class=\"cmsms_post_content entry-content\">\n<p>Zapraszamy na zapisy na\u00a0darmowe warsztaty, kt\u00f3re odb\u0119d\u0105 si\u0119 24 wrze\u015bnia 2023 roku na Twoim Zielonym Targu Ochla \u2013 Zielonog\u00f3rska 5, Zielona G\u00f3ra. Temat warsztat\u00f3w:\u00a0\u201eZdrowo na zio\u0142owo\u201d.<br \/>\nTermin warsztat\u00f3w:\u00a024.09.2023 r. godzina:\u00a010:00<\/p>\n<\/div>\n<footer class=\"cmsms_post_footer entry-meta tar\"><div class=\"cmsms_post_meta_info\"><abbr class=\"published cmsms_post_date cmsms-icon-calendar-8\" title=\"2023-09-20\">2023-09-20<\/abbr><abbr class=\"dn date updated\" title=\"2024-05-21\">2024-05-21<\/abbr><\/div><a class=\"button cmsms_post_read_more\" href=\"https:\/\/lcpr.pl\/zg\/2023\/09\/20\/warsztaty-2023-09-1\/\">Wi\u0119cej informacji<\/a><\/footer>\t<\/div>\r\n<\/article>\r\n<!--_________________________ Finish Standard Article _________________________ -->\r\n\r\n\r\n<!--_________________________ Start Standard Article _________________________ -->\r\n\r\n<article id=\"post-10758\" class=\"cmsms_post_masonry post-10758 post type-post status-publish format-standard has-post-thumbnail hentry category-warsztaty-2023\" data-category=\"warsztaty-2023\">\r\n\t<span class=\"cmsms_post_format_img  cmsms-icon-desktop-3\"><\/span>\r\n\t<div class=\"cmsms_post_cont\">\r\n\t<figure><a href=\"https:\/\/lcpr.pl\/zg\/2023\/09\/20\/warsztaty-2023-09-2\/\" title=\"Warsztaty 24-09-2023\" class=\"cmsms_img_link preloader\"><img loading=\"lazy\" decoding=\"async\" width=\"571\" height=\"390\" src=\"https:\/\/lcpr.pl\/zg\/wp-content\/uploads\/2023\/09\/warsztaty-24-09-2023-571x390.jpg\" class=\"full-width wp-post-image\" alt=\"Warsztaty 24-09-2023\" title=\"Warsztaty 24-09-2023\" \/><\/a><\/figure><header class=\"cmsms_post_header entry-header\"><h2 class=\"cmsms_post_title entry-title\"><a href=\"https:\/\/lcpr.pl\/zg\/2023\/09\/20\/warsztaty-2023-09-2\/\">Warsztaty 24-09-2023<\/a><\/h2><\/header><div class=\"cmsms_post_content entry-content\">\n<p>Zapraszamy na zapisy na\u00a0darmowe warsztaty, kt\u00f3re odb\u0119d\u0105 si\u0119 24 wrze\u015bnia 2023 roku na Twoim Zielonym Targu Ochla \u2013 Zielonog\u00f3rska 5, Zielona G\u00f3ra. Temat warsztat\u00f3w:\u00a0\u201eZdrowo na zio\u0142owo\u201d.<br \/>\nTermin warsztat\u00f3w:\u00a024.09.2023 r. godzina:\u00a011:30<\/p>\n<\/div>\n<footer class=\"cmsms_post_footer entry-meta tar\"><div class=\"cmsms_post_meta_info\"><abbr class=\"published cmsms_post_date cmsms-icon-calendar-8\" title=\"2023-09-20\">2023-09-20<\/abbr><abbr class=\"dn date updated\" title=\"2024-05-21\">2024-05-21<\/abbr><\/div><a class=\"button cmsms_post_read_more\" href=\"https:\/\/lcpr.pl\/zg\/2023\/09\/20\/warsztaty-2023-09-2\/\">Wi\u0119cej informacji<\/a><\/footer>\t<\/div>\r\n<\/article>\r\n<!--_________________________ Finish Standard Article _________________________ -->\r\n\r\n\r\n<!--_________________________ Start Standard Article _________________________ -->\r\n\r\n<article id=\"post-10756\" class=\"cmsms_post_masonry post-10756 post type-post status-publish format-standard has-post-thumbnail hentry category-warsztaty-2023\" data-category=\"warsztaty-2023\">\r\n\t<span class=\"cmsms_post_format_img  cmsms-icon-desktop-3\"><\/span>\r\n\t<div class=\"cmsms_post_cont\">\r\n\t<figure><a href=\"https:\/\/lcpr.pl\/zg\/2023\/09\/20\/warsztaty-2023-09-3\/\" title=\"Warsztaty 24-09-2023\" class=\"cmsms_img_link preloader\"><img loading=\"lazy\" decoding=\"async\" width=\"571\" height=\"390\" src=\"https:\/\/lcpr.pl\/zg\/wp-content\/uploads\/2023\/09\/warsztaty-24-09-2023-571x390.jpg\" class=\"full-width wp-post-image\" alt=\"Warsztaty 24-09-2023\" title=\"Warsztaty 24-09-2023\" \/><\/a><\/figure><header class=\"cmsms_post_header entry-header\"><h2 class=\"cmsms_post_title entry-title\"><a href=\"https:\/\/lcpr.pl\/zg\/2023\/09\/20\/warsztaty-2023-09-3\/\">Warsztaty 24-09-2023<\/a><\/h2><\/header><div class=\"cmsms_post_content entry-content\">\n<p>Zapraszamy na zapisy na\u00a0darmowe warsztaty, kt\u00f3re odb\u0119d\u0105 si\u0119 24 wrze\u015bnia 2023 roku na Twoim Zielonym Targu Ochla \u2013 Zielonog\u00f3rska 5, Zielona G\u00f3ra. Temat warsztat\u00f3w:\u00a0\u201eZdrowo na zio\u0142owo\u201d.<br \/>\nTermin warsztat\u00f3w:\u00a024.09.2023 r. godzina:\u00a013:00<\/p>\n<\/div>\n<footer class=\"cmsms_post_footer entry-meta tar\"><div class=\"cmsms_post_meta_info\"><abbr class=\"published cmsms_post_date cmsms-icon-calendar-8\" title=\"2023-09-20\">2023-09-20<\/abbr><abbr class=\"dn date updated\" title=\"2024-05-21\">2024-05-21<\/abbr><\/div><a class=\"button cmsms_post_read_more\" href=\"https:\/\/lcpr.pl\/zg\/2023\/09\/20\/warsztaty-2023-09-3\/\">Wi\u0119cej informacji<\/a><\/footer>\t<\/div>\r\n<\/article>\r\n<!--_________________________ Finish Standard Article _________________________ -->\r\n\r\n\r\n<!--_________________________ Start Standard Article _________________________ -->\r\n\r\n<article id=\"post-10753\" class=\"cmsms_post_masonry post-10753 post type-post status-publish format-standard has-post-thumbnail hentry category-warsztaty-2023\" data-category=\"warsztaty-2023\">\r\n\t<span class=\"cmsms_post_format_img  cmsms-icon-desktop-3\"><\/span>\r\n\t<div class=\"cmsms_post_cont\">\r\n\t<figure><a href=\"https:\/\/lcpr.pl\/zg\/2023\/08\/20\/warsztaty-2023-08-1\/\" title=\"Warsztaty 27-08-2023\" class=\"cmsms_img_link preloader\"><img loading=\"lazy\" decoding=\"async\" width=\"571\" height=\"390\" src=\"https:\/\/lcpr.pl\/zg\/wp-content\/uploads\/2023\/08\/warsztaty-31-08-2023-571x390.jpg\" class=\"full-width wp-post-image\" alt=\"Warsztaty 27-08-2023\" title=\"Warsztaty 27-08-2023\" \/><\/a><\/figure><header class=\"cmsms_post_header entry-header\"><h2 class=\"cmsms_post_title entry-title\"><a href=\"https:\/\/lcpr.pl\/zg\/2023\/08\/20\/warsztaty-2023-08-1\/\">Warsztaty 27-08-2023<\/a><\/h2><\/header><div class=\"cmsms_post_content entry-content\">\n<p>Zapraszamy na zapisy na\u00a0darmowe warsztaty, kt\u00f3re odb\u0119d\u0105 si\u0119 27 sierpnia 2023 roku na Twoim Zielonym Targu Ochla \u2013 Zielonog\u00f3rska 5, Zielona G\u00f3ra. Temat warsztat\u00f3w:\u00a0\u201eNiewinne warsztaty\u201d<br \/>\nTermin warsztat\u00f3w:\u00a027.08.2023 r. godzina:\u00a010:00<\/p>\n<\/div>\n<footer class=\"cmsms_post_footer entry-meta tar\"><div class=\"cmsms_post_meta_info\"><abbr class=\"published cmsms_post_date cmsms-icon-calendar-8\" title=\"2023-08-20\">2023-08-20<\/abbr><abbr class=\"dn date updated\" title=\"2024-05-21\">2024-05-21<\/abbr><\/div><a class=\"button cmsms_post_read_more\" href=\"https:\/\/lcpr.pl\/zg\/2023\/08\/20\/warsztaty-2023-08-1\/\">Wi\u0119cej informacji<\/a><\/footer>\t<\/div>\r\n<\/article>\r\n<!--_________________________ Finish Standard Article _________________________ -->\r\n\r\n\r\n<!--_________________________ Start Standard Article _________________________ -->\r\n\r\n<article id=\"post-10751\" class=\"cmsms_post_masonry post-10751 post type-post status-publish format-standard has-post-thumbnail hentry category-warsztaty-2023\" data-category=\"warsztaty-2023\">\r\n\t<span class=\"cmsms_post_format_img  cmsms-icon-desktop-3\"><\/span>\r\n\t<div class=\"cmsms_post_cont\">\r\n\t<figure><a href=\"https:\/\/lcpr.pl\/zg\/2023\/08\/20\/warsztaty-2023-08-2\/\" title=\"Warsztaty 27-08-2023\" class=\"cmsms_img_link preloader\"><img loading=\"lazy\" decoding=\"async\" width=\"571\" height=\"390\" src=\"https:\/\/lcpr.pl\/zg\/wp-content\/uploads\/2023\/08\/warsztaty-31-08-2023-571x390.jpg\" class=\"full-width wp-post-image\" alt=\"Warsztaty 27-08-2023\" title=\"Warsztaty 27-08-2023\" \/><\/a><\/figure><header class=\"cmsms_post_header entry-header\"><h2 class=\"cmsms_post_title entry-title\"><a href=\"https:\/\/lcpr.pl\/zg\/2023\/08\/20\/warsztaty-2023-08-2\/\">Warsztaty 27-08-2023<\/a><\/h2><\/header><div class=\"cmsms_post_content entry-content\">\n<p>Zapraszamy na zapisy na\u00a0darmowe warsztaty, kt\u00f3re odb\u0119d\u0105 si\u0119 27 sierpnia 2023 roku na Twoim Zielonym Targu Ochla \u2013 Zielonog\u00f3rska 5, Zielona G\u00f3ra. Temat warsztat\u00f3w:\u00a0\u201eNiewinne warsztaty\u201d<br \/>\nTermin warsztat\u00f3w:\u00a027.08.2023 r. godzina:\u00a011:30<\/p>\n<\/div>\n<footer class=\"cmsms_post_footer entry-meta tar\"><div class=\"cmsms_post_meta_info\"><abbr class=\"published cmsms_post_date cmsms-icon-calendar-8\" title=\"2023-08-20\">2023-08-20<\/abbr><abbr class=\"dn date updated\" title=\"2024-05-21\">2024-05-21<\/abbr><\/div><a class=\"button cmsms_post_read_more\" href=\"https:\/\/lcpr.pl\/zg\/2023\/08\/20\/warsztaty-2023-08-2\/\">Wi\u0119cej informacji<\/a><\/footer>\t<\/div>\r\n<\/article>\r\n<!--_________________________ Finish Standard Article _________________________ -->\r\n\r\n\r\n<!--_________________________ Start Standard Article _________________________ -->\r\n\r\n<article id=\"post-10749\" class=\"cmsms_post_masonry post-10749 post type-post status-publish format-standard has-post-thumbnail hentry category-warsztaty-2023\" data-category=\"warsztaty-2023\">\r\n\t<span class=\"cmsms_post_format_img  cmsms-icon-desktop-3\"><\/span>\r\n\t<div class=\"cmsms_post_cont\">\r\n\t<figure><a href=\"https:\/\/lcpr.pl\/zg\/2023\/08\/20\/warsztaty-2023-08-3\/\" title=\"Warsztaty 27-08-2023\" class=\"cmsms_img_link preloader\"><img loading=\"lazy\" decoding=\"async\" width=\"571\" height=\"390\" src=\"https:\/\/lcpr.pl\/zg\/wp-content\/uploads\/2023\/08\/warsztaty-31-08-2023-571x390.jpg\" class=\"full-width wp-post-image\" alt=\"Warsztaty 27-08-2023\" title=\"Warsztaty 27-08-2023\" \/><\/a><\/figure><header class=\"cmsms_post_header entry-header\"><h2 class=\"cmsms_post_title entry-title\"><a href=\"https:\/\/lcpr.pl\/zg\/2023\/08\/20\/warsztaty-2023-08-3\/\">Warsztaty 27-08-2023<\/a><\/h2><\/header><div class=\"cmsms_post_content entry-content\">\n<p>Zapraszamy na zapisy na\u00a0darmowe warsztaty, kt\u00f3re odb\u0119d\u0105 si\u0119 27 sierpnia 2023 roku na Twoim Zielonym Targu Ochla \u2013 Zielonog\u00f3rska 5, Zielona G\u00f3ra. Temat warsztat\u00f3w:\u00a0\u201eNiewinne warsztaty\u201d<br \/>\nTermin warsztat\u00f3w:\u00a027.08.2023 r. godzina:\u00a013:00<\/p>\n<\/div>\n<footer class=\"cmsms_post_footer entry-meta tar\"><div class=\"cmsms_post_meta_info\"><abbr class=\"published cmsms_post_date cmsms-icon-calendar-8\" title=\"2023-08-20\">2023-08-20<\/abbr><abbr class=\"dn date updated\" title=\"2024-05-21\">2024-05-21<\/abbr><\/div><a class=\"button cmsms_post_read_more\" href=\"https:\/\/lcpr.pl\/zg\/2023\/08\/20\/warsztaty-2023-08-3\/\">Wi\u0119cej informacji<\/a><\/footer>\t<\/div>\r\n<\/article>\r\n<!--_________________________ Finish Standard Article _________________________ -->\r\n\r\n\r\n<!--_________________________ Start Standard Article _________________________ -->\r\n\r\n<article id=\"post-10746\" class=\"cmsms_post_masonry post-10746 post type-post status-publish format-standard has-post-thumbnail hentry category-warsztaty-2023\" data-category=\"warsztaty-2023\">\r\n\t<span class=\"cmsms_post_format_img  cmsms-icon-desktop-3\"><\/span>\r\n\t<div class=\"cmsms_post_cont\">\r\n\t<figure><a href=\"https:\/\/lcpr.pl\/zg\/2023\/07\/20\/warsztaty-2023-07-1\/\" title=\"Warsztaty 30-07-2023\" class=\"cmsms_img_link preloader\"><img loading=\"lazy\" decoding=\"async\" width=\"571\" height=\"390\" src=\"https:\/\/lcpr.pl\/zg\/wp-content\/uploads\/2023\/07\/warsztaty-30-07-2023-571x390.jpg\" class=\"full-width wp-post-image\" alt=\"Warsztaty 30-07-2023\" title=\"Warsztaty 30-07-2023\" \/><\/a><\/figure><header class=\"cmsms_post_header entry-header\"><h2 class=\"cmsms_post_title entry-title\"><a href=\"https:\/\/lcpr.pl\/zg\/2023\/07\/20\/warsztaty-2023-07-1\/\">Warsztaty 30-07-2023<\/a><\/h2><\/header><div class=\"cmsms_post_content entry-content\">\n<p>Zapraszamy na zapisy na\u00a0darmowe warsztaty, kt\u00f3re odb\u0119d\u0105 si\u0119 30 lipca 2023 roku na Twoim Zielonym Targu Ochla \u2013 Zielonog\u00f3rska 5, Zielona G\u00f3ra. Temat warsztat\u00f3w:\u00a0\u201e\u015awiat Zi\u00f3\u0142 \u2013 Mieszanki i Marynaty\u201d.<br \/>\nTermin warsztat\u00f3w:\u00a030.07.2023 r. godzina:\u00a010:00<\/p>\n<\/div>\n<footer class=\"cmsms_post_footer entry-meta tar\"><div class=\"cmsms_post_meta_info\"><abbr class=\"published cmsms_post_date cmsms-icon-calendar-8\" title=\"2023-07-20\">2023-07-20<\/abbr><abbr class=\"dn date updated\" title=\"2024-05-21\">2024-05-21<\/abbr><\/div><a class=\"button cmsms_post_read_more\" href=\"https:\/\/lcpr.pl\/zg\/2023\/07\/20\/warsztaty-2023-07-1\/\">Wi\u0119cej informacji<\/a><\/footer>\t<\/div>\r\n<\/article>\r\n<!--_________________________ Finish Standard Article _________________________ -->\r\n\r\n\r\n<!--_________________________ Start Standard Article _________________________ -->\r\n\r\n<article id=\"post-10744\" class=\"cmsms_post_masonry post-10744 post type-post status-publish format-standard has-post-thumbnail hentry category-warsztaty-2023\" data-category=\"warsztaty-2023\">\r\n\t<span class=\"cmsms_post_format_img  cmsms-icon-desktop-3\"><\/span>\r\n\t<div class=\"cmsms_post_cont\">\r\n\t<figure><a href=\"https:\/\/lcpr.pl\/zg\/2023\/07\/20\/warsztaty-2023-07-2\/\" title=\"Warsztaty 30-07-2023\" class=\"cmsms_img_link preloader\"><img loading=\"lazy\" decoding=\"async\" width=\"571\" height=\"390\" src=\"https:\/\/lcpr.pl\/zg\/wp-content\/uploads\/2023\/07\/warsztaty-30-07-2023-1-571x390.jpg\" class=\"full-width wp-post-image\" alt=\"Warsztaty 30-07-2023\" title=\"Warsztaty 30-07-2023\" \/><\/a><\/figure><header class=\"cmsms_post_header entry-header\"><h2 class=\"cmsms_post_title entry-title\"><a href=\"https:\/\/lcpr.pl\/zg\/2023\/07\/20\/warsztaty-2023-07-2\/\">Warsztaty 30-07-2023<\/a><\/h2><\/header><div class=\"cmsms_post_content entry-content\">\n<p>Zapraszamy na zapisy na\u00a0darmowe warsztaty, kt\u00f3re odb\u0119d\u0105 si\u0119 30 lipca 2023 roku na Twoim Zielonym Targu Ochla \u2013 Zielonog\u00f3rska 5, Zielona G\u00f3ra. Temat warsztat\u00f3w:\u00a0\u201e\u015awiat Zi\u00f3\u0142 \u2013 Mieszanki i Marynaty\u201d.<br \/>\nTermin warsztat\u00f3w:\u00a030.07.2023 r. godzina:\u00a011:30<\/p>\n<\/div>\n<footer class=\"cmsms_post_footer entry-meta tar\"><div class=\"cmsms_post_meta_info\"><abbr class=\"published cmsms_post_date cmsms-icon-calendar-8\" title=\"2023-07-20\">2023-07-20<\/abbr><abbr class=\"dn date updated\" title=\"2024-05-21\">2024-05-21<\/abbr><\/div><a class=\"button cmsms_post_read_more\" href=\"https:\/\/lcpr.pl\/zg\/2023\/07\/20\/warsztaty-2023-07-2\/\">Wi\u0119cej informacji<\/a><\/footer>\t<\/div>\r\n<\/article>\r\n<!--_________________________ Finish Standard Article _________________________ -->\r\n\r\n\r\n<!--_________________________ Start Standard Article _________________________ -->\r\n\r\n<article id=\"post-10742\" class=\"cmsms_post_masonry post-10742 post type-post status-publish format-standard has-post-thumbnail hentry category-warsztaty-2023\" data-category=\"warsztaty-2023\">\r\n\t<span class=\"cmsms_post_format_img  cmsms-icon-desktop-3\"><\/span>\r\n\t<div class=\"cmsms_post_cont\">\r\n\t<figure><a href=\"https:\/\/lcpr.pl\/zg\/2023\/07\/20\/warsztaty-2023-07-3\/\" title=\"Warsztaty 30-07-2023\" class=\"cmsms_img_link preloader\"><img loading=\"lazy\" decoding=\"async\" width=\"571\" height=\"390\" src=\"https:\/\/lcpr.pl\/zg\/wp-content\/uploads\/2023\/07\/warsztaty-30-07-2023-2-571x390.jpg\" class=\"full-width wp-post-image\" alt=\"Warsztaty 30-07-2023\" title=\"Warsztaty 30-07-2023\" \/><\/a><\/figure><header class=\"cmsms_post_header entry-header\"><h2 class=\"cmsms_post_title entry-title\"><a href=\"https:\/\/lcpr.pl\/zg\/2023\/07\/20\/warsztaty-2023-07-3\/\">Warsztaty 30-07-2023<\/a><\/h2><\/header><div class=\"cmsms_post_content entry-content\">\n<p>Zapraszamy na zapisy na\u00a0darmowe warsztaty, kt\u00f3re odb\u0119d\u0105 si\u0119 30 lipca 2023 roku na Twoim Zielonym Targu Ochla \u2013 Zielonog\u00f3rska 5, Zielona G\u00f3ra. Temat warsztat\u00f3w:\u00a0\u201e\u015awiat Zi\u00f3\u0142 \u2013 Mieszanki i Marynaty\u201d.<br \/>\nTermin warsztat\u00f3w:\u00a030.07.2023 r. godzina:\u00a013:00<\/p>\n<\/div>\n<footer class=\"cmsms_post_footer entry-meta tar\"><div class=\"cmsms_post_meta_info\"><abbr class=\"published cmsms_post_date cmsms-icon-calendar-8\" title=\"2023-07-20\">2023-07-20<\/abbr><abbr class=\"dn date updated\" title=\"2024-05-21\">2024-05-21<\/abbr><\/div><a class=\"button cmsms_post_read_more\" href=\"https:\/\/lcpr.pl\/zg\/2023\/07\/20\/warsztaty-2023-07-3\/\">Wi\u0119cej informacji<\/a><\/footer>\t<\/div>\r\n<\/article>\r\n<!--_________________________ Finish Standard Article _________________________ -->\r\n\r\n\r\n<!--_________________________ Start Standard Article _________________________ -->\r\n\r\n<article id=\"post-10739\" class=\"cmsms_post_masonry post-10739 post type-post status-publish format-standard has-post-thumbnail hentry category-warsztaty-2023\" data-category=\"warsztaty-2023\">\r\n\t<span class=\"cmsms_post_format_img  cmsms-icon-desktop-3\"><\/span>\r\n\t<div class=\"cmsms_post_cont\">\r\n\t<figure><a href=\"https:\/\/lcpr.pl\/zg\/2023\/06\/20\/warsztaty-2023-06-1\/\" title=\"Warsztaty 25-06-2023\" class=\"cmsms_img_link preloader\"><img loading=\"lazy\" decoding=\"async\" width=\"571\" height=\"390\" src=\"https:\/\/lcpr.pl\/zg\/wp-content\/uploads\/2023\/06\/warsztaty-25-06-2023-2-571x390.jpg\" class=\"full-width wp-post-image\" alt=\"Warsztaty 25-06-2023\" title=\"Warsztaty 25-06-2023\" \/><\/a><\/figure><header class=\"cmsms_post_header entry-header\"><h2 class=\"cmsms_post_title entry-title\"><a href=\"https:\/\/lcpr.pl\/zg\/2023\/06\/20\/warsztaty-2023-06-1\/\">Warsztaty 25-06-2023<\/a><\/h2><\/header><div class=\"cmsms_post_content entry-content\">\n<p>Zapraszamy na zapisy na\u00a0darmowe warsztaty, kt\u00f3re odb\u0119d\u0105 si\u0119 25 czerwca 2023 roku na Twoim Zielonym Targu Ochla \u2013 Zielonog\u00f3rska 5, Zielona G\u00f3ra. Temat warsztat\u00f3w:\u00a0\u201eS\u0142odkie lato, pachn\u0105ce piernikami\u201d.<br \/>\nTermin warsztat\u00f3w:\u00a025.06.2023 godzina:\u00a010:00<\/p>\n<\/div>\n<footer class=\"cmsms_post_footer entry-meta tar\"><div class=\"cmsms_post_meta_info\"><abbr class=\"published cmsms_post_date cmsms-icon-calendar-8\" title=\"2023-06-20\">2023-06-20<\/abbr><abbr class=\"dn date updated\" title=\"2024-05-21\">2024-05-21<\/abbr><\/div><a class=\"button cmsms_post_read_more\" href=\"https:\/\/lcpr.pl\/zg\/2023\/06\/20\/warsztaty-2023-06-1\/\">Wi\u0119cej informacji<\/a><\/footer>\t<\/div>\r\n<\/article>\r\n<!--_________________________ Finish Standard Article _________________________ -->\r\n\r\n\r\n<!--_________________________ Start Standard Article _________________________ -->\r\n\r\n<article id=\"post-10737\" class=\"cmsms_post_masonry post-10737 post type-post status-publish format-standard has-post-thumbnail hentry category-warsztaty-2023\" data-category=\"warsztaty-2023\">\r\n\t<span class=\"cmsms_post_format_img  cmsms-icon-desktop-3\"><\/span>\r\n\t<div class=\"cmsms_post_cont\">\r\n\t<figure><a href=\"https:\/\/lcpr.pl\/zg\/2023\/06\/20\/warsztaty-2023-06-2\/\" title=\"Warsztaty 25-06-2023\" class=\"cmsms_img_link preloader\"><img loading=\"lazy\" decoding=\"async\" width=\"571\" height=\"390\" src=\"https:\/\/lcpr.pl\/zg\/wp-content\/uploads\/2023\/06\/warsztaty-25-06-2023-1-571x390.jpg\" class=\"full-width wp-post-image\" alt=\"Warsztaty 25-06-2023\" title=\"Warsztaty 25-06-2023\" \/><\/a><\/figure><header class=\"cmsms_post_header entry-header\"><h2 class=\"cmsms_post_title entry-title\"><a href=\"https:\/\/lcpr.pl\/zg\/2023\/06\/20\/warsztaty-2023-06-2\/\">Warsztaty 25-06-2023<\/a><\/h2><\/header><div class=\"cmsms_post_content entry-content\">\n<p>Zapraszamy na zapisy na\u00a0darmowe warsztaty, kt\u00f3re odb\u0119d\u0105 si\u0119 25 czerwca 2023 roku na Twoim Zielonym Targu Ochla \u2013 Zielonog\u00f3rska 5, Zielona G\u00f3ra. Temat warsztat\u00f3w:\u00a0\u201eS\u0142odkie lato, pachn\u0105ce piernikami\u201d.<br \/>\nTermin warsztat\u00f3w:\u00a025.06.2023 godzina:\u00a011:30<\/p>\n<\/div>\n<footer class=\"cmsms_post_footer entry-meta tar\"><div class=\"cmsms_post_meta_info\"><abbr class=\"published cmsms_post_date cmsms-icon-calendar-8\" title=\"2023-06-20\">2023-06-20<\/abbr><abbr class=\"dn date updated\" title=\"2024-05-21\">2024-05-21<\/abbr><\/div><a class=\"button cmsms_post_read_more\" href=\"https:\/\/lcpr.pl\/zg\/2023\/06\/20\/warsztaty-2023-06-2\/\">Wi\u0119cej informacji<\/a><\/footer>\t<\/div>\r\n<\/article>\r\n<!--_________________________ Finish Standard Article _________________________ -->\r\n\r\n\r\n<!--_________________________ Start Standard Article _________________________ -->\r\n\r\n<article id=\"post-10735\" class=\"cmsms_post_masonry post-10735 post type-post status-publish format-standard has-post-thumbnail hentry category-warsztaty-2023\" data-category=\"warsztaty-2023\">\r\n\t<span class=\"cmsms_post_format_img  cmsms-icon-desktop-3\"><\/span>\r\n\t<div class=\"cmsms_post_cont\">\r\n\t<figure><a href=\"https:\/\/lcpr.pl\/zg\/2023\/06\/20\/warsztaty-2023-06-3\/\" title=\"Warsztaty 25-06-2023\" class=\"cmsms_img_link preloader\"><img loading=\"lazy\" decoding=\"async\" width=\"571\" height=\"390\" src=\"https:\/\/lcpr.pl\/zg\/wp-content\/uploads\/2023\/06\/warsztaty-25-06-2023-571x390.jpg\" class=\"full-width wp-post-image\" alt=\"Warsztaty 25-06-2023\" title=\"Warsztaty 25-06-2023\" \/><\/a><\/figure><header class=\"cmsms_post_header entry-header\"><h2 class=\"cmsms_post_title entry-title\"><a href=\"https:\/\/lcpr.pl\/zg\/2023\/06\/20\/warsztaty-2023-06-3\/\">Warsztaty 25-06-2023<\/a><\/h2><\/header><div class=\"cmsms_post_content entry-content\">\n<p>Zapraszamy na zapisy na\u00a0darmowe warsztaty, kt\u00f3re odb\u0119d\u0105 si\u0119 25 czerwca 2023 roku na Twoim Zielonym Targu Ochla \u2013 Zielonog\u00f3rska 5, Zielona G\u00f3ra. Temat warsztat\u00f3w:\u00a0\u201eS\u0142odkie lato, pachn\u0105ce piernikami\u201d.<br \/>\nTermin warsztat\u00f3w:\u00a025.06.2023 godzina:\u00a013:00<\/p>\n<\/div>\n<footer class=\"cmsms_post_footer entry-meta tar\"><div class=\"cmsms_post_meta_info\"><abbr class=\"published cmsms_post_date cmsms-icon-calendar-8\" title=\"2023-06-20\">2023-06-20<\/abbr><abbr class=\"dn date updated\" title=\"2024-05-21\">2024-05-21<\/abbr><\/div><a class=\"button cmsms_post_read_more\" href=\"https:\/\/lcpr.pl\/zg\/2023\/06\/20\/warsztaty-2023-06-3\/\">Wi\u0119cej informacji<\/a><\/footer>\t<\/div>\r\n<\/article>\r\n<!--_________________________ Finish Standard Article _________________________ -->\r\n\r\n\r\n<!--_________________________ Start Standard Article _________________________ -->\r\n\r\n<article id=\"post-10732\" class=\"cmsms_post_masonry post-10732 post type-post status-publish format-standard has-post-thumbnail hentry category-warsztaty-2023\" data-category=\"warsztaty-2023\">\r\n\t<span class=\"cmsms_post_format_img  cmsms-icon-desktop-3\"><\/span>\r\n\t<div class=\"cmsms_post_cont\">\r\n\t<figure><a href=\"https:\/\/lcpr.pl\/zg\/2023\/05\/20\/warsztaty-2023-05-1\/\" title=\"Warsztaty 28-05-2023\" class=\"cmsms_img_link preloader\"><img loading=\"lazy\" decoding=\"async\" width=\"571\" height=\"390\" src=\"https:\/\/lcpr.pl\/zg\/wp-content\/uploads\/2023\/05\/warsztaty-28-05-2023-571x390.jpg\" class=\"full-width wp-post-image\" alt=\"Warsztaty 28-05-2023\" title=\"Warsztaty 28-05-2023\" \/><\/a><\/figure><header class=\"cmsms_post_header entry-header\"><h2 class=\"cmsms_post_title entry-title\"><a href=\"https:\/\/lcpr.pl\/zg\/2023\/05\/20\/warsztaty-2023-05-1\/\">Warsztaty 28-05-2023<\/a><\/h2><\/header><div class=\"cmsms_post_content entry-content\">\n<p>Zapraszamy na zapisy na\u00a0darmowe warsztaty, kt\u00f3re odb\u0119d\u0105 si\u0119 28 maja 2023 roku na Twoim Zielonym Targu Ochla \u2013 Zielonog\u00f3rska 5, Zielona G\u00f3ra. Temat warsztat\u00f3w:\u00a0\u201eRo\u015bliny w ceramice \u2013 inspiracje i kreacje\u201d.<br \/>\nTermin warsztat\u00f3w:\u00a028.05.2023 godzina:\u00a010:00<\/p>\n<\/div>\n<footer class=\"cmsms_post_footer entry-meta tar\"><div class=\"cmsms_post_meta_info\"><abbr class=\"published cmsms_post_date cmsms-icon-calendar-8\" title=\"2023-05-20\">2023-05-20<\/abbr><abbr class=\"dn date updated\" title=\"2024-05-21\">2024-05-21<\/abbr><\/div><a class=\"button cmsms_post_read_more\" href=\"https:\/\/lcpr.pl\/zg\/2023\/05\/20\/warsztaty-2023-05-1\/\">Wi\u0119cej informacji<\/a><\/footer>\t<\/div>\r\n<\/article>\r\n<!--_________________________ Finish Standard Article _________________________ -->\r\n\r\n\r\n<!--_________________________ Start Standard Article _________________________ -->\r\n\r\n<article id=\"post-10730\" class=\"cmsms_post_masonry post-10730 post type-post status-publish format-standard has-post-thumbnail hentry category-warsztaty-2023\" data-category=\"warsztaty-2023\">\r\n\t<span class=\"cmsms_post_format_img  cmsms-icon-desktop-3\"><\/span>\r\n\t<div class=\"cmsms_post_cont\">\r\n\t<figure><a href=\"https:\/\/lcpr.pl\/zg\/2023\/05\/20\/warsztaty-2023-05-2\/\" title=\"Warsztaty 28-05-2023\" class=\"cmsms_img_link preloader\"><img loading=\"lazy\" decoding=\"async\" width=\"571\" height=\"390\" src=\"https:\/\/lcpr.pl\/zg\/wp-content\/uploads\/2023\/05\/warsztaty-28-05-2023-571x390.jpg\" class=\"full-width wp-post-image\" alt=\"Warsztaty 28-05-2023\" title=\"Warsztaty 28-05-2023\" \/><\/a><\/figure><header class=\"cmsms_post_header entry-header\"><h2 class=\"cmsms_post_title entry-title\"><a href=\"https:\/\/lcpr.pl\/zg\/2023\/05\/20\/warsztaty-2023-05-2\/\">Warsztaty 28-05-2023<\/a><\/h2><\/header><div class=\"cmsms_post_content entry-content\">\n<p>Zapraszamy na zapisy na\u00a0darmowe warsztaty, kt\u00f3re odb\u0119d\u0105 si\u0119 28 maja 2023 roku na Twoim Zielonym Targu Ochla \u2013 Zielonog\u00f3rska 5, Zielona G\u00f3ra. Temat warsztat\u00f3w:\u00a0\u201eRo\u015bliny w ceramice \u2013 inspiracje i kreacje\u201d.<br \/>\nTermin warsztat\u00f3w:\u00a028.05.2023 godzina:\u00a011:30<\/p>\n<\/div>\n<footer class=\"cmsms_post_footer entry-meta tar\"><div class=\"cmsms_post_meta_info\"><abbr class=\"published cmsms_post_date cmsms-icon-calendar-8\" title=\"2023-05-20\">2023-05-20<\/abbr><abbr class=\"dn date updated\" title=\"2024-05-21\">2024-05-21<\/abbr><\/div><a class=\"button cmsms_post_read_more\" href=\"https:\/\/lcpr.pl\/zg\/2023\/05\/20\/warsztaty-2023-05-2\/\">Wi\u0119cej informacji<\/a><\/footer>\t<\/div>\r\n<\/article>\r\n<!--_________________________ Finish Standard Article _________________________ -->\r\n\r\n\r\n<!--_________________________ Start Standard Article _________________________ -->\r\n\r\n<article id=\"post-10728\" class=\"cmsms_post_masonry post-10728 post type-post status-publish format-standard has-post-thumbnail hentry category-warsztaty-2023\" data-category=\"warsztaty-2023\">\r\n\t<span class=\"cmsms_post_format_img  cmsms-icon-desktop-3\"><\/span>\r\n\t<div class=\"cmsms_post_cont\">\r\n\t<figure><a href=\"https:\/\/lcpr.pl\/zg\/2023\/05\/20\/warsztaty-2023-05-3\/\" title=\"Warsztaty 28-05-2023\" class=\"cmsms_img_link preloader\"><img loading=\"lazy\" decoding=\"async\" width=\"571\" height=\"390\" src=\"https:\/\/lcpr.pl\/zg\/wp-content\/uploads\/2023\/05\/warsztaty-28-05-2023-571x390.jpg\" class=\"full-width wp-post-image\" alt=\"Warsztaty 28-05-2023\" title=\"Warsztaty 28-05-2023\" \/><\/a><\/figure><header class=\"cmsms_post_header entry-header\"><h2 class=\"cmsms_post_title entry-title\"><a href=\"https:\/\/lcpr.pl\/zg\/2023\/05\/20\/warsztaty-2023-05-3\/\">Warsztaty 28-05-2023<\/a><\/h2><\/header><div class=\"cmsms_post_content entry-content\">\n<p>Zapraszamy na zapisy na\u00a0darmowe warsztaty, kt\u00f3re odb\u0119d\u0105 si\u0119 28 maja 2023 roku na Twoim Zielonym Targu Ochla \u2013 Zielonog\u00f3rska 5, Zielona G\u00f3ra. Temat warsztat\u00f3w:\u00a0\u201eRo\u015bliny w ceramice \u2013 inspiracje i kreacje\u201d.<br \/>\nTermin warsztat\u00f3w:\u00a028.05.2023 godzina:\u00a013:00<\/p>\n<\/div>\n<footer class=\"cmsms_post_footer entry-meta tar\"><div class=\"cmsms_post_meta_info\"><abbr class=\"published cmsms_post_date cmsms-icon-calendar-8\" title=\"2023-05-20\">2023-05-20<\/abbr><abbr class=\"dn date updated\" title=\"2024-05-21\">2024-05-21<\/abbr><\/div><a class=\"button cmsms_post_read_more\" href=\"https:\/\/lcpr.pl\/zg\/2023\/05\/20\/warsztaty-2023-05-3\/\">Wi\u0119cej informacji<\/a><\/footer>\t<\/div>\r\n<\/article>\r\n<!--_________________________ Finish Standard Article _________________________ -->\r\n\r\n\r\n<!--_________________________ Start Standard Article _________________________ -->\r\n\r\n<article id=\"post-10725\" class=\"cmsms_post_masonry post-10725 post type-post status-publish format-standard has-post-thumbnail hentry category-warsztaty-2023\" data-category=\"warsztaty-2023\">\r\n\t<span class=\"cmsms_post_format_img  cmsms-icon-desktop-3\"><\/span>\r\n\t<div class=\"cmsms_post_cont\">\r\n\t<figure><a href=\"https:\/\/lcpr.pl\/zg\/2023\/04\/20\/warsztaty-2023-04-1\/\" title=\"Warsztaty 30-04-2023\" class=\"cmsms_img_link preloader\"><img loading=\"lazy\" decoding=\"async\" width=\"571\" height=\"390\" src=\"https:\/\/lcpr.pl\/zg\/wp-content\/uploads\/2023\/04\/warsztaty-30-04-2023-571x390.jpg\" class=\"full-width wp-post-image\" alt=\"Warsztaty 30-04-2023\" title=\"Warsztaty 30-04-2023\" \/><\/a><\/figure><header class=\"cmsms_post_header entry-header\"><h2 class=\"cmsms_post_title entry-title\"><a href=\"https:\/\/lcpr.pl\/zg\/2023\/04\/20\/warsztaty-2023-04-1\/\">Warsztaty 30-04-2023<\/a><\/h2><\/header><div class=\"cmsms_post_content entry-content\">\n<p>Zapraszamy na zapisy na\u00a0darmowe warsztaty, kt\u00f3re odb\u0119d\u0105 si\u0119 30 kwietnia 2023 roku na Twoim Zielonym Targu Ochla \u2013 Zielonog\u00f3rska 5, Zielona G\u00f3ra. Temat warsztat\u00f3w:\u00a0\u201eLubuskie Grillove\u201d.<br \/>\nTermin warsztat\u00f3w:\u00a030.04.2023 godzina:\u00a010:00<\/p>\n<\/div>\n<footer class=\"cmsms_post_footer entry-meta tar\"><div class=\"cmsms_post_meta_info\"><abbr class=\"published cmsms_post_date cmsms-icon-calendar-8\" title=\"2023-04-20\">2023-04-20<\/abbr><abbr class=\"dn date updated\" title=\"2024-05-21\">2024-05-21<\/abbr><\/div><a class=\"button cmsms_post_read_more\" href=\"https:\/\/lcpr.pl\/zg\/2023\/04\/20\/warsztaty-2023-04-1\/\">Wi\u0119cej informacji<\/a><\/footer>\t<\/div>\r\n<\/article>\r\n<!--_________________________ Finish Standard Article _________________________ -->\r\n\r\n\r\n<!--_________________________ Start Standard Article _________________________ -->\r\n\r\n<article id=\"post-10723\" class=\"cmsms_post_masonry post-10723 post type-post status-publish format-standard has-post-thumbnail hentry category-warsztaty-2023\" data-category=\"warsztaty-2023\">\r\n\t<span class=\"cmsms_post_format_img  cmsms-icon-desktop-3\"><\/span>\r\n\t<div class=\"cmsms_post_cont\">\r\n\t<figure><a href=\"https:\/\/lcpr.pl\/zg\/2023\/04\/20\/warsztaty-2023-04-2\/\" title=\"Warsztaty 30-04-2023\" class=\"cmsms_img_link preloader\"><img loading=\"lazy\" decoding=\"async\" width=\"571\" height=\"390\" src=\"https:\/\/lcpr.pl\/zg\/wp-content\/uploads\/2023\/04\/warsztaty-30-04-2023-571x390.jpg\" class=\"full-width wp-post-image\" alt=\"Warsztaty 30-04-2023\" title=\"Warsztaty 30-04-2023\" \/><\/a><\/figure><header class=\"cmsms_post_header entry-header\"><h2 class=\"cmsms_post_title entry-title\"><a href=\"https:\/\/lcpr.pl\/zg\/2023\/04\/20\/warsztaty-2023-04-2\/\">Warsztaty 30-04-2023<\/a><\/h2><\/header><div class=\"cmsms_post_content entry-content\">\n<p>Zapraszamy na zapisy na\u00a0darmowe warsztaty, kt\u00f3re odb\u0119d\u0105 si\u0119 30 kwietnia 2023 roku na Twoim Zielonym Targu Ochla \u2013 Zielonog\u00f3rska 5, Zielona G\u00f3ra. Temat warsztat\u00f3w:\u00a0\u201eLubuskie Grillove\u201d.<br \/>\nTermin warsztat\u00f3w:\u00a030.04.2023 godzina:\u00a011:30<\/p>\n<\/div>\n<footer class=\"cmsms_post_footer entry-meta tar\"><div class=\"cmsms_post_meta_info\"><abbr class=\"published cmsms_post_date cmsms-icon-calendar-8\" title=\"2023-04-20\">2023-04-20<\/abbr><abbr class=\"dn date updated\" title=\"2024-05-21\">2024-05-21<\/abbr><\/div><a class=\"button cmsms_post_read_more\" href=\"https:\/\/lcpr.pl\/zg\/2023\/04\/20\/warsztaty-2023-04-2\/\">Wi\u0119cej informacji<\/a><\/footer>\t<\/div>\r\n<\/article>\r\n<!--_________________________ Finish Standard Article _________________________ -->\r\n\r\n\r\n<!--_________________________ Start Standard Article _________________________ -->\r\n\r\n<article id=\"post-10721\" class=\"cmsms_post_masonry post-10721 post type-post status-publish format-standard has-post-thumbnail hentry category-warsztaty-2023\" data-category=\"warsztaty-2023\">\r\n\t<span class=\"cmsms_post_format_img  cmsms-icon-desktop-3\"><\/span>\r\n\t<div class=\"cmsms_post_cont\">\r\n\t<figure><a href=\"https:\/\/lcpr.pl\/zg\/2023\/04\/20\/warsztaty-2023-04-3\/\" title=\"Warsztaty 30-04-2023\" class=\"cmsms_img_link preloader\"><img loading=\"lazy\" decoding=\"async\" width=\"571\" height=\"390\" src=\"https:\/\/lcpr.pl\/zg\/wp-content\/uploads\/2023\/04\/warsztaty-30-04-2023-571x390.jpg\" class=\"full-width wp-post-image\" alt=\"Warsztaty 30-04-2023\" title=\"Warsztaty 30-04-2023\" \/><\/a><\/figure><header class=\"cmsms_post_header entry-header\"><h2 class=\"cmsms_post_title entry-title\"><a href=\"https:\/\/lcpr.pl\/zg\/2023\/04\/20\/warsztaty-2023-04-3\/\">Warsztaty 30-04-2023<\/a><\/h2><\/header><div class=\"cmsms_post_content entry-content\">\n<p>Zapraszamy na zapisy na\u00a0darmowe warsztaty, kt\u00f3re odb\u0119d\u0105 si\u0119 30 kwietnia 2023 roku na Twoim Zielonym Targu Ochla \u2013 Zielonog\u00f3rska 5, Zielona G\u00f3ra. Temat warsztat\u00f3w:\u00a0\u201eLubuskie Grillove\u201d.<br \/>\nTermin warsztat\u00f3w:\u00a030.04.2023 godzina:\u00a013:00<\/p>\n<\/div>\n<footer class=\"cmsms_post_footer entry-meta tar\"><div class=\"cmsms_post_meta_info\"><abbr class=\"published cmsms_post_date cmsms-icon-calendar-8\" title=\"2023-04-20\">2023-04-20<\/abbr><abbr class=\"dn date updated\" title=\"2024-05-21\">2024-05-21<\/abbr><\/div><a class=\"button cmsms_post_read_more\" href=\"https:\/\/lcpr.pl\/zg\/2023\/04\/20\/warsztaty-2023-04-3\/\">Wi\u0119cej informacji<\/a><\/footer>\t<\/div>\r\n<\/article>\r\n<!--_________________________ Finish Standard Article _________________________ -->\r\n\r\n<\/div><div class=\"cmsms_wrap_more_posts cmsms_wrap_more_items\"><\/div><\/div>\n<\/div>\n<\/div>\n<\/div>\n<\/div>\n<\/div>\n<\/div>\n\n","protected":false},"excerpt":{"rendered":"","protected":false},"author":1,"featured_media":0,"parent":4261,"menu_order":0,"comment_status":"closed","ping_status":"closed","template":"","meta":{"footnotes":""},"class_list":["post-10781","page","type-page","status-publish","hentry"],"_links":{"self":[{"href":"https:\/\/lcpr.pl\/zg\/wp-json\/wp\/v2\/pages\/10781","targetHints":{"allow":["GET"]}}],"collection":[{"href":"https:\/\/lcpr.pl\/zg\/wp-json\/wp\/v2\/pages"}],"about":[{"href":"https:\/\/lcpr.pl\/zg\/wp-json\/wp\/v2\/types\/page"}],"author":[{"embeddable":true,"href":"https:\/\/lcpr.pl\/zg\/wp-json\/wp\/v2\/users\/1"}],"replies":[{"embeddable":true,"href":"https:\/\/lcpr.pl\/zg\/wp-json\/wp\/v2\/comments?post=10781"}],"version-history":[{"count":3,"href":"https:\/\/lcpr.pl\/zg\/wp-json\/wp\/v2\/pages\/10781\/revisions"}],"predecessor-version":[{"id":10789,"href":"https:\/\/lcpr.pl\/zg\/wp-json\/wp\/v2\/pages\/10781\/revisions\/10789"}],"up":[{"embeddable":true,"href":"https:\/\/lcpr.pl\/zg\/wp-json\/wp\/v2\/pages\/4261"}],"wp:attachment":[{"href":"https:\/\/lcpr.pl\/zg\/wp-json\/wp\/v2\/media?parent=10781"}],"curies":[{"name":"wp","href":"https:\/\/api.w.org\/{rel}","templated":true}]}}