{"id":10779,"date":"2024-05-21T07:59:40","date_gmt":"2024-05-21T05:59:40","guid":{"rendered":"https:\/\/lcpr.pl\/zg\/?page_id=10779"},"modified":"2024-05-21T08:03:32","modified_gmt":"2024-05-21T06:03:32","slug":"warsztaty-2022","status":"publish","type":"page","link":"https:\/\/lcpr.pl\/zg\/warsztaty-z-producentami\/warsztaty-2022\/","title":{"rendered":"Warsztaty 2022"},"content":{"rendered":"<style type=\"text\/css\"> \n#cmsms_row_69f17e050e297 .cmsms_row_outer_parent { \n\tpadding-top: 0px; \n} \n\n#cmsms_row_69f17e050e297 .cmsms_row_outer_parent { \n\tpadding-bottom: 50px; \n} \n\n<\/style><div id=\"cmsms_row_69f17e050e297\" class=\"cmsms_row cmsms_color_scheme_default\">\n<div class=\"cmsms_row_outer_parent\">\n<div class=\"cmsms_row_outer\">\n<div class=\"cmsms_row_inner\">\n<div class=\"cmsms_row_margin\">\n<div class=\"cmsms_column one_first\">\n<div class=\"cmsms_wrap_blog entry-summary\" id=\"blog_69f17e050e3a9\"><script type=\"text\/javascript\">\r\njQuery(document).ready(function () {\r\n\t(function ($) {\r\n\t\tif ($('#blog_69f17e050e3a9').find('article').length == '0') {\r\n\t\t\treturn false;\r\n\t\t}\r\n\t\t\r\n\t\r\n\t\tstartBlog( \r\n\t\t\t'69f17e050e3a9', \r\n\t\t\t'columns', \r\n\t\t\t'grid', \r\n\t\t\t'https:\/\/lcpr.pl\/zg\/wp-content\/plugins\/cmsms-content-composer\/', \r\n\t\t\t'date', \r\n\t\t\t'DESC', \r\n\t\t\t'32', \r\n\t\t\t'warsztaty-2022', \r\n\t\t\t'date,more' \r\n\t\t);\r\n\t} )(jQuery);\r\n} );\r\n<\/script>\r\n<div class=\"blog columns grid cmsms_4\">\r\n<!--_________________________ Start Standard Article _________________________ -->\r\n\r\n<article id=\"post-10718\" class=\"cmsms_post_masonry post-10718 post type-post status-publish format-standard has-post-thumbnail hentry category-warsztaty-2022\" data-category=\"warsztaty-2022\">\r\n\t<span class=\"cmsms_post_format_img  cmsms-icon-desktop-3\"><\/span>\r\n\t<div class=\"cmsms_post_cont\">\r\n\t<figure><a href=\"https:\/\/lcpr.pl\/zg\/2022\/12\/20\/warsztaty-2022-12-1\/\" title=\"Warsztaty 17-12-2022\" class=\"cmsms_img_link preloader\"><img loading=\"lazy\" decoding=\"async\" width=\"571\" height=\"390\" src=\"https:\/\/lcpr.pl\/zg\/wp-content\/uploads\/2024\/05\/warsztaty-17-18-12-2022-571x390.jpg\" class=\"full-width wp-post-image\" alt=\"Warsztaty 17-12-2022\" title=\"Warsztaty 17-12-2022\" \/><\/a><\/figure><header class=\"cmsms_post_header entry-header\"><h2 class=\"cmsms_post_title entry-title\"><a href=\"https:\/\/lcpr.pl\/zg\/2022\/12\/20\/warsztaty-2022-12-1\/\">Warsztaty 17-12-2022<\/a><\/h2><\/header><div class=\"cmsms_post_content entry-content\">\n<p>Zapraszamy na zapisy na\u00a0darmowe warsztaty, kt\u00f3re odb\u0119d\u0105 si\u0119 17 i 18 grudnia 2022 roku na Twoim Zielonym Targu Ochla \u2013 Zielonog\u00f3rska 5, Zielona G\u00f3ra. Temat warsztat\u00f3w:\u00a0\u201e\u015awiat Piernika\u201d.<br \/>\nTermin warsztat\u00f3w:\u00a017.12.2022\u00a0(niedziela) godzina:\u00a011:30<\/p>\n<\/div>\n<footer class=\"cmsms_post_footer entry-meta tar\"><div class=\"cmsms_post_meta_info\"><abbr class=\"published cmsms_post_date cmsms-icon-calendar-8\" title=\"2022-12-20\">2022-12-20<\/abbr><abbr class=\"dn date updated\" title=\"2024-05-21\">2024-05-21<\/abbr><\/div><a class=\"button cmsms_post_read_more\" href=\"https:\/\/lcpr.pl\/zg\/2022\/12\/20\/warsztaty-2022-12-1\/\">Wi\u0119cej informacji<\/a><\/footer>\t<\/div>\r\n<\/article>\r\n<!--_________________________ Finish Standard Article _________________________ -->\r\n\r\n\r\n<!--_________________________ Start Standard Article _________________________ -->\r\n\r\n<article id=\"post-10716\" class=\"cmsms_post_masonry post-10716 post type-post status-publish format-standard has-post-thumbnail hentry category-warsztaty-2022\" data-category=\"warsztaty-2022\">\r\n\t<span class=\"cmsms_post_format_img  cmsms-icon-desktop-3\"><\/span>\r\n\t<div class=\"cmsms_post_cont\">\r\n\t<figure><a href=\"https:\/\/lcpr.pl\/zg\/2022\/12\/20\/warsztaty-2022-12-2\/\" title=\"Warsztaty 17-12-2022\" class=\"cmsms_img_link preloader\"><img loading=\"lazy\" decoding=\"async\" width=\"571\" height=\"390\" src=\"https:\/\/lcpr.pl\/zg\/wp-content\/uploads\/2024\/05\/warsztaty-17-18-12-2022-571x390.jpg\" class=\"full-width wp-post-image\" alt=\"Warsztaty 17-12-2022\" title=\"Warsztaty 17-12-2022\" \/><\/a><\/figure><header class=\"cmsms_post_header entry-header\"><h2 class=\"cmsms_post_title entry-title\"><a href=\"https:\/\/lcpr.pl\/zg\/2022\/12\/20\/warsztaty-2022-12-2\/\">Warsztaty 17-12-2022<\/a><\/h2><\/header><div class=\"cmsms_post_content entry-content\">\n<p>Zapraszamy na zapisy na\u00a0darmowe warsztaty, kt\u00f3re odb\u0119d\u0105 si\u0119 17 i 18 grudnia 2022 roku na Twoim Zielonym Targu Ochla \u2013 Zielonog\u00f3rska 5, Zielona G\u00f3ra. Temat warsztat\u00f3w:\u00a0\u201e\u015awiat Piernika\u201d.<br \/>\nTermin warsztat\u00f3w:\u00a017.12.2022\u00a0(niedziela) godzina:\u00a013:00<\/p>\n<\/div>\n<footer class=\"cmsms_post_footer entry-meta tar\"><div class=\"cmsms_post_meta_info\"><abbr class=\"published cmsms_post_date cmsms-icon-calendar-8\" title=\"2022-12-20\">2022-12-20<\/abbr><abbr class=\"dn date updated\" title=\"2024-05-21\">2024-05-21<\/abbr><\/div><a class=\"button cmsms_post_read_more\" href=\"https:\/\/lcpr.pl\/zg\/2022\/12\/20\/warsztaty-2022-12-2\/\">Wi\u0119cej informacji<\/a><\/footer>\t<\/div>\r\n<\/article>\r\n<!--_________________________ Finish Standard Article _________________________ -->\r\n\r\n\r\n<!--_________________________ Start Standard Article _________________________ -->\r\n\r\n<article id=\"post-10714\" class=\"cmsms_post_masonry post-10714 post type-post status-publish format-standard has-post-thumbnail hentry category-warsztaty-2022\" data-category=\"warsztaty-2022\">\r\n\t<span class=\"cmsms_post_format_img  cmsms-icon-desktop-3\"><\/span>\r\n\t<div class=\"cmsms_post_cont\">\r\n\t<figure><a href=\"https:\/\/lcpr.pl\/zg\/2022\/12\/20\/warsztaty-2022-12-3\/\" title=\"Warsztaty 18-12-2022\" class=\"cmsms_img_link preloader\"><img loading=\"lazy\" decoding=\"async\" width=\"571\" height=\"390\" src=\"https:\/\/lcpr.pl\/zg\/wp-content\/uploads\/2024\/05\/warsztaty-17-18-12-2022-571x390.jpg\" class=\"full-width wp-post-image\" alt=\"Warsztaty 18-12-2022\" title=\"Warsztaty 18-12-2022\" \/><\/a><\/figure><header class=\"cmsms_post_header entry-header\"><h2 class=\"cmsms_post_title entry-title\"><a href=\"https:\/\/lcpr.pl\/zg\/2022\/12\/20\/warsztaty-2022-12-3\/\">Warsztaty 18-12-2022<\/a><\/h2><\/header><div class=\"cmsms_post_content entry-content\">\n<p>Zapraszamy na zapisy na\u00a0darmowe warsztaty, kt\u00f3re odb\u0119d\u0105 si\u0119 17 i 18 grudnia 2022 roku na Twoim Zielonym Targu Ochla \u2013 Zielonog\u00f3rska 5, Zielona G\u00f3ra. Temat warsztat\u00f3w:\u00a0\u201e\u015awiat Piernika\u201d.<br \/>\nTermin warsztat\u00f3w:\u00a018.12.2022\u00a0(niedziela) godzina:\u00a011:30<\/p>\n<\/div>\n<footer class=\"cmsms_post_footer entry-meta tar\"><div class=\"cmsms_post_meta_info\"><abbr class=\"published cmsms_post_date cmsms-icon-calendar-8\" title=\"2022-12-20\">2022-12-20<\/abbr><abbr class=\"dn date updated\" title=\"2024-05-21\">2024-05-21<\/abbr><\/div><a class=\"button cmsms_post_read_more\" href=\"https:\/\/lcpr.pl\/zg\/2022\/12\/20\/warsztaty-2022-12-3\/\">Wi\u0119cej informacji<\/a><\/footer>\t<\/div>\r\n<\/article>\r\n<!--_________________________ Finish Standard Article _________________________ -->\r\n\r\n\r\n<!--_________________________ Start Standard Article _________________________ -->\r\n\r\n<article id=\"post-10712\" class=\"cmsms_post_masonry post-10712 post type-post status-publish format-standard has-post-thumbnail hentry category-warsztaty-2022\" data-category=\"warsztaty-2022\">\r\n\t<span class=\"cmsms_post_format_img  cmsms-icon-desktop-3\"><\/span>\r\n\t<div class=\"cmsms_post_cont\">\r\n\t<figure><a href=\"https:\/\/lcpr.pl\/zg\/2022\/12\/20\/warsztaty-2022-12-4\/\" title=\"Warsztaty 18-12-2022\" class=\"cmsms_img_link preloader\"><img loading=\"lazy\" decoding=\"async\" width=\"571\" height=\"390\" src=\"https:\/\/lcpr.pl\/zg\/wp-content\/uploads\/2024\/05\/warsztaty-17-18-12-2022-571x390.jpg\" class=\"full-width wp-post-image\" alt=\"Warsztaty 18-12-2022\" title=\"Warsztaty 18-12-2022\" \/><\/a><\/figure><header class=\"cmsms_post_header entry-header\"><h2 class=\"cmsms_post_title entry-title\"><a href=\"https:\/\/lcpr.pl\/zg\/2022\/12\/20\/warsztaty-2022-12-4\/\">Warsztaty 18-12-2022<\/a><\/h2><\/header><div class=\"cmsms_post_content entry-content\">\n<p>Zapraszamy na zapisy na\u00a0darmowe warsztaty, kt\u00f3re odb\u0119d\u0105 si\u0119 17 i 18 grudnia 2022 roku na Twoim Zielonym Targu Ochla \u2013 Zielonog\u00f3rska 5, Zielona G\u00f3ra. Temat warsztat\u00f3w:\u00a0\u201e\u015awiat Piernika\u201d.<br \/>\nTermin warsztat\u00f3w:\u00a018.12.2022\u00a0(niedziela) godzina:\u00a013:00<\/p>\n<\/div>\n<footer class=\"cmsms_post_footer entry-meta tar\"><div class=\"cmsms_post_meta_info\"><abbr class=\"published cmsms_post_date cmsms-icon-calendar-8\" title=\"2022-12-20\">2022-12-20<\/abbr><abbr class=\"dn date updated\" title=\"2024-05-21\">2024-05-21<\/abbr><\/div><a class=\"button cmsms_post_read_more\" href=\"https:\/\/lcpr.pl\/zg\/2022\/12\/20\/warsztaty-2022-12-4\/\">Wi\u0119cej informacji<\/a><\/footer>\t<\/div>\r\n<\/article>\r\n<!--_________________________ Finish Standard Article _________________________ -->\r\n\r\n\r\n<!--_________________________ Start Standard Article _________________________ -->\r\n\r\n<article id=\"post-10709\" class=\"cmsms_post_masonry post-10709 post type-post status-publish format-standard has-post-thumbnail hentry category-warsztaty-2022\" data-category=\"warsztaty-2022\">\r\n\t<span class=\"cmsms_post_format_img  cmsms-icon-desktop-3\"><\/span>\r\n\t<div class=\"cmsms_post_cont\">\r\n\t<figure><a href=\"https:\/\/lcpr.pl\/zg\/2022\/10\/20\/warsztaty-2022-10-1\/\" title=\"Warsztaty 30-10-2022\" class=\"cmsms_img_link preloader\"><img loading=\"lazy\" decoding=\"async\" width=\"571\" height=\"390\" src=\"https:\/\/lcpr.pl\/zg\/wp-content\/uploads\/2022\/10\/warsztaty-30-10-2022-571x390.jpg\" class=\"full-width wp-post-image\" alt=\"Warsztaty 30-10-2022\" title=\"Warsztaty 30-10-2022\" \/><\/a><\/figure><header class=\"cmsms_post_header entry-header\"><h2 class=\"cmsms_post_title entry-title\"><a href=\"https:\/\/lcpr.pl\/zg\/2022\/10\/20\/warsztaty-2022-10-1\/\">Warsztaty 30-10-2022<\/a><\/h2><\/header><div class=\"cmsms_post_content entry-content\">\n<p>Zapraszamy na zapisy na\u00a0darmowe warsztaty, kt\u00f3re odb\u0119d\u0105 si\u0119 30 pa\u017adziernika 2022 roku na Twoim Zielonym Targu Ochla \u2013 Zielonog\u00f3rska 5, Zielona G\u00f3ra. Temat warsztat\u00f3w:\u00a0\u201eJesienny Torcikowy Zawr\u00f3t G\u0142owy\u201d<br \/>\nTermin warsztat\u00f3w:\u00a030.10.2022 godzina:\u00a010:00<\/p>\n<\/div>\n<footer class=\"cmsms_post_footer entry-meta tar\"><div class=\"cmsms_post_meta_info\"><abbr class=\"published cmsms_post_date cmsms-icon-calendar-8\" title=\"2022-10-20\">2022-10-20<\/abbr><abbr class=\"dn date updated\" title=\"2024-05-21\">2024-05-21<\/abbr><\/div><a class=\"button cmsms_post_read_more\" href=\"https:\/\/lcpr.pl\/zg\/2022\/10\/20\/warsztaty-2022-10-1\/\">Wi\u0119cej informacji<\/a><\/footer>\t<\/div>\r\n<\/article>\r\n<!--_________________________ Finish Standard Article _________________________ -->\r\n\r\n\r\n<!--_________________________ Start Standard Article _________________________ -->\r\n\r\n<article id=\"post-10707\" class=\"cmsms_post_masonry post-10707 post type-post status-publish format-standard has-post-thumbnail hentry category-warsztaty-2022\" data-category=\"warsztaty-2022\">\r\n\t<span class=\"cmsms_post_format_img  cmsms-icon-desktop-3\"><\/span>\r\n\t<div class=\"cmsms_post_cont\">\r\n\t<figure><a href=\"https:\/\/lcpr.pl\/zg\/2022\/10\/20\/warsztaty-2022-10-2\/\" title=\"Warsztaty 30-10-2022\" class=\"cmsms_img_link preloader\"><img loading=\"lazy\" decoding=\"async\" width=\"571\" height=\"390\" src=\"https:\/\/lcpr.pl\/zg\/wp-content\/uploads\/2022\/10\/warsztaty-30-10-2022-571x390.jpg\" class=\"full-width wp-post-image\" alt=\"Warsztaty 30-10-2022\" title=\"Warsztaty 30-10-2022\" \/><\/a><\/figure><header class=\"cmsms_post_header entry-header\"><h2 class=\"cmsms_post_title entry-title\"><a href=\"https:\/\/lcpr.pl\/zg\/2022\/10\/20\/warsztaty-2022-10-2\/\">Warsztaty 30-10-2022<\/a><\/h2><\/header><div class=\"cmsms_post_content entry-content\">\n<p>Zapraszamy na zapisy na\u00a0darmowe warsztaty, kt\u00f3re odb\u0119d\u0105 si\u0119 30 pa\u017adziernika 2022 roku na Twoim Zielonym Targu Ochla \u2013 Zielonog\u00f3rska 5, Zielona G\u00f3ra. Temat warsztat\u00f3w:\u00a0\u201eJesienny Torcikowy Zawr\u00f3t G\u0142owy\u201d<br \/>\nTermin warsztat\u00f3w:\u00a030.10.2022 godzina:\u00a011:30<\/p>\n<\/div>\n<footer class=\"cmsms_post_footer entry-meta tar\"><div class=\"cmsms_post_meta_info\"><abbr class=\"published cmsms_post_date cmsms-icon-calendar-8\" title=\"2022-10-20\">2022-10-20<\/abbr><abbr class=\"dn date updated\" title=\"2024-05-21\">2024-05-21<\/abbr><\/div><a class=\"button cmsms_post_read_more\" href=\"https:\/\/lcpr.pl\/zg\/2022\/10\/20\/warsztaty-2022-10-2\/\">Wi\u0119cej informacji<\/a><\/footer>\t<\/div>\r\n<\/article>\r\n<!--_________________________ Finish Standard Article _________________________ -->\r\n\r\n\r\n<!--_________________________ Start Standard Article _________________________ -->\r\n\r\n<article id=\"post-10705\" class=\"cmsms_post_masonry post-10705 post type-post status-publish format-standard has-post-thumbnail hentry category-warsztaty-2022\" data-category=\"warsztaty-2022\">\r\n\t<span class=\"cmsms_post_format_img  cmsms-icon-desktop-3\"><\/span>\r\n\t<div class=\"cmsms_post_cont\">\r\n\t<figure><a href=\"https:\/\/lcpr.pl\/zg\/2022\/10\/20\/warsztaty-2022-10-3\/\" title=\"Warsztaty 30-10-2022\" class=\"cmsms_img_link preloader\"><img loading=\"lazy\" decoding=\"async\" width=\"571\" height=\"390\" src=\"https:\/\/lcpr.pl\/zg\/wp-content\/uploads\/2022\/10\/warsztaty-30-10-2022-571x390.jpg\" class=\"full-width wp-post-image\" alt=\"Warsztaty 30-10-2022\" title=\"Warsztaty 30-10-2022\" \/><\/a><\/figure><header class=\"cmsms_post_header entry-header\"><h2 class=\"cmsms_post_title entry-title\"><a href=\"https:\/\/lcpr.pl\/zg\/2022\/10\/20\/warsztaty-2022-10-3\/\">Warsztaty 30-10-2022<\/a><\/h2><\/header><div class=\"cmsms_post_content entry-content\">\n<p>Zapraszamy na zapisy na\u00a0darmowe warsztaty, kt\u00f3re odb\u0119d\u0105 si\u0119 30 pa\u017adziernika 2022 roku na Twoim Zielonym Targu Ochla \u2013 Zielonog\u00f3rska 5, Zielona G\u00f3ra. Temat warsztat\u00f3w:\u00a0\u201eJesienny Torcikowy Zawr\u00f3t G\u0142owy\u201d<br \/>\nTermin warsztat\u00f3w:\u00a030.10.2022 godzina:\u00a013:00<\/p>\n<\/div>\n<footer class=\"cmsms_post_footer entry-meta tar\"><div class=\"cmsms_post_meta_info\"><abbr class=\"published cmsms_post_date cmsms-icon-calendar-8\" title=\"2022-10-20\">2022-10-20<\/abbr><abbr class=\"dn date updated\" title=\"2024-05-21\">2024-05-21<\/abbr><\/div><a class=\"button cmsms_post_read_more\" href=\"https:\/\/lcpr.pl\/zg\/2022\/10\/20\/warsztaty-2022-10-3\/\">Wi\u0119cej informacji<\/a><\/footer>\t<\/div>\r\n<\/article>\r\n<!--_________________________ Finish Standard Article _________________________ -->\r\n\r\n\r\n<!--_________________________ Start Standard Article _________________________ -->\r\n\r\n<article id=\"post-10702\" class=\"cmsms_post_masonry post-10702 post type-post status-publish format-standard has-post-thumbnail hentry category-warsztaty-2022\" data-category=\"warsztaty-2022\">\r\n\t<span class=\"cmsms_post_format_img  cmsms-icon-desktop-3\"><\/span>\r\n\t<div class=\"cmsms_post_cont\">\r\n\t<figure><a href=\"https:\/\/lcpr.pl\/zg\/2022\/09\/20\/warsztaty-2022-09-1\/\" title=\"Warsztaty 25-09-2022\" class=\"cmsms_img_link preloader\"><img loading=\"lazy\" decoding=\"async\" width=\"571\" height=\"390\" src=\"https:\/\/lcpr.pl\/zg\/wp-content\/uploads\/2022\/09\/warsztaty-25-09-2022-571x390.jpg\" class=\"full-width wp-post-image\" alt=\"Warsztaty 25-09-2022\" title=\"Warsztaty 25-09-2022\" \/><\/a><\/figure><header class=\"cmsms_post_header entry-header\"><h2 class=\"cmsms_post_title entry-title\"><a href=\"https:\/\/lcpr.pl\/zg\/2022\/09\/20\/warsztaty-2022-09-1\/\">Warsztaty 25-09-2022<\/a><\/h2><\/header><div class=\"cmsms_post_content entry-content\">\n<p>Zapraszamy na zapisy na\u00a0darmowe warsztaty, kt\u00f3re odb\u0119d\u0105 si\u0119 25 wrze\u015bnia 2022 roku na Twoim Zielonym Targu Ochla \u2013 Zielonog\u00f3rska 5, Zielona G\u00f3ra. Temat warsztat\u00f3w:\u00a0\u201eWypiek pizzy regionalnej\u201d.<br \/>\nTermin warsztat\u00f3w:\u00a025.09.2022 godzina:\u00a010:00<\/p>\n<\/div>\n<footer class=\"cmsms_post_footer entry-meta tar\"><div class=\"cmsms_post_meta_info\"><abbr class=\"published cmsms_post_date cmsms-icon-calendar-8\" title=\"2022-09-20\">2022-09-20<\/abbr><abbr class=\"dn date updated\" title=\"2024-05-21\">2024-05-21<\/abbr><\/div><a class=\"button cmsms_post_read_more\" href=\"https:\/\/lcpr.pl\/zg\/2022\/09\/20\/warsztaty-2022-09-1\/\">Wi\u0119cej informacji<\/a><\/footer>\t<\/div>\r\n<\/article>\r\n<!--_________________________ Finish Standard Article _________________________ -->\r\n\r\n\r\n<!--_________________________ Start Standard Article _________________________ -->\r\n\r\n<article id=\"post-10700\" class=\"cmsms_post_masonry post-10700 post type-post status-publish format-standard has-post-thumbnail hentry category-warsztaty-2022\" data-category=\"warsztaty-2022\">\r\n\t<span class=\"cmsms_post_format_img  cmsms-icon-desktop-3\"><\/span>\r\n\t<div class=\"cmsms_post_cont\">\r\n\t<figure><a href=\"https:\/\/lcpr.pl\/zg\/2022\/09\/20\/warsztaty-2022-09-2\/\" title=\"Warsztaty 25-09-2022\" class=\"cmsms_img_link preloader\"><img loading=\"lazy\" decoding=\"async\" width=\"571\" height=\"390\" src=\"https:\/\/lcpr.pl\/zg\/wp-content\/uploads\/2022\/09\/warsztaty-25-09-2022-571x390.jpg\" class=\"full-width wp-post-image\" alt=\"Warsztaty 25-09-2022\" title=\"Warsztaty 25-09-2022\" \/><\/a><\/figure><header class=\"cmsms_post_header entry-header\"><h2 class=\"cmsms_post_title entry-title\"><a href=\"https:\/\/lcpr.pl\/zg\/2022\/09\/20\/warsztaty-2022-09-2\/\">Warsztaty 25-09-2022<\/a><\/h2><\/header><div class=\"cmsms_post_content entry-content\">\n<p>Zapraszamy na zapisy na\u00a0darmowe warsztaty, kt\u00f3re odb\u0119d\u0105 si\u0119 25 wrze\u015bnia 2022 roku na Twoim Zielonym Targu Ochla \u2013 Zielonog\u00f3rska 5, Zielona G\u00f3ra. Temat warsztat\u00f3w:\u00a0\u201eWypiek pizzy regionalnej\u201d.<br \/>\nTermin warsztat\u00f3w:\u00a025.09.2022 godzina:\u00a011:30<\/p>\n<\/div>\n<footer class=\"cmsms_post_footer entry-meta tar\"><div class=\"cmsms_post_meta_info\"><abbr class=\"published cmsms_post_date cmsms-icon-calendar-8\" title=\"2022-09-20\">2022-09-20<\/abbr><abbr class=\"dn date updated\" title=\"2024-05-21\">2024-05-21<\/abbr><\/div><a class=\"button cmsms_post_read_more\" href=\"https:\/\/lcpr.pl\/zg\/2022\/09\/20\/warsztaty-2022-09-2\/\">Wi\u0119cej informacji<\/a><\/footer>\t<\/div>\r\n<\/article>\r\n<!--_________________________ Finish Standard Article _________________________ -->\r\n\r\n\r\n<!--_________________________ Start Standard Article _________________________ -->\r\n\r\n<article id=\"post-10697\" class=\"cmsms_post_masonry post-10697 post type-post status-publish format-standard has-post-thumbnail hentry category-warsztaty-2022\" data-category=\"warsztaty-2022\">\r\n\t<span class=\"cmsms_post_format_img  cmsms-icon-desktop-3\"><\/span>\r\n\t<div class=\"cmsms_post_cont\">\r\n\t<figure><a href=\"https:\/\/lcpr.pl\/zg\/2022\/09\/20\/warsztaty-2022-09-3\/\" title=\"Warsztaty 25-09-2022\" class=\"cmsms_img_link preloader\"><img loading=\"lazy\" decoding=\"async\" width=\"571\" height=\"390\" src=\"https:\/\/lcpr.pl\/zg\/wp-content\/uploads\/2022\/09\/warsztaty-25-09-2022-571x390.jpg\" class=\"full-width wp-post-image\" alt=\"Warsztaty 25-09-2022\" title=\"Warsztaty 25-09-2022\" \/><\/a><\/figure><header class=\"cmsms_post_header entry-header\"><h2 class=\"cmsms_post_title entry-title\"><a href=\"https:\/\/lcpr.pl\/zg\/2022\/09\/20\/warsztaty-2022-09-3\/\">Warsztaty 25-09-2022<\/a><\/h2><\/header><div class=\"cmsms_post_content entry-content\">\n<p>Zapraszamy na zapisy na\u00a0darmowe warsztaty, kt\u00f3re odb\u0119d\u0105 si\u0119 25 wrze\u015bnia 2022 roku na Twoim Zielonym Targu Ochla \u2013 Zielonog\u00f3rska 5, Zielona G\u00f3ra. Temat warsztat\u00f3w:\u00a0\u201eWypiek pizzy regionalnej\u201d.<br \/>\nTermin warsztat\u00f3w:\u00a025.09.2022 godzina:\u00a013:00<\/p>\n<\/div>\n<footer class=\"cmsms_post_footer entry-meta tar\"><div class=\"cmsms_post_meta_info\"><abbr class=\"published cmsms_post_date cmsms-icon-calendar-8\" title=\"2022-09-20\">2022-09-20<\/abbr><abbr class=\"dn date updated\" title=\"2024-05-21\">2024-05-21<\/abbr><\/div><a class=\"button cmsms_post_read_more\" href=\"https:\/\/lcpr.pl\/zg\/2022\/09\/20\/warsztaty-2022-09-3\/\">Wi\u0119cej informacji<\/a><\/footer>\t<\/div>\r\n<\/article>\r\n<!--_________________________ Finish Standard Article _________________________ -->\r\n\r\n\r\n<!--_________________________ Start Standard Article _________________________ -->\r\n\r\n<article id=\"post-10694\" class=\"cmsms_post_masonry post-10694 post type-post status-publish format-standard has-post-thumbnail hentry category-warsztaty-2022\" data-category=\"warsztaty-2022\">\r\n\t<span class=\"cmsms_post_format_img  cmsms-icon-desktop-3\"><\/span>\r\n\t<div class=\"cmsms_post_cont\">\r\n\t<figure><a href=\"https:\/\/lcpr.pl\/zg\/2022\/08\/20\/warsztaty-2022-08-1\/\" title=\"Warsztaty 28-08-2022\" class=\"cmsms_img_link preloader\"><img loading=\"lazy\" decoding=\"async\" width=\"571\" height=\"390\" src=\"https:\/\/lcpr.pl\/zg\/wp-content\/uploads\/2022\/08\/warsztaty-28-08-2022-571x390.jpg\" class=\"full-width wp-post-image\" alt=\"Warsztaty 28-08-2022\" title=\"Warsztaty 28-08-2022\" \/><\/a><\/figure><header class=\"cmsms_post_header entry-header\"><h2 class=\"cmsms_post_title entry-title\"><a href=\"https:\/\/lcpr.pl\/zg\/2022\/08\/20\/warsztaty-2022-08-1\/\">Warsztaty 28-08-2022<\/a><\/h2><\/header><div class=\"cmsms_post_content entry-content\">\n<p>Zapraszamy na zapisy na\u00a0darmowe warsztaty, kt\u00f3re odb\u0119d\u0105 si\u0119 28 sierpnia 2022 roku na Twoim Zielonym Targu Ochla \u2013 Zielonog\u00f3rska 5, Zielona G\u00f3ra. Temat warsztat\u00f3w:\u00a0\u201eZakwas i chleb\u201d.<br \/>\nTermin warsztat\u00f3w:\u00a028.08.2022 godzina:\u00a010:00<\/p>\n<\/div>\n<footer class=\"cmsms_post_footer entry-meta tar\"><div class=\"cmsms_post_meta_info\"><abbr class=\"published cmsms_post_date cmsms-icon-calendar-8\" title=\"2022-08-20\">2022-08-20<\/abbr><abbr class=\"dn date updated\" title=\"2024-05-21\">2024-05-21<\/abbr><\/div><a class=\"button cmsms_post_read_more\" href=\"https:\/\/lcpr.pl\/zg\/2022\/08\/20\/warsztaty-2022-08-1\/\">Wi\u0119cej informacji<\/a><\/footer>\t<\/div>\r\n<\/article>\r\n<!--_________________________ Finish Standard Article _________________________ -->\r\n\r\n\r\n<!--_________________________ Start Standard Article _________________________ -->\r\n\r\n<article id=\"post-10692\" class=\"cmsms_post_masonry post-10692 post type-post status-publish format-standard has-post-thumbnail hentry category-warsztaty-2022\" data-category=\"warsztaty-2022\">\r\n\t<span class=\"cmsms_post_format_img  cmsms-icon-desktop-3\"><\/span>\r\n\t<div class=\"cmsms_post_cont\">\r\n\t<figure><a href=\"https:\/\/lcpr.pl\/zg\/2022\/08\/20\/warsztaty-2022-08-2\/\" title=\"Warsztaty 28-08-2022\" class=\"cmsms_img_link preloader\"><img loading=\"lazy\" decoding=\"async\" width=\"571\" height=\"390\" src=\"https:\/\/lcpr.pl\/zg\/wp-content\/uploads\/2022\/08\/warsztaty-28-08-2022-571x390.jpg\" class=\"full-width wp-post-image\" alt=\"Warsztaty 28-08-2022\" title=\"Warsztaty 28-08-2022\" \/><\/a><\/figure><header class=\"cmsms_post_header entry-header\"><h2 class=\"cmsms_post_title entry-title\"><a href=\"https:\/\/lcpr.pl\/zg\/2022\/08\/20\/warsztaty-2022-08-2\/\">Warsztaty 28-08-2022<\/a><\/h2><\/header><div class=\"cmsms_post_content entry-content\">\n<p>Zapraszamy na zapisy na\u00a0darmowe warsztaty, kt\u00f3re odb\u0119d\u0105 si\u0119 28 sierpnia 2022 roku na Twoim Zielonym Targu Ochla \u2013 Zielonog\u00f3rska 5, Zielona G\u00f3ra. Temat warsztat\u00f3w:\u00a0\u201eZakwas i chleb\u201d.<br \/>\nTermin warsztat\u00f3w:\u00a028.08.2022 godzina:\u00a011:30<\/p>\n<\/div>\n<footer class=\"cmsms_post_footer entry-meta tar\"><div class=\"cmsms_post_meta_info\"><abbr class=\"published cmsms_post_date cmsms-icon-calendar-8\" title=\"2022-08-20\">2022-08-20<\/abbr><abbr class=\"dn date updated\" title=\"2024-05-21\">2024-05-21<\/abbr><\/div><a class=\"button cmsms_post_read_more\" href=\"https:\/\/lcpr.pl\/zg\/2022\/08\/20\/warsztaty-2022-08-2\/\">Wi\u0119cej informacji<\/a><\/footer>\t<\/div>\r\n<\/article>\r\n<!--_________________________ Finish Standard Article _________________________ -->\r\n\r\n\r\n<!--_________________________ Start Standard Article _________________________ -->\r\n\r\n<article id=\"post-10690\" class=\"cmsms_post_masonry post-10690 post type-post status-publish format-standard has-post-thumbnail hentry category-warsztaty-2022\" data-category=\"warsztaty-2022\">\r\n\t<span class=\"cmsms_post_format_img  cmsms-icon-desktop-3\"><\/span>\r\n\t<div class=\"cmsms_post_cont\">\r\n\t<figure><a href=\"https:\/\/lcpr.pl\/zg\/2022\/08\/20\/warsztaty-2022-08-3\/\" title=\"Warsztaty 28-08-2022\" class=\"cmsms_img_link preloader\"><img loading=\"lazy\" decoding=\"async\" width=\"571\" height=\"390\" src=\"https:\/\/lcpr.pl\/zg\/wp-content\/uploads\/2022\/08\/warsztaty-28-08-2022-571x390.jpg\" class=\"full-width wp-post-image\" alt=\"Warsztaty 28-08-2022\" title=\"Warsztaty 28-08-2022\" \/><\/a><\/figure><header class=\"cmsms_post_header entry-header\"><h2 class=\"cmsms_post_title entry-title\"><a href=\"https:\/\/lcpr.pl\/zg\/2022\/08\/20\/warsztaty-2022-08-3\/\">Warsztaty 28-08-2022<\/a><\/h2><\/header><div class=\"cmsms_post_content entry-content\">\n<p>Zapraszamy na zapisy na\u00a0darmowe warsztaty, kt\u00f3re odb\u0119d\u0105 si\u0119 28 sierpnia 2022 roku na Twoim Zielonym Targu Ochla \u2013 Zielonog\u00f3rska 5, Zielona G\u00f3ra. Temat warsztat\u00f3w:\u00a0\u201eZakwas i chleb\u201d.<br \/>\nTermin warsztat\u00f3w:\u00a028.08.2022 godzina:\u00a013:00<\/p>\n<\/div>\n<footer class=\"cmsms_post_footer entry-meta tar\"><div class=\"cmsms_post_meta_info\"><abbr class=\"published cmsms_post_date cmsms-icon-calendar-8\" title=\"2022-08-20\">2022-08-20<\/abbr><abbr class=\"dn date updated\" title=\"2024-05-21\">2024-05-21<\/abbr><\/div><a class=\"button cmsms_post_read_more\" href=\"https:\/\/lcpr.pl\/zg\/2022\/08\/20\/warsztaty-2022-08-3\/\">Wi\u0119cej informacji<\/a><\/footer>\t<\/div>\r\n<\/article>\r\n<!--_________________________ Finish Standard Article _________________________ -->\r\n\r\n\r\n<!--_________________________ Start Standard Article _________________________ -->\r\n\r\n<article id=\"post-10686\" class=\"cmsms_post_masonry post-10686 post type-post status-publish format-standard has-post-thumbnail hentry category-warsztaty-2022\" data-category=\"warsztaty-2022\">\r\n\t<span class=\"cmsms_post_format_img  cmsms-icon-desktop-3\"><\/span>\r\n\t<div class=\"cmsms_post_cont\">\r\n\t<figure><a href=\"https:\/\/lcpr.pl\/zg\/2022\/07\/20\/warsztaty-2022-07-1\/\" title=\"Warsztaty 31-07-2022\" class=\"cmsms_img_link preloader\"><img loading=\"lazy\" decoding=\"async\" width=\"571\" height=\"390\" src=\"https:\/\/lcpr.pl\/zg\/wp-content\/uploads\/2022\/07\/warsztaty-31-07-2022-571x390.jpg\" class=\"full-width wp-post-image\" alt=\"Warsztaty 31-07-2022\" title=\"Warsztaty 31-07-2022\" \/><\/a><\/figure><header class=\"cmsms_post_header entry-header\"><h2 class=\"cmsms_post_title entry-title\"><a href=\"https:\/\/lcpr.pl\/zg\/2022\/07\/20\/warsztaty-2022-07-1\/\">Warsztaty 31-07-2022<\/a><\/h2><\/header><div class=\"cmsms_post_content entry-content\">\n<p>Zapraszamy na zapisy na\u00a0darmowe warsztaty, kt\u00f3re odb\u0119d\u0105 si\u0119 31 lipca 2022 roku na Twoim Zielonym Targu Ochla \u2013 Zielonog\u00f3rska 5, Zielona G\u00f3ra. Temat warsztat\u00f3w:\u00a0\u201eSer typu bundz podpuszczkowy z zio\u0142ami wed\u0142ug Qzko\u201d.<br \/>\nTermin warsztat\u00f3w:\u00a031.07.2022 godzina:\u00a010:00<\/p>\n<\/div>\n<footer class=\"cmsms_post_footer entry-meta tar\"><div class=\"cmsms_post_meta_info\"><abbr class=\"published cmsms_post_date cmsms-icon-calendar-8\" title=\"2022-07-20\">2022-07-20<\/abbr><abbr class=\"dn date updated\" title=\"2024-05-21\">2024-05-21<\/abbr><\/div><a class=\"button cmsms_post_read_more\" href=\"https:\/\/lcpr.pl\/zg\/2022\/07\/20\/warsztaty-2022-07-1\/\">Wi\u0119cej informacji<\/a><\/footer>\t<\/div>\r\n<\/article>\r\n<!--_________________________ Finish Standard Article _________________________ -->\r\n\r\n\r\n<!--_________________________ Start Standard Article _________________________ -->\r\n\r\n<article id=\"post-10684\" class=\"cmsms_post_masonry post-10684 post type-post status-publish format-standard has-post-thumbnail hentry category-warsztaty-2022\" data-category=\"warsztaty-2022\">\r\n\t<span class=\"cmsms_post_format_img  cmsms-icon-desktop-3\"><\/span>\r\n\t<div class=\"cmsms_post_cont\">\r\n\t<figure><a href=\"https:\/\/lcpr.pl\/zg\/2022\/07\/20\/warsztaty-2022-07-2\/\" title=\"Warsztaty 31-07-2022\" class=\"cmsms_img_link preloader\"><img loading=\"lazy\" decoding=\"async\" width=\"571\" height=\"390\" src=\"https:\/\/lcpr.pl\/zg\/wp-content\/uploads\/2022\/07\/warsztaty-31-07-2022-571x390.jpg\" class=\"full-width wp-post-image\" alt=\"Warsztaty 31-07-2022\" title=\"Warsztaty 31-07-2022\" \/><\/a><\/figure><header class=\"cmsms_post_header entry-header\"><h2 class=\"cmsms_post_title entry-title\"><a href=\"https:\/\/lcpr.pl\/zg\/2022\/07\/20\/warsztaty-2022-07-2\/\">Warsztaty 31-07-2022<\/a><\/h2><\/header><div class=\"cmsms_post_content entry-content\">\n<p>Zapraszamy na zapisy na\u00a0darmowe warsztaty, kt\u00f3re odb\u0119d\u0105 si\u0119 31 lipca 2022 roku na Twoim Zielonym Targu Ochla \u2013 Zielonog\u00f3rska 5, Zielona G\u00f3ra. Temat warsztat\u00f3w:\u00a0\u201eSer typu bundz podpuszczkowy z zio\u0142ami wed\u0142ug Qzko\u201d.<br \/>\nTermin warsztat\u00f3w:\u00a031.07.2022 godzina:\u00a011:30<\/p>\n<\/div>\n<footer class=\"cmsms_post_footer entry-meta tar\"><div class=\"cmsms_post_meta_info\"><abbr class=\"published cmsms_post_date cmsms-icon-calendar-8\" title=\"2022-07-20\">2022-07-20<\/abbr><abbr class=\"dn date updated\" title=\"2024-05-21\">2024-05-21<\/abbr><\/div><a class=\"button cmsms_post_read_more\" href=\"https:\/\/lcpr.pl\/zg\/2022\/07\/20\/warsztaty-2022-07-2\/\">Wi\u0119cej informacji<\/a><\/footer>\t<\/div>\r\n<\/article>\r\n<!--_________________________ Finish Standard Article _________________________ -->\r\n\r\n\r\n<!--_________________________ Start Standard Article _________________________ -->\r\n\r\n<article id=\"post-10682\" class=\"cmsms_post_masonry post-10682 post type-post status-publish format-standard has-post-thumbnail hentry category-warsztaty-2022\" data-category=\"warsztaty-2022\">\r\n\t<span class=\"cmsms_post_format_img  cmsms-icon-desktop-3\"><\/span>\r\n\t<div class=\"cmsms_post_cont\">\r\n\t<figure><a href=\"https:\/\/lcpr.pl\/zg\/2022\/07\/20\/warsztaty-2022-07-3\/\" title=\"Warsztaty 31-07-2022\" class=\"cmsms_img_link preloader\"><img loading=\"lazy\" decoding=\"async\" width=\"571\" height=\"390\" src=\"https:\/\/lcpr.pl\/zg\/wp-content\/uploads\/2022\/07\/warsztaty-31-07-2022-571x390.jpg\" class=\"full-width wp-post-image\" alt=\"Warsztaty 31-07-2022\" title=\"Warsztaty 31-07-2022\" \/><\/a><\/figure><header class=\"cmsms_post_header entry-header\"><h2 class=\"cmsms_post_title entry-title\"><a href=\"https:\/\/lcpr.pl\/zg\/2022\/07\/20\/warsztaty-2022-07-3\/\">Warsztaty 31-07-2022<\/a><\/h2><\/header><div class=\"cmsms_post_content entry-content\">\n<p>Zapraszamy na zapisy na\u00a0darmowe warsztaty, kt\u00f3re odb\u0119d\u0105 si\u0119 31 lipca 2022 roku na Twoim Zielonym Targu Ochla \u2013 Zielonog\u00f3rska 5, Zielona G\u00f3ra. Temat warsztat\u00f3w:\u00a0\u201eSer typu bundz podpuszczkowy z zio\u0142ami wed\u0142ug Qzko\u201d.<br \/>\nTermin warsztat\u00f3w:\u00a031.07.2022 godzina:\u00a013:00<\/p>\n<\/div>\n<footer class=\"cmsms_post_footer entry-meta tar\"><div class=\"cmsms_post_meta_info\"><abbr class=\"published cmsms_post_date cmsms-icon-calendar-8\" title=\"2022-07-20\">2022-07-20<\/abbr><abbr class=\"dn date updated\" title=\"2024-05-21\">2024-05-21<\/abbr><\/div><a class=\"button cmsms_post_read_more\" href=\"https:\/\/lcpr.pl\/zg\/2022\/07\/20\/warsztaty-2022-07-3\/\">Wi\u0119cej informacji<\/a><\/footer>\t<\/div>\r\n<\/article>\r\n<!--_________________________ Finish Standard Article _________________________ -->\r\n\r\n\r\n<!--_________________________ Start Standard Article _________________________ -->\r\n\r\n<article id=\"post-10679\" class=\"cmsms_post_masonry post-10679 post type-post status-publish format-standard has-post-thumbnail hentry category-warsztaty-2022\" data-category=\"warsztaty-2022\">\r\n\t<span class=\"cmsms_post_format_img  cmsms-icon-desktop-3\"><\/span>\r\n\t<div class=\"cmsms_post_cont\">\r\n\t<figure><a href=\"https:\/\/lcpr.pl\/zg\/2022\/05\/20\/warsztaty-2022-05-1\/\" title=\"Warsztaty 29-05-2022\" class=\"cmsms_img_link preloader\"><img loading=\"lazy\" decoding=\"async\" width=\"571\" height=\"390\" src=\"https:\/\/lcpr.pl\/zg\/wp-content\/uploads\/2022\/05\/warsztaty-29-05-2022-571x390.jpg\" class=\"full-width wp-post-image\" alt=\"Warsztaty 29-05-2022\" title=\"Warsztaty 29-05-2022\" \/><\/a><\/figure><header class=\"cmsms_post_header entry-header\"><h2 class=\"cmsms_post_title entry-title\"><a href=\"https:\/\/lcpr.pl\/zg\/2022\/05\/20\/warsztaty-2022-05-1\/\">Warsztaty 29-05-2022<\/a><\/h2><\/header><div class=\"cmsms_post_content entry-content\">\n<p>Zapraszamy na zapisy na\u00a0darmowe warsztaty, kt\u00f3re odb\u0119d\u0105 si\u0119 29 maja 2022 roku na Twoim Zielonym Targu Ochla \u2013 Zielonog\u00f3rska 5, Zielona G\u00f3ra. Temat warsztat\u00f3w:\u00a0\u201eAromatyczne metody palenia kawy z Coffee Hunter\u201d.<br \/>\nTermin warsztat\u00f3w:\u00a029.05.2022 godzina:\u00a010:00<\/p>\n<\/div>\n<footer class=\"cmsms_post_footer entry-meta tar\"><div class=\"cmsms_post_meta_info\"><abbr class=\"published cmsms_post_date cmsms-icon-calendar-8\" title=\"2022-05-20\">2022-05-20<\/abbr><abbr class=\"dn date updated\" title=\"2024-05-21\">2024-05-21<\/abbr><\/div><a class=\"button cmsms_post_read_more\" href=\"https:\/\/lcpr.pl\/zg\/2022\/05\/20\/warsztaty-2022-05-1\/\">Wi\u0119cej informacji<\/a><\/footer>\t<\/div>\r\n<\/article>\r\n<!--_________________________ Finish Standard Article _________________________ -->\r\n\r\n\r\n<!--_________________________ Start Standard Article _________________________ -->\r\n\r\n<article id=\"post-10677\" class=\"cmsms_post_masonry post-10677 post type-post status-publish format-standard has-post-thumbnail hentry category-warsztaty-2022\" data-category=\"warsztaty-2022\">\r\n\t<span class=\"cmsms_post_format_img  cmsms-icon-desktop-3\"><\/span>\r\n\t<div class=\"cmsms_post_cont\">\r\n\t<figure><a href=\"https:\/\/lcpr.pl\/zg\/2022\/05\/20\/warsztaty-2022-05-2\/\" title=\"Warsztaty 29-05-2022\" class=\"cmsms_img_link preloader\"><img loading=\"lazy\" decoding=\"async\" width=\"571\" height=\"390\" src=\"https:\/\/lcpr.pl\/zg\/wp-content\/uploads\/2022\/05\/warsztaty-29-05-2022-571x390.jpg\" class=\"full-width wp-post-image\" alt=\"Warsztaty 29-05-2022\" title=\"Warsztaty 29-05-2022\" \/><\/a><\/figure><header class=\"cmsms_post_header entry-header\"><h2 class=\"cmsms_post_title entry-title\"><a href=\"https:\/\/lcpr.pl\/zg\/2022\/05\/20\/warsztaty-2022-05-2\/\">Warsztaty 29-05-2022<\/a><\/h2><\/header><div class=\"cmsms_post_content entry-content\">\n<p>Zapraszamy na zapisy na\u00a0darmowe warsztaty, kt\u00f3re odb\u0119d\u0105 si\u0119 29 maja 2022 roku na Twoim Zielonym Targu Ochla \u2013 Zielonog\u00f3rska 5, Zielona G\u00f3ra. Temat warsztat\u00f3w:\u00a0\u201eAromatyczne metody palenia kawy z Coffee Hunter\u201d.<br \/>\nTermin warsztat\u00f3w:\u00a029.05.2022 godzina:\u00a011:30<\/p>\n<\/div>\n<footer class=\"cmsms_post_footer entry-meta tar\"><div class=\"cmsms_post_meta_info\"><abbr class=\"published cmsms_post_date cmsms-icon-calendar-8\" title=\"2022-05-20\">2022-05-20<\/abbr><abbr class=\"dn date updated\" title=\"2024-05-21\">2024-05-21<\/abbr><\/div><a class=\"button cmsms_post_read_more\" href=\"https:\/\/lcpr.pl\/zg\/2022\/05\/20\/warsztaty-2022-05-2\/\">Wi\u0119cej informacji<\/a><\/footer>\t<\/div>\r\n<\/article>\r\n<!--_________________________ Finish Standard Article _________________________ -->\r\n\r\n\r\n<!--_________________________ Start Standard Article _________________________ -->\r\n\r\n<article id=\"post-10674\" class=\"cmsms_post_masonry post-10674 post type-post status-publish format-standard has-post-thumbnail hentry category-warsztaty-2022\" data-category=\"warsztaty-2022\">\r\n\t<span class=\"cmsms_post_format_img  cmsms-icon-desktop-3\"><\/span>\r\n\t<div class=\"cmsms_post_cont\">\r\n\t<figure><a href=\"https:\/\/lcpr.pl\/zg\/2022\/05\/20\/warsztaty-2022-05-3\/\" title=\"Warsztaty 29-05-2022\" class=\"cmsms_img_link preloader\"><img loading=\"lazy\" decoding=\"async\" width=\"571\" height=\"390\" src=\"https:\/\/lcpr.pl\/zg\/wp-content\/uploads\/2022\/05\/warsztaty-29-05-2022-571x390.jpg\" class=\"full-width wp-post-image\" alt=\"Warsztaty 29-05-2022\" title=\"Warsztaty 29-05-2022\" \/><\/a><\/figure><header class=\"cmsms_post_header entry-header\"><h2 class=\"cmsms_post_title entry-title\"><a href=\"https:\/\/lcpr.pl\/zg\/2022\/05\/20\/warsztaty-2022-05-3\/\">Warsztaty 29-05-2022<\/a><\/h2><\/header><div class=\"cmsms_post_content entry-content\">\n<p>Zapraszamy na zapisy na\u00a0darmowe warsztaty, kt\u00f3re odb\u0119d\u0105 si\u0119 29 maja 2022 roku na Twoim Zielonym Targu Ochla \u2013 Zielonog\u00f3rska 5, Zielona G\u00f3ra. Temat warsztat\u00f3w:\u00a0\u201eAromatyczne metody palenia kawy z Coffee Hunter\u201d.<br \/>\nTermin warsztat\u00f3w:\u00a029.05.2022 godzina:\u00a013:00<\/p>\n<\/div>\n<footer class=\"cmsms_post_footer entry-meta tar\"><div class=\"cmsms_post_meta_info\"><abbr class=\"published cmsms_post_date cmsms-icon-calendar-8\" title=\"2022-05-20\">2022-05-20<\/abbr><abbr class=\"dn date updated\" title=\"2024-05-21\">2024-05-21<\/abbr><\/div><a class=\"button cmsms_post_read_more\" href=\"https:\/\/lcpr.pl\/zg\/2022\/05\/20\/warsztaty-2022-05-3\/\">Wi\u0119cej informacji<\/a><\/footer>\t<\/div>\r\n<\/article>\r\n<!--_________________________ Finish Standard Article _________________________ -->\r\n\r\n\r\n<!--_________________________ Start Standard Article _________________________ -->\r\n\r\n<article id=\"post-10671\" class=\"cmsms_post_masonry post-10671 post type-post status-publish format-standard has-post-thumbnail hentry category-warsztaty-2022\" data-category=\"warsztaty-2022\">\r\n\t<span class=\"cmsms_post_format_img  cmsms-icon-desktop-3\"><\/span>\r\n\t<div class=\"cmsms_post_cont\">\r\n\t<figure><a href=\"https:\/\/lcpr.pl\/zg\/2022\/04\/20\/warsztaty-2022-04-1\/\" title=\"Warsztaty 24-04-2022\" class=\"cmsms_img_link preloader\"><img loading=\"lazy\" decoding=\"async\" width=\"571\" height=\"390\" src=\"https:\/\/lcpr.pl\/zg\/wp-content\/uploads\/2022\/04\/warsztaty-24-04-2022-571x390.jpg\" class=\"full-width wp-post-image\" alt=\"Warsztaty 24-04-2022\" title=\"Warsztaty 24-04-2022\" \/><\/a><\/figure><header class=\"cmsms_post_header entry-header\"><h2 class=\"cmsms_post_title entry-title\"><a href=\"https:\/\/lcpr.pl\/zg\/2022\/04\/20\/warsztaty-2022-04-1\/\">Warsztaty 24-04-2022<\/a><\/h2><\/header><div class=\"cmsms_post_content entry-content\">\n<p>Zapraszamy na zapisy na\u00a0darmowe warsztaty, kt\u00f3re odb\u0119d\u0105 si\u0119 24 kwietnia 2022 roku na Twoim Zielonym Targu Ochla \u2013 Zielonog\u00f3rska 5, Zielona G\u00f3ra. Temat warsztat\u00f3w:\u00a0\u201eLawendowy powiew wiosny\u201d.<br \/>\nTermin warsztat\u00f3w:\u00a024.04.2022 godzina:\u00a010:00<\/p>\n<\/div>\n<footer class=\"cmsms_post_footer entry-meta tar\"><div class=\"cmsms_post_meta_info\"><abbr class=\"published cmsms_post_date cmsms-icon-calendar-8\" title=\"2022-04-20\">2022-04-20<\/abbr><abbr class=\"dn date updated\" title=\"2024-05-21\">2024-05-21<\/abbr><\/div><a class=\"button cmsms_post_read_more\" href=\"https:\/\/lcpr.pl\/zg\/2022\/04\/20\/warsztaty-2022-04-1\/\">Wi\u0119cej informacji<\/a><\/footer>\t<\/div>\r\n<\/article>\r\n<!--_________________________ Finish Standard Article _________________________ -->\r\n\r\n\r\n<!--_________________________ Start Standard Article _________________________ -->\r\n\r\n<article id=\"post-10669\" class=\"cmsms_post_masonry post-10669 post type-post status-publish format-standard has-post-thumbnail hentry category-warsztaty-2022\" data-category=\"warsztaty-2022\">\r\n\t<span class=\"cmsms_post_format_img  cmsms-icon-desktop-3\"><\/span>\r\n\t<div class=\"cmsms_post_cont\">\r\n\t<figure><a href=\"https:\/\/lcpr.pl\/zg\/2022\/04\/20\/warsztaty-2022-04-2\/\" title=\"Warsztaty 24-04-2022\" class=\"cmsms_img_link preloader\"><img loading=\"lazy\" decoding=\"async\" width=\"571\" height=\"390\" src=\"https:\/\/lcpr.pl\/zg\/wp-content\/uploads\/2022\/04\/warsztaty-24-04-2022-571x390.jpg\" class=\"full-width wp-post-image\" alt=\"Warsztaty 24-04-2022\" title=\"Warsztaty 24-04-2022\" \/><\/a><\/figure><header class=\"cmsms_post_header entry-header\"><h2 class=\"cmsms_post_title entry-title\"><a href=\"https:\/\/lcpr.pl\/zg\/2022\/04\/20\/warsztaty-2022-04-2\/\">Warsztaty 24-04-2022<\/a><\/h2><\/header><div class=\"cmsms_post_content entry-content\">\n<p>Zapraszamy na zapisy na\u00a0darmowe warsztaty, kt\u00f3re odb\u0119d\u0105 si\u0119 24 kwietnia 2022 roku na Twoim Zielonym Targu Ochla \u2013 Zielonog\u00f3rska 5, Zielona G\u00f3ra. Temat warsztat\u00f3w:\u00a0\u201eLawendowy powiew wiosny\u201d.<br \/>\nTermin warsztat\u00f3w:\u00a024.04.2022 godzina:\u00a011:30<\/p>\n<\/div>\n<footer class=\"cmsms_post_footer entry-meta tar\"><div class=\"cmsms_post_meta_info\"><abbr class=\"published cmsms_post_date cmsms-icon-calendar-8\" title=\"2022-04-20\">2022-04-20<\/abbr><abbr class=\"dn date updated\" title=\"2024-05-21\">2024-05-21<\/abbr><\/div><a class=\"button cmsms_post_read_more\" href=\"https:\/\/lcpr.pl\/zg\/2022\/04\/20\/warsztaty-2022-04-2\/\">Wi\u0119cej informacji<\/a><\/footer>\t<\/div>\r\n<\/article>\r\n<!--_________________________ Finish Standard Article _________________________ -->\r\n\r\n\r\n<!--_________________________ Start Standard Article _________________________ -->\r\n\r\n<article id=\"post-10667\" class=\"cmsms_post_masonry post-10667 post type-post status-publish format-standard has-post-thumbnail hentry category-warsztaty-2022\" data-category=\"warsztaty-2022\">\r\n\t<span class=\"cmsms_post_format_img  cmsms-icon-desktop-3\"><\/span>\r\n\t<div class=\"cmsms_post_cont\">\r\n\t<figure><a href=\"https:\/\/lcpr.pl\/zg\/2022\/04\/20\/warsztaty-2022-04-3\/\" title=\"Warsztaty 24-04-2022\" class=\"cmsms_img_link preloader\"><img loading=\"lazy\" decoding=\"async\" width=\"571\" height=\"390\" src=\"https:\/\/lcpr.pl\/zg\/wp-content\/uploads\/2022\/04\/warsztaty-24-04-2022-571x390.jpg\" class=\"full-width wp-post-image\" alt=\"Warsztaty 24-04-2022\" title=\"Warsztaty 24-04-2022\" \/><\/a><\/figure><header class=\"cmsms_post_header entry-header\"><h2 class=\"cmsms_post_title entry-title\"><a href=\"https:\/\/lcpr.pl\/zg\/2022\/04\/20\/warsztaty-2022-04-3\/\">Warsztaty 24-04-2022<\/a><\/h2><\/header><div class=\"cmsms_post_content entry-content\">\n<p>Zapraszamy na zapisy na\u00a0darmowe warsztaty, kt\u00f3re odb\u0119d\u0105 si\u0119 24 kwietnia 2022 roku na Twoim Zielonym Targu Ochla \u2013 Zielonog\u00f3rska 5, Zielona G\u00f3ra. Temat warsztat\u00f3w:\u00a0\u201eLawendowy powiew wiosny\u201d.<br \/>\nTermin warsztat\u00f3w:\u00a024.04.2022 godzina:\u00a013:00<\/p>\n<\/div>\n<footer class=\"cmsms_post_footer entry-meta tar\"><div class=\"cmsms_post_meta_info\"><abbr class=\"published cmsms_post_date cmsms-icon-calendar-8\" title=\"2022-04-20\">2022-04-20<\/abbr><abbr class=\"dn date updated\" title=\"2024-05-21\">2024-05-21<\/abbr><\/div><a class=\"button cmsms_post_read_more\" href=\"https:\/\/lcpr.pl\/zg\/2022\/04\/20\/warsztaty-2022-04-3\/\">Wi\u0119cej informacji<\/a><\/footer>\t<\/div>\r\n<\/article>\r\n<!--_________________________ Finish Standard Article _________________________ -->\r\n\r\n\r\n<!--_________________________ Start Standard Article _________________________ -->\r\n\r\n<article id=\"post-10664\" class=\"cmsms_post_masonry post-10664 post type-post status-publish format-standard has-post-thumbnail hentry category-warsztaty-2022\" data-category=\"warsztaty-2022\">\r\n\t<span class=\"cmsms_post_format_img  cmsms-icon-desktop-3\"><\/span>\r\n\t<div class=\"cmsms_post_cont\">\r\n\t<figure><a href=\"https:\/\/lcpr.pl\/zg\/2022\/03\/20\/warsztaty-2022-03-1\/\" title=\"Warsztaty 27-03-2022\" class=\"cmsms_img_link preloader\"><img loading=\"lazy\" decoding=\"async\" width=\"571\" height=\"390\" src=\"https:\/\/lcpr.pl\/zg\/wp-content\/uploads\/2022\/03\/warsztaty-27-03-2022-571x390.jpg\" class=\"full-width wp-post-image\" alt=\"Warsztaty 27-03-2022\" title=\"Warsztaty 27-03-2022\" \/><\/a><\/figure><header class=\"cmsms_post_header entry-header\"><h2 class=\"cmsms_post_title entry-title\"><a href=\"https:\/\/lcpr.pl\/zg\/2022\/03\/20\/warsztaty-2022-03-1\/\">Warsztaty 27-03-2022<\/a><\/h2><\/header><div class=\"cmsms_post_content entry-content\">\n<p>Zapraszamy na zapisy na\u00a0darmowe warsztaty, kt\u00f3re odb\u0119d\u0105 si\u0119 27 marca 2022 roku na Twoim Zielonym Targu Ochla \u2013 Zielonog\u00f3rska 5, Zielona G\u00f3ra. Temat warsztat\u00f3w:\u00a0\u201eB\u0105\u017bur \u2013 kisimy \u017cur!\u201d<br \/>\nTermin warsztat\u00f3w:\u00a027.03.2022 godzina:\u00a010:00<\/p>\n<\/div>\n<footer class=\"cmsms_post_footer entry-meta tar\"><div class=\"cmsms_post_meta_info\"><abbr class=\"published cmsms_post_date cmsms-icon-calendar-8\" title=\"2022-03-20\">2022-03-20<\/abbr><abbr class=\"dn date updated\" title=\"2024-05-21\">2024-05-21<\/abbr><\/div><a class=\"button cmsms_post_read_more\" href=\"https:\/\/lcpr.pl\/zg\/2022\/03\/20\/warsztaty-2022-03-1\/\">Wi\u0119cej informacji<\/a><\/footer>\t<\/div>\r\n<\/article>\r\n<!--_________________________ Finish Standard Article _________________________ -->\r\n\r\n\r\n<!--_________________________ Start Standard Article _________________________ -->\r\n\r\n<article id=\"post-10662\" class=\"cmsms_post_masonry post-10662 post type-post status-publish format-standard has-post-thumbnail hentry category-warsztaty-2022\" data-category=\"warsztaty-2022\">\r\n\t<span class=\"cmsms_post_format_img  cmsms-icon-desktop-3\"><\/span>\r\n\t<div class=\"cmsms_post_cont\">\r\n\t<figure><a href=\"https:\/\/lcpr.pl\/zg\/2022\/03\/20\/warsztaty-2022-03-2\/\" title=\"Warsztaty 27-03-2022\" class=\"cmsms_img_link preloader\"><img loading=\"lazy\" decoding=\"async\" width=\"571\" height=\"390\" src=\"https:\/\/lcpr.pl\/zg\/wp-content\/uploads\/2022\/03\/warsztaty-27-03-2022-571x390.jpg\" class=\"full-width wp-post-image\" alt=\"Warsztaty 27-03-2022\" title=\"Warsztaty 27-03-2022\" \/><\/a><\/figure><header class=\"cmsms_post_header entry-header\"><h2 class=\"cmsms_post_title entry-title\"><a href=\"https:\/\/lcpr.pl\/zg\/2022\/03\/20\/warsztaty-2022-03-2\/\">Warsztaty 27-03-2022<\/a><\/h2><\/header><div class=\"cmsms_post_content entry-content\">\n<p>Zapraszamy na zapisy na\u00a0darmowe warsztaty, kt\u00f3re odb\u0119d\u0105 si\u0119 27 marca 2022 roku na Twoim Zielonym Targu Ochla \u2013 Zielonog\u00f3rska 5, Zielona G\u00f3ra. Temat warsztat\u00f3w:\u00a0\u201eB\u0105\u017bur \u2013 kisimy \u017cur!\u201d<br \/>\nTermin warsztat\u00f3w:\u00a027.03.2022 godzina:\u00a011:30<\/p>\n<\/div>\n<footer class=\"cmsms_post_footer entry-meta tar\"><div class=\"cmsms_post_meta_info\"><abbr class=\"published cmsms_post_date cmsms-icon-calendar-8\" title=\"2022-03-20\">2022-03-20<\/abbr><abbr class=\"dn date updated\" title=\"2024-05-21\">2024-05-21<\/abbr><\/div><a class=\"button cmsms_post_read_more\" href=\"https:\/\/lcpr.pl\/zg\/2022\/03\/20\/warsztaty-2022-03-2\/\">Wi\u0119cej informacji<\/a><\/footer>\t<\/div>\r\n<\/article>\r\n<!--_________________________ Finish Standard Article _________________________ -->\r\n\r\n\r\n<!--_________________________ Start Standard Article _________________________ -->\r\n\r\n<article id=\"post-10660\" class=\"cmsms_post_masonry post-10660 post type-post status-publish format-standard has-post-thumbnail hentry category-warsztaty-2022\" data-category=\"warsztaty-2022\">\r\n\t<span class=\"cmsms_post_format_img  cmsms-icon-desktop-3\"><\/span>\r\n\t<div class=\"cmsms_post_cont\">\r\n\t<figure><a href=\"https:\/\/lcpr.pl\/zg\/2022\/03\/20\/warsztaty-2022-03-3\/\" title=\"Warsztaty 27-03-2022\" class=\"cmsms_img_link preloader\"><img loading=\"lazy\" decoding=\"async\" width=\"571\" height=\"390\" src=\"https:\/\/lcpr.pl\/zg\/wp-content\/uploads\/2022\/03\/warsztaty-27-03-2022-571x390.jpg\" class=\"full-width wp-post-image\" alt=\"Warsztaty 27-03-2022\" title=\"Warsztaty 27-03-2022\" \/><\/a><\/figure><header class=\"cmsms_post_header entry-header\"><h2 class=\"cmsms_post_title entry-title\"><a href=\"https:\/\/lcpr.pl\/zg\/2022\/03\/20\/warsztaty-2022-03-3\/\">Warsztaty 27-03-2022<\/a><\/h2><\/header><div class=\"cmsms_post_content entry-content\">\n<p>Zapraszamy na zapisy na\u00a0darmowe warsztaty, kt\u00f3re odb\u0119d\u0105 si\u0119 27 marca 2022 roku na Twoim Zielonym Targu Ochla \u2013 Zielonog\u00f3rska 5, Zielona G\u00f3ra. Temat warsztat\u00f3w:\u00a0\u201eB\u0105\u017bur \u2013 kisimy \u017cur!\u201d<br \/>\nTermin warsztat\u00f3w:\u00a027.03.2022 godzina:\u00a013:00<\/p>\n<\/div>\n<footer class=\"cmsms_post_footer entry-meta tar\"><div class=\"cmsms_post_meta_info\"><abbr class=\"published cmsms_post_date cmsms-icon-calendar-8\" title=\"2022-03-20\">2022-03-20<\/abbr><abbr class=\"dn date updated\" title=\"2024-05-21\">2024-05-21<\/abbr><\/div><a class=\"button cmsms_post_read_more\" href=\"https:\/\/lcpr.pl\/zg\/2022\/03\/20\/warsztaty-2022-03-3\/\">Wi\u0119cej informacji<\/a><\/footer>\t<\/div>\r\n<\/article>\r\n<!--_________________________ Finish Standard Article _________________________ -->\r\n\r\n<\/div><div class=\"cmsms_wrap_more_posts cmsms_wrap_more_items\"><\/div><\/div>\n<\/div>\n<\/div>\n<\/div>\n<\/div>\n<\/div>\n<\/div>\n\n","protected":false},"excerpt":{"rendered":"","protected":false},"author":1,"featured_media":0,"parent":4261,"menu_order":0,"comment_status":"closed","ping_status":"closed","template":"","meta":{"footnotes":""},"class_list":["post-10779","page","type-page","status-publish","hentry"],"_links":{"self":[{"href":"https:\/\/lcpr.pl\/zg\/wp-json\/wp\/v2\/pages\/10779","targetHints":{"allow":["GET"]}}],"collection":[{"href":"https:\/\/lcpr.pl\/zg\/wp-json\/wp\/v2\/pages"}],"about":[{"href":"https:\/\/lcpr.pl\/zg\/wp-json\/wp\/v2\/types\/page"}],"author":[{"embeddable":true,"href":"https:\/\/lcpr.pl\/zg\/wp-json\/wp\/v2\/users\/1"}],"replies":[{"embeddable":true,"href":"https:\/\/lcpr.pl\/zg\/wp-json\/wp\/v2\/comments?post=10779"}],"version-history":[{"count":2,"href":"https:\/\/lcpr.pl\/zg\/wp-json\/wp\/v2\/pages\/10779\/revisions"}],"predecessor-version":[{"id":10787,"href":"https:\/\/lcpr.pl\/zg\/wp-json\/wp\/v2\/pages\/10779\/revisions\/10787"}],"up":[{"embeddable":true,"href":"https:\/\/lcpr.pl\/zg\/wp-json\/wp\/v2\/pages\/4261"}],"wp:attachment":[{"href":"https:\/\/lcpr.pl\/zg\/wp-json\/wp\/v2\/media?parent=10779"}],"curies":[{"name":"wp","href":"https:\/\/api.w.org\/{rel}","templated":true}]}}