{"id":10777,"date":"2024-05-21T07:59:07","date_gmt":"2024-05-21T05:59:07","guid":{"rendered":"https:\/\/lcpr.pl\/zg\/?page_id=10777"},"modified":"2024-05-21T08:02:51","modified_gmt":"2024-05-21T06:02:51","slug":"warsztaty-2021","status":"publish","type":"page","link":"https:\/\/lcpr.pl\/zg\/warsztaty-z-producentami\/warsztaty-2021\/","title":{"rendered":"Warsztaty 2021"},"content":{"rendered":"<style type=\"text\/css\"> \n#cmsms_row_69f17d5fe2f65 .cmsms_row_outer_parent { \n\tpadding-top: 0px; \n} \n\n#cmsms_row_69f17d5fe2f65 .cmsms_row_outer_parent { \n\tpadding-bottom: 50px; \n} \n\n<\/style><div id=\"cmsms_row_69f17d5fe2f65\" class=\"cmsms_row cmsms_color_scheme_default\">\n<div class=\"cmsms_row_outer_parent\">\n<div class=\"cmsms_row_outer\">\n<div class=\"cmsms_row_inner\">\n<div class=\"cmsms_row_margin\">\n<div class=\"cmsms_column one_first\">\n<div class=\"cmsms_wrap_blog entry-summary\" id=\"blog_69f17d5fe30d9\"><script type=\"text\/javascript\">\r\njQuery(document).ready(function () {\r\n\t(function ($) {\r\n\t\tif ($('#blog_69f17d5fe30d9').find('article').length == '0') {\r\n\t\t\treturn false;\r\n\t\t}\r\n\t\t\r\n\t\r\n\t\tstartBlog( \r\n\t\t\t'69f17d5fe30d9', \r\n\t\t\t'columns', \r\n\t\t\t'grid', \r\n\t\t\t'https:\/\/lcpr.pl\/zg\/wp-content\/plugins\/cmsms-content-composer\/', \r\n\t\t\t'date', \r\n\t\t\t'DESC', \r\n\t\t\t'32', \r\n\t\t\t'warsztaty-2021', \r\n\t\t\t'date,more' \r\n\t\t);\r\n\t} )(jQuery);\r\n} );\r\n<\/script>\r\n<div class=\"blog columns grid cmsms_4\">\r\n<!--_________________________ Start Standard Article _________________________ -->\r\n\r\n<article id=\"post-10655\" class=\"cmsms_post_masonry post-10655 post type-post status-publish format-standard has-post-thumbnail hentry category-warsztaty-2021\" data-category=\"warsztaty-2021\">\r\n\t<span class=\"cmsms_post_format_img  cmsms-icon-desktop-3\"><\/span>\r\n\t<div class=\"cmsms_post_cont\">\r\n\t<figure><a href=\"https:\/\/lcpr.pl\/zg\/2021\/11\/20\/warsztaty-2021-11-1\/\" title=\"Warsztaty 28-11-2021\" class=\"cmsms_img_link preloader\"><img loading=\"lazy\" decoding=\"async\" width=\"580\" height=\"390\" src=\"https:\/\/lcpr.pl\/zg\/wp-content\/uploads\/2024\/04\/warsztaty-z-qzko-5-580x390.jpg\" class=\"full-width wp-post-image\" alt=\"Warsztaty 28-11-2021\" title=\"Warsztaty 28-11-2021\" \/><\/a><\/figure><header class=\"cmsms_post_header entry-header\"><h2 class=\"cmsms_post_title entry-title\"><a href=\"https:\/\/lcpr.pl\/zg\/2021\/11\/20\/warsztaty-2021-11-1\/\">Warsztaty 28-11-2021<\/a><\/h2><\/header><div class=\"cmsms_post_content entry-content\">\n<p>Zapraszamy na zapisy na\u00a0darmowe warsztaty, kt\u00f3re odb\u0119d\u0105 si\u0119 28 listopada 2021 roku na Twoim Zielonym Targu Ochla \u2013 Zielonog\u00f3rska 5, Zielona G\u00f3ra. Temat warsztat\u00f3w:\u00a0\u201eBia\u0142a kie\u0142basa wed\u0142ug Salcum Fixum\u201d<br \/>\nTermin warsztat\u00f3w:\u00a028.11.2021 godzina:\u00a010:00<\/p>\n<\/div>\n<footer class=\"cmsms_post_footer entry-meta tar\"><div class=\"cmsms_post_meta_info\"><abbr class=\"published cmsms_post_date cmsms-icon-calendar-8\" title=\"2021-11-20\">2021-11-20<\/abbr><abbr class=\"dn date updated\" title=\"2024-05-20\">2024-05-20<\/abbr><\/div><a class=\"button cmsms_post_read_more\" href=\"https:\/\/lcpr.pl\/zg\/2021\/11\/20\/warsztaty-2021-11-1\/\">Wi\u0119cej informacji<\/a><\/footer>\t<\/div>\r\n<\/article>\r\n<!--_________________________ Finish Standard Article _________________________ -->\r\n\r\n\r\n<!--_________________________ Start Standard Article _________________________ -->\r\n\r\n<article id=\"post-10653\" class=\"cmsms_post_masonry post-10653 post type-post status-publish format-standard has-post-thumbnail hentry category-warsztaty-2021\" data-category=\"warsztaty-2021\">\r\n\t<span class=\"cmsms_post_format_img  cmsms-icon-desktop-3\"><\/span>\r\n\t<div class=\"cmsms_post_cont\">\r\n\t<figure><a href=\"https:\/\/lcpr.pl\/zg\/2021\/11\/20\/warsztaty-2021-11-2\/\" title=\"Warsztaty 28-11-2021\" class=\"cmsms_img_link preloader\"><img loading=\"lazy\" decoding=\"async\" width=\"580\" height=\"390\" src=\"https:\/\/lcpr.pl\/zg\/wp-content\/uploads\/2024\/04\/warsztaty-z-qzko-5-580x390.jpg\" class=\"full-width wp-post-image\" alt=\"Warsztaty 28-11-2021\" title=\"Warsztaty 28-11-2021\" \/><\/a><\/figure><header class=\"cmsms_post_header entry-header\"><h2 class=\"cmsms_post_title entry-title\"><a href=\"https:\/\/lcpr.pl\/zg\/2021\/11\/20\/warsztaty-2021-11-2\/\">Warsztaty 28-11-2021<\/a><\/h2><\/header><div class=\"cmsms_post_content entry-content\">\n<p>Zapraszamy na zapisy na\u00a0darmowe warsztaty, kt\u00f3re odb\u0119d\u0105 si\u0119 28 listopada 2021 roku na Twoim Zielonym Targu Ochla \u2013 Zielonog\u00f3rska 5, Zielona G\u00f3ra. Temat warsztat\u00f3w:\u00a0\u201eBia\u0142a kie\u0142basa wed\u0142ug Salcum Fixum\u201d<br \/>\nTermin warsztat\u00f3w:\u00a028.11.2021 godzina:\u00a011:30<\/p>\n<\/div>\n<footer class=\"cmsms_post_footer entry-meta tar\"><div class=\"cmsms_post_meta_info\"><abbr class=\"published cmsms_post_date cmsms-icon-calendar-8\" title=\"2021-11-20\">2021-11-20<\/abbr><abbr class=\"dn date updated\" title=\"2024-05-20\">2024-05-20<\/abbr><\/div><a class=\"button cmsms_post_read_more\" href=\"https:\/\/lcpr.pl\/zg\/2021\/11\/20\/warsztaty-2021-11-2\/\">Wi\u0119cej informacji<\/a><\/footer>\t<\/div>\r\n<\/article>\r\n<!--_________________________ Finish Standard Article _________________________ -->\r\n\r\n\r\n<!--_________________________ Start Standard Article _________________________ -->\r\n\r\n<article id=\"post-10651\" class=\"cmsms_post_masonry post-10651 post type-post status-publish format-standard has-post-thumbnail hentry category-warsztaty-2021\" data-category=\"warsztaty-2021\">\r\n\t<span class=\"cmsms_post_format_img  cmsms-icon-desktop-3\"><\/span>\r\n\t<div class=\"cmsms_post_cont\">\r\n\t<figure><a href=\"https:\/\/lcpr.pl\/zg\/2021\/11\/20\/warsztaty-2021-11-3\/\" title=\"Warsztaty 28-11-2021\" class=\"cmsms_img_link preloader\"><img loading=\"lazy\" decoding=\"async\" width=\"580\" height=\"390\" src=\"https:\/\/lcpr.pl\/zg\/wp-content\/uploads\/2024\/04\/warsztaty-z-qzko-5-580x390.jpg\" class=\"full-width wp-post-image\" alt=\"Warsztaty 28-11-2021\" title=\"Warsztaty 28-11-2021\" \/><\/a><\/figure><header class=\"cmsms_post_header entry-header\"><h2 class=\"cmsms_post_title entry-title\"><a href=\"https:\/\/lcpr.pl\/zg\/2021\/11\/20\/warsztaty-2021-11-3\/\">Warsztaty 28-11-2021<\/a><\/h2><\/header><div class=\"cmsms_post_content entry-content\">\n<p>Zapraszamy na zapisy na\u00a0darmowe warsztaty, kt\u00f3re odb\u0119d\u0105 si\u0119 28 listopada 2021 roku na Twoim Zielonym Targu Ochla \u2013 Zielonog\u00f3rska 5, Zielona G\u00f3ra. Temat warsztat\u00f3w:\u00a0\u201eBia\u0142a kie\u0142basa wed\u0142ug Salcum Fixum\u201d<br \/>\nTermin warsztat\u00f3w:\u00a028.11.2021 godzina:\u00a013:00<\/p>\n<\/div>\n<footer class=\"cmsms_post_footer entry-meta tar\"><div class=\"cmsms_post_meta_info\"><abbr class=\"published cmsms_post_date cmsms-icon-calendar-8\" title=\"2021-11-20\">2021-11-20<\/abbr><abbr class=\"dn date updated\" title=\"2024-05-20\">2024-05-20<\/abbr><\/div><a class=\"button cmsms_post_read_more\" href=\"https:\/\/lcpr.pl\/zg\/2021\/11\/20\/warsztaty-2021-11-3\/\">Wi\u0119cej informacji<\/a><\/footer>\t<\/div>\r\n<\/article>\r\n<!--_________________________ Finish Standard Article _________________________ -->\r\n\r\n\r\n<!--_________________________ Start Standard Article _________________________ -->\r\n\r\n<article id=\"post-10648\" class=\"cmsms_post_masonry post-10648 post type-post status-publish format-standard has-post-thumbnail hentry category-warsztaty-2021\" data-category=\"warsztaty-2021\">\r\n\t<span class=\"cmsms_post_format_img  cmsms-icon-desktop-3\"><\/span>\r\n\t<div class=\"cmsms_post_cont\">\r\n\t<figure><a href=\"https:\/\/lcpr.pl\/zg\/2021\/10\/20\/warsztaty-2021-10-1\/\" title=\"Warsztaty 31-10-2021\" class=\"cmsms_img_link preloader\"><img loading=\"lazy\" decoding=\"async\" width=\"580\" height=\"390\" src=\"https:\/\/lcpr.pl\/zg\/wp-content\/uploads\/2024\/04\/warsztaty-z-qzko-5-580x390.jpg\" class=\"full-width wp-post-image\" alt=\"Warsztaty 31-10-2021\" title=\"Warsztaty 31-10-2021\" \/><\/a><\/figure><header class=\"cmsms_post_header entry-header\"><h2 class=\"cmsms_post_title entry-title\"><a href=\"https:\/\/lcpr.pl\/zg\/2021\/10\/20\/warsztaty-2021-10-1\/\">Warsztaty 31-10-2021<\/a><\/h2><\/header><div class=\"cmsms_post_content entry-content\">\n<p>Zapraszamy na zapisy na\u00a0darmowe warsztaty, kt\u00f3re odb\u0119d\u0105 si\u0119 31 pa\u017adziernika 2021 roku na Twoim Zielonym Targu Ochla \u2013 Zielonog\u00f3rska 5, Zielona G\u00f3ra. Temat warsztat\u00f3w:\u00a0\u201eWarsztaty z wykonania \u015bwieczek\u201d.<br \/>\nTermin warsztat\u00f3w:\u00a031.10.2021 godzina:\u00a010:00<\/p>\n<\/div>\n<footer class=\"cmsms_post_footer entry-meta tar\"><div class=\"cmsms_post_meta_info\"><abbr class=\"published cmsms_post_date cmsms-icon-calendar-8\" title=\"2021-10-20\">2021-10-20<\/abbr><abbr class=\"dn date updated\" title=\"2024-05-20\">2024-05-20<\/abbr><\/div><a class=\"button cmsms_post_read_more\" href=\"https:\/\/lcpr.pl\/zg\/2021\/10\/20\/warsztaty-2021-10-1\/\">Wi\u0119cej informacji<\/a><\/footer>\t<\/div>\r\n<\/article>\r\n<!--_________________________ Finish Standard Article _________________________ -->\r\n\r\n\r\n<!--_________________________ Start Standard Article _________________________ -->\r\n\r\n<article id=\"post-10646\" class=\"cmsms_post_masonry post-10646 post type-post status-publish format-standard has-post-thumbnail hentry category-warsztaty-2021\" data-category=\"warsztaty-2021\">\r\n\t<span class=\"cmsms_post_format_img  cmsms-icon-desktop-3\"><\/span>\r\n\t<div class=\"cmsms_post_cont\">\r\n\t<figure><a href=\"https:\/\/lcpr.pl\/zg\/2021\/10\/20\/warsztaty-2021-10-2\/\" title=\"Warsztaty 31-10-2021\" class=\"cmsms_img_link preloader\"><img loading=\"lazy\" decoding=\"async\" width=\"580\" height=\"390\" src=\"https:\/\/lcpr.pl\/zg\/wp-content\/uploads\/2024\/04\/warsztaty-z-qzko-5-580x390.jpg\" class=\"full-width wp-post-image\" alt=\"Warsztaty 31-10-2021\" title=\"Warsztaty 31-10-2021\" \/><\/a><\/figure><header class=\"cmsms_post_header entry-header\"><h2 class=\"cmsms_post_title entry-title\"><a href=\"https:\/\/lcpr.pl\/zg\/2021\/10\/20\/warsztaty-2021-10-2\/\">Warsztaty 31-10-2021<\/a><\/h2><\/header><div class=\"cmsms_post_content entry-content\">\n<p>Zapraszamy na zapisy na\u00a0darmowe warsztaty, kt\u00f3re odb\u0119d\u0105 si\u0119 31 pa\u017adziernika 2021 roku na Twoim Zielonym Targu Ochla \u2013 Zielonog\u00f3rska 5, Zielona G\u00f3ra. Temat warsztat\u00f3w:\u00a0\u201eWarsztaty z wykonania \u015bwieczek\u201d.<br \/>\nTermin warsztat\u00f3w:\u00a031.10.2021 godzina:\u00a011:30<\/p>\n<\/div>\n<footer class=\"cmsms_post_footer entry-meta tar\"><div class=\"cmsms_post_meta_info\"><abbr class=\"published cmsms_post_date cmsms-icon-calendar-8\" title=\"2021-10-20\">2021-10-20<\/abbr><abbr class=\"dn date updated\" title=\"2024-05-20\">2024-05-20<\/abbr><\/div><a class=\"button cmsms_post_read_more\" href=\"https:\/\/lcpr.pl\/zg\/2021\/10\/20\/warsztaty-2021-10-2\/\">Wi\u0119cej informacji<\/a><\/footer>\t<\/div>\r\n<\/article>\r\n<!--_________________________ Finish Standard Article _________________________ -->\r\n\r\n\r\n<!--_________________________ Start Standard Article _________________________ -->\r\n\r\n<article id=\"post-10641\" class=\"cmsms_post_masonry post-10641 post type-post status-publish format-standard has-post-thumbnail hentry category-warsztaty-2021\" data-category=\"warsztaty-2021\">\r\n\t<span class=\"cmsms_post_format_img  cmsms-icon-desktop-3\"><\/span>\r\n\t<div class=\"cmsms_post_cont\">\r\n\t<figure><a href=\"https:\/\/lcpr.pl\/zg\/2021\/10\/20\/warsztaty-2021-10-3\/\" title=\"Warsztaty 31-10-2021\" class=\"cmsms_img_link preloader\"><img loading=\"lazy\" decoding=\"async\" width=\"580\" height=\"390\" src=\"https:\/\/lcpr.pl\/zg\/wp-content\/uploads\/2024\/04\/warsztaty-z-qzko-5-580x390.jpg\" class=\"full-width wp-post-image\" alt=\"Warsztaty 31-10-2021\" title=\"Warsztaty 31-10-2021\" \/><\/a><\/figure><header class=\"cmsms_post_header entry-header\"><h2 class=\"cmsms_post_title entry-title\"><a href=\"https:\/\/lcpr.pl\/zg\/2021\/10\/20\/warsztaty-2021-10-3\/\">Warsztaty 31-10-2021<\/a><\/h2><\/header><div class=\"cmsms_post_content entry-content\">\n<p>Zapraszamy na zapisy na\u00a0darmowe warsztaty, kt\u00f3re odb\u0119d\u0105 si\u0119 31 pa\u017adziernika 2021 roku na Twoim Zielonym Targu Ochla \u2013 Zielonog\u00f3rska 5, Zielona G\u00f3ra. Temat warsztat\u00f3w:\u00a0\u201eWarsztaty z wykonania \u015bwieczek\u201d.<br \/>\nTermin warsztat\u00f3w:\u00a031.10.2021 godzina:\u00a013:00<\/p>\n<\/div>\n<footer class=\"cmsms_post_footer entry-meta tar\"><div class=\"cmsms_post_meta_info\"><abbr class=\"published cmsms_post_date cmsms-icon-calendar-8\" title=\"2021-10-20\">2021-10-20<\/abbr><abbr class=\"dn date updated\" title=\"2024-05-20\">2024-05-20<\/abbr><\/div><a class=\"button cmsms_post_read_more\" href=\"https:\/\/lcpr.pl\/zg\/2021\/10\/20\/warsztaty-2021-10-3\/\">Wi\u0119cej informacji<\/a><\/footer>\t<\/div>\r\n<\/article>\r\n<!--_________________________ Finish Standard Article _________________________ -->\r\n\r\n\r\n<!--_________________________ Start Standard Article _________________________ -->\r\n\r\n<article id=\"post-10638\" class=\"cmsms_post_masonry post-10638 post type-post status-publish format-standard has-post-thumbnail hentry category-warsztaty-2021\" data-category=\"warsztaty-2021\">\r\n\t<span class=\"cmsms_post_format_img  cmsms-icon-desktop-3\"><\/span>\r\n\t<div class=\"cmsms_post_cont\">\r\n\t<figure><a href=\"https:\/\/lcpr.pl\/zg\/2021\/09\/20\/warsztaty-2021-09-1\/\" title=\"Warsztaty 26-09-2021\" class=\"cmsms_img_link preloader\"><img loading=\"lazy\" decoding=\"async\" width=\"580\" height=\"390\" src=\"https:\/\/lcpr.pl\/zg\/wp-content\/uploads\/2024\/04\/warsztaty-z-qzko-5-580x390.jpg\" class=\"full-width wp-post-image\" alt=\"Warsztaty 26-09-2021\" title=\"Warsztaty 26-09-2021\" \/><\/a><\/figure><header class=\"cmsms_post_header entry-header\"><h2 class=\"cmsms_post_title entry-title\"><a href=\"https:\/\/lcpr.pl\/zg\/2021\/09\/20\/warsztaty-2021-09-1\/\">Warsztaty 26-09-2021<\/a><\/h2><\/header><div class=\"cmsms_post_content entry-content\">\n<p>Zapraszamy na zapisy na\u00a0darmowe warsztaty, kt\u00f3re odb\u0119d\u0105 si\u0119 26 wrze\u015bnia 2021 roku na Twoim Zielonym Targu Ochla \u2013 Zielonog\u00f3rska 5, Zielona G\u00f3ra. Temat warsztat\u00f3w:\u00a0\u201eRogale wed\u0142ug Chatki Ma\u0142gorzatki\u201d.<br \/>\nTermin warsztat\u00f3w:\u00a026.09.2021 godzina:\u00a010:00<\/p>\n<\/div>\n<footer class=\"cmsms_post_footer entry-meta tar\"><div class=\"cmsms_post_meta_info\"><abbr class=\"published cmsms_post_date cmsms-icon-calendar-8\" title=\"2021-09-20\">2021-09-20<\/abbr><abbr class=\"dn date updated\" title=\"2024-05-20\">2024-05-20<\/abbr><\/div><a class=\"button cmsms_post_read_more\" href=\"https:\/\/lcpr.pl\/zg\/2021\/09\/20\/warsztaty-2021-09-1\/\">Wi\u0119cej informacji<\/a><\/footer>\t<\/div>\r\n<\/article>\r\n<!--_________________________ Finish Standard Article _________________________ -->\r\n\r\n\r\n<!--_________________________ Start Standard Article _________________________ -->\r\n\r\n<article id=\"post-10636\" class=\"cmsms_post_masonry post-10636 post type-post status-publish format-standard has-post-thumbnail hentry category-warsztaty-2021\" data-category=\"warsztaty-2021\">\r\n\t<span class=\"cmsms_post_format_img  cmsms-icon-desktop-3\"><\/span>\r\n\t<div class=\"cmsms_post_cont\">\r\n\t<figure><a href=\"https:\/\/lcpr.pl\/zg\/2021\/09\/20\/warsztaty-2021-09-2\/\" title=\"Warsztaty 26-09-2021\" class=\"cmsms_img_link preloader\"><img loading=\"lazy\" decoding=\"async\" width=\"580\" height=\"390\" src=\"https:\/\/lcpr.pl\/zg\/wp-content\/uploads\/2024\/04\/warsztaty-z-qzko-5-580x390.jpg\" class=\"full-width wp-post-image\" alt=\"Warsztaty 26-09-2021\" title=\"Warsztaty 26-09-2021\" \/><\/a><\/figure><header class=\"cmsms_post_header entry-header\"><h2 class=\"cmsms_post_title entry-title\"><a href=\"https:\/\/lcpr.pl\/zg\/2021\/09\/20\/warsztaty-2021-09-2\/\">Warsztaty 26-09-2021<\/a><\/h2><\/header><div class=\"cmsms_post_content entry-content\">\n<p>Zapraszamy na zapisy na\u00a0darmowe warsztaty, kt\u00f3re odb\u0119d\u0105 si\u0119 26 wrze\u015bnia 2021 roku na Twoim Zielonym Targu Ochla \u2013 Zielonog\u00f3rska 5, Zielona G\u00f3ra. Temat warsztat\u00f3w:\u00a0\u201eRogale wed\u0142ug Chatki Ma\u0142gorzatki\u201d.<br \/>\nTermin warsztat\u00f3w:\u00a026.09.2021 godzina:\u00a011:30<\/p>\n<\/div>\n<footer class=\"cmsms_post_footer entry-meta tar\"><div class=\"cmsms_post_meta_info\"><abbr class=\"published cmsms_post_date cmsms-icon-calendar-8\" title=\"2021-09-20\">2021-09-20<\/abbr><abbr class=\"dn date updated\" title=\"2024-05-20\">2024-05-20<\/abbr><\/div><a class=\"button cmsms_post_read_more\" href=\"https:\/\/lcpr.pl\/zg\/2021\/09\/20\/warsztaty-2021-09-2\/\">Wi\u0119cej informacji<\/a><\/footer>\t<\/div>\r\n<\/article>\r\n<!--_________________________ Finish Standard Article _________________________ -->\r\n\r\n\r\n<!--_________________________ Start Standard Article _________________________ -->\r\n\r\n<article id=\"post-10634\" class=\"cmsms_post_masonry post-10634 post type-post status-publish format-standard has-post-thumbnail hentry category-warsztaty-2021\" data-category=\"warsztaty-2021\">\r\n\t<span class=\"cmsms_post_format_img  cmsms-icon-desktop-3\"><\/span>\r\n\t<div class=\"cmsms_post_cont\">\r\n\t<figure><a href=\"https:\/\/lcpr.pl\/zg\/2021\/09\/20\/warsztaty-2021-09-3\/\" title=\"Warsztaty 26-09-2021\" class=\"cmsms_img_link preloader\"><img loading=\"lazy\" decoding=\"async\" width=\"580\" height=\"390\" src=\"https:\/\/lcpr.pl\/zg\/wp-content\/uploads\/2024\/04\/warsztaty-z-qzko-5-580x390.jpg\" class=\"full-width wp-post-image\" alt=\"Warsztaty 26-09-2021\" title=\"Warsztaty 26-09-2021\" \/><\/a><\/figure><header class=\"cmsms_post_header entry-header\"><h2 class=\"cmsms_post_title entry-title\"><a href=\"https:\/\/lcpr.pl\/zg\/2021\/09\/20\/warsztaty-2021-09-3\/\">Warsztaty 26-09-2021<\/a><\/h2><\/header><div class=\"cmsms_post_content entry-content\">\n<p>Zapraszamy na zapisy na\u00a0darmowe warsztaty, kt\u00f3re odb\u0119d\u0105 si\u0119 26 wrze\u015bnia 2021 roku na Twoim Zielonym Targu Ochla \u2013 Zielonog\u00f3rska 5, Zielona G\u00f3ra. Temat warsztat\u00f3w:\u00a0\u201eRogale wed\u0142ug Chatki Ma\u0142gorzatki\u201d.<br \/>\nTermin warsztat\u00f3w:\u00a026.09.2021 godzina:\u00a013:30<\/p>\n<\/div>\n<footer class=\"cmsms_post_footer entry-meta tar\"><div class=\"cmsms_post_meta_info\"><abbr class=\"published cmsms_post_date cmsms-icon-calendar-8\" title=\"2021-09-20\">2021-09-20<\/abbr><abbr class=\"dn date updated\" title=\"2024-05-20\">2024-05-20<\/abbr><\/div><a class=\"button cmsms_post_read_more\" href=\"https:\/\/lcpr.pl\/zg\/2021\/09\/20\/warsztaty-2021-09-3\/\">Wi\u0119cej informacji<\/a><\/footer>\t<\/div>\r\n<\/article>\r\n<!--_________________________ Finish Standard Article _________________________ -->\r\n\r\n\r\n<!--_________________________ Start Standard Article _________________________ -->\r\n\r\n<article id=\"post-10631\" class=\"cmsms_post_masonry post-10631 post type-post status-publish format-standard has-post-thumbnail hentry category-warsztaty-2021\" data-category=\"warsztaty-2021\">\r\n\t<span class=\"cmsms_post_format_img  cmsms-icon-desktop-3\"><\/span>\r\n\t<div class=\"cmsms_post_cont\">\r\n\t<figure><a href=\"https:\/\/lcpr.pl\/zg\/2021\/08\/20\/warsztaty-2021-08-1\/\" title=\"Warsztaty 29-08-2021\" class=\"cmsms_img_link preloader\"><img loading=\"lazy\" decoding=\"async\" width=\"580\" height=\"390\" src=\"https:\/\/lcpr.pl\/zg\/wp-content\/uploads\/2024\/04\/warsztaty-z-qzko-5-580x390.jpg\" class=\"full-width wp-post-image\" alt=\"Warsztaty 29-08-2021\" title=\"Warsztaty 29-08-2021\" \/><\/a><\/figure><header class=\"cmsms_post_header entry-header\"><h2 class=\"cmsms_post_title entry-title\"><a href=\"https:\/\/lcpr.pl\/zg\/2021\/08\/20\/warsztaty-2021-08-1\/\">Warsztaty 29-08-2021<\/a><\/h2><\/header><div class=\"cmsms_post_content entry-content\">\n<p>Zapraszamy na zapisy na\u00a0darmowe warsztaty, kt\u00f3re odb\u0119d\u0105 si\u0119 29 sierpnia 2021 roku na Twoim Zielonym Targu Ochla \u2013 Zielonog\u00f3rska 5, Zielona G\u00f3ra. Temat warsztat\u00f3w:\u00a0,,Wykorzystanie nabia\u0142u koziego w po\u0142\u0105czeniu z innymi produktami dost\u0119pnymi na Zielonym Targu\u201d<br \/>\nTermin warsztat\u00f3w:\u00a029.08.2021 godzina: 10:00<\/p>\n<\/div>\n<footer class=\"cmsms_post_footer entry-meta tar\"><div class=\"cmsms_post_meta_info\"><abbr class=\"published cmsms_post_date cmsms-icon-calendar-8\" title=\"2021-08-20\">2021-08-20<\/abbr><abbr class=\"dn date updated\" title=\"2024-05-20\">2024-05-20<\/abbr><\/div><a class=\"button cmsms_post_read_more\" href=\"https:\/\/lcpr.pl\/zg\/2021\/08\/20\/warsztaty-2021-08-1\/\">Wi\u0119cej informacji<\/a><\/footer>\t<\/div>\r\n<\/article>\r\n<!--_________________________ Finish Standard Article _________________________ -->\r\n\r\n\r\n<!--_________________________ Start Standard Article _________________________ -->\r\n\r\n<article id=\"post-10629\" class=\"cmsms_post_masonry post-10629 post type-post status-publish format-standard has-post-thumbnail hentry category-warsztaty-2021\" data-category=\"warsztaty-2021\">\r\n\t<span class=\"cmsms_post_format_img  cmsms-icon-desktop-3\"><\/span>\r\n\t<div class=\"cmsms_post_cont\">\r\n\t<figure><a href=\"https:\/\/lcpr.pl\/zg\/2021\/08\/20\/warsztaty-2021-08-2\/\" title=\"Warsztaty 29-08-2021\" class=\"cmsms_img_link preloader\"><img loading=\"lazy\" decoding=\"async\" width=\"580\" height=\"390\" src=\"https:\/\/lcpr.pl\/zg\/wp-content\/uploads\/2024\/04\/warsztaty-z-qzko-5-580x390.jpg\" class=\"full-width wp-post-image\" alt=\"Warsztaty 29-08-2021\" title=\"Warsztaty 29-08-2021\" \/><\/a><\/figure><header class=\"cmsms_post_header entry-header\"><h2 class=\"cmsms_post_title entry-title\"><a href=\"https:\/\/lcpr.pl\/zg\/2021\/08\/20\/warsztaty-2021-08-2\/\">Warsztaty 29-08-2021<\/a><\/h2><\/header><div class=\"cmsms_post_content entry-content\">\n<p>Zapraszamy na zapisy na\u00a0darmowe warsztaty, kt\u00f3re odb\u0119d\u0105 si\u0119 29 sierpnia 2021 roku na Twoim Zielonym Targu Ochla \u2013 Zielonog\u00f3rska 5, Zielona G\u00f3ra. Temat warsztat\u00f3w:\u00a0,,Wykorzystanie nabia\u0142u koziego w po\u0142\u0105czeniu z innymi produktami dost\u0119pnymi na Zielonym Targu\u201d<br \/>\nTermin warsztat\u00f3w:\u00a029.08.2021 godzina: 11:30<\/p>\n<\/div>\n<footer class=\"cmsms_post_footer entry-meta tar\"><div class=\"cmsms_post_meta_info\"><abbr class=\"published cmsms_post_date cmsms-icon-calendar-8\" title=\"2021-08-20\">2021-08-20<\/abbr><abbr class=\"dn date updated\" title=\"2024-05-20\">2024-05-20<\/abbr><\/div><a class=\"button cmsms_post_read_more\" href=\"https:\/\/lcpr.pl\/zg\/2021\/08\/20\/warsztaty-2021-08-2\/\">Wi\u0119cej informacji<\/a><\/footer>\t<\/div>\r\n<\/article>\r\n<!--_________________________ Finish Standard Article _________________________ -->\r\n\r\n\r\n<!--_________________________ Start Standard Article _________________________ -->\r\n\r\n<article id=\"post-10627\" class=\"cmsms_post_masonry post-10627 post type-post status-publish format-standard has-post-thumbnail hentry category-warsztaty-2021\" data-category=\"warsztaty-2021\">\r\n\t<span class=\"cmsms_post_format_img  cmsms-icon-desktop-3\"><\/span>\r\n\t<div class=\"cmsms_post_cont\">\r\n\t<figure><a href=\"https:\/\/lcpr.pl\/zg\/2021\/08\/20\/warsztaty-2021-08-3\/\" title=\"Warsztaty 29-08-2021\" class=\"cmsms_img_link preloader\"><img loading=\"lazy\" decoding=\"async\" width=\"580\" height=\"390\" src=\"https:\/\/lcpr.pl\/zg\/wp-content\/uploads\/2024\/04\/warsztaty-z-qzko-5-580x390.jpg\" class=\"full-width wp-post-image\" alt=\"Warsztaty 29-08-2021\" title=\"Warsztaty 29-08-2021\" \/><\/a><\/figure><header class=\"cmsms_post_header entry-header\"><h2 class=\"cmsms_post_title entry-title\"><a href=\"https:\/\/lcpr.pl\/zg\/2021\/08\/20\/warsztaty-2021-08-3\/\">Warsztaty 29-08-2021<\/a><\/h2><\/header><div class=\"cmsms_post_content entry-content\">\n<p>Zapraszamy na zapisy na\u00a0darmowe warsztaty, kt\u00f3re odb\u0119d\u0105 si\u0119 29 sierpnia 2021 roku na Twoim Zielonym Targu Ochla \u2013 Zielonog\u00f3rska 5, Zielona G\u00f3ra. Temat warsztat\u00f3w:\u00a0,,Wykorzystanie nabia\u0142u koziego w po\u0142\u0105czeniu z innymi produktami dost\u0119pnymi na Zielonym Targu\u201d<br \/>\nTermin warsztat\u00f3w:\u00a029.08.2021 godzina: 13:00<\/p>\n<\/div>\n<footer class=\"cmsms_post_footer entry-meta tar\"><div class=\"cmsms_post_meta_info\"><abbr class=\"published cmsms_post_date cmsms-icon-calendar-8\" title=\"2021-08-20\">2021-08-20<\/abbr><abbr class=\"dn date updated\" title=\"2024-05-20\">2024-05-20<\/abbr><\/div><a class=\"button cmsms_post_read_more\" href=\"https:\/\/lcpr.pl\/zg\/2021\/08\/20\/warsztaty-2021-08-3\/\">Wi\u0119cej informacji<\/a><\/footer>\t<\/div>\r\n<\/article>\r\n<!--_________________________ Finish Standard Article _________________________ -->\r\n\r\n\r\n<!--_________________________ Start Standard Article _________________________ -->\r\n\r\n<article id=\"post-10624\" class=\"cmsms_post_masonry post-10624 post type-post status-publish format-standard has-post-thumbnail hentry category-warsztaty-2021\" data-category=\"warsztaty-2021\">\r\n\t<span class=\"cmsms_post_format_img  cmsms-icon-desktop-3\"><\/span>\r\n\t<div class=\"cmsms_post_cont\">\r\n\t<figure><a href=\"https:\/\/lcpr.pl\/zg\/2021\/07\/20\/warsztaty-2021-07-1\/\" title=\"Warsztaty 25-07-2021\" class=\"cmsms_img_link preloader\"><img loading=\"lazy\" decoding=\"async\" width=\"580\" height=\"390\" src=\"https:\/\/lcpr.pl\/zg\/wp-content\/uploads\/2024\/04\/warsztaty-z-qzko-5-580x390.jpg\" class=\"full-width wp-post-image\" alt=\"Warsztaty 25-07-2021\" title=\"Warsztaty 25-07-2021\" \/><\/a><\/figure><header class=\"cmsms_post_header entry-header\"><h2 class=\"cmsms_post_title entry-title\"><a href=\"https:\/\/lcpr.pl\/zg\/2021\/07\/20\/warsztaty-2021-07-1\/\">Warsztaty 25-07-2021<\/a><\/h2><\/header><div class=\"cmsms_post_content entry-content\">\n<p>Zapraszamy na zapisy na\u00a0darmowe warsztaty, kt\u00f3re odb\u0119d\u0105 si\u0119\u00a025 lipca 2021 roku na Twoim Zielonym Targu Ochla \u2013 Zielonog\u00f3rska 5, Zielona G\u00f3ra. Temat warsztat\u00f3w:\u00a0,,Miodobranie z Pasiek\u0105 Alek\u201d<br \/>\nTermin warsztat\u00f3w:\u00a025.07.2021 godzina: 10:00<\/p>\n<\/div>\n<footer class=\"cmsms_post_footer entry-meta tar\"><div class=\"cmsms_post_meta_info\"><abbr class=\"published cmsms_post_date cmsms-icon-calendar-8\" title=\"2021-07-20\">2021-07-20<\/abbr><abbr class=\"dn date updated\" title=\"2024-05-20\">2024-05-20<\/abbr><\/div><a class=\"button cmsms_post_read_more\" href=\"https:\/\/lcpr.pl\/zg\/2021\/07\/20\/warsztaty-2021-07-1\/\">Wi\u0119cej informacji<\/a><\/footer>\t<\/div>\r\n<\/article>\r\n<!--_________________________ Finish Standard Article _________________________ -->\r\n\r\n\r\n<!--_________________________ Start Standard Article _________________________ -->\r\n\r\n<article id=\"post-10622\" class=\"cmsms_post_masonry post-10622 post type-post status-publish format-standard has-post-thumbnail hentry category-warsztaty-2021\" data-category=\"warsztaty-2021\">\r\n\t<span class=\"cmsms_post_format_img  cmsms-icon-desktop-3\"><\/span>\r\n\t<div class=\"cmsms_post_cont\">\r\n\t<figure><a href=\"https:\/\/lcpr.pl\/zg\/2021\/07\/20\/warsztaty-2021-07-2\/\" title=\"Warsztaty 25-07-2021\" class=\"cmsms_img_link preloader\"><img loading=\"lazy\" decoding=\"async\" width=\"580\" height=\"390\" src=\"https:\/\/lcpr.pl\/zg\/wp-content\/uploads\/2024\/04\/warsztaty-z-qzko-5-580x390.jpg\" class=\"full-width wp-post-image\" alt=\"Warsztaty 25-07-2021\" title=\"Warsztaty 25-07-2021\" \/><\/a><\/figure><header class=\"cmsms_post_header entry-header\"><h2 class=\"cmsms_post_title entry-title\"><a href=\"https:\/\/lcpr.pl\/zg\/2021\/07\/20\/warsztaty-2021-07-2\/\">Warsztaty 25-07-2021<\/a><\/h2><\/header><div class=\"cmsms_post_content entry-content\">\n<p>Zapraszamy na zapisy na\u00a0darmowe warsztaty, kt\u00f3re odb\u0119d\u0105 si\u0119\u00a025 lipca 2021 roku na Twoim Zielonym Targu Ochla \u2013 Zielonog\u00f3rska 5, Zielona G\u00f3ra. Temat warsztat\u00f3w:\u00a0,,Miodobranie z Pasiek\u0105 Alek\u201d<br \/>\nTermin warsztat\u00f3w:\u00a025.07.2021 godzina: 11:00<\/p>\n<\/div>\n<footer class=\"cmsms_post_footer entry-meta tar\"><div class=\"cmsms_post_meta_info\"><abbr class=\"published cmsms_post_date cmsms-icon-calendar-8\" title=\"2021-07-20\">2021-07-20<\/abbr><abbr class=\"dn date updated\" title=\"2024-05-20\">2024-05-20<\/abbr><\/div><a class=\"button cmsms_post_read_more\" href=\"https:\/\/lcpr.pl\/zg\/2021\/07\/20\/warsztaty-2021-07-2\/\">Wi\u0119cej informacji<\/a><\/footer>\t<\/div>\r\n<\/article>\r\n<!--_________________________ Finish Standard Article _________________________ -->\r\n\r\n\r\n<!--_________________________ Start Standard Article _________________________ -->\r\n\r\n<article id=\"post-10620\" class=\"cmsms_post_masonry post-10620 post type-post status-publish format-standard has-post-thumbnail hentry category-warsztaty-2021\" data-category=\"warsztaty-2021\">\r\n\t<span class=\"cmsms_post_format_img  cmsms-icon-desktop-3\"><\/span>\r\n\t<div class=\"cmsms_post_cont\">\r\n\t<figure><a href=\"https:\/\/lcpr.pl\/zg\/2021\/07\/20\/warsztaty-2021-07-3\/\" title=\"Warsztaty 25-07-2021\" class=\"cmsms_img_link preloader\"><img loading=\"lazy\" decoding=\"async\" width=\"580\" height=\"390\" src=\"https:\/\/lcpr.pl\/zg\/wp-content\/uploads\/2024\/04\/warsztaty-z-qzko-5-580x390.jpg\" class=\"full-width wp-post-image\" alt=\"Warsztaty 25-07-2021\" title=\"Warsztaty 25-07-2021\" \/><\/a><\/figure><header class=\"cmsms_post_header entry-header\"><h2 class=\"cmsms_post_title entry-title\"><a href=\"https:\/\/lcpr.pl\/zg\/2021\/07\/20\/warsztaty-2021-07-3\/\">Warsztaty 25-07-2021<\/a><\/h2><\/header><div class=\"cmsms_post_content entry-content\">\n<p>Zapraszamy na zapisy na\u00a0darmowe warsztaty, kt\u00f3re odb\u0119d\u0105 si\u0119\u00a025 lipca 2021 roku na Twoim Zielonym Targu Ochla \u2013 Zielonog\u00f3rska 5, Zielona G\u00f3ra. Temat warsztat\u00f3w:\u00a0,,Miodobranie z Pasiek\u0105 Alek\u201d<br \/>\nTermin warsztat\u00f3w:\u00a025.07.2021 godzina: 12:00<\/p>\n<\/div>\n<footer class=\"cmsms_post_footer entry-meta tar\"><div class=\"cmsms_post_meta_info\"><abbr class=\"published cmsms_post_date cmsms-icon-calendar-8\" title=\"2021-07-20\">2021-07-20<\/abbr><abbr class=\"dn date updated\" title=\"2024-05-20\">2024-05-20<\/abbr><\/div><a class=\"button cmsms_post_read_more\" href=\"https:\/\/lcpr.pl\/zg\/2021\/07\/20\/warsztaty-2021-07-3\/\">Wi\u0119cej informacji<\/a><\/footer>\t<\/div>\r\n<\/article>\r\n<!--_________________________ Finish Standard Article _________________________ -->\r\n\r\n\r\n<!--_________________________ Start Standard Article _________________________ -->\r\n\r\n<article id=\"post-10617\" class=\"cmsms_post_masonry post-10617 post type-post status-publish format-standard has-post-thumbnail hentry category-warsztaty-2021\" data-category=\"warsztaty-2021\">\r\n\t<span class=\"cmsms_post_format_img  cmsms-icon-desktop-3\"><\/span>\r\n\t<div class=\"cmsms_post_cont\">\r\n\t<figure><a href=\"https:\/\/lcpr.pl\/zg\/2021\/06\/20\/warsztaty-2021-06-1\/\" title=\"Warsztaty 27-06-2021\" class=\"cmsms_img_link preloader\"><img loading=\"lazy\" decoding=\"async\" width=\"580\" height=\"390\" src=\"https:\/\/lcpr.pl\/zg\/wp-content\/uploads\/2024\/04\/warsztaty-z-qzko-5-580x390.jpg\" class=\"full-width wp-post-image\" alt=\"Warsztaty 27-06-2021\" title=\"Warsztaty 27-06-2021\" \/><\/a><\/figure><header class=\"cmsms_post_header entry-header\"><h2 class=\"cmsms_post_title entry-title\"><a href=\"https:\/\/lcpr.pl\/zg\/2021\/06\/20\/warsztaty-2021-06-1\/\">Warsztaty 27-06-2021<\/a><\/h2><\/header><div class=\"cmsms_post_content entry-content\">\n<p>Zapraszamy na zapisy na\u00a0darmowe warsztaty, kt\u00f3re odb\u0119d\u0105 si\u0119 27 czerwca 2021 roku na Twoim Zielonym Targu Ochla \u2013 Zielonog\u00f3rska 5, Zielona G\u00f3ra. Temat warsztat\u00f3w:\u00a0,,Domowy chleb na zakwasie\u201d.<br \/>\nTermin warsztat\u00f3w:\u00a027.06.2021 godzina: 10:00<\/p>\n<\/div>\n<footer class=\"cmsms_post_footer entry-meta tar\"><div class=\"cmsms_post_meta_info\"><abbr class=\"published cmsms_post_date cmsms-icon-calendar-8\" title=\"2021-06-20\">2021-06-20<\/abbr><abbr class=\"dn date updated\" title=\"2024-05-20\">2024-05-20<\/abbr><\/div><a class=\"button cmsms_post_read_more\" href=\"https:\/\/lcpr.pl\/zg\/2021\/06\/20\/warsztaty-2021-06-1\/\">Wi\u0119cej informacji<\/a><\/footer>\t<\/div>\r\n<\/article>\r\n<!--_________________________ Finish Standard Article _________________________ -->\r\n\r\n\r\n<!--_________________________ Start Standard Article _________________________ -->\r\n\r\n<article id=\"post-10615\" class=\"cmsms_post_masonry post-10615 post type-post status-publish format-standard has-post-thumbnail hentry category-warsztaty-2021\" data-category=\"warsztaty-2021\">\r\n\t<span class=\"cmsms_post_format_img  cmsms-icon-desktop-3\"><\/span>\r\n\t<div class=\"cmsms_post_cont\">\r\n\t<figure><a href=\"https:\/\/lcpr.pl\/zg\/2021\/06\/20\/warsztaty-2021-06-2\/\" title=\"Warsztaty 27-06-2021\" class=\"cmsms_img_link preloader\"><img loading=\"lazy\" decoding=\"async\" width=\"580\" height=\"390\" src=\"https:\/\/lcpr.pl\/zg\/wp-content\/uploads\/2024\/04\/warsztaty-z-qzko-5-580x390.jpg\" class=\"full-width wp-post-image\" alt=\"Warsztaty 27-06-2021\" title=\"Warsztaty 27-06-2021\" \/><\/a><\/figure><header class=\"cmsms_post_header entry-header\"><h2 class=\"cmsms_post_title entry-title\"><a href=\"https:\/\/lcpr.pl\/zg\/2021\/06\/20\/warsztaty-2021-06-2\/\">Warsztaty 27-06-2021<\/a><\/h2><\/header><div class=\"cmsms_post_content entry-content\">\n<p>Zapraszamy na zapisy na\u00a0darmowe warsztaty, kt\u00f3re odb\u0119d\u0105 si\u0119 27 czerwca 2021 roku na Twoim Zielonym Targu Ochla \u2013 Zielonog\u00f3rska 5, Zielona G\u00f3ra. Temat warsztat\u00f3w:\u00a0,,Domowy chleb na zakwasie\u201d.<br \/>\nTermin warsztat\u00f3w:\u00a027.06.2021 godzina: 11:30<\/p>\n<\/div>\n<footer class=\"cmsms_post_footer entry-meta tar\"><div class=\"cmsms_post_meta_info\"><abbr class=\"published cmsms_post_date cmsms-icon-calendar-8\" title=\"2021-06-20\">2021-06-20<\/abbr><abbr class=\"dn date updated\" title=\"2024-05-20\">2024-05-20<\/abbr><\/div><a class=\"button cmsms_post_read_more\" href=\"https:\/\/lcpr.pl\/zg\/2021\/06\/20\/warsztaty-2021-06-2\/\">Wi\u0119cej informacji<\/a><\/footer>\t<\/div>\r\n<\/article>\r\n<!--_________________________ Finish Standard Article _________________________ -->\r\n\r\n\r\n<!--_________________________ Start Standard Article _________________________ -->\r\n\r\n<article id=\"post-10610\" class=\"cmsms_post_masonry post-10610 post type-post status-publish format-standard has-post-thumbnail hentry category-warsztaty-2021\" data-category=\"warsztaty-2021\">\r\n\t<span class=\"cmsms_post_format_img  cmsms-icon-desktop-3\"><\/span>\r\n\t<div class=\"cmsms_post_cont\">\r\n\t<figure><a href=\"https:\/\/lcpr.pl\/zg\/2021\/06\/20\/warsztaty-2021-06-3\/\" title=\"Warsztaty 27-06-2021\" class=\"cmsms_img_link preloader\"><img loading=\"lazy\" decoding=\"async\" width=\"580\" height=\"390\" src=\"https:\/\/lcpr.pl\/zg\/wp-content\/uploads\/2024\/04\/warsztaty-z-qzko-5-580x390.jpg\" class=\"full-width wp-post-image\" alt=\"Warsztaty 27-06-2021\" title=\"Warsztaty 27-06-2021\" \/><\/a><\/figure><header class=\"cmsms_post_header entry-header\"><h2 class=\"cmsms_post_title entry-title\"><a href=\"https:\/\/lcpr.pl\/zg\/2021\/06\/20\/warsztaty-2021-06-3\/\">Warsztaty 27-06-2021<\/a><\/h2><\/header><div class=\"cmsms_post_content entry-content\">\n<p>Zapraszamy na zapisy na\u00a0darmowe warsztaty, kt\u00f3re odb\u0119d\u0105 si\u0119 27 czerwca 2021 roku na Twoim Zielonym Targu Ochla \u2013 Zielonog\u00f3rska 5, Zielona G\u00f3ra. Temat warsztat\u00f3w:\u00a0,,Domowy chleb na zakwasie\u201d.<br \/>\nTermin warsztat\u00f3w:\u00a027.06.2021 godzina: 12:30<\/p>\n<\/div>\n<footer class=\"cmsms_post_footer entry-meta tar\"><div class=\"cmsms_post_meta_info\"><abbr class=\"published cmsms_post_date cmsms-icon-calendar-8\" title=\"2021-06-20\">2021-06-20<\/abbr><abbr class=\"dn date updated\" title=\"2024-05-20\">2024-05-20<\/abbr><\/div><a class=\"button cmsms_post_read_more\" href=\"https:\/\/lcpr.pl\/zg\/2021\/06\/20\/warsztaty-2021-06-3\/\">Wi\u0119cej informacji<\/a><\/footer>\t<\/div>\r\n<\/article>\r\n<!--_________________________ Finish Standard Article _________________________ -->\r\n\r\n<\/div><div class=\"cmsms_wrap_more_posts cmsms_wrap_more_items\"><\/div><\/div>\n<\/div>\n<\/div>\n<\/div>\n<\/div>\n<\/div>\n<\/div>\n\n","protected":false},"excerpt":{"rendered":"","protected":false},"author":1,"featured_media":0,"parent":4261,"menu_order":0,"comment_status":"closed","ping_status":"closed","template":"","meta":{"footnotes":""},"class_list":["post-10777","page","type-page","status-publish","hentry"],"_links":{"self":[{"href":"https:\/\/lcpr.pl\/zg\/wp-json\/wp\/v2\/pages\/10777","targetHints":{"allow":["GET"]}}],"collection":[{"href":"https:\/\/lcpr.pl\/zg\/wp-json\/wp\/v2\/pages"}],"about":[{"href":"https:\/\/lcpr.pl\/zg\/wp-json\/wp\/v2\/types\/page"}],"author":[{"embeddable":true,"href":"https:\/\/lcpr.pl\/zg\/wp-json\/wp\/v2\/users\/1"}],"replies":[{"embeddable":true,"href":"https:\/\/lcpr.pl\/zg\/wp-json\/wp\/v2\/comments?post=10777"}],"version-history":[{"count":2,"href":"https:\/\/lcpr.pl\/zg\/wp-json\/wp\/v2\/pages\/10777\/revisions"}],"predecessor-version":[{"id":10786,"href":"https:\/\/lcpr.pl\/zg\/wp-json\/wp\/v2\/pages\/10777\/revisions\/10786"}],"up":[{"embeddable":true,"href":"https:\/\/lcpr.pl\/zg\/wp-json\/wp\/v2\/pages\/4261"}],"wp:attachment":[{"href":"https:\/\/lcpr.pl\/zg\/wp-json\/wp\/v2\/media?parent=10777"}],"curies":[{"name":"wp","href":"https:\/\/api.w.org\/{rel}","templated":true}]}}