{"id":10602,"date":"2024-05-20T17:38:55","date_gmt":"2024-05-20T15:38:55","guid":{"rendered":"https:\/\/lcpr.pl\/zg\/?page_id=10602"},"modified":"2026-01-16T15:11:35","modified_gmt":"2026-01-16T14:11:35","slug":"i-kadencja-rady-programowej-2019-2024","status":"publish","type":"page","link":"https:\/\/lcpr.pl\/zg\/rada-programowa-lcpr\/i-kadencja-rady-programowej-2019-2024\/","title":{"rendered":"I kadencja Rady Programowej 2019-2024"},"content":{"rendered":"<style type=\"text\/css\"> \n#cmsms_row_69f17bea59f59 .cmsms_row_outer_parent { \n\tpadding-top: 0px; \n} \n\n#cmsms_row_69f17bea59f59 .cmsms_row_outer_parent { \n\tpadding-bottom: 50px; \n} \n\n \n#cmsms_row_69f17bea5a293 .cmsms_row_outer_parent { \n\tpadding-top: 0px; \n} \n\n#cmsms_row_69f17bea5a293 .cmsms_row_outer_parent { \n\tpadding-bottom: 50px; \n} \n\n<\/style><div id=\"cmsms_row_69f17bea59f59\" class=\"cmsms_row cmsms_color_scheme_default\">\n<div class=\"cmsms_row_outer_parent\">\n<div class=\"cmsms_row_outer\">\n<div class=\"cmsms_row_inner\">\n<div class=\"cmsms_row_margin\">\n<div class=\"cmsms_column one_first\">\n<div class=\"cmsms_text\">\n<h3 style=\"text-align: center;\"><strong><br \/>\nRada Programowa I kadencji w latach 2019-2024<\/strong><\/h3>\n<p><img loading=\"lazy\" decoding=\"async\" class=\"aligncenter wp-image-19473 size-full-masonry-thumb\" src=\"https:\/\/lcpr.pl\/zg\/wp-content\/uploads\/2026\/01\/xv-posiedzenie-rady-2024-7-e1768572455321-1160x586.jpg\" alt=\"\" width=\"1160\" height=\"586\" srcset=\"https:\/\/lcpr.pl\/zg\/wp-content\/uploads\/2026\/01\/xv-posiedzenie-rady-2024-7-e1768572455321-1160x586.jpg 1160w, https:\/\/lcpr.pl\/zg\/wp-content\/uploads\/2026\/01\/xv-posiedzenie-rady-2024-7-e1768572455321-300x151.jpg 300w, https:\/\/lcpr.pl\/zg\/wp-content\/uploads\/2026\/01\/xv-posiedzenie-rady-2024-7-e1768572455321-1024x517.jpg 1024w, https:\/\/lcpr.pl\/zg\/wp-content\/uploads\/2026\/01\/xv-posiedzenie-rady-2024-7-e1768572455321-768x388.jpg 768w, https:\/\/lcpr.pl\/zg\/wp-content\/uploads\/2026\/01\/xv-posiedzenie-rady-2024-7-e1768572455321-1536x776.jpg 1536w, https:\/\/lcpr.pl\/zg\/wp-content\/uploads\/2026\/01\/xv-posiedzenie-rady-2024-7-e1768572455321-580x293.jpg 580w, https:\/\/lcpr.pl\/zg\/wp-content\/uploads\/2026\/01\/xv-posiedzenie-rady-2024-7-e1768572455321-820x414.jpg 820w, https:\/\/lcpr.pl\/zg\/wp-content\/uploads\/2026\/01\/xv-posiedzenie-rady-2024-7-e1768572455321.jpg 2048w\" sizes=\"auto, (max-width: 1160px) 100vw, 1160px\" \/><\/p>\n<h3><strong>W sk\u0142ad Rady wchodzili przedstawiciele instytucji, a tak\u017ce producenci, wytwarzaj\u0105cy lubuskie produkty regionalne.<\/strong><\/h3>\n<h3>Przewodnicz\u0105ca Rady Programowej LCPR <strong>&#8211; Pani Grazyna Dere\u0144\u00a0<\/strong>z Gospodarstwa Rolno \u2013 Agroturystycznego\u00a0<a href=\"https:\/\/www.facebook.com\/profile.php?id=100064336286361&amp;__cft__&#091;0&#093;=AZWHu-Bm8CEsSHCV9y7o-6_Vb7YF6DOHdFJzMSNxpOJc1Z3_EB2Uyovcelf4JppxDQpGiX6IKja5RW1tQ0ATMIfqlckQl-6DVpG_BRb8X5X9nPerAh0aJjKxsDejeGt2nsElVE-9B8M5Ub6BT3znrXAJ9wxVfrx0PjuUUWzppSyzkOerpr6Yt1gOwz5q1ROsdgA&amp;__tn__=-&#093;K-R\">Dereni\u00f3wka\u201d<\/a> (Przedstawicielka bran\u017cy dania gotowe),<\/h3>\n<h3>kt\u00f3ra przez 5 lat sprawowa\u0142a funkcj\u0119 <strong>Przewodnicz\u0105cej Rady Programowej LCPR.<\/strong><\/h3>\n<h3><strong>Zast\u0119pcy Przewodnicz\u0105cej:<\/strong><\/h3>\n<h3><strong>Pan Stanis\u0142aw My\u015bliwiec<\/strong> \u2013 Przedstawiciel Lubuskiej Izby Rolniczej,<\/h3>\n<h3><strong>Pan Czes\u0142aw Towpik <\/strong>(<a href=\"https:\/\/www.facebook.com\/olejemycielin?__cft__&#091;0&#093;=AZWHu-Bm8CEsSHCV9y7o-6_Vb7YF6DOHdFJzMSNxpOJc1Z3_EB2Uyovcelf4JppxDQpGiX6IKja5RW1tQ0ATMIfqlckQl-6DVpG_BRb8X5X9nPerAh0aJjKxsDejeGt2nsElVE-9B8M5Ub6BT3znrXAJ9wxVfrx0PjuUUWzppSyzkOerpr6Yt1gOwz5q1ROsdgA&amp;__tn__=-&#093;K-R\">Oleje Mycielin<\/a>) &#8211; Przedstawiciel\u00a0 bran\u017cy oleje i t\u0142uszcze,<\/h3>\n<h3><strong>Pan Jaros\u0142aw Szlachetko<\/strong>\u00a0(<a href=\"https:\/\/www.facebook.com\/SalcumFixum?__cft__&#091;0&#093;=AZWHu-Bm8CEsSHCV9y7o-6_Vb7YF6DOHdFJzMSNxpOJc1Z3_EB2Uyovcelf4JppxDQpGiX6IKja5RW1tQ0ATMIfqlckQl-6DVpG_BRb8X5X9nPerAh0aJjKxsDejeGt2nsElVE-9B8M5Ub6BT3znrXAJ9wxVfrx0PjuUUWzppSyzkOerpr6Yt1gOwz5q1ROsdgA&amp;__tn__=-&#093;K-R\">Salcum-Fixum<\/a>) &#8211; Przedstawiciel bran\u017cy produkty mi\u0119sne,<\/h3>\n<h3><strong>Sekretarz Rady Programowej LCPR<\/strong> &#8211; <strong>Pan Tadeusz Wo\u017aniak<\/strong> &#8211; Przedstawiciel <a href=\"https:\/\/www.facebook.com\/ME.Ochla?__cft__&#091;0&#093;=AZWHu-Bm8CEsSHCV9y7o-6_Vb7YF6DOHdFJzMSNxpOJc1Z3_EB2Uyovcelf4JppxDQpGiX6IKja5RW1tQ0ATMIfqlckQl-6DVpG_BRb8X5X9nPerAh0aJjKxsDejeGt2nsElVE-9B8M5Ub6BT3znrXAJ9wxVfrx0PjuUUWzppSyzkOerpr6Yt1gOwz5q1ROsdgA&amp;__tn__=-&#093;K-R\">Muzeum Etnograficzne w Zielonej G\u00f3rze \u2013 Ochli,<\/a><\/h3>\n<h3><strong>Pan Arkadiusz D\u0105browski\u00a0<\/strong>(Przedstawiciel Zarz\u0105du <a href=\"https:\/\/www.facebook.com\/Urz%C4%85d-Marsza%C5%82kowski-Wojew%C3%B3dztwa-Lubuskiego-900544960096118\/?__cft__&#091;0&#093;=AZWHu-Bm8CEsSHCV9y7o-6_Vb7YF6DOHdFJzMSNxpOJc1Z3_EB2Uyovcelf4JppxDQpGiX6IKja5RW1tQ0ATMIfqlckQl-6DVpG_BRb8X5X9nPerAh0aJjKxsDejeGt2nsElVE-9B8M5Ub6BT3znrXAJ9wxVfrx0PjuUUWzppSyzkOerpr6Yt1gOwz5q1ROsdgA&amp;__tn__=kK-R\">Urz\u0105d Marsza\u0142kowski Wojew\u00f3dztwa Lubuskiego<\/a>),<\/h3>\n<h3><strong>Pan Jan Gembara <\/strong>(Przedstawiciel <a href=\"https:\/\/www.facebook.com\/lodr.kalsk?__cft__&#091;0&#093;=AZWHu-Bm8CEsSHCV9y7o-6_Vb7YF6DOHdFJzMSNxpOJc1Z3_EB2Uyovcelf4JppxDQpGiX6IKja5RW1tQ0ATMIfqlckQl-6DVpG_BRb8X5X9nPerAh0aJjKxsDejeGt2nsElVE-9B8M5Ub6BT3znrXAJ9wxVfrx0PjuUUWzppSyzkOerpr6Yt1gOwz5q1ROsdgA&amp;__tn__=-&#093;K-R\">Lubuski O\u015brodek Doradztwa Rolniczego w Kalsku<\/a>),<\/h3>\n<h3><strong>Pan Piotr Dembi\u0144ski<\/strong> (Przedstawiciel Zwi\u0105zku M\u0142odzie\u017cy Wiejskiej Wojew\u00f3dztwa Lubuskiego),<\/h3>\n<h3><strong>Pani Krystyna Stach\u00f3w <\/strong>(Przedstawicielka K\u00f3\u0142 Gospody\u0144 Wiejskich),<\/h3>\n<h3><strong>Pani Anna Krawczyk <\/strong>(<a href=\"https:\/\/www.facebook.com\/profile.php?id=100063562721192&amp;__cft__&#091;0&#093;=AZWHu-Bm8CEsSHCV9y7o-6_Vb7YF6DOHdFJzMSNxpOJc1Z3_EB2Uyovcelf4JppxDQpGiX6IKja5RW1tQ0ATMIfqlckQl-6DVpG_BRb8X5X9nPerAh0aJjKxsDejeGt2nsElVE-9B8M5Ub6BT3znrXAJ9wxVfrx0PjuUUWzppSyzkOerpr6Yt1gOwz5q1ROsdgA&amp;__tn__=-&#093;K-R\">AnnaKrawczykszyde\u0142kohandmade<\/a>) (Przedstawicielka bran\u017cy r\u0119kodzie\u0142o),<\/h3>\n<h3><strong>Pan Zbigniew Motyka<\/strong>\u00a0(<a href=\"https:\/\/www.facebook.com\/MASARNIAMOTYKA?__cft__&#091;0&#093;=AZWHu-Bm8CEsSHCV9y7o-6_Vb7YF6DOHdFJzMSNxpOJc1Z3_EB2Uyovcelf4JppxDQpGiX6IKja5RW1tQ0ATMIfqlckQl-6DVpG_BRb8X5X9nPerAh0aJjKxsDejeGt2nsElVE-9B8M5Ub6BT3znrXAJ9wxVfrx0PjuUUWzppSyzkOerpr6Yt1gOwz5q1ROsdgA&amp;__tn__=-&#093;K-R\">Masarnia Motyka<\/a>) (Przedstawiciel bran\u017cy produkty mi\u0119sne),<\/h3>\n<h3><strong>Pan Miros\u0142aw Dec<\/strong>\u00a0(<a href=\"https:\/\/www.facebook.com\/Gosciniecudecow?__cft__&#091;0&#093;=AZWHu-Bm8CEsSHCV9y7o-6_Vb7YF6DOHdFJzMSNxpOJc1Z3_EB2Uyovcelf4JppxDQpGiX6IKja5RW1tQ0ATMIfqlckQl-6DVpG_BRb8X5X9nPerAh0aJjKxsDejeGt2nsElVE-9B8M5Ub6BT3znrXAJ9wxVfrx0PjuUUWzppSyzkOerpr6Yt1gOwz5q1ROsdgA&amp;__tn__=-&#093;K-R\">Go\u015bciniec u Dec\u00f3w<\/a><a href=\"https:\/\/www.facebook.com\/decowamanufaktura?__cft__&#091;0&#093;=AZWHu-Bm8CEsSHCV9y7o-6_Vb7YF6DOHdFJzMSNxpOJc1Z3_EB2Uyovcelf4JppxDQpGiX6IKja5RW1tQ0ATMIfqlckQl-6DVpG_BRb8X5X9nPerAh0aJjKxsDejeGt2nsElVE-9B8M5Ub6BT3znrXAJ9wxVfrx0PjuUUWzppSyzkOerpr6Yt1gOwz5q1ROsdgA&amp;__tn__=-&#093;K-R\">Decowa Manufaktura<\/a>) (Przedstawiciel bran\u017cy dziczyzna),<\/h3>\n<h3><strong>Pani Irena Lisowska \u2013 Szron <\/strong>(<a href=\"https:\/\/www.facebook.com\/SlonecznySad?__cft__&#091;0&#093;=AZWHu-Bm8CEsSHCV9y7o-6_Vb7YF6DOHdFJzMSNxpOJc1Z3_EB2Uyovcelf4JppxDQpGiX6IKja5RW1tQ0ATMIfqlckQl-6DVpG_BRb8X5X9nPerAh0aJjKxsDejeGt2nsElVE-9B8M5Ub6BT3znrXAJ9wxVfrx0PjuUUWzppSyzkOerpr6Yt1gOwz5q1ROsdgA&amp;__tn__=-&#093;K-R\">Sad Solniki, S\u0142oneczny sad \u2013 soki 100% z Solnik<\/a>) (Przedstawicielka bran\u017cy napoje),<\/h3>\n<h3><strong>Pani Ma\u0142gorzata Grad<\/strong>\u00a0(<a href=\"https:\/\/www.facebook.com\/winnicajulia?__cft__&#091;0&#093;=AZWHu-Bm8CEsSHCV9y7o-6_Vb7YF6DOHdFJzMSNxpOJc1Z3_EB2Uyovcelf4JppxDQpGiX6IKja5RW1tQ0ATMIfqlckQl-6DVpG_BRb8X5X9nPerAh0aJjKxsDejeGt2nsElVE-9B8M5Ub6BT3znrXAJ9wxVfrx0PjuUUWzppSyzkOerpr6Yt1gOwz5q1ROsdgA&amp;__tn__=-&#093;K-R\">Winnica Julia<\/a>) (Przedstawicielka bran\u017cy winiarstwo),<\/h3>\n<h3><strong>Pan Marcin Wojnowski<\/strong>\u00a0(<a href=\"https:\/\/www.facebook.com\/QzkoSery?__cft__&#091;0&#093;=AZWHu-Bm8CEsSHCV9y7o-6_Vb7YF6DOHdFJzMSNxpOJc1Z3_EB2Uyovcelf4JppxDQpGiX6IKja5RW1tQ0ATMIfqlckQl-6DVpG_BRb8X5X9nPerAh0aJjKxsDejeGt2nsElVE-9B8M5Ub6BT3znrXAJ9wxVfrx0PjuUUWzppSyzkOerpr6Yt1gOwz5q1ROsdgA&amp;__tn__=-&#093;K-R\">Qzko<\/a>) (Przedstawiciel bran\u017cy produkty mleczne),<\/h3>\n<h3><strong>Pani Magdalena \u015awiderska<\/strong>\u00a0(<a href=\"https:\/\/www.facebook.com\/malinowkapl?__cft__&#091;0&#093;=AZWHu-Bm8CEsSHCV9y7o-6_Vb7YF6DOHdFJzMSNxpOJc1Z3_EB2Uyovcelf4JppxDQpGiX6IKja5RW1tQ0ATMIfqlckQl-6DVpG_BRb8X5X9nPerAh0aJjKxsDejeGt2nsElVE-9B8M5Ub6BT3znrXAJ9wxVfrx0PjuUUWzppSyzkOerpr6Yt1gOwz5q1ROsdgA&amp;__tn__=-&#093;K-R\">Malin\u00f3wka<\/a>) (Przedstawicielka bran\u017cy wyroby piekarniczo \u2013 cukiernicze),<\/h3>\n<h3><strong>Pan Arkadiusz Antczak <\/strong>(<a href=\"https:\/\/www.facebook.com\/AntersPiekarniaCukiernia?__cft__&#091;0&#093;=AZWHu-Bm8CEsSHCV9y7o-6_Vb7YF6DOHdFJzMSNxpOJc1Z3_EB2Uyovcelf4JppxDQpGiX6IKja5RW1tQ0ATMIfqlckQl-6DVpG_BRb8X5X9nPerAh0aJjKxsDejeGt2nsElVE-9B8M5Ub6BT3znrXAJ9wxVfrx0PjuUUWzppSyzkOerpr6Yt1gOwz5q1ROsdgA&amp;__tn__=-&#093;K-R\">ANTERS Piekarnia-Cukiernia<\/a>) (Przedstawiciel bran\u017cy wyroby piekarniczo \u2013 cukiernicze),<\/h3>\n<h3><strong>Pan Marian\u00a0 Grzywacz <\/strong>(<a href=\"https:\/\/www.facebook.com\/romanamarian.grzywacz?__cft__&#091;0&#093;=AZWHu-Bm8CEsSHCV9y7o-6_Vb7YF6DOHdFJzMSNxpOJc1Z3_EB2Uyovcelf4JppxDQpGiX6IKja5RW1tQ0ATMIfqlckQl-6DVpG_BRb8X5X9nPerAh0aJjKxsDejeGt2nsElVE-9B8M5Ub6BT3znrXAJ9wxVfrx0PjuUUWzppSyzkOerpr6Yt1gOwz5q1ROsdgA&amp;__tn__=-&#093;K-R\">Romana Marian Grzywacz<\/a>) (Przedstawiciel bran\u017cy produkty pszczelarskie),<\/h3>\n<h3><strong>Pan Bogus\u0142aw Dubiel<\/strong> (Przedstawiciel bran\u017cy produkty pszczelarskie),<\/h3>\n<h3><strong>Pani Aneta Mazurek<\/strong>\u00a0(<a href=\"https:\/\/www.facebook.com\/AgroturystykaDomPodSosnami?__cft__&#091;0&#093;=AZWHu-Bm8CEsSHCV9y7o-6_Vb7YF6DOHdFJzMSNxpOJc1Z3_EB2Uyovcelf4JppxDQpGiX6IKja5RW1tQ0ATMIfqlckQl-6DVpG_BRb8X5X9nPerAh0aJjKxsDejeGt2nsElVE-9B8M5Ub6BT3znrXAJ9wxVfrx0PjuUUWzppSyzkOerpr6Yt1gOwz5q1ROsdgA&amp;__tn__=-&#093;K-R\">Dom Pod Sosnami<\/a>) (Przedstawicielka bran\u017cy agroturystyka),<\/h3>\n<h3><strong>Pani Dagmara Walczak <\/strong>(<a href=\"https:\/\/www.facebook.com\/jeffersons.catering?__cft__&#091;0&#093;=AZWHu-Bm8CEsSHCV9y7o-6_Vb7YF6DOHdFJzMSNxpOJc1Z3_EB2Uyovcelf4JppxDQpGiX6IKja5RW1tQ0ATMIfqlckQl-6DVpG_BRb8X5X9nPerAh0aJjKxsDejeGt2nsElVE-9B8M5Ub6BT3znrXAJ9wxVfrx0PjuUUWzppSyzkOerpr6Yt1gOwz5q1ROsdgA&amp;__tn__=-&#093;K-R\">Jefferson\u2019s Catering<\/a>) (Przedstawicielka bran\u017cy restauracje),<\/h3>\n<h3><strong>Pan Jacek Banaszek <\/strong>(<a href=\"https:\/\/www.facebook.com\/ZOPZLzielonagora?__cft__&#091;0&#093;=AZWHu-Bm8CEsSHCV9y7o-6_Vb7YF6DOHdFJzMSNxpOJc1Z3_EB2Uyovcelf4JppxDQpGiX6IKja5RW1tQ0ATMIfqlckQl-6DVpG_BRb8X5X9nPerAh0aJjKxsDejeGt2nsElVE-9B8M5Ub6BT3znrXAJ9wxVfrx0PjuUUWzppSyzkOerpr6Yt1gOwz5q1ROsdgA&amp;__tn__=-&#093;K-R\">Polski Zwi\u0105zek \u0141owiecki Zarz\u0105d Okr\u0119gowy w Zielonej G\u00f3rze<\/a>) (Przedstawiciel bran\u017cy \u0142owiectwo),<\/h3>\n<h3><strong>Pan Wojciech Pawliszak\u00a0 <\/strong>(<a href=\"https:\/\/www.facebook.com\/pzlgorzow?__cft__&#091;0&#093;=AZWHu-Bm8CEsSHCV9y7o-6_Vb7YF6DOHdFJzMSNxpOJc1Z3_EB2Uyovcelf4JppxDQpGiX6IKja5RW1tQ0ATMIfqlckQl-6DVpG_BRb8X5X9nPerAh0aJjKxsDejeGt2nsElVE-9B8M5Ub6BT3znrXAJ9wxVfrx0PjuUUWzppSyzkOerpr6Yt1gOwz5q1ROsdgA&amp;__tn__=-&#093;K-R\">ZO PZ\u0141 Gorz\u00f3w Wielkopolski<\/a>) (Przedstawiciel bran\u017cy \u0142owiectwo),<\/h3>\n<h3><em>Rada Programowa jest cia\u0142em opiniotw\u00f3rczo \u2013 doradczym dzia\u0142aj\u0105cym przy Lubuskim Centrum Produktu Regionalnego w Zielonej G\u00f3rze. Zosta\u0142a powo\u0142ana przez Zarz\u0105d Wojew\u00f3dztwa Lubuskiego Uchwa\u0142\u0105 nr 28\/415\/19 z dnia 10 kwietnia 2019 roku. Sk\u0142ad Rady zosta\u0142 powi\u0119kszony Uchwa\u0142\u0105 numer 297\/4073\/22 z dnia 8 listopada 2022 roku. Rada sk\u0142ada si\u0119 z dwudziestu trzech Cz\u0142onk\u00f3w. Sze\u015bciu przedstawicieli instytucji oraz siedemnastu producent\u00f3w i us\u0142ugodawc\u00f3w oferuj\u0105cych produkt regionalny i lokalny.<\/em><\/h3>\n<\/div>\n<\/div>\n<\/div>\n<\/div>\n<\/div>\n<\/div>\n<\/div>\n<div id=\"cmsms_row_69f17bea5a293\" class=\"cmsms_row cmsms_color_scheme_default\">\n<div class=\"cmsms_row_outer_parent\">\n<div class=\"cmsms_row_outer\">\n<div class=\"cmsms_row_inner\">\n<div class=\"cmsms_row_margin\">\n<div class=\"cmsms_column one_first\">\n<div class=\"cmsms_wrap_blog entry-summary\" id=\"blog_69f17bea5a2f8\"><script type=\"text\/javascript\">\r\njQuery(document).ready(function () {\r\n\t(function ($) {\r\n\t\tif ($('#blog_69f17bea5a2f8').find('article').length == '0') {\r\n\t\t\treturn false;\r\n\t\t}\r\n\t\t\r\n\t\r\n\t\tstartBlog( \r\n\t\t\t'69f17bea5a2f8', \r\n\t\t\t'columns', \r\n\t\t\t'grid', \r\n\t\t\t'https:\/\/lcpr.pl\/zg\/wp-content\/plugins\/cmsms-content-composer\/', \r\n\t\t\t'date', \r\n\t\t\t'DESC', \r\n\t\t\t'12', \r\n\t\t\t'i-kadencj-rady-programowej-2019-2024', \r\n\t\t\t'date,categories,more' \r\n\t\t);\r\n\t} )(jQuery);\r\n} );\r\n<\/script>\r\n<div class=\"blog columns grid cmsms_3\">\r\n<!--_________________________ Start Standard Article _________________________ -->\r\n\r\n<article id=\"post-8280\" class=\"cmsms_post_masonry post-8280 post type-post status-publish format-standard has-post-thumbnail hentry category-aktualnosci category-i-kadencj-rady-programowej-2019-2024\" data-category=\"aktualnosci i-kadencj-rady-programowej-2019-2024\">\r\n\t<span class=\"cmsms_post_format_img  cmsms-icon-desktop-3\"><\/span>\r\n\t<div class=\"cmsms_post_cont\">\r\n\t<figure><a href=\"https:\/\/lcpr.pl\/zg\/2024\/03\/01\/15-posiedzen-i-kadencji-rady-programowej-lcpr-za-nami\/\" title=\"15 posiedze\u0144 I kadencji Rady Programowej LCPR za nami!\" class=\"cmsms_img_link preloader\"><img loading=\"lazy\" decoding=\"async\" width=\"580\" height=\"335\" src=\"https:\/\/lcpr.pl\/zg\/wp-content\/uploads\/2024\/04\/15-posiedzen-2024-580x335.jpg\" class=\"full-width wp-post-image\" alt=\"15 posiedze\u0144 I kadencji Rady Programowej LCPR za nami!\" title=\"15 posiedze\u0144 I kadencji Rady Programowej LCPR za nami!\" \/><\/a><\/figure><header class=\"cmsms_post_header entry-header\"><h2 class=\"cmsms_post_title entry-title\"><a href=\"https:\/\/lcpr.pl\/zg\/2024\/03\/01\/15-posiedzen-i-kadencji-rady-programowej-lcpr-za-nami\/\">15 posiedze\u0144 I kadencji Rady Programowej LCPR za nami!<\/a><\/h2><\/header><div class=\"cmsms_post_cont_info entry-meta\"><span class=\"cmsms_post_category\">Kategoria <a href=\"https:\/\/lcpr.pl\/zg\/category\/aktualnosci\/\" rel=\"category tag\">Aktualno\u015bci<\/a>, <a href=\"https:\/\/lcpr.pl\/zg\/category\/rada-programowa-lcpr\/i-kadencj-rady-programowej-2019-2024\/\" rel=\"category tag\">I kadencj Rady Programowej 2019-2024<\/a><\/span><\/div><div class=\"cmsms_post_content entry-content\">\n<p>Nie mo\u017cemy uwierzy\u0107, \u017ce min\u0119\u0142o 5 lat od pocz\u0105tku naszej wsp\u00f3lnej pracy na rzecz promocji i rozwoju lubuskich producent\u00f3w regionalnych. Lubuskie Centrum Produktu Regionalnego wsp\u00f3lnie z cz\u0142onkami Rady Programowej podj\u0119\u0142o szereg uchwa\u0142, w wyniku, kt\u00f3rych reagowali\u015bmy na bie\u017c\u0105ce sytuacje wp\u0142ywaj\u0105ce na rynek producent\u00f3w.<\/p>\n<\/div>\n<footer class=\"cmsms_post_footer entry-meta tar\"><div class=\"cmsms_post_meta_info\"><abbr class=\"published cmsms_post_date cmsms-icon-calendar-8\" title=\"2024-03-01\">2024-03-01<\/abbr><abbr class=\"dn date updated\" title=\"2026-01-16\">2026-01-16<\/abbr><\/div><a class=\"button cmsms_post_read_more\" href=\"https:\/\/lcpr.pl\/zg\/2024\/03\/01\/15-posiedzen-i-kadencji-rady-programowej-lcpr-za-nami\/\">Wi\u0119cej informacji<\/a><\/footer>\t<\/div>\r\n<\/article>\r\n<!--_________________________ Finish Standard Article _________________________ -->\r\n\r\n\r\n<!--_________________________ Start Standard Article _________________________ -->\r\n\r\n<article id=\"post-8289\" class=\"cmsms_post_masonry post-8289 post type-post status-publish format-standard has-post-thumbnail hentry category-aktualnosci category-i-kadencj-rady-programowej-2019-2024 category-rada-programowa-lcpr\" data-category=\"aktualnosci i-kadencj-rady-programowej-2019-2024 rada-programowa-lcpr\">\r\n\t<span class=\"cmsms_post_format_img  cmsms-icon-desktop-3\"><\/span>\r\n\t<div class=\"cmsms_post_cont\">\r\n\t<figure><a href=\"https:\/\/lcpr.pl\/zg\/2024\/02\/29\/xv-posiedzenie-rady-programowej-lcpr\/\" title=\"XV posiedzenie Rady Programowej LCPR\" class=\"cmsms_img_link preloader\"><img loading=\"lazy\" decoding=\"async\" width=\"580\" height=\"335\" src=\"https:\/\/lcpr.pl\/zg\/wp-content\/uploads\/2024\/04\/xv-posiedzenie-rady-2024-580x335.jpg\" class=\"full-width wp-post-image\" alt=\"XV posiedzenie Rady Programowej LCPR\" title=\"XV posiedzenie Rady Programowej LCPR\" \/><\/a><\/figure><header class=\"cmsms_post_header entry-header\"><h2 class=\"cmsms_post_title entry-title\"><a href=\"https:\/\/lcpr.pl\/zg\/2024\/02\/29\/xv-posiedzenie-rady-programowej-lcpr\/\">XV posiedzenie Rady Programowej LCPR<\/a><\/h2><\/header><div class=\"cmsms_post_cont_info entry-meta\"><span class=\"cmsms_post_category\">Kategoria <a href=\"https:\/\/lcpr.pl\/zg\/category\/aktualnosci\/\" rel=\"category tag\">Aktualno\u015bci<\/a>, <a href=\"https:\/\/lcpr.pl\/zg\/category\/rada-programowa-lcpr\/i-kadencj-rady-programowej-2019-2024\/\" rel=\"category tag\">I kadencj Rady Programowej 2019-2024<\/a>, <a href=\"https:\/\/lcpr.pl\/zg\/category\/rada-programowa-lcpr\/\" rel=\"category tag\">Rada Programowa LCPR<\/a><\/span><\/div><div class=\"cmsms_post_content entry-content\">\n<p>W dniu wczorajszym cz\u0142onkowie Rady Programowej spotkali si\u0119 w celu podsumowania 5 lat obecnej kadencji. W spotkaniu uczestniczyli producenci, przedstawiciele instytucji, a tak\u017ce Pose\u0142 na Sejm Stanis\u0142aw Tomczyszyn \u2013 Trzecia DROGA \/ PSL.<\/p>\n<\/div>\n<footer class=\"cmsms_post_footer entry-meta tar\"><div class=\"cmsms_post_meta_info\"><abbr class=\"published cmsms_post_date cmsms-icon-calendar-8\" title=\"2024-02-29\">2024-02-29<\/abbr><abbr class=\"dn date updated\" title=\"2026-01-16\">2026-01-16<\/abbr><\/div><a class=\"button cmsms_post_read_more\" href=\"https:\/\/lcpr.pl\/zg\/2024\/02\/29\/xv-posiedzenie-rady-programowej-lcpr\/\">Wi\u0119cej informacji<\/a><\/footer>\t<\/div>\r\n<\/article>\r\n<!--_________________________ Finish Standard Article _________________________ -->\r\n\r\n\r\n<!--_________________________ Start Standard Article _________________________ -->\r\n\r\n<article id=\"post-6653\" class=\"cmsms_post_masonry post-6653 post type-post status-publish format-standard has-post-thumbnail hentry category-aktualnosci category-i-kadencj-rady-programowej-2019-2024 category-rada-programowa-lcpr\" data-category=\"aktualnosci i-kadencj-rady-programowej-2019-2024 rada-programowa-lcpr\">\r\n\t<span class=\"cmsms_post_format_img  cmsms-icon-desktop-3\"><\/span>\r\n\t<div class=\"cmsms_post_cont\">\r\n\t<figure><a href=\"https:\/\/lcpr.pl\/zg\/2023\/05\/12\/xiii-posiedzenie-rady-programowej-lubuskiego-centrum-produktu-regionalnego\/\" title=\"XIII Posiedzenie Rady Programowej Lubuskiego Centrum Produktu Regionalnego\" class=\"cmsms_img_link preloader\"><img loading=\"lazy\" decoding=\"async\" width=\"580\" height=\"335\" src=\"https:\/\/lcpr.pl\/zg\/wp-content\/uploads\/2024\/03\/posiedzenie-rady-2023-580x335.jpg\" class=\"full-width wp-post-image\" alt=\"XIII Posiedzenie Rady Programowej Lubuskiego Centrum Produktu Regionalnego\" title=\"XIII Posiedzenie Rady Programowej Lubuskiego Centrum Produktu Regionalnego\" \/><\/a><\/figure><header class=\"cmsms_post_header entry-header\"><h2 class=\"cmsms_post_title entry-title\"><a href=\"https:\/\/lcpr.pl\/zg\/2023\/05\/12\/xiii-posiedzenie-rady-programowej-lubuskiego-centrum-produktu-regionalnego\/\">XIII Posiedzenie Rady Programowej Lubuskiego Centrum Produktu Regionalnego<\/a><\/h2><\/header><div class=\"cmsms_post_cont_info entry-meta\"><span class=\"cmsms_post_category\">Kategoria <a href=\"https:\/\/lcpr.pl\/zg\/category\/aktualnosci\/\" rel=\"category tag\">Aktualno\u015bci<\/a>, <a href=\"https:\/\/lcpr.pl\/zg\/category\/rada-programowa-lcpr\/i-kadencj-rady-programowej-2019-2024\/\" rel=\"category tag\">I kadencj Rady Programowej 2019-2024<\/a>, <a href=\"https:\/\/lcpr.pl\/zg\/category\/rada-programowa-lcpr\/\" rel=\"category tag\">Rada Programowa LCPR<\/a><\/span><\/div><div class=\"cmsms_post_content entry-content\">\n<p>11 maja 2023 roku\u00a0odby\u0142o si\u0119\u00a0XIII Posiedzenie Rady Programowej Lubuskiego Centrum Produktu Regionalnego.<\/p>\n<\/div>\n<footer class=\"cmsms_post_footer entry-meta tar\"><div class=\"cmsms_post_meta_info\"><abbr class=\"published cmsms_post_date cmsms-icon-calendar-8\" title=\"2023-05-12\">2023-05-12<\/abbr><abbr class=\"dn date updated\" title=\"2026-01-16\">2026-01-16<\/abbr><\/div><a class=\"button cmsms_post_read_more\" href=\"https:\/\/lcpr.pl\/zg\/2023\/05\/12\/xiii-posiedzenie-rady-programowej-lubuskiego-centrum-produktu-regionalnego\/\">Wi\u0119cej informacji<\/a><\/footer>\t<\/div>\r\n<\/article>\r\n<!--_________________________ Finish Standard Article _________________________ -->\r\n\r\n\r\n<!--_________________________ Start Standard Article _________________________ -->\r\n\r\n<article id=\"post-6909\" class=\"cmsms_post_masonry post-6909 post type-post status-publish format-standard has-post-thumbnail hentry category-aktualnosci category-i-kadencj-rady-programowej-2019-2024 category-rada-programowa-lcpr\" data-category=\"aktualnosci i-kadencj-rady-programowej-2019-2024 rada-programowa-lcpr\">\r\n\t<span class=\"cmsms_post_format_img  cmsms-icon-desktop-3\"><\/span>\r\n\t<div class=\"cmsms_post_cont\">\r\n\t<figure><a href=\"https:\/\/lcpr.pl\/zg\/2022\/11\/17\/xii-posiedzenie-rady-programowej\/\" title=\"XII Posiedzenie Rady Programowej\" class=\"cmsms_img_link preloader\"><img loading=\"lazy\" decoding=\"async\" width=\"580\" height=\"335\" src=\"https:\/\/lcpr.pl\/zg\/wp-content\/uploads\/2024\/03\/rada-programowa-3-580x335.jpg\" class=\"full-width wp-post-image\" alt=\"XII Posiedzenie Rady Programowej\" title=\"XII Posiedzenie Rady Programowej\" \/><\/a><\/figure><header class=\"cmsms_post_header entry-header\"><h2 class=\"cmsms_post_title entry-title\"><a href=\"https:\/\/lcpr.pl\/zg\/2022\/11\/17\/xii-posiedzenie-rady-programowej\/\">XII Posiedzenie Rady Programowej<\/a><\/h2><\/header><div class=\"cmsms_post_cont_info entry-meta\"><span class=\"cmsms_post_category\">Kategoria <a href=\"https:\/\/lcpr.pl\/zg\/category\/aktualnosci\/\" rel=\"category tag\">Aktualno\u015bci<\/a>, <a href=\"https:\/\/lcpr.pl\/zg\/category\/rada-programowa-lcpr\/i-kadencj-rady-programowej-2019-2024\/\" rel=\"category tag\">I kadencj Rady Programowej 2019-2024<\/a>, <a href=\"https:\/\/lcpr.pl\/zg\/category\/rada-programowa-lcpr\/\" rel=\"category tag\">Rada Programowa LCPR<\/a><\/span><\/div><div class=\"cmsms_post_content entry-content\">\n<p>16 listopada 2022 roku odby\u0142o si\u0119 XII Posiedzenie Rady Programowej Lubuskiego Centrum Produktu Regionalnego.<\/p>\n<\/div>\n<footer class=\"cmsms_post_footer entry-meta tar\"><div class=\"cmsms_post_meta_info\"><abbr class=\"published cmsms_post_date cmsms-icon-calendar-8\" title=\"2022-11-17\">2022-11-17<\/abbr><abbr class=\"dn date updated\" title=\"2026-01-16\">2026-01-16<\/abbr><\/div><a class=\"button cmsms_post_read_more\" href=\"https:\/\/lcpr.pl\/zg\/2022\/11\/17\/xii-posiedzenie-rady-programowej\/\">Wi\u0119cej informacji<\/a><\/footer>\t<\/div>\r\n<\/article>\r\n<!--_________________________ Finish Standard Article _________________________ -->\r\n\r\n\r\n<!--_________________________ Start Standard Article _________________________ -->\r\n\r\n<article id=\"post-13904\" class=\"cmsms_post_masonry post-13904 post type-post status-publish format-standard has-post-thumbnail hentry category-aktualnosci category-i-kadencj-rady-programowej-2019-2024 category-rada-programowa-lcpr\" data-category=\"aktualnosci i-kadencj-rady-programowej-2019-2024 rada-programowa-lcpr\">\r\n\t<span class=\"cmsms_post_format_img  cmsms-icon-desktop-3\"><\/span>\r\n\t<div class=\"cmsms_post_cont\">\r\n\t<figure><a href=\"https:\/\/lcpr.pl\/zg\/2022\/04\/14\/xi-posiedzenie-rady-programowej\/\" title=\"XI Posiedzenie Rady Programowej\" class=\"cmsms_img_link preloader\"><img loading=\"lazy\" decoding=\"async\" width=\"580\" height=\"390\" src=\"https:\/\/lcpr.pl\/zg\/wp-content\/uploads\/2022\/04\/Zrzut-ekranu-2025-03-17-135925-580x390.png\" class=\"full-width wp-post-image\" alt=\"XI Posiedzenie Rady Programowej\" title=\"XI Posiedzenie Rady Programowej\" \/><\/a><\/figure><header class=\"cmsms_post_header entry-header\"><h2 class=\"cmsms_post_title entry-title\"><a href=\"https:\/\/lcpr.pl\/zg\/2022\/04\/14\/xi-posiedzenie-rady-programowej\/\">XI Posiedzenie Rady Programowej<\/a><\/h2><\/header><div class=\"cmsms_post_cont_info entry-meta\"><span class=\"cmsms_post_category\">Kategoria <a href=\"https:\/\/lcpr.pl\/zg\/category\/aktualnosci\/\" rel=\"category tag\">Aktualno\u015bci<\/a>, <a href=\"https:\/\/lcpr.pl\/zg\/category\/rada-programowa-lcpr\/i-kadencj-rady-programowej-2019-2024\/\" rel=\"category tag\">I kadencj Rady Programowej 2019-2024<\/a>, <a href=\"https:\/\/lcpr.pl\/zg\/category\/rada-programowa-lcpr\/\" rel=\"category tag\">Rada Programowa LCPR<\/a><\/span><\/div><div class=\"cmsms_post_content entry-content\">\n<p>14 kwietnia 2022 roku odby\u0142o si\u0119 XI Posiedzenie Rady Programowej Lubuskiego Centrum Produktu Regionalnego.<\/p>\n<\/div>\n<footer class=\"cmsms_post_footer entry-meta tar\"><div class=\"cmsms_post_meta_info\"><abbr class=\"published cmsms_post_date cmsms-icon-calendar-8\" title=\"2022-04-14\">2022-04-14<\/abbr><abbr class=\"dn date updated\" title=\"2026-01-16\">2026-01-16<\/abbr><\/div><a class=\"button cmsms_post_read_more\" href=\"https:\/\/lcpr.pl\/zg\/2022\/04\/14\/xi-posiedzenie-rady-programowej\/\">Wi\u0119cej informacji<\/a><\/footer>\t<\/div>\r\n<\/article>\r\n<!--_________________________ Finish Standard Article _________________________ -->\r\n\r\n\r\n<!--_________________________ Start Standard Article _________________________ -->\r\n\r\n<article id=\"post-8651\" class=\"cmsms_post_masonry post-8651 post type-post status-publish format-standard has-post-thumbnail hentry category-aktualnosci category-i-kadencj-rady-programowej-2019-2024 category-rada-programowa-lcpr\" data-category=\"aktualnosci i-kadencj-rady-programowej-2019-2024 rada-programowa-lcpr\">\r\n\t<span class=\"cmsms_post_format_img  cmsms-icon-desktop-3\"><\/span>\r\n\t<div class=\"cmsms_post_cont\">\r\n\t<figure><a href=\"https:\/\/lcpr.pl\/zg\/2021\/12\/02\/x-posiedzenie-rady-programowej-lubuskiego-centrum-produktu-regionalnego\/\" title=\"X Posiedzenie Rady Programowej Lubuskiego Centrum Produktu Regionalnego\" class=\"cmsms_img_link preloader\"><img loading=\"lazy\" decoding=\"async\" width=\"580\" height=\"335\" src=\"https:\/\/lcpr.pl\/zg\/wp-content\/uploads\/2024\/04\/x-posiedzenie-rady-580x335.jpg\" class=\"full-width wp-post-image\" alt=\"X Posiedzenie Rady Programowej Lubuskiego Centrum Produktu Regionalnego\" title=\"X Posiedzenie Rady Programowej Lubuskiego Centrum Produktu Regionalnego\" \/><\/a><\/figure><header class=\"cmsms_post_header entry-header\"><h2 class=\"cmsms_post_title entry-title\"><a href=\"https:\/\/lcpr.pl\/zg\/2021\/12\/02\/x-posiedzenie-rady-programowej-lubuskiego-centrum-produktu-regionalnego\/\">X Posiedzenie Rady Programowej Lubuskiego Centrum Produktu Regionalnego<\/a><\/h2><\/header><div class=\"cmsms_post_cont_info entry-meta\"><span class=\"cmsms_post_category\">Kategoria <a href=\"https:\/\/lcpr.pl\/zg\/category\/aktualnosci\/\" rel=\"category tag\">Aktualno\u015bci<\/a>, <a href=\"https:\/\/lcpr.pl\/zg\/category\/rada-programowa-lcpr\/i-kadencj-rady-programowej-2019-2024\/\" rel=\"category tag\">I kadencj Rady Programowej 2019-2024<\/a>, <a href=\"https:\/\/lcpr.pl\/zg\/category\/rada-programowa-lcpr\/\" rel=\"category tag\">Rada Programowa LCPR<\/a><\/span><\/div><div class=\"cmsms_post_content entry-content\">\n<p>Spotkanie odby\u0142o si\u0119 w Sali Kolumnowej Urz\u0119du Marsza\u0142kowskiego Wojew\u00f3dztwa Lubuskiego w Zielonej G\u00f3rze. Na posiedzeniu prowadzonym przez Wiceprzewodnicz\u0105cego \u2013 Pana Jaros\u0142awa Szlachetko obecnych by\u0142o 13 Cz\u0142onk\u00f3w Rady.<\/p>\n<\/div>\n<footer class=\"cmsms_post_footer entry-meta tar\"><div class=\"cmsms_post_meta_info\"><abbr class=\"published cmsms_post_date cmsms-icon-calendar-8\" title=\"2021-12-02\">2021-12-02<\/abbr><abbr class=\"dn date updated\" title=\"2026-01-16\">2026-01-16<\/abbr><\/div><a class=\"button cmsms_post_read_more\" href=\"https:\/\/lcpr.pl\/zg\/2021\/12\/02\/x-posiedzenie-rady-programowej-lubuskiego-centrum-produktu-regionalnego\/\">Wi\u0119cej informacji<\/a><\/footer>\t<\/div>\r\n<\/article>\r\n<!--_________________________ Finish Standard Article _________________________ -->\r\n\r\n\r\n<!--_________________________ Start Standard Article _________________________ -->\r\n\r\n<article id=\"post-19506\" class=\"cmsms_post_masonry post-19506 post type-post status-publish format-standard has-post-thumbnail hentry category-aktualnosci category-i-kadencj-rady-programowej-2019-2024 category-rada-programowa-lcpr\" data-category=\"aktualnosci i-kadencj-rady-programowej-2019-2024 rada-programowa-lcpr\">\r\n\t<span class=\"cmsms_post_format_img  cmsms-icon-desktop-3\"><\/span>\r\n\t<div class=\"cmsms_post_cont\">\r\n\t<figure><a href=\"https:\/\/lcpr.pl\/zg\/2021\/08\/11\/ix-posiedzenie-rady-programowej-lubuskiego-centrum-produktu-regionalnego\/\" title=\"IX Posiedzenie Rady Programowej Lubuskiego Centrum Produktu Regionalnego\" class=\"cmsms_img_link preloader\"><img loading=\"lazy\" decoding=\"async\" width=\"580\" height=\"390\" src=\"https:\/\/lcpr.pl\/zg\/wp-content\/uploads\/2021\/08\/Zrzut-ekranu-2026-01-16-160901d-580x390.png\" class=\"full-width wp-post-image\" alt=\"IX Posiedzenie Rady Programowej Lubuskiego Centrum Produktu Regionalnego\" title=\"IX Posiedzenie Rady Programowej Lubuskiego Centrum Produktu Regionalnego\" \/><\/a><\/figure><header class=\"cmsms_post_header entry-header\"><h2 class=\"cmsms_post_title entry-title\"><a href=\"https:\/\/lcpr.pl\/zg\/2021\/08\/11\/ix-posiedzenie-rady-programowej-lubuskiego-centrum-produktu-regionalnego\/\">IX Posiedzenie Rady Programowej Lubuskiego Centrum Produktu Regionalnego<\/a><\/h2><\/header><div class=\"cmsms_post_cont_info entry-meta\"><span class=\"cmsms_post_category\">Kategoria <a href=\"https:\/\/lcpr.pl\/zg\/category\/aktualnosci\/\" rel=\"category tag\">Aktualno\u015bci<\/a>, <a href=\"https:\/\/lcpr.pl\/zg\/category\/rada-programowa-lcpr\/i-kadencj-rady-programowej-2019-2024\/\" rel=\"category tag\">I kadencj Rady Programowej 2019-2024<\/a>, <a href=\"https:\/\/lcpr.pl\/zg\/category\/rada-programowa-lcpr\/\" rel=\"category tag\">Rada Programowa LCPR<\/a><\/span><\/div><div class=\"cmsms_post_content entry-content\">\n<p>11 sierpnia 2021 roku odby\u0142o si\u0119 IX Posiedzenie Rady Programowej Lubuskiego Centrum Produktu Regionalnego.<\/p>\n<\/div>\n<footer class=\"cmsms_post_footer entry-meta tar\"><div class=\"cmsms_post_meta_info\"><abbr class=\"published cmsms_post_date cmsms-icon-calendar-8\" title=\"2021-08-11\">2021-08-11<\/abbr><abbr class=\"dn date updated\" title=\"2026-01-16\">2026-01-16<\/abbr><\/div><a class=\"button cmsms_post_read_more\" href=\"https:\/\/lcpr.pl\/zg\/2021\/08\/11\/ix-posiedzenie-rady-programowej-lubuskiego-centrum-produktu-regionalnego\/\">Wi\u0119cej informacji<\/a><\/footer>\t<\/div>\r\n<\/article>\r\n<!--_________________________ Finish Standard Article _________________________ -->\r\n\r\n\r\n<!--_________________________ Start Standard Article _________________________ -->\r\n\r\n<article id=\"post-8968\" class=\"cmsms_post_masonry post-8968 post type-post status-publish format-standard has-post-thumbnail hentry category-aktualnosci category-i-kadencj-rady-programowej-2019-2024 category-rada-programowa-lcpr\" data-category=\"aktualnosci i-kadencj-rady-programowej-2019-2024 rada-programowa-lcpr\">\r\n\t<span class=\"cmsms_post_format_img  cmsms-icon-desktop-3\"><\/span>\r\n\t<div class=\"cmsms_post_cont\">\r\n\t<figure><a href=\"https:\/\/lcpr.pl\/zg\/2021\/04\/30\/viii-posiedzenie-rady-programowej-lubuskiego-centrum-produktu-regionalnego\/\" title=\"VIII posiedzenie Rady Programowej Lubuskiego Centrum Produktu Regionalnego\" class=\"cmsms_img_link preloader\"><img loading=\"lazy\" decoding=\"async\" width=\"580\" height=\"335\" src=\"https:\/\/lcpr.pl\/zg\/wp-content\/uploads\/2024\/04\/viii-posiedzenie-2021-580x335.jpg\" class=\"full-width wp-post-image\" alt=\"VIII posiedzenie Rady Programowej Lubuskiego Centrum Produktu Regionalnego\" title=\"VIII posiedzenie Rady Programowej Lubuskiego Centrum Produktu Regionalnego\" \/><\/a><\/figure><header class=\"cmsms_post_header entry-header\"><h2 class=\"cmsms_post_title entry-title\"><a href=\"https:\/\/lcpr.pl\/zg\/2021\/04\/30\/viii-posiedzenie-rady-programowej-lubuskiego-centrum-produktu-regionalnego\/\">VIII posiedzenie Rady Programowej Lubuskiego Centrum Produktu Regionalnego<\/a><\/h2><\/header><div class=\"cmsms_post_cont_info entry-meta\"><span class=\"cmsms_post_category\">Kategoria <a href=\"https:\/\/lcpr.pl\/zg\/category\/aktualnosci\/\" rel=\"category tag\">Aktualno\u015bci<\/a>, <a href=\"https:\/\/lcpr.pl\/zg\/category\/rada-programowa-lcpr\/i-kadencj-rady-programowej-2019-2024\/\" rel=\"category tag\">I kadencj Rady Programowej 2019-2024<\/a>, <a href=\"https:\/\/lcpr.pl\/zg\/category\/rada-programowa-lcpr\/\" rel=\"category tag\">Rada Programowa LCPR<\/a><\/span><\/div><div class=\"cmsms_post_content entry-content\">\n<p>28 kwietnia 2021 roku odby\u0142o si\u0119 VIII Posiedzenie Rady Programowej Lubuskiego Centrum Produktu Regionalnego.<\/p>\n<\/div>\n<footer class=\"cmsms_post_footer entry-meta tar\"><div class=\"cmsms_post_meta_info\"><abbr class=\"published cmsms_post_date cmsms-icon-calendar-8\" title=\"2021-04-30\">2021-04-30<\/abbr><abbr class=\"dn date updated\" title=\"2026-01-16\">2026-01-16<\/abbr><\/div><a class=\"button cmsms_post_read_more\" href=\"https:\/\/lcpr.pl\/zg\/2021\/04\/30\/viii-posiedzenie-rady-programowej-lubuskiego-centrum-produktu-regionalnego\/\">Wi\u0119cej informacji<\/a><\/footer>\t<\/div>\r\n<\/article>\r\n<!--_________________________ Finish Standard Article _________________________ -->\r\n\r\n\r\n<!--_________________________ Start Standard Article _________________________ -->\r\n\r\n<article id=\"post-9027\" class=\"cmsms_post_masonry post-9027 post type-post status-publish format-standard has-post-thumbnail hentry category-aktualnosci category-i-kadencj-rady-programowej-2019-2024 category-rada-programowa-lcpr\" data-category=\"aktualnosci i-kadencj-rady-programowej-2019-2024 rada-programowa-lcpr\">\r\n\t<span class=\"cmsms_post_format_img  cmsms-icon-desktop-3\"><\/span>\r\n\t<div class=\"cmsms_post_cont\">\r\n\t<figure><a href=\"https:\/\/lcpr.pl\/zg\/2021\/01\/29\/vii-posiedzenie-rady-programowej-lcpr\/\" title=\"VII Posiedzenie Rady Programowej LCPR\" class=\"cmsms_img_link preloader\"><img loading=\"lazy\" decoding=\"async\" width=\"580\" height=\"335\" src=\"https:\/\/lcpr.pl\/zg\/wp-content\/uploads\/2024\/04\/vii-posiedzenie-2021-580x335.jpg\" class=\"full-width wp-post-image\" alt=\"VII Posiedzenie Rady Programowej LCPR\" title=\"VII Posiedzenie Rady Programowej LCPR\" \/><\/a><\/figure><header class=\"cmsms_post_header entry-header\"><h2 class=\"cmsms_post_title entry-title\"><a href=\"https:\/\/lcpr.pl\/zg\/2021\/01\/29\/vii-posiedzenie-rady-programowej-lcpr\/\">VII Posiedzenie Rady Programowej LCPR<\/a><\/h2><\/header><div class=\"cmsms_post_cont_info entry-meta\"><span class=\"cmsms_post_category\">Kategoria <a href=\"https:\/\/lcpr.pl\/zg\/category\/aktualnosci\/\" rel=\"category tag\">Aktualno\u015bci<\/a>, <a href=\"https:\/\/lcpr.pl\/zg\/category\/rada-programowa-lcpr\/i-kadencj-rady-programowej-2019-2024\/\" rel=\"category tag\">I kadencj Rady Programowej 2019-2024<\/a>, <a href=\"https:\/\/lcpr.pl\/zg\/category\/rada-programowa-lcpr\/\" rel=\"category tag\">Rada Programowa LCPR<\/a><\/span><\/div><div class=\"cmsms_post_content entry-content\">\n<p>27 stycznia 2021 roku odby\u0142o si\u0119 VII Posiedzenie Rady Programowej Lubuskiego Centrum Produktu Regionalnego.<\/p>\n<\/div>\n<footer class=\"cmsms_post_footer entry-meta tar\"><div class=\"cmsms_post_meta_info\"><abbr class=\"published cmsms_post_date cmsms-icon-calendar-8\" title=\"2021-01-29\">2021-01-29<\/abbr><abbr class=\"dn date updated\" title=\"2026-01-16\">2026-01-16<\/abbr><\/div><a class=\"button cmsms_post_read_more\" href=\"https:\/\/lcpr.pl\/zg\/2021\/01\/29\/vii-posiedzenie-rady-programowej-lcpr\/\">Wi\u0119cej informacji<\/a><\/footer>\t<\/div>\r\n<\/article>\r\n<!--_________________________ Finish Standard Article _________________________ -->\r\n\r\n\r\n<!--_________________________ Start Standard Article _________________________ -->\r\n\r\n<article id=\"post-9109\" class=\"cmsms_post_masonry post-9109 post type-post status-publish format-standard has-post-thumbnail hentry category-aktualnosci category-i-kadencj-rady-programowej-2019-2024 category-rada-programowa-lcpr\" data-category=\"aktualnosci i-kadencj-rady-programowej-2019-2024 rada-programowa-lcpr\">\r\n\t<span class=\"cmsms_post_format_img  cmsms-icon-desktop-3\"><\/span>\r\n\t<div class=\"cmsms_post_cont\">\r\n\t<figure><a href=\"https:\/\/lcpr.pl\/zg\/2020\/11\/19\/vi-zdalne-posiedzenie-rady-programowej-lcpr\/\" title=\"VI zdalne Posiedzenie Rady Programowej LCPR\" class=\"cmsms_img_link preloader\"><img loading=\"lazy\" decoding=\"async\" width=\"580\" height=\"335\" src=\"https:\/\/lcpr.pl\/zg\/wp-content\/uploads\/2024\/04\/vi-zdalne-posiedzenie-rady-2020-580x335.png\" class=\"full-width wp-post-image\" alt=\"VI zdalne Posiedzenie Rady Programowej LCPR\" title=\"VI zdalne Posiedzenie Rady Programowej LCPR\" \/><\/a><\/figure><header class=\"cmsms_post_header entry-header\"><h2 class=\"cmsms_post_title entry-title\"><a href=\"https:\/\/lcpr.pl\/zg\/2020\/11\/19\/vi-zdalne-posiedzenie-rady-programowej-lcpr\/\">VI zdalne Posiedzenie Rady Programowej LCPR<\/a><\/h2><\/header><div class=\"cmsms_post_cont_info entry-meta\"><span class=\"cmsms_post_category\">Kategoria <a href=\"https:\/\/lcpr.pl\/zg\/category\/aktualnosci\/\" rel=\"category tag\">Aktualno\u015bci<\/a>, <a href=\"https:\/\/lcpr.pl\/zg\/category\/rada-programowa-lcpr\/i-kadencj-rady-programowej-2019-2024\/\" rel=\"category tag\">I kadencj Rady Programowej 2019-2024<\/a>, <a href=\"https:\/\/lcpr.pl\/zg\/category\/rada-programowa-lcpr\/\" rel=\"category tag\">Rada Programowa LCPR<\/a><\/span><\/div><div class=\"cmsms_post_content entry-content\">\n<p>W dniu wczorajszym tj. 18 listopada 2020r. odby\u0142o si\u0119 VI Posiedzenie Rady Programowej Lubuskiego Centrum Produktu Regionalnego. W wyniku panuj\u0105cej sytuacji epidemiologicznej obrady odby\u0142y si\u0119 w formie zdalnej. Na wideokonferencji prowadzonej przez Przewodnicz\u0105c\u0105 Rady \u2013 Pani\u0105 Gra\u017cyn\u0119 Dere\u0144 obecnych by\u0142o 13 Cz\u0142onk\u00f3w Rady.<\/p>\n<\/div>\n<footer class=\"cmsms_post_footer entry-meta tar\"><div class=\"cmsms_post_meta_info\"><abbr class=\"published cmsms_post_date cmsms-icon-calendar-8\" title=\"2020-11-19\">2020-11-19<\/abbr><abbr class=\"dn date updated\" title=\"2026-01-16\">2026-01-16<\/abbr><\/div><a class=\"button cmsms_post_read_more\" href=\"https:\/\/lcpr.pl\/zg\/2020\/11\/19\/vi-zdalne-posiedzenie-rady-programowej-lcpr\/\">Wi\u0119cej informacji<\/a><\/footer>\t<\/div>\r\n<\/article>\r\n<!--_________________________ Finish Standard Article _________________________ -->\r\n\r\n\r\n<!--_________________________ Start Standard Article _________________________ -->\r\n\r\n<article id=\"post-9208\" class=\"cmsms_post_masonry post-9208 post type-post status-publish format-standard has-post-thumbnail hentry category-aktualnosci category-i-kadencj-rady-programowej-2019-2024 category-rada-programowa-lcpr\" data-category=\"aktualnosci i-kadencj-rady-programowej-2019-2024 rada-programowa-lcpr\">\r\n\t<span class=\"cmsms_post_format_img  cmsms-icon-desktop-3\"><\/span>\r\n\t<div class=\"cmsms_post_cont\">\r\n\t<figure><a href=\"https:\/\/lcpr.pl\/zg\/2020\/08\/27\/v-posiedzenie-rady-programowej-lcpr\/\" title=\"V Posiedzenie Rady Programowej LCPR\" class=\"cmsms_img_link preloader\"><img loading=\"lazy\" decoding=\"async\" width=\"580\" height=\"335\" src=\"https:\/\/lcpr.pl\/zg\/wp-content\/uploads\/2024\/04\/v-posiedzenie-2020-580x335.jpg\" class=\"full-width wp-post-image\" alt=\"V Posiedzenie Rady Programowej LCPR\" title=\"V Posiedzenie Rady Programowej LCPR\" \/><\/a><\/figure><header class=\"cmsms_post_header entry-header\"><h2 class=\"cmsms_post_title entry-title\"><a href=\"https:\/\/lcpr.pl\/zg\/2020\/08\/27\/v-posiedzenie-rady-programowej-lcpr\/\">V Posiedzenie Rady Programowej LCPR<\/a><\/h2><\/header><div class=\"cmsms_post_cont_info entry-meta\"><span class=\"cmsms_post_category\">Kategoria <a href=\"https:\/\/lcpr.pl\/zg\/category\/aktualnosci\/\" rel=\"category tag\">Aktualno\u015bci<\/a>, <a href=\"https:\/\/lcpr.pl\/zg\/category\/rada-programowa-lcpr\/i-kadencj-rady-programowej-2019-2024\/\" rel=\"category tag\">I kadencj Rady Programowej 2019-2024<\/a>, <a href=\"https:\/\/lcpr.pl\/zg\/category\/rada-programowa-lcpr\/\" rel=\"category tag\">Rada Programowa LCPR<\/a><\/span><\/div><div class=\"cmsms_post_content entry-content\">\n<p>Dnia 26 sierpnia 2020 roku w Muzeum Etnograficznym w Zielonej G\u00f3rze-Ochli odby\u0142o si\u0119 drugie w tym roku Posiedzenie Rady Programowej Lubuskiego Centrum Produktu Regionalnego. Obradom przewodniczy\u0142 Pan Tadeusz Wo\u017aniak \u2013 Sekretarz Rady Programowej LCPR.<\/p>\n<\/div>\n<footer class=\"cmsms_post_footer entry-meta tar\"><div class=\"cmsms_post_meta_info\"><abbr class=\"published cmsms_post_date cmsms-icon-calendar-8\" title=\"2020-08-27\">2020-08-27<\/abbr><abbr class=\"dn date updated\" title=\"2026-01-16\">2026-01-16<\/abbr><\/div><a class=\"button cmsms_post_read_more\" href=\"https:\/\/lcpr.pl\/zg\/2020\/08\/27\/v-posiedzenie-rady-programowej-lcpr\/\">Wi\u0119cej informacji<\/a><\/footer>\t<\/div>\r\n<\/article>\r\n<!--_________________________ Finish Standard Article _________________________ -->\r\n\r\n\r\n<!--_________________________ Start Standard Article _________________________ -->\r\n\r\n<article id=\"post-9481\" class=\"cmsms_post_masonry post-9481 post type-post status-publish format-standard has-post-thumbnail hentry category-aktualnosci category-i-kadencj-rady-programowej-2019-2024 category-rada-programowa-lcpr\" data-category=\"aktualnosci i-kadencj-rady-programowej-2019-2024 rada-programowa-lcpr\">\r\n\t<span class=\"cmsms_post_format_img  cmsms-icon-desktop-3\"><\/span>\r\n\t<div class=\"cmsms_post_cont\">\r\n\t<figure><a href=\"https:\/\/lcpr.pl\/zg\/2020\/01\/23\/4-posiedzenie-rady-programowej-lcpr\/\" title=\"IV Posiedzenie Rady Programowej LCPR\" class=\"cmsms_img_link preloader\"><img loading=\"lazy\" decoding=\"async\" width=\"580\" height=\"335\" src=\"https:\/\/lcpr.pl\/zg\/wp-content\/uploads\/2024\/04\/iv-posiedzenie-rady-580x335.jpg\" class=\"full-width wp-post-image\" alt=\"IV Posiedzenie Rady Programowej LCPR\" title=\"IV Posiedzenie Rady Programowej LCPR\" \/><\/a><\/figure><header class=\"cmsms_post_header entry-header\"><h2 class=\"cmsms_post_title entry-title\"><a href=\"https:\/\/lcpr.pl\/zg\/2020\/01\/23\/4-posiedzenie-rady-programowej-lcpr\/\">IV Posiedzenie Rady Programowej LCPR<\/a><\/h2><\/header><div class=\"cmsms_post_cont_info entry-meta\"><span class=\"cmsms_post_category\">Kategoria <a href=\"https:\/\/lcpr.pl\/zg\/category\/aktualnosci\/\" rel=\"category tag\">Aktualno\u015bci<\/a>, <a href=\"https:\/\/lcpr.pl\/zg\/category\/rada-programowa-lcpr\/i-kadencj-rady-programowej-2019-2024\/\" rel=\"category tag\">I kadencj Rady Programowej 2019-2024<\/a>, <a href=\"https:\/\/lcpr.pl\/zg\/category\/rada-programowa-lcpr\/\" rel=\"category tag\">Rada Programowa LCPR<\/a><\/span><\/div><div class=\"cmsms_post_content entry-content\">\n<p>22 stycznia 2020 roku odby\u0142o si\u0119 kolejne posiedzenie Rady Programowej Lubuskiego Centrum Produktu Regionalnego. Obradom przewodniczy\u0142 Pan Czes\u0142aw Towpik, Wiceprzewodnicz\u0105cy Rady Programowej. W trakcie spotkania powo\u0142ano zesp\u00f3\u0142 ds. promocji, podj\u0119to uchwa\u0142\u0119 dotycz\u0105c\u0105 organizacji cyklu szkole\u0144 dla wytw\u00f3rc\u00f3w\/producent\u00f3w oraz ustalono g\u0142\u00f3wne kierunki dzia\u0142a\u0144 Rady Programowej w 2020 roku. <\/p>\n<\/div>\n<footer class=\"cmsms_post_footer entry-meta tar\"><div class=\"cmsms_post_meta_info\"><abbr class=\"published cmsms_post_date cmsms-icon-calendar-8\" title=\"2020-01-23\">2020-01-23<\/abbr><abbr class=\"dn date updated\" title=\"2026-01-16\">2026-01-16<\/abbr><\/div><a class=\"button cmsms_post_read_more\" href=\"https:\/\/lcpr.pl\/zg\/2020\/01\/23\/4-posiedzenie-rady-programowej-lcpr\/\">Wi\u0119cej informacji<\/a><\/footer>\t<\/div>\r\n<\/article>\r\n<!--_________________________ Finish Standard Article _________________________ -->\r\n\r\n<\/div><div class=\"cmsms_wrap_more_posts cmsms_wrap_more_items\"><div class=\"cmsms_wrap_pagination\"><ul class='page-numbers'>\n\t<li><span aria-current=\"page\" class=\"page-numbers current\">1<\/span><\/li>\n\t<li><a class=\"page-numbers\" href=\"https:\/\/lcpr.pl\/zg\/wp-json\/wp\/v2\/pages\/10602\/page\/2\/\">2<\/a><\/li>\n\t<li><a class=\"next page-numbers\" href=\"https:\/\/lcpr.pl\/zg\/wp-json\/wp\/v2\/pages\/10602\/page\/2\/\"><span class=\"cmsms_next_arrow\"><span><\/span><\/span><\/a><\/li>\n<\/ul>\n<\/div><\/div><\/div>\n<\/div>\n<\/div>\n<\/div>\n<\/div>\n<\/div>\n<\/div>\n\n","protected":false},"excerpt":{"rendered":"","protected":false},"author":1,"featured_media":0,"parent":10598,"menu_order":0,"comment_status":"closed","ping_status":"closed","template":"","meta":{"footnotes":""},"class_list":["post-10602","page","type-page","status-publish","hentry"],"_links":{"self":[{"href":"https:\/\/lcpr.pl\/zg\/wp-json\/wp\/v2\/pages\/10602","targetHints":{"allow":["GET"]}}],"collection":[{"href":"https:\/\/lcpr.pl\/zg\/wp-json\/wp\/v2\/pages"}],"about":[{"href":"https:\/\/lcpr.pl\/zg\/wp-json\/wp\/v2\/types\/page"}],"author":[{"embeddable":true,"href":"https:\/\/lcpr.pl\/zg\/wp-json\/wp\/v2\/users\/1"}],"replies":[{"embeddable":true,"href":"https:\/\/lcpr.pl\/zg\/wp-json\/wp\/v2\/comments?post=10602"}],"version-history":[{"count":11,"href":"https:\/\/lcpr.pl\/zg\/wp-json\/wp\/v2\/pages\/10602\/revisions"}],"predecessor-version":[{"id":19479,"href":"https:\/\/lcpr.pl\/zg\/wp-json\/wp\/v2\/pages\/10602\/revisions\/19479"}],"up":[{"embeddable":true,"href":"https:\/\/lcpr.pl\/zg\/wp-json\/wp\/v2\/pages\/10598"}],"wp:attachment":[{"href":"https:\/\/lcpr.pl\/zg\/wp-json\/wp\/v2\/media?parent=10602"}],"curies":[{"name":"wp","href":"https:\/\/api.w.org\/{rel}","templated":true}]}}