{"id":10598,"date":"2024-05-20T17:24:23","date_gmt":"2024-05-20T15:24:23","guid":{"rendered":"https:\/\/lcpr.pl\/zg\/?page_id=10598"},"modified":"2026-02-05T15:55:29","modified_gmt":"2026-02-05T14:55:29","slug":"rada-programowa-lcpr","status":"publish","type":"page","link":"https:\/\/lcpr.pl\/zg\/rada-programowa-lcpr\/","title":{"rendered":"Rada Programowa LCPR"},"content":{"rendered":"<style type=\"text\/css\"> \n#cmsms_row_69f16e694c8ac .cmsms_row_outer_parent { \n\tpadding-top: 50px; \n} \n\n#cmsms_row_69f16e694c8ac .cmsms_row_outer_parent { \n\tpadding-bottom: 0px; \n} \n\n \n#cmsms_heading_69f16e694c959, #cmsms_heading_69f16e694c959 a { \n\tfont-size:28px; \n\ttext-align:center; \n\tfont-weight:400; \n\tfont-style:normal; \n\tmargin-top:0px; \n\tmargin-bottom:20px; \n} \n \n#cmsms_row_69f16e694c9bb .cmsms_row_outer_parent { \n\tpadding-top: 0px; \n} \n\n#cmsms_row_69f16e694c9bb .cmsms_row_outer_parent { \n\tpadding-bottom: 50px; \n} \n\n \n#cmsms_row_69f16e694ce00 .cmsms_row_outer_parent { \n\tpadding-top: 0px; \n} \n\n#cmsms_row_69f16e694ce00 .cmsms_row_outer_parent { \n\tpadding-bottom: 50px; \n} \n\n \n#cmsms_icon_box_69f16e694cf07 .cmsms_button { \n\tfont-weight:100; \n\tfont-style:normal; \n} \n#cmsms_icon_box_69f16e694cf07 .cmsms_button:hover { \n} \n \n#cmsms_icon_box_69f16e694cf84 .cmsms_button { \n\tfont-weight:100; \n\tfont-style:normal; \n} \n#cmsms_icon_box_69f16e694cf84 .cmsms_button:hover { \n} \n<\/style><div id=\"cmsms_row_69f16e694c8ac\" class=\"cmsms_row cmsms_color_scheme_default\">\n<div class=\"cmsms_row_outer_parent\">\n<div class=\"cmsms_row_outer\">\n<div class=\"cmsms_row_inner\">\n<div class=\"cmsms_row_margin\">\n<div class=\"cmsms_column one_first\">\n<h2 id=\"cmsms_heading_69f16e694c959\" class=\"cmsms_heading\">Rada Programowa LCPR<\/h2><div class=\"cmsms_text\">\n<h4 style=\"text-align: center;\">Rada Programowa LCPR jest cia\u0142em opiniotw\u00f3rczo \u2013 doradczym dzia\u0142aj\u0105cym przy Lubuskim Centrum Produktu Regionalnego w Zielonej G\u00f3rze.<\/h4>\n<h4 style=\"text-align: center;\">Zosta\u0142a powo\u0142ana przez Zarz\u0105d Wojew\u00f3dztwa Lubuskiego Uchwa\u0142\u0105 nr 28\/415\/19 z dnia 10 kwietnia 2019 roku.<\/h4>\n<h4 style=\"text-align: center;\">Sk\u0142ada si\u0119 z przedstawicieli instytucji, producent\u00f3w i us\u0142ugodawc\u00f3w z kilkunastu bran\u017c, kt\u00f3rzy oferuj\u0105 produkt regionalny i lokalny.<\/h4>\n<h4 style=\"text-align: center;\">Rada Programowa LCPR podejmuje istotne, niezwykle wa\u017cne kwestie dla producent\u00f3w produkt\u00f3w regionalnych i lokalnych wojew\u00f3dztwa lubuskiego. Prezentuje nowe pomys\u0142y na dzia\u0142ania jednostki, opiniuje Plan Pracy jednostki, przyznaje tytu\u0142 Ambasadora Lubuskiego Centrum Produktu Regionalnego. Przedstawiciele Rady uczestnicz\u0105 w spotkaniach z w\u0142adzami, instytucjami, podczas kt\u00f3rych reprezentuj\u0105 wa\u017cne postulaty producent\u00f3w produkt\u00f3w regionalnych.<\/h4>\n<\/div>\n<\/div>\n<\/div>\n<\/div>\n<\/div>\n<\/div>\n<\/div>\n<div id=\"cmsms_row_69f16e694c9bb\" class=\"cmsms_row cmsms_color_scheme_default\">\n<div class=\"cmsms_row_outer_parent\">\n<div class=\"cmsms_row_outer\">\n<div class=\"cmsms_row_inner\">\n<div class=\"cmsms_row_margin\">\n<div class=\"cmsms_column one_first\">\n<div class=\"aligncenter\">\n<div class=\"cmsms_img  cmsms_image_c\">\n<img decoding=\"async\" src=\"https:\/\/lcpr.pl\/zg\/wp-content\/uploads\/2024\/05\/424608363_480149354340380_642877679135178538_n-e1770300493348-1024x417.jpg\" \/>\n<\/div>\n<\/div>\n<\/div>\n<\/div>\n<\/div>\n<\/div>\n<\/div>\n<\/div>\n<div id=\"cmsms_row_69f16e694ce00\" class=\"cmsms_row cmsms_color_scheme_default\">\n<div class=\"cmsms_row_outer_parent\">\n<div class=\"cmsms_row_outer\">\n<div class=\"cmsms_row_inner\">\n<div class=\"cmsms_row_margin\">\n<div class=\"cmsms_column one_half\">\n<div id=\"cmsms_icon_box_69f16e694cf07\" class=\"cmsms_icon_box cmsms_box_colored cmsms-icon-users\">\n<div class=\"icon_box_inner\">\n<h2>I kadencja Rady Programowej<\/h2>\n<div class=\"icon_box_text\">\n<p>2019-2024<\/p>\n<\/div>\n<a href=\"https:\/\/lcpr.pl\/zg\/rada-programowa-lcpr\/i-kadencja-rady-programowej-2019-2024\/\" class=\"cmsms_button icon_box_button\">Zobacz<\/a>\n<\/div>\n<\/div>\n<\/div>\n<div class=\"cmsms_column one_half\">\n<div id=\"cmsms_icon_box_69f16e694cf84\" class=\"cmsms_icon_box cmsms_box_colored cmsms-icon-users\">\n<div class=\"icon_box_inner\">\n<h2>II kadencja Rady Programowej <\/h2>\n<div class=\"icon_box_text\">\n<p>2024-2027<\/p>\n<\/div>\n<a href=\"https:\/\/lcpr.pl\/zg\/rada-programowa-lcpr\/ii-kadencja-rady-programowej-2024-2027\/\" class=\"cmsms_button icon_box_button\">Zobacz<\/a>\n<\/div>\n<\/div>\n<\/div>\n<\/div>\n<\/div>\n<\/div>\n<\/div>\n<\/div>\n\n","protected":false},"excerpt":{"rendered":"","protected":false},"author":1,"featured_media":0,"parent":0,"menu_order":0,"comment_status":"closed","ping_status":"closed","template":"","meta":{"footnotes":""},"class_list":["post-10598","page","type-page","status-publish","hentry"],"_links":{"self":[{"href":"https:\/\/lcpr.pl\/zg\/wp-json\/wp\/v2\/pages\/10598","targetHints":{"allow":["GET"]}}],"collection":[{"href":"https:\/\/lcpr.pl\/zg\/wp-json\/wp\/v2\/pages"}],"about":[{"href":"https:\/\/lcpr.pl\/zg\/wp-json\/wp\/v2\/types\/page"}],"author":[{"embeddable":true,"href":"https:\/\/lcpr.pl\/zg\/wp-json\/wp\/v2\/users\/1"}],"replies":[{"embeddable":true,"href":"https:\/\/lcpr.pl\/zg\/wp-json\/wp\/v2\/comments?post=10598"}],"version-history":[{"count":10,"href":"https:\/\/lcpr.pl\/zg\/wp-json\/wp\/v2\/pages\/10598\/revisions"}],"predecessor-version":[{"id":20041,"href":"https:\/\/lcpr.pl\/zg\/wp-json\/wp\/v2\/pages\/10598\/revisions\/20041"}],"wp:attachment":[{"href":"https:\/\/lcpr.pl\/zg\/wp-json\/wp\/v2\/media?parent=10598"}],"curies":[{"name":"wp","href":"https:\/\/api.w.org\/{rel}","templated":true}]}}