{"id":10581,"date":"2024-05-19T15:14:40","date_gmt":"2024-05-19T13:14:40","guid":{"rendered":"https:\/\/lcpr.pl\/zg\/?page_id=10581"},"modified":"2026-01-20T12:14:55","modified_gmt":"2026-01-20T11:14:55","slug":"ii-kadencja-rady-programowej-2024-2027","status":"publish","type":"page","link":"https:\/\/lcpr.pl\/zg\/rada-programowa-lcpr\/ii-kadencja-rady-programowej-2024-2027\/","title":{"rendered":"II kadencja Rady Programowej LCPR 2024-2027"},"content":{"rendered":"<style type=\"text\/css\"> \n#cmsms_row_69f17bea0451b .cmsms_row_outer_parent { \n\tpadding-top: 0px; \n} \n\n#cmsms_row_69f17bea0451b .cmsms_row_outer_parent { \n\tpadding-bottom: 50px; \n} \n\n \n#cmsms_row_69f17bea0492d .cmsms_row_outer_parent { \n\tpadding-top: 0px; \n} \n\n#cmsms_row_69f17bea0492d .cmsms_row_outer_parent { \n\tpadding-bottom: 50px; \n} \n\n<\/style><div id=\"cmsms_row_69f17bea0451b\" class=\"cmsms_row cmsms_color_scheme_default\">\n<div class=\"cmsms_row_outer_parent\">\n<div class=\"cmsms_row_outer\">\n<div class=\"cmsms_row_inner\">\n<div class=\"cmsms_row_margin\">\n<div class=\"cmsms_column one_first\">\n<div class=\"cmsms_text\">\n<h2 style=\"text-align: center;\"><strong><br \/>\nRada Programowa LCPR II kadencji w latach 2024-2027<\/strong><\/h2>\n<h3><img loading=\"lazy\" decoding=\"async\" class=\"aligncenter wp-image-19436 size-masonry-thumb\" src=\"https:\/\/lcpr.pl\/zg\/wp-content\/uploads\/2026\/01\/441139271_480167851005197_7555541073817550232_n-1024x784-1-820x628.jpg\" alt=\"\" width=\"820\" height=\"628\" srcset=\"https:\/\/lcpr.pl\/zg\/wp-content\/uploads\/2026\/01\/441139271_480167851005197_7555541073817550232_n-1024x784-1-820x628.jpg 820w, https:\/\/lcpr.pl\/zg\/wp-content\/uploads\/2026\/01\/441139271_480167851005197_7555541073817550232_n-1024x784-1-300x230.jpg 300w, https:\/\/lcpr.pl\/zg\/wp-content\/uploads\/2026\/01\/441139271_480167851005197_7555541073817550232_n-1024x784-1-768x588.jpg 768w, https:\/\/lcpr.pl\/zg\/wp-content\/uploads\/2026\/01\/441139271_480167851005197_7555541073817550232_n-1024x784-1-580x444.jpg 580w, https:\/\/lcpr.pl\/zg\/wp-content\/uploads\/2026\/01\/441139271_480167851005197_7555541073817550232_n-1024x784-1.jpg 1024w\" sizes=\"auto, (max-width: 820px) 100vw, 820px\" \/><\/h3>\n<h3>Podczas pierwszego, inauguracyjnego spotkania wybrano nowe Prezydium Rady Programowej:<\/h3>\n<h3><strong>Przewodnicz\u0105c\u0105 Rady Programowej LCPR <\/strong>zosta\u0142a <strong>Pani Magdalena Dec<\/strong>, przedstawicielka bran\u017cy dziczyzna, prowadz\u0105ca <a href=\"https:\/\/www.facebook.com\/Gosciniecudecow?__cft__&#091;0&#093;=AZW_bQgOqqeg7W91m5vL74e8yKXqkEEZxjrS9JkRxa2ikuUSjPSWs7M3kjecfTFuea2jPM4Xepq6vcm1eFuK75PBtjZBodiZcLTWEXkuxIt7i0BUe5xmDORot52xVT93dVf3HmPmVV6faLUFieOkwcxEtwRpUX-mDSrExYP4rZYVGuEl3ZN7SiEapj0I0Zq-Wgl29pFU4pVeMsKaQ6fclFRx&amp;__tn__=-&#093;K-R\">Go\u015bciniec u Dec\u00f3w<\/a> oraz <a href=\"https:\/\/www.facebook.com\/decowamanufaktura?__cft__&#091;0&#093;=AZW_bQgOqqeg7W91m5vL74e8yKXqkEEZxjrS9JkRxa2ikuUSjPSWs7M3kjecfTFuea2jPM4Xepq6vcm1eFuK75PBtjZBodiZcLTWEXkuxIt7i0BUe5xmDORot52xVT93dVf3HmPmVV6faLUFieOkwcxEtwRpUX-mDSrExYP4rZYVGuEl3ZN7SiEapj0I0Zq-Wgl29pFU4pVeMsKaQ6fclFRx&amp;__tn__=-&#093;K-R\">Decowa Manufaktura<\/a><\/h3>\n<h3><strong>Zast\u0119pc\u0105 Przewodnicz\u0105cej <\/strong>zosta\u0142a<strong> Pani Irena Lisowska-Szron<\/strong> przedstawicielka bran\u017cy napoje, prowadz\u0105ca <a href=\"https:\/\/www.facebook.com\/SlonecznySad?__cft__&#091;0&#093;=AZW_bQgOqqeg7W91m5vL74e8yKXqkEEZxjrS9JkRxa2ikuUSjPSWs7M3kjecfTFuea2jPM4Xepq6vcm1eFuK75PBtjZBodiZcLTWEXkuxIt7i0BUe5xmDORot52xVT93dVf3HmPmVV6faLUFieOkwcxEtwRpUX-mDSrExYP4rZYVGuEl3ZN7SiEapj0I0Zq-Wgl29pFU4pVeMsKaQ6fclFRx&amp;__tn__=-&#093;K-R\">Sad Solniki, S\u0142oneczny sad \u2013 soki 100% z Solnik<\/a><\/h3>\n<h3><strong>Sekretarzem <\/strong>zosta\u0142 <strong>Pan Mariusz Pacholak <\/strong>przedstawiciel bran\u017cy winiarstwo, prowadz\u0105cy <a href=\"https:\/\/www.facebook.com\/WinnicaCantina?__cft__&#091;0&#093;=AZW_bQgOqqeg7W91m5vL74e8yKXqkEEZxjrS9JkRxa2ikuUSjPSWs7M3kjecfTFuea2jPM4Xepq6vcm1eFuK75PBtjZBodiZcLTWEXkuxIt7i0BUe5xmDORot52xVT93dVf3HmPmVV6faLUFieOkwcxEtwRpUX-mDSrExYP4rZYVGuEl3ZN7SiEapj0I0Zq-Wgl29pFU4pVeMsKaQ6fclFRx&amp;__tn__=-&#093;K-R\">Winnica Cantina<\/a><\/h3>\n<h3><\/h3>\n<h3>Do zada\u0144 Rady Programowej nale\u017cy m.in. reprezentowanie interes\u00f3w producent\u00f3w i us\u0142ugodawc\u00f3w na zewn\u0105trz oraz inne dzia\u0142ania promuj\u0105ce wojew\u00f3dztwo lubuskie i jednostk\u0119.<\/h3>\n<hr \/>\n<h3 style=\"text-align: center;\"><strong>LISTA CZ\u0141ONK\u00d3W RADY PROGRAMOWEJ DZIA\u0141AJ\u0104CEJ<br \/>\nPRZY LUBUSKIM CENTRUM PRODUKTU REGIONALNEGO W ZIELONEJ G\u00d3RZE<\/strong><\/h3>\n<h3><\/h3>\n<h3>1. Przedstawiciel Zarz\u0105du Wojew\u00f3dztwa Lubuskiego &#8211; Piotr Dembi\u0144ski &#8211; Dyrektor Departamentu Rolnictwa, Zasob\u00f3w Naturalnych, Rybactwa i Rozwoju Wsi<\/h3>\n<h3>Przedstawiciele bran\u017c:<\/h3>\n<h3>1. R\u0119kodzie\u0142o &#8211; Anna Krawczyk<\/h3>\n<h3>2. R\u0119kodzie\u0142o &#8211; Miros\u0142awa Soko\u0142owska<\/h3>\n<h3>3. R\u0119kodzie\u0142o &#8211; Jacek Cipora<\/h3>\n<h3>4. R\u0119kodzie\u0142o &#8211; Urszula Szadyko<\/h3>\n<h3>5. Produkty mi\u0119sne &#8211; Jaros\u0142aw Szlachetko<\/h3>\n<h3>6. Dziczyzna &#8211; <strong>Magdalena Dec &#8211; Przewodnicz\u0105ca Rady Programowej<\/strong><\/h3>\n<h3>7. Napoje &#8211; <strong>Irena Lisowska-Szron &#8211; Wiceprzewodnicz\u0105ca Rady Programowej<\/strong><\/h3>\n<h3>8. Winiarstwo &#8211; <strong>Mariusz Pacholak -Sekretarz\u00a0Rady Programowej<\/strong><\/h3>\n<h3>9. Winiarstwo &#8211; Ma\u0142gorzata Grad<\/h3>\n<h3>10. Winiarstwo &#8211; Kinga Kowalewska-Koziarska<\/h3>\n<h3>11. Produkty mleczne &#8211; Jolanta Pazdrowska<\/h3>\n<h3>12. Wyroby piekarniczo \u2013 cukiernicze &#8211; Magdalena \u015awiderska<\/h3>\n<h3>13. Wyroby piekarniczo \u2013 cukiernicze &#8211; Arkadiusz Antczak<\/h3>\n<h3>14. Wyroby piekarniczo \u2013 cukiernicze &#8211; Marcelina Sikorska<\/h3>\n<h3>15. Produkty pszczelarskie &#8211; Marian Grzywacz<\/h3>\n<h3>16. Produkty pszczelarskie &#8211; Zenon Chmielewski<\/h3>\n<h3>17. Produkty pszczelarskie &#8211; Bogus\u0142aw Dubiel<\/h3>\n<h3>18. Produkty pszczelarskie &#8211; Marta S\u0142odnik<\/h3>\n<h3>19. Oleje i octy ro\u015blinne &#8211; Czes\u0142aw Towpik<\/h3>\n<h3>20. Oleje i octy ro\u015blinne &#8211; Tomasz Kardynia<\/h3>\n<h3>21. Warzywa i owoce &#8211; Kacper Szlaski<\/h3>\n<h3>22. Agroturystyka &#8211; Aneta Mazurek<\/h3>\n<h3>23. Restauracje &#8211; Dagmara Walczak<\/h3>\n<h3>24. \u0141owiectwo &#8211; Jacek Banaszek<\/h3>\n<h3>25. \u0141owiectwo &#8211; Wojciech Pawliszak<\/h3>\n<h3>26. Dania gotowe &#8211; Gra\u017cyna Dere\u0144<\/h3>\n<h3>27. Miejsca sprzeda\u017cy &#8211; Kazimiera de Ramer-Posmyk<\/h3>\n<\/div>\n<\/div>\n<div class=\"cmsms_column one_first\">\n<\/div>\n<\/div>\n<\/div>\n<\/div>\n<\/div>\n<\/div>\n<div id=\"cmsms_row_69f17bea0492d\" class=\"cmsms_row cmsms_color_scheme_default\">\n<div class=\"cmsms_row_outer_parent\">\n<div class=\"cmsms_row_outer\">\n<div class=\"cmsms_row_inner\">\n<div class=\"cmsms_row_margin\">\n<div class=\"cmsms_column one_first\">\n<div class=\"cmsms_wrap_blog entry-summary\" id=\"blog_69f17bea04a89\"><script type=\"text\/javascript\">\r\njQuery(document).ready(function () {\r\n\t(function ($) {\r\n\t\tif ($('#blog_69f17bea04a89').find('article').length == '0') {\r\n\t\t\treturn false;\r\n\t\t}\r\n\t\t\r\n\t\r\n\t\tstartBlog( \r\n\t\t\t'69f17bea04a89', \r\n\t\t\t'columns', \r\n\t\t\t'grid', \r\n\t\t\t'https:\/\/lcpr.pl\/zg\/wp-content\/plugins\/cmsms-content-composer\/', \r\n\t\t\t'date', \r\n\t\t\t'DESC', \r\n\t\t\t'12', \r\n\t\t\t'ii-kadencja-rady-programowej-2024-2027', \r\n\t\t\t'date,categories,more' \r\n\t\t);\r\n\t} )(jQuery);\r\n} );\r\n<\/script>\r\n<div class=\"blog columns grid cmsms_3\">\r\n<!--_________________________ Start Standard Article _________________________ -->\r\n\r\n<article id=\"post-18619\" class=\"cmsms_post_masonry post-18619 post type-post status-publish format-standard has-post-thumbnail hentry category-aktualnosci category-ii-kadencja-rady-programowej-2024-2027 category-rada-programowa-lcpr\" data-category=\"aktualnosci ii-kadencja-rady-programowej-2024-2027 rada-programowa-lcpr\">\r\n\t<span class=\"cmsms_post_format_img  cmsms-icon-desktop-3\"><\/span>\r\n\t<div class=\"cmsms_post_cont\">\r\n\t<figure><a href=\"https:\/\/lcpr.pl\/zg\/2025\/12\/10\/iv-posiedzenie-rady-programowej-lcpr-ii-kadencji\/\" title=\"IV Posiedzenie Rady Programowej LCPR II kadencji\" class=\"cmsms_img_link preloader\"><img loading=\"lazy\" decoding=\"async\" width=\"580\" height=\"390\" src=\"https:\/\/lcpr.pl\/zg\/wp-content\/uploads\/2025\/12\/597901916_891149446573700_5666551670078226172_n-1-e1765535183555-580x390.jpg\" class=\"full-width wp-post-image\" alt=\"IV Posiedzenie Rady Programowej LCPR II kadencji\" title=\"IV Posiedzenie Rady Programowej LCPR II kadencji\" \/><\/a><\/figure><header class=\"cmsms_post_header entry-header\"><h2 class=\"cmsms_post_title entry-title\"><a href=\"https:\/\/lcpr.pl\/zg\/2025\/12\/10\/iv-posiedzenie-rady-programowej-lcpr-ii-kadencji\/\">IV Posiedzenie Rady Programowej LCPR II kadencji<\/a><\/h2><\/header><div class=\"cmsms_post_cont_info entry-meta\"><span class=\"cmsms_post_category\">Kategoria <a href=\"https:\/\/lcpr.pl\/zg\/category\/aktualnosci\/\" rel=\"category tag\">Aktualno\u015bci<\/a>, <a href=\"https:\/\/lcpr.pl\/zg\/category\/rada-programowa-lcpr\/ii-kadencja-rady-programowej-2024-2027\/\" rel=\"category tag\">II kadencja Rady Programowej 2024-2027<\/a>, <a href=\"https:\/\/lcpr.pl\/zg\/category\/rada-programowa-lcpr\/\" rel=\"category tag\">Rada Programowa LCPR<\/a><\/span><\/div><div class=\"cmsms_post_content entry-content\">\n<\/div>\n<footer class=\"cmsms_post_footer entry-meta tar\"><div class=\"cmsms_post_meta_info\"><abbr class=\"published cmsms_post_date cmsms-icon-calendar-8\" title=\"2025-12-10\">2025-12-10<\/abbr><abbr class=\"dn date updated\" title=\"2026-01-15\">2026-01-15<\/abbr><\/div><a class=\"button cmsms_post_read_more\" href=\"https:\/\/lcpr.pl\/zg\/2025\/12\/10\/iv-posiedzenie-rady-programowej-lcpr-ii-kadencji\/\">Wi\u0119cej informacji<\/a><\/footer>\t<\/div>\r\n<\/article>\r\n<!--_________________________ Finish Standard Article _________________________ -->\r\n\r\n\r\n<!--_________________________ Start Standard Article _________________________ -->\r\n\r\n<article id=\"post-15174\" class=\"cmsms_post_masonry post-15174 post type-post status-publish format-standard has-post-thumbnail hentry category-aktualnosci category-ii-kadencja-rady-programowej-2024-2027\" data-category=\"aktualnosci ii-kadencja-rady-programowej-2024-2027\">\r\n\t<span class=\"cmsms_post_format_img  cmsms-icon-desktop-3\"><\/span>\r\n\t<div class=\"cmsms_post_cont\">\r\n\t<figure><a href=\"https:\/\/lcpr.pl\/zg\/2025\/05\/28\/iii-posiedzenie-rady-programowej-lcpr-ii-kadencji\/\" title=\"III Posiedzenie Rady Programowej LCPR II kadencji\" class=\"cmsms_img_link preloader\"><img loading=\"lazy\" decoding=\"async\" width=\"580\" height=\"390\" src=\"https:\/\/lcpr.pl\/zg\/wp-content\/uploads\/2025\/05\/IMG-20250528-WA0024-1-e1748514231969-580x390.jpg\" class=\"full-width wp-post-image\" alt=\"III Posiedzenie Rady Programowej LCPR II kadencji\" title=\"III Posiedzenie Rady Programowej LCPR II kadencji\" \/><\/a><\/figure><header class=\"cmsms_post_header entry-header\"><h2 class=\"cmsms_post_title entry-title\"><a href=\"https:\/\/lcpr.pl\/zg\/2025\/05\/28\/iii-posiedzenie-rady-programowej-lcpr-ii-kadencji\/\">III Posiedzenie Rady Programowej LCPR II kadencji<\/a><\/h2><\/header><div class=\"cmsms_post_cont_info entry-meta\"><span class=\"cmsms_post_category\">Kategoria <a href=\"https:\/\/lcpr.pl\/zg\/category\/aktualnosci\/\" rel=\"category tag\">Aktualno\u015bci<\/a>, <a href=\"https:\/\/lcpr.pl\/zg\/category\/rada-programowa-lcpr\/ii-kadencja-rady-programowej-2024-2027\/\" rel=\"category tag\">II kadencja Rady Programowej 2024-2027<\/a><\/span><\/div><div class=\"cmsms_post_content entry-content\">\n<p>III Posiedzenie Rady Programowej LCPR II kadencji - Dzi\u015b odby\u0142o si\u0119 trzecie Posiedzenie Rady Programowej LCPR II kadencji (2024-2027).<br \/>\nSpotkanie mia\u0142o miejsce w Regionalne Centrum Animacji Kultury.<\/p>\n<\/div>\n<footer class=\"cmsms_post_footer entry-meta tar\"><div class=\"cmsms_post_meta_info\"><abbr class=\"published cmsms_post_date cmsms-icon-calendar-8\" title=\"2025-05-28\">2025-05-28<\/abbr><abbr class=\"dn date updated\" title=\"2026-01-16\">2026-01-16<\/abbr><\/div><a class=\"button cmsms_post_read_more\" href=\"https:\/\/lcpr.pl\/zg\/2025\/05\/28\/iii-posiedzenie-rady-programowej-lcpr-ii-kadencji\/\">Wi\u0119cej informacji<\/a><\/footer>\t<\/div>\r\n<\/article>\r\n<!--_________________________ Finish Standard Article _________________________ -->\r\n\r\n\r\n<!--_________________________ Start Standard Article _________________________ -->\r\n\r\n<article id=\"post-13911\" class=\"cmsms_post_masonry post-13911 post type-post status-publish format-standard has-post-thumbnail hentry category-aktualnosci category-ii-kadencja-rady-programowej-2024-2027\" data-category=\"aktualnosci ii-kadencja-rady-programowej-2024-2027\">\r\n\t<span class=\"cmsms_post_format_img  cmsms-icon-desktop-3\"><\/span>\r\n\t<div class=\"cmsms_post_cont\">\r\n\t<figure><a href=\"https:\/\/lcpr.pl\/zg\/2024\/12\/03\/rada-programowa-lcpr-ii-kadencji-ii-posiedzenie-rady-w-dniu-03-12-2024\/\" title=\"Rada Programowa LCPR II kadencji &#8211; II Posiedzenie Rady w dniu 03.12.2024\" class=\"cmsms_img_link preloader\"><img loading=\"lazy\" decoding=\"async\" width=\"580\" height=\"390\" src=\"https:\/\/lcpr.pl\/zg\/wp-content\/uploads\/2024\/12\/1000007694-580x390.jpg\" class=\"full-width wp-post-image\" alt=\"Rada Programowa LCPR II kadencji &#8211; II Posiedzenie Rady w dniu 03.12.2024\" title=\"Rada Programowa LCPR II kadencji &#8211; II Posiedzenie Rady w dniu 03.12.2024\" \/><\/a><\/figure><header class=\"cmsms_post_header entry-header\"><h2 class=\"cmsms_post_title entry-title\"><a href=\"https:\/\/lcpr.pl\/zg\/2024\/12\/03\/rada-programowa-lcpr-ii-kadencji-ii-posiedzenie-rady-w-dniu-03-12-2024\/\">Rada Programowa LCPR II kadencji &#8211; II Posiedzenie Rady w dniu 03.12.2024<\/a><\/h2><\/header><div class=\"cmsms_post_cont_info entry-meta\"><span class=\"cmsms_post_category\">Kategoria <a href=\"https:\/\/lcpr.pl\/zg\/category\/aktualnosci\/\" rel=\"category tag\">Aktualno\u015bci<\/a>, <a href=\"https:\/\/lcpr.pl\/zg\/category\/rada-programowa-lcpr\/ii-kadencja-rady-programowej-2024-2027\/\" rel=\"category tag\">II kadencja Rady Programowej 2024-2027<\/a><\/span><\/div><div class=\"cmsms_post_content entry-content\">\n<p>Dzi\u015b (03.12.2024 roku) w Urz\u0105d Marsza\u0142kowski Wojew\u00f3dztwa Lubuskiego w budynku RPO odby\u0142o si\u0119 drugie posiedzenie Rady Programowej II kadencji dzia\u0142aj\u0105cej przy Lubuskim Centrum Produktu Regionalnego.<\/p>\n<\/div>\n<footer class=\"cmsms_post_footer entry-meta tar\"><div class=\"cmsms_post_meta_info\"><abbr class=\"published cmsms_post_date cmsms-icon-calendar-8\" title=\"2024-12-03\">2024-12-03<\/abbr><abbr class=\"dn date updated\" title=\"2026-01-16\">2026-01-16<\/abbr><\/div><a class=\"button cmsms_post_read_more\" href=\"https:\/\/lcpr.pl\/zg\/2024\/12\/03\/rada-programowa-lcpr-ii-kadencji-ii-posiedzenie-rady-w-dniu-03-12-2024\/\">Wi\u0119cej informacji<\/a><\/footer>\t<\/div>\r\n<\/article>\r\n<!--_________________________ Finish Standard Article _________________________ -->\r\n\r\n\r\n<!--_________________________ Start Standard Article _________________________ -->\r\n\r\n<article id=\"post-11202\" class=\"cmsms_post_masonry post-11202 post type-post status-publish format-standard has-post-thumbnail hentry category-aktualnosci category-ii-kadencja-rady-programowej-2024-2027\" data-category=\"aktualnosci ii-kadencja-rady-programowej-2024-2027\">\r\n\t<span class=\"cmsms_post_format_img  cmsms-icon-desktop-3\"><\/span>\r\n\t<div class=\"cmsms_post_cont\">\r\n\t<figure><a href=\"https:\/\/lcpr.pl\/zg\/2024\/05\/15\/rada-programowa-lcpr-ii-kadencji-2\/\" title=\"Rada Programowa LCPR II kadencji &#8211; I Posiedzenie 15.05.2024r.\" class=\"cmsms_img_link preloader\"><img loading=\"lazy\" decoding=\"async\" width=\"580\" height=\"390\" src=\"https:\/\/lcpr.pl\/zg\/wp-content\/uploads\/2024\/06\/424608363_480149354340380_642877679135178538_n-1024x521-1-580x390.jpg\" class=\"full-width wp-post-image\" alt=\"Rada Programowa LCPR II kadencji &#8211; I Posiedzenie 15.05.2024r.\" title=\"Rada Programowa LCPR II kadencji &#8211; I Posiedzenie 15.05.2024r.\" \/><\/a><\/figure><header class=\"cmsms_post_header entry-header\"><h2 class=\"cmsms_post_title entry-title\"><a href=\"https:\/\/lcpr.pl\/zg\/2024\/05\/15\/rada-programowa-lcpr-ii-kadencji-2\/\">Rada Programowa LCPR II kadencji &#8211; I Posiedzenie 15.05.2024r.<\/a><\/h2><\/header><div class=\"cmsms_post_cont_info entry-meta\"><span class=\"cmsms_post_category\">Kategoria <a href=\"https:\/\/lcpr.pl\/zg\/category\/aktualnosci\/\" rel=\"category tag\">Aktualno\u015bci<\/a>, <a href=\"https:\/\/lcpr.pl\/zg\/category\/rada-programowa-lcpr\/ii-kadencja-rady-programowej-2024-2027\/\" rel=\"category tag\">II kadencja Rady Programowej 2024-2027<\/a><\/span><\/div><div class=\"cmsms_post_content entry-content\">\n<p>Dzi\u015b (15.05.2024 roku) w Urz\u0105d Marsza\u0142kowski Wojew\u00f3dztwa Lubuskiego odby\u0142o si\u0119 pierwsze inauguracyjne posiedzenie Rady Programowej II kadencji dzia\u0142aj\u0105cej przy Lubuskie Centrum Produktu Regionalnego.<\/p>\n<\/div>\n<footer class=\"cmsms_post_footer entry-meta tar\"><div class=\"cmsms_post_meta_info\"><abbr class=\"published cmsms_post_date cmsms-icon-calendar-8\" title=\"2024-05-15\">2024-05-15<\/abbr><abbr class=\"dn date updated\" title=\"2026-01-16\">2026-01-16<\/abbr><\/div><a class=\"button cmsms_post_read_more\" href=\"https:\/\/lcpr.pl\/zg\/2024\/05\/15\/rada-programowa-lcpr-ii-kadencji-2\/\">Wi\u0119cej informacji<\/a><\/footer>\t<\/div>\r\n<\/article>\r\n<!--_________________________ Finish Standard Article _________________________ -->\r\n\r\n<\/div><div class=\"cmsms_wrap_more_posts cmsms_wrap_more_items\"><\/div><\/div>\n<\/div>\n<\/div>\n<\/div>\n<\/div>\n<\/div>\n<\/div>\n\n","protected":false},"excerpt":{"rendered":"","protected":false},"author":1,"featured_media":0,"parent":10598,"menu_order":0,"comment_status":"closed","ping_status":"closed","template":"","meta":{"footnotes":""},"class_list":["post-10581","page","type-page","status-publish","hentry"],"_links":{"self":[{"href":"https:\/\/lcpr.pl\/zg\/wp-json\/wp\/v2\/pages\/10581","targetHints":{"allow":["GET"]}}],"collection":[{"href":"https:\/\/lcpr.pl\/zg\/wp-json\/wp\/v2\/pages"}],"about":[{"href":"https:\/\/lcpr.pl\/zg\/wp-json\/wp\/v2\/types\/page"}],"author":[{"embeddable":true,"href":"https:\/\/lcpr.pl\/zg\/wp-json\/wp\/v2\/users\/1"}],"replies":[{"embeddable":true,"href":"https:\/\/lcpr.pl\/zg\/wp-json\/wp\/v2\/comments?post=10581"}],"version-history":[{"count":36,"href":"https:\/\/lcpr.pl\/zg\/wp-json\/wp\/v2\/pages\/10581\/revisions"}],"predecessor-version":[{"id":19568,"href":"https:\/\/lcpr.pl\/zg\/wp-json\/wp\/v2\/pages\/10581\/revisions\/19568"}],"up":[{"embeddable":true,"href":"https:\/\/lcpr.pl\/zg\/wp-json\/wp\/v2\/pages\/10598"}],"wp:attachment":[{"href":"https:\/\/lcpr.pl\/zg\/wp-json\/wp\/v2\/media?parent=10581"}],"curies":[{"name":"wp","href":"https:\/\/api.w.org\/{rel}","templated":true}]}}