{"id":10530,"date":"2024-05-18T21:37:08","date_gmt":"2024-05-18T19:37:08","guid":{"rendered":"https:\/\/lcpr.pl\/zg\/?page_id=10530"},"modified":"2026-04-24T12:57:14","modified_gmt":"2026-04-24T10:57:14","slug":"aktualnosci","status":"publish","type":"page","link":"https:\/\/lcpr.pl\/zg\/aktualnosci\/","title":{"rendered":"Aktualno\u015bci"},"content":{"rendered":"<style type=\"text\/css\"> \n#cmsms_row_69f17b2ae47d1 .cmsms_row_outer_parent { \n\tpadding-top: 50px; \n} \n\n#cmsms_row_69f17b2ae47d1 .cmsms_row_outer_parent { \n\tpadding-bottom: 0px; \n} \n\n \n#cmsms_heading_69f17b2ae4893, #cmsms_heading_69f17b2ae4893 a { \n\tfont-size:28px; \n\ttext-align:left; \n\tfont-weight:400; \n\tfont-style:normal; \n\tmargin-top:0px; \n\tmargin-bottom:20px; \n} \n \n#cmsms_row_69f17b2ae48cf .cmsms_row_outer_parent { \n\tpadding-top: 0px; \n} \n\n#cmsms_row_69f17b2ae48cf .cmsms_row_outer_parent { \n\tpadding-bottom: 50px; \n} \n\n<\/style><div id=\"cmsms_row_69f17b2ae47d1\" class=\"cmsms_row cmsms_color_scheme_default\">\n<div class=\"cmsms_row_outer_parent\">\n<div class=\"cmsms_row_outer\">\n<div class=\"cmsms_row_inner\">\n<div class=\"cmsms_row_margin\">\n<div class=\"cmsms_column one_first\">\n<h1 id=\"cmsms_heading_69f17b2ae4893\" class=\"cmsms_heading\">Aktualno\u015bci<\/h1>\n<\/div>\n<\/div>\n<\/div>\n<\/div>\n<\/div>\n<\/div>\n<div id=\"cmsms_row_69f17b2ae48cf\" class=\"cmsms_row cmsms_color_scheme_default\">\n<div class=\"cmsms_row_outer_parent\">\n<div class=\"cmsms_row_outer\">\n<div class=\"cmsms_row_inner\">\n<div class=\"cmsms_row_margin\">\n<div class=\"cmsms_column one_first\">\n<div class=\"cmsms_wrap_blog entry-summary\" id=\"blog_69f17b2ae49b7\"><script type=\"text\/javascript\">\r\njQuery(document).ready(function () {\r\n\t(function ($) {\r\n\t\tif ($('#blog_69f17b2ae49b7').find('article').length == '0') {\r\n\t\t\treturn false;\r\n\t\t}\r\n\t\t\r\n\t\r\n\t\tstartBlog( \r\n\t\t\t'69f17b2ae49b7', \r\n\t\t\t'columns', \r\n\t\t\t'grid', \r\n\t\t\t'https:\/\/lcpr.pl\/zg\/wp-content\/plugins\/cmsms-content-composer\/', \r\n\t\t\t'date', \r\n\t\t\t'DESC', \r\n\t\t\t'32', \r\n\t\t\t'aktualnosci', \r\n\t\t\t'date,more' \r\n\t\t);\r\n\t} )(jQuery);\r\n} );\r\n<\/script>\r\n<div class=\"blog columns grid cmsms_4\">\r\n<!--_________________________ Start Standard Article _________________________ -->\r\n\r\n<article id=\"post-21424\" class=\"cmsms_post_masonry post-21424 post type-post status-publish format-standard has-post-thumbnail hentry category-aktualnosci\" data-category=\"aktualnosci\">\r\n\t<span class=\"cmsms_post_format_img  cmsms-icon-desktop-3\"><\/span>\r\n\t<div class=\"cmsms_post_cont\">\r\n\t<figure><a href=\"https:\/\/lcpr.pl\/zg\/2026\/04\/27\/poznaj-lubuskie-smaki-z-kolami-gospodyn-wiejskich-kgw-specbabki-w-murzynowie-2\/\" title=\"Poznaj Lubuskie Smaki z Ko\u0142ami Gospody\u0144 Wiejskich &#8211; KGW &#8222;SpecBabki&#8221; w Murzynowie\" class=\"cmsms_img_link preloader\"><img loading=\"lazy\" decoding=\"async\" width=\"580\" height=\"390\" src=\"https:\/\/lcpr.pl\/zg\/wp-content\/uploads\/2026\/04\/680219043_998337742521536_8821333209118736933_n-1-e1777286251836-580x390.jpg\" class=\"full-width wp-post-image\" alt=\"Poznaj Lubuskie Smaki z Ko\u0142ami Gospody\u0144 Wiejskich &#8211; KGW &#8222;SpecBabki&#8221; w Murzynowie\" title=\"Poznaj Lubuskie Smaki z Ko\u0142ami Gospody\u0144 Wiejskich &#8211; KGW &#8222;SpecBabki&#8221; w Murzynowie\" \/><\/a><\/figure><header class=\"cmsms_post_header entry-header\"><h2 class=\"cmsms_post_title entry-title\"><a href=\"https:\/\/lcpr.pl\/zg\/2026\/04\/27\/poznaj-lubuskie-smaki-z-kolami-gospodyn-wiejskich-kgw-specbabki-w-murzynowie-2\/\">Poznaj Lubuskie Smaki z Ko\u0142ami Gospody\u0144 Wiejskich &#8211; KGW &#8222;SpecBabki&#8221; w Murzynowie<\/a><\/h2><\/header><div class=\"cmsms_post_content entry-content\">\n<\/div>\n<footer class=\"cmsms_post_footer entry-meta tar\"><div class=\"cmsms_post_meta_info\"><abbr class=\"published cmsms_post_date cmsms-icon-calendar-8\" title=\"2026-04-27\">2026-04-27<\/abbr><abbr class=\"dn date updated\" title=\"2026-04-27\">2026-04-27<\/abbr><\/div><a class=\"button cmsms_post_read_more\" href=\"https:\/\/lcpr.pl\/zg\/2026\/04\/27\/poznaj-lubuskie-smaki-z-kolami-gospodyn-wiejskich-kgw-specbabki-w-murzynowie-2\/\">Wi\u0119cej informacji<\/a><\/footer>\t<\/div>\r\n<\/article>\r\n<!--_________________________ Finish Standard Article _________________________ -->\r\n\r\n\r\n<!--_________________________ Start Standard Article _________________________ -->\r\n\r\n<article id=\"post-21345\" class=\"cmsms_post_masonry post-21345 post type-post status-publish format-standard has-post-thumbnail hentry category-aktualnosci\" data-category=\"aktualnosci\">\r\n\t<span class=\"cmsms_post_format_img  cmsms-icon-desktop-3\"><\/span>\r\n\t<div class=\"cmsms_post_cont\">\r\n\t<figure><a href=\"https:\/\/lcpr.pl\/zg\/2026\/04\/23\/poznaj-lubuskie-smaki-z-kolami-gospodyn-wiejskich-kgw-specbabki-w-murzynowie\/\" title=\"Poznaj Lubuskie Smaki z Ko\u0142ami Gospody\u0144 Wiejskich &#8211; KGW &#8222;SpecBabki&#8221; w Murzynowie\" class=\"cmsms_img_link preloader\"><img loading=\"lazy\" decoding=\"async\" width=\"580\" height=\"390\" src=\"https:\/\/lcpr.pl\/zg\/wp-content\/uploads\/2026\/04\/kgw-1-580x390.png\" class=\"full-width wp-post-image\" alt=\"Poznaj Lubuskie Smaki z Ko\u0142ami Gospody\u0144 Wiejskich &#8211; KGW &#8222;SpecBabki&#8221; w Murzynowie\" title=\"Poznaj Lubuskie Smaki z Ko\u0142ami Gospody\u0144 Wiejskich &#8211; KGW &#8222;SpecBabki&#8221; w Murzynowie\" \/><\/a><\/figure><header class=\"cmsms_post_header entry-header\"><h2 class=\"cmsms_post_title entry-title\"><a href=\"https:\/\/lcpr.pl\/zg\/2026\/04\/23\/poznaj-lubuskie-smaki-z-kolami-gospodyn-wiejskich-kgw-specbabki-w-murzynowie\/\">Poznaj Lubuskie Smaki z Ko\u0142ami Gospody\u0144 Wiejskich &#8211; KGW &#8222;SpecBabki&#8221; w Murzynowie<\/a><\/h2><\/header><div class=\"cmsms_post_content entry-content\">\n<\/div>\n<footer class=\"cmsms_post_footer entry-meta tar\"><div class=\"cmsms_post_meta_info\"><abbr class=\"published cmsms_post_date cmsms-icon-calendar-8\" title=\"2026-04-23\">2026-04-23<\/abbr><abbr class=\"dn date updated\" title=\"2026-04-23\">2026-04-23<\/abbr><\/div><a class=\"button cmsms_post_read_more\" href=\"https:\/\/lcpr.pl\/zg\/2026\/04\/23\/poznaj-lubuskie-smaki-z-kolami-gospodyn-wiejskich-kgw-specbabki-w-murzynowie\/\">Wi\u0119cej informacji<\/a><\/footer>\t<\/div>\r\n<\/article>\r\n<!--_________________________ Finish Standard Article _________________________ -->\r\n\r\n\r\n<!--_________________________ Start Standard Article _________________________ -->\r\n\r\n<article id=\"post-21317\" class=\"cmsms_post_masonry post-21317 post type-post status-publish format-standard has-post-thumbnail hentry category-aktualnosci\" data-category=\"aktualnosci\">\r\n\t<span class=\"cmsms_post_format_img  cmsms-icon-desktop-3\"><\/span>\r\n\t<div class=\"cmsms_post_cont\">\r\n\t<figure><a href=\"https:\/\/lcpr.pl\/zg\/2026\/04\/22\/zapraszamy-lubuskich-przedsiebiorcow-do-udzialu-w-misji-gospodarczej-do-holandii-w-dniach-17-22-maja-2026r\/\" title=\"Zapraszamy lubuskich przedsi\u0119biorc\u00f3w do udzia\u0142u w misji gospodarczej do Holandii w dniach 17-22 maja 2026r.\" class=\"cmsms_img_link preloader\"><img loading=\"lazy\" decoding=\"async\" width=\"580\" height=\"390\" src=\"https:\/\/lcpr.pl\/zg\/wp-content\/uploads\/2026\/04\/tlo-holandia-002d-1-580x390.jpg\" class=\"full-width wp-post-image\" alt=\"Zapraszamy lubuskich przedsi\u0119biorc\u00f3w do udzia\u0142u w misji gospodarczej do Holandii w dniach 17-22 maja 2026r.\" title=\"Zapraszamy lubuskich przedsi\u0119biorc\u00f3w do udzia\u0142u w misji gospodarczej do Holandii w dniach 17-22 maja 2026r.\" \/><\/a><\/figure><header class=\"cmsms_post_header entry-header\"><h2 class=\"cmsms_post_title entry-title\"><a href=\"https:\/\/lcpr.pl\/zg\/2026\/04\/22\/zapraszamy-lubuskich-przedsiebiorcow-do-udzialu-w-misji-gospodarczej-do-holandii-w-dniach-17-22-maja-2026r\/\">Zapraszamy lubuskich przedsi\u0119biorc\u00f3w do udzia\u0142u w misji gospodarczej do Holandii w dniach 17-22 maja 2026r.<\/a><\/h2><\/header><div class=\"cmsms_post_content entry-content\">\n<\/div>\n<footer class=\"cmsms_post_footer entry-meta tar\"><div class=\"cmsms_post_meta_info\"><abbr class=\"published cmsms_post_date cmsms-icon-calendar-8\" title=\"2026-04-22\">2026-04-22<\/abbr><abbr class=\"dn date updated\" title=\"2026-04-23\">2026-04-23<\/abbr><\/div><a class=\"button cmsms_post_read_more\" href=\"https:\/\/lcpr.pl\/zg\/2026\/04\/22\/zapraszamy-lubuskich-przedsiebiorcow-do-udzialu-w-misji-gospodarczej-do-holandii-w-dniach-17-22-maja-2026r\/\">Wi\u0119cej informacji<\/a><\/footer>\t<\/div>\r\n<\/article>\r\n<!--_________________________ Finish Standard Article _________________________ -->\r\n\r\n\r\n<!--_________________________ Start Standard Article _________________________ -->\r\n\r\n<article id=\"post-21301\" class=\"cmsms_post_masonry post-21301 post type-post status-publish format-standard has-post-thumbnail hentry category-aktualnosci\" data-category=\"aktualnosci\">\r\n\t<span class=\"cmsms_post_format_img  cmsms-icon-desktop-3\"><\/span>\r\n\t<div class=\"cmsms_post_cont\">\r\n\t<figure><a href=\"https:\/\/lcpr.pl\/zg\/2026\/04\/21\/zloty-medal-konkursu-serowarskiego-4-edycji-mundial-do-queijo-do-brasil-world-cheese-cup-in-brasil\/\" title=\"Z\u0142oty medal konkursu serowarskiego 4 edycji Mundial do Queijo do Brasil-World Cheese Cup in Brasil\" class=\"cmsms_img_link preloader\"><img loading=\"lazy\" decoding=\"async\" width=\"580\" height=\"390\" src=\"https:\/\/lcpr.pl\/zg\/wp-content\/uploads\/2026\/04\/671043114_17936028303226894_8363397449848444651_n-e1776770464674-580x390.jpg\" class=\"full-width wp-post-image\" alt=\"Z\u0142oty medal konkursu serowarskiego 4 edycji Mundial do Queijo do Brasil-World Cheese Cup in Brasil\" title=\"Z\u0142oty medal konkursu serowarskiego 4 edycji Mundial do Queijo do Brasil-World Cheese Cup in Brasil\" \/><\/a><\/figure><header class=\"cmsms_post_header entry-header\"><h2 class=\"cmsms_post_title entry-title\"><a href=\"https:\/\/lcpr.pl\/zg\/2026\/04\/21\/zloty-medal-konkursu-serowarskiego-4-edycji-mundial-do-queijo-do-brasil-world-cheese-cup-in-brasil\/\">Z\u0142oty medal konkursu serowarskiego 4 edycji Mundial do Queijo do Brasil-World Cheese Cup in Brasil<\/a><\/h2><\/header><div class=\"cmsms_post_content entry-content\">\n<\/div>\n<footer class=\"cmsms_post_footer entry-meta tar\"><div class=\"cmsms_post_meta_info\"><abbr class=\"published cmsms_post_date cmsms-icon-calendar-8\" title=\"2026-04-21\">2026-04-21<\/abbr><abbr class=\"dn date updated\" title=\"2026-04-21\">2026-04-21<\/abbr><\/div><a class=\"button cmsms_post_read_more\" href=\"https:\/\/lcpr.pl\/zg\/2026\/04\/21\/zloty-medal-konkursu-serowarskiego-4-edycji-mundial-do-queijo-do-brasil-world-cheese-cup-in-brasil\/\">Wi\u0119cej informacji<\/a><\/footer>\t<\/div>\r\n<\/article>\r\n<!--_________________________ Finish Standard Article _________________________ -->\r\n\r\n\r\n<!--_________________________ Start Standard Article _________________________ -->\r\n\r\n<article id=\"post-21283\" class=\"cmsms_post_masonry post-21283 post type-post status-publish format-standard has-post-thumbnail hentry category-aktualnosci\" data-category=\"aktualnosci\">\r\n\t<span class=\"cmsms_post_format_img  cmsms-icon-desktop-3\"><\/span>\r\n\t<div class=\"cmsms_post_cont\">\r\n\t<figure><a href=\"https:\/\/lcpr.pl\/zg\/2026\/04\/20\/wystawa-malarstwa-lubuskiego-w-w-are-on-galeria-sztuki\/\" title=\"Wystawa malarstwa lubuskiego w Arte.ON w Galerii Sztuki w Warszawie\" class=\"cmsms_img_link preloader\"><img loading=\"lazy\" decoding=\"async\" width=\"580\" height=\"390\" src=\"https:\/\/lcpr.pl\/zg\/wp-content\/uploads\/2026\/04\/677818257_993577996330844_5427147196865762606_n-1-e1776760237689-580x390.jpg\" class=\"full-width wp-post-image\" alt=\"Wystawa malarstwa lubuskiego w Arte.ON w Galerii Sztuki w Warszawie\" title=\"Wystawa malarstwa lubuskiego w Arte.ON w Galerii Sztuki w Warszawie\" \/><\/a><\/figure><header class=\"cmsms_post_header entry-header\"><h2 class=\"cmsms_post_title entry-title\"><a href=\"https:\/\/lcpr.pl\/zg\/2026\/04\/20\/wystawa-malarstwa-lubuskiego-w-w-are-on-galeria-sztuki\/\">Wystawa malarstwa lubuskiego w Arte.ON w Galerii Sztuki w Warszawie<\/a><\/h2><\/header><div class=\"cmsms_post_content entry-content\">\n<\/div>\n<footer class=\"cmsms_post_footer entry-meta tar\"><div class=\"cmsms_post_meta_info\"><abbr class=\"published cmsms_post_date cmsms-icon-calendar-8\" title=\"2026-04-20\">2026-04-20<\/abbr><abbr class=\"dn date updated\" title=\"2026-04-21\">2026-04-21<\/abbr><\/div><a class=\"button cmsms_post_read_more\" href=\"https:\/\/lcpr.pl\/zg\/2026\/04\/20\/wystawa-malarstwa-lubuskiego-w-w-are-on-galeria-sztuki\/\">Wi\u0119cej informacji<\/a><\/footer>\t<\/div>\r\n<\/article>\r\n<!--_________________________ Finish Standard Article _________________________ -->\r\n\r\n\r\n<!--_________________________ Start Standard Article _________________________ -->\r\n\r\n<article id=\"post-21262\" class=\"cmsms_post_masonry post-21262 post type-post status-publish format-standard has-post-thumbnail hentry category-aktualnosci\" data-category=\"aktualnosci\">\r\n\t<span class=\"cmsms_post_format_img  cmsms-icon-desktop-3\"><\/span>\r\n\t<div class=\"cmsms_post_cont\">\r\n\t<figure><a href=\"https:\/\/lcpr.pl\/zg\/2026\/04\/18\/dzis-obchodzimy-swiatowy-dzien-turystyki-kulinarnej\/\" title=\"Dzi\u015b obchodzimy \u015awiatowy Dzie\u0144 Turystyki Kulinarnej\" class=\"cmsms_img_link preloader\"><img loading=\"lazy\" decoding=\"async\" width=\"580\" height=\"390\" src=\"https:\/\/lcpr.pl\/zg\/wp-content\/uploads\/2026\/04\/674477436_991817033173607_9038124810300237571_n-580x390.jpg\" class=\"full-width wp-post-image\" alt=\"Dzi\u015b obchodzimy \u015awiatowy Dzie\u0144 Turystyki Kulinarnej\" title=\"Dzi\u015b obchodzimy \u015awiatowy Dzie\u0144 Turystyki Kulinarnej\" \/><\/a><\/figure><header class=\"cmsms_post_header entry-header\"><h2 class=\"cmsms_post_title entry-title\"><a href=\"https:\/\/lcpr.pl\/zg\/2026\/04\/18\/dzis-obchodzimy-swiatowy-dzien-turystyki-kulinarnej\/\">Dzi\u015b obchodzimy \u015awiatowy Dzie\u0144 Turystyki Kulinarnej<\/a><\/h2><\/header><div class=\"cmsms_post_content entry-content\">\n<\/div>\n<footer class=\"cmsms_post_footer entry-meta tar\"><div class=\"cmsms_post_meta_info\"><abbr class=\"published cmsms_post_date cmsms-icon-calendar-8\" title=\"2026-04-18\">2026-04-18<\/abbr><abbr class=\"dn date updated\" title=\"2026-04-21\">2026-04-21<\/abbr><\/div><a class=\"button cmsms_post_read_more\" href=\"https:\/\/lcpr.pl\/zg\/2026\/04\/18\/dzis-obchodzimy-swiatowy-dzien-turystyki-kulinarnej\/\">Wi\u0119cej informacji<\/a><\/footer>\t<\/div>\r\n<\/article>\r\n<!--_________________________ Finish Standard Article _________________________ -->\r\n\r\n\r\n<!--_________________________ Start Standard Article _________________________ -->\r\n\r\n<article id=\"post-21248\" class=\"cmsms_post_masonry post-21248 post type-post status-publish format-standard has-post-thumbnail hentry category-aktualnosci\" data-category=\"aktualnosci\">\r\n\t<span class=\"cmsms_post_format_img  cmsms-icon-desktop-3\"><\/span>\r\n\t<div class=\"cmsms_post_cont\">\r\n\t<figure><a href=\"https:\/\/lcpr.pl\/zg\/2026\/04\/17\/opowiesc-o-domu-wina-z-pokolenia-na-pokolenie-2\/\" title=\"Opowie\u015b\u0107 o ,,domu wina\u201d z pokolenia na pokolenie\" class=\"cmsms_img_link preloader\"><img loading=\"lazy\" decoding=\"async\" width=\"580\" height=\"390\" src=\"https:\/\/lcpr.pl\/zg\/wp-content\/uploads\/2026\/04\/673227737_991205269901450_7352006627357368785_n-580x390.jpg\" class=\"full-width wp-post-image\" alt=\"Opowie\u015b\u0107 o ,,domu wina\u201d z pokolenia na pokolenie\" title=\"Opowie\u015b\u0107 o ,,domu wina\u201d z pokolenia na pokolenie\" \/><\/a><\/figure><header class=\"cmsms_post_header entry-header\"><h2 class=\"cmsms_post_title entry-title\"><a href=\"https:\/\/lcpr.pl\/zg\/2026\/04\/17\/opowiesc-o-domu-wina-z-pokolenia-na-pokolenie-2\/\">Opowie\u015b\u0107 o ,,domu wina\u201d z pokolenia na pokolenie<\/a><\/h2><\/header><div class=\"cmsms_post_content entry-content\">\n<\/div>\n<footer class=\"cmsms_post_footer entry-meta tar\"><div class=\"cmsms_post_meta_info\"><abbr class=\"published cmsms_post_date cmsms-icon-calendar-8\" title=\"2026-04-17\">2026-04-17<\/abbr><abbr class=\"dn date updated\" title=\"2026-04-21\">2026-04-21<\/abbr><\/div><a class=\"button cmsms_post_read_more\" href=\"https:\/\/lcpr.pl\/zg\/2026\/04\/17\/opowiesc-o-domu-wina-z-pokolenia-na-pokolenie-2\/\">Wi\u0119cej informacji<\/a><\/footer>\t<\/div>\r\n<\/article>\r\n<!--_________________________ Finish Standard Article _________________________ -->\r\n\r\n\r\n<!--_________________________ Start Standard Article _________________________ -->\r\n\r\n<article id=\"post-21216\" class=\"cmsms_post_masonry post-21216 post type-post status-publish format-standard has-post-thumbnail hentry category-aktualnosci\" data-category=\"aktualnosci\">\r\n\t<span class=\"cmsms_post_format_img  cmsms-icon-desktop-3\"><\/span>\r\n\t<div class=\"cmsms_post_cont\">\r\n\t<figure><a href=\"https:\/\/lcpr.pl\/zg\/2026\/04\/16\/dzis-obchodzimy-dzien-wlokniarza\/\" title=\"Dzi\u015b obchodzimy Dzie\u0144 W\u0142\u00f3kniarza\" class=\"cmsms_img_link preloader\"><img loading=\"lazy\" decoding=\"async\" width=\"580\" height=\"390\" src=\"https:\/\/lcpr.pl\/zg\/wp-content\/uploads\/2026\/04\/671975340_990409203314390_5473916458331209910_n-1-580x390.jpg\" class=\"full-width wp-post-image\" alt=\"Dzi\u015b obchodzimy Dzie\u0144 W\u0142\u00f3kniarza\" title=\"Dzi\u015b obchodzimy Dzie\u0144 W\u0142\u00f3kniarza\" \/><\/a><\/figure><header class=\"cmsms_post_header entry-header\"><h2 class=\"cmsms_post_title entry-title\"><a href=\"https:\/\/lcpr.pl\/zg\/2026\/04\/16\/dzis-obchodzimy-dzien-wlokniarza\/\">Dzi\u015b obchodzimy Dzie\u0144 W\u0142\u00f3kniarza<\/a><\/h2><\/header><div class=\"cmsms_post_content entry-content\">\n<\/div>\n<footer class=\"cmsms_post_footer entry-meta tar\"><div class=\"cmsms_post_meta_info\"><abbr class=\"published cmsms_post_date cmsms-icon-calendar-8\" title=\"2026-04-16\">2026-04-16<\/abbr><abbr class=\"dn date updated\" title=\"2026-04-16\">2026-04-16<\/abbr><\/div><a class=\"button cmsms_post_read_more\" href=\"https:\/\/lcpr.pl\/zg\/2026\/04\/16\/dzis-obchodzimy-dzien-wlokniarza\/\">Wi\u0119cej informacji<\/a><\/footer>\t<\/div>\r\n<\/article>\r\n<!--_________________________ Finish Standard Article _________________________ -->\r\n\r\n\r\n<!--_________________________ Start Standard Article _________________________ -->\r\n\r\n<article id=\"post-21207\" class=\"cmsms_post_masonry post-21207 post type-post status-publish format-standard has-post-thumbnail hentry category-aktualnosci\" data-category=\"aktualnosci\">\r\n\t<span class=\"cmsms_post_format_img  cmsms-icon-desktop-3\"><\/span>\r\n\t<div class=\"cmsms_post_cont\">\r\n\t<figure><a href=\"https:\/\/lcpr.pl\/zg\/2026\/04\/15\/szkolenie-rekodzielo-okiem-prawnika-akademia-producenta-2026\/\" title=\"Szkolenie &#8222;R\u0119kodzie\u0142o okiem prawnika&#8221; &#8211; Akademia Producenta 2026\" class=\"cmsms_img_link preloader\"><img loading=\"lazy\" decoding=\"async\" width=\"580\" height=\"390\" src=\"https:\/\/lcpr.pl\/zg\/wp-content\/uploads\/2026\/04\/672008063_987958740226103_390414371553898839_n1-580x390.png\" class=\"full-width wp-post-image\" alt=\"Szkolenie &#8222;R\u0119kodzie\u0142o okiem prawnika&#8221; &#8211; Akademia Producenta 2026\" title=\"Szkolenie &#8222;R\u0119kodzie\u0142o okiem prawnika&#8221; &#8211; Akademia Producenta 2026\" \/><\/a><\/figure><header class=\"cmsms_post_header entry-header\"><h2 class=\"cmsms_post_title entry-title\"><a href=\"https:\/\/lcpr.pl\/zg\/2026\/04\/15\/szkolenie-rekodzielo-okiem-prawnika-akademia-producenta-2026\/\">Szkolenie &#8222;R\u0119kodzie\u0142o okiem prawnika&#8221; &#8211; Akademia Producenta 2026<\/a><\/h2><\/header><div class=\"cmsms_post_content entry-content\">\n<\/div>\n<footer class=\"cmsms_post_footer entry-meta tar\"><div class=\"cmsms_post_meta_info\"><abbr class=\"published cmsms_post_date cmsms-icon-calendar-8\" title=\"2026-04-15\">2026-04-15<\/abbr><abbr class=\"dn date updated\" title=\"2026-04-15\">2026-04-15<\/abbr><\/div><a class=\"button cmsms_post_read_more\" href=\"https:\/\/lcpr.pl\/zg\/2026\/04\/15\/szkolenie-rekodzielo-okiem-prawnika-akademia-producenta-2026\/\">Wi\u0119cej informacji<\/a><\/footer>\t<\/div>\r\n<\/article>\r\n<!--_________________________ Finish Standard Article _________________________ -->\r\n\r\n\r\n<!--_________________________ Start Standard Article _________________________ -->\r\n\r\n<article id=\"post-21195\" class=\"cmsms_post_masonry post-21195 post type-post status-publish format-standard has-post-thumbnail hentry category-aktualnosci\" data-category=\"aktualnosci\">\r\n\t<span class=\"cmsms_post_format_img  cmsms-icon-desktop-3\"><\/span>\r\n\t<div class=\"cmsms_post_cont\">\r\n\t<figure><a href=\"https:\/\/lcpr.pl\/zg\/2026\/04\/15\/wyniki-plebiscytu-osobowosc-roku-2025-gazety-lubuskiej\/\" title=\"Wyniki plebiscytu Osobowo\u015b\u0107 Roku 2025 Gazety Lubuskiej\" class=\"cmsms_img_link preloader\"><img loading=\"lazy\" decoding=\"async\" width=\"580\" height=\"390\" src=\"https:\/\/lcpr.pl\/zg\/wp-content\/uploads\/2026\/04\/672176048_989586963396614_2237829693207083121_n-1-e1776264233165-580x390.jpg\" class=\"full-width wp-post-image\" alt=\"Wyniki plebiscytu Osobowo\u015b\u0107 Roku 2025 Gazety Lubuskiej\" title=\"Wyniki plebiscytu Osobowo\u015b\u0107 Roku 2025 Gazety Lubuskiej\" \/><\/a><\/figure><header class=\"cmsms_post_header entry-header\"><h2 class=\"cmsms_post_title entry-title\"><a href=\"https:\/\/lcpr.pl\/zg\/2026\/04\/15\/wyniki-plebiscytu-osobowosc-roku-2025-gazety-lubuskiej\/\">Wyniki plebiscytu Osobowo\u015b\u0107 Roku 2025 Gazety Lubuskiej<\/a><\/h2><\/header><div class=\"cmsms_post_content entry-content\">\n<\/div>\n<footer class=\"cmsms_post_footer entry-meta tar\"><div class=\"cmsms_post_meta_info\"><abbr class=\"published cmsms_post_date cmsms-icon-calendar-8\" title=\"2026-04-15\">2026-04-15<\/abbr><abbr class=\"dn date updated\" title=\"2026-04-15\">2026-04-15<\/abbr><\/div><a class=\"button cmsms_post_read_more\" href=\"https:\/\/lcpr.pl\/zg\/2026\/04\/15\/wyniki-plebiscytu-osobowosc-roku-2025-gazety-lubuskiej\/\">Wi\u0119cej informacji<\/a><\/footer>\t<\/div>\r\n<\/article>\r\n<!--_________________________ Finish Standard Article _________________________ -->\r\n\r\n\r\n<!--_________________________ Start Standard Article _________________________ -->\r\n\r\n<article id=\"post-21151\" class=\"cmsms_post_masonry post-21151 post type-post status-publish format-standard has-post-thumbnail hentry category-aktualnosci\" data-category=\"aktualnosci\">\r\n\t<span class=\"cmsms_post_format_img  cmsms-icon-desktop-3\"><\/span>\r\n\t<div class=\"cmsms_post_cont\">\r\n\t<figure><a href=\"https:\/\/lcpr.pl\/zg\/2026\/04\/14\/zapraszamy-na-eko-targ-do-szczanca\/\" title=\"Zapraszamy na Eko Targ do Szcza\u0144ca\" class=\"cmsms_img_link preloader\"><img loading=\"lazy\" decoding=\"async\" width=\"580\" height=\"390\" src=\"https:\/\/lcpr.pl\/zg\/wp-content\/uploads\/2026\/04\/aaa-580x390.png\" class=\"full-width wp-post-image\" alt=\"Zapraszamy na Eko Targ do Szcza\u0144ca\" title=\"Zapraszamy na Eko Targ do Szcza\u0144ca\" \/><\/a><\/figure><header class=\"cmsms_post_header entry-header\"><h2 class=\"cmsms_post_title entry-title\"><a href=\"https:\/\/lcpr.pl\/zg\/2026\/04\/14\/zapraszamy-na-eko-targ-do-szczanca\/\">Zapraszamy na Eko Targ do Szcza\u0144ca<\/a><\/h2><\/header><div class=\"cmsms_post_content entry-content\">\n<\/div>\n<footer class=\"cmsms_post_footer entry-meta tar\"><div class=\"cmsms_post_meta_info\"><abbr class=\"published cmsms_post_date cmsms-icon-calendar-8\" title=\"2026-04-14\">2026-04-14<\/abbr><abbr class=\"dn date updated\" title=\"2026-04-14\">2026-04-14<\/abbr><\/div><a class=\"button cmsms_post_read_more\" href=\"https:\/\/lcpr.pl\/zg\/2026\/04\/14\/zapraszamy-na-eko-targ-do-szczanca\/\">Wi\u0119cej informacji<\/a><\/footer>\t<\/div>\r\n<\/article>\r\n<!--_________________________ Finish Standard Article _________________________ -->\r\n\r\n\r\n<!--_________________________ Start Standard Article _________________________ -->\r\n\r\n<article id=\"post-21142\" class=\"cmsms_post_masonry post-21142 post type-post status-publish format-standard has-post-thumbnail hentry category-aktualnosci\" data-category=\"aktualnosci\">\r\n\t<span class=\"cmsms_post_format_img  cmsms-icon-desktop-3\"><\/span>\r\n\t<div class=\"cmsms_post_cont\">\r\n\t<figure><a href=\"https:\/\/lcpr.pl\/zg\/2026\/04\/14\/szkolenie-lubuskie-szlaki-kulinarne-prezentacja-wspolpracy-regionalnej-organizowane-przez-lodr\/\" title=\"Szkolenie &#8222;Lubuskie Szlaki Kulinarne &#8211; prezentacja wsp\u00f3\u0142pracy regionalnej&#8221; organizowane przez LODR\" class=\"cmsms_img_link preloader\"><img loading=\"lazy\" decoding=\"async\" width=\"580\" height=\"390\" src=\"https:\/\/lcpr.pl\/zg\/wp-content\/uploads\/2026\/04\/671207224_988713780150599_1200699145239316349_n-1-e1776168961729-580x390.jpg\" class=\"full-width wp-post-image\" alt=\"Szkolenie &#8222;Lubuskie Szlaki Kulinarne &#8211; prezentacja wsp\u00f3\u0142pracy regionalnej&#8221; organizowane przez LODR\" title=\"Szkolenie &#8222;Lubuskie Szlaki Kulinarne &#8211; prezentacja wsp\u00f3\u0142pracy regionalnej&#8221; organizowane przez LODR\" \/><\/a><\/figure><header class=\"cmsms_post_header entry-header\"><h2 class=\"cmsms_post_title entry-title\"><a href=\"https:\/\/lcpr.pl\/zg\/2026\/04\/14\/szkolenie-lubuskie-szlaki-kulinarne-prezentacja-wspolpracy-regionalnej-organizowane-przez-lodr\/\">Szkolenie &#8222;Lubuskie Szlaki Kulinarne &#8211; prezentacja wsp\u00f3\u0142pracy regionalnej&#8221; organizowane przez LODR<\/a><\/h2><\/header><div class=\"cmsms_post_content entry-content\">\n<\/div>\n<footer class=\"cmsms_post_footer entry-meta tar\"><div class=\"cmsms_post_meta_info\"><abbr class=\"published cmsms_post_date cmsms-icon-calendar-8\" title=\"2026-04-14\">2026-04-14<\/abbr><abbr class=\"dn date updated\" title=\"2026-04-14\">2026-04-14<\/abbr><\/div><a class=\"button cmsms_post_read_more\" href=\"https:\/\/lcpr.pl\/zg\/2026\/04\/14\/szkolenie-lubuskie-szlaki-kulinarne-prezentacja-wspolpracy-regionalnej-organizowane-przez-lodr\/\">Wi\u0119cej informacji<\/a><\/footer>\t<\/div>\r\n<\/article>\r\n<!--_________________________ Finish Standard Article _________________________ -->\r\n\r\n\r\n<!--_________________________ Start Standard Article _________________________ -->\r\n\r\n<article id=\"post-21139\" class=\"cmsms_post_masonry post-21139 post type-post status-publish format-standard has-post-thumbnail hentry category-aktualnosci\" data-category=\"aktualnosci\">\r\n\t<span class=\"cmsms_post_format_img  cmsms-icon-desktop-3\"><\/span>\r\n\t<div class=\"cmsms_post_cont\">\r\n\t<figure><a href=\"https:\/\/lcpr.pl\/zg\/2026\/04\/14\/przypominamy-o-konferencji-pn-jakosc-ktora-buduje-rynek-organizowanej-przez-kowr\/\" title=\"Przypominamy o  konferencji pn. \u201eJako\u015b\u0107, kt\u00f3ra buduje rynek\u201d organizowanej przez KOWR\" class=\"cmsms_img_link preloader\"><img loading=\"lazy\" decoding=\"async\" width=\"580\" height=\"390\" src=\"https:\/\/lcpr.pl\/zg\/wp-content\/uploads\/2026\/04\/660868325_977824131239564_7954101732134218031_n-1-e1775043117962-580x390.jpg\" class=\"full-width wp-post-image\" alt=\"Przypominamy o  konferencji pn. \u201eJako\u015b\u0107, kt\u00f3ra buduje rynek\u201d organizowanej przez KOWR\" title=\"Przypominamy o  konferencji pn. \u201eJako\u015b\u0107, kt\u00f3ra buduje rynek\u201d organizowanej przez KOWR\" \/><\/a><\/figure><header class=\"cmsms_post_header entry-header\"><h2 class=\"cmsms_post_title entry-title\"><a href=\"https:\/\/lcpr.pl\/zg\/2026\/04\/14\/przypominamy-o-konferencji-pn-jakosc-ktora-buduje-rynek-organizowanej-przez-kowr\/\">Przypominamy o  konferencji pn. \u201eJako\u015b\u0107, kt\u00f3ra buduje rynek\u201d organizowanej przez KOWR<\/a><\/h2><\/header><div class=\"cmsms_post_content entry-content\">\n<\/div>\n<footer class=\"cmsms_post_footer entry-meta tar\"><div class=\"cmsms_post_meta_info\"><abbr class=\"published cmsms_post_date cmsms-icon-calendar-8\" title=\"2026-04-14\">2026-04-14<\/abbr><abbr class=\"dn date updated\" title=\"2026-04-14\">2026-04-14<\/abbr><\/div><a class=\"button cmsms_post_read_more\" href=\"https:\/\/lcpr.pl\/zg\/2026\/04\/14\/przypominamy-o-konferencji-pn-jakosc-ktora-buduje-rynek-organizowanej-przez-kowr\/\">Wi\u0119cej informacji<\/a><\/footer>\t<\/div>\r\n<\/article>\r\n<!--_________________________ Finish Standard Article _________________________ -->\r\n\r\n\r\n<!--_________________________ Start Standard Article _________________________ -->\r\n\r\n<article id=\"post-21128\" class=\"cmsms_post_masonry post-21128 post type-post status-publish format-standard has-post-thumbnail hentry category-aktualnosci\" data-category=\"aktualnosci\">\r\n\t<span class=\"cmsms_post_format_img  cmsms-icon-desktop-3\"><\/span>\r\n\t<div class=\"cmsms_post_cont\">\r\n\t<figure><a href=\"https:\/\/lcpr.pl\/zg\/2026\/04\/13\/akademia-producenta-2026-zapraszamy-na-szkolenie-dla-rekodzielnikow\/\" title=\"Akademia Producenta 2026 &#8211; zapraszamy na szkolenie dla r\u0119kodzielnik\u00f3w\" class=\"cmsms_img_link preloader\"><img loading=\"lazy\" decoding=\"async\" width=\"580\" height=\"390\" src=\"https:\/\/lcpr.pl\/zg\/wp-content\/uploads\/2026\/04\/672008063_987958740226103_390414371553898839_n1-580x390.png\" class=\"full-width wp-post-image\" alt=\"Akademia Producenta 2026 &#8211; zapraszamy na szkolenie dla r\u0119kodzielnik\u00f3w\" title=\"Akademia Producenta 2026 &#8211; zapraszamy na szkolenie dla r\u0119kodzielnik\u00f3w\" \/><\/a><\/figure><header class=\"cmsms_post_header entry-header\"><h2 class=\"cmsms_post_title entry-title\"><a href=\"https:\/\/lcpr.pl\/zg\/2026\/04\/13\/akademia-producenta-2026-zapraszamy-na-szkolenie-dla-rekodzielnikow\/\">Akademia Producenta 2026 &#8211; zapraszamy na szkolenie dla r\u0119kodzielnik\u00f3w<\/a><\/h2><\/header><div class=\"cmsms_post_content entry-content\">\n<\/div>\n<footer class=\"cmsms_post_footer entry-meta tar\"><div class=\"cmsms_post_meta_info\"><abbr class=\"published cmsms_post_date cmsms-icon-calendar-8\" title=\"2026-04-13\">2026-04-13<\/abbr><abbr class=\"dn date updated\" title=\"2026-04-13\">2026-04-13<\/abbr><\/div><a class=\"button cmsms_post_read_more\" href=\"https:\/\/lcpr.pl\/zg\/2026\/04\/13\/akademia-producenta-2026-zapraszamy-na-szkolenie-dla-rekodzielnikow\/\">Wi\u0119cej informacji<\/a><\/footer>\t<\/div>\r\n<\/article>\r\n<!--_________________________ Finish Standard Article _________________________ -->\r\n\r\n\r\n<!--_________________________ Start Standard Article _________________________ -->\r\n\r\n<article id=\"post-21115\" class=\"cmsms_post_masonry post-21115 post type-post status-publish format-standard has-post-thumbnail hentry category-aktualnosci\" data-category=\"aktualnosci\">\r\n\t<span class=\"cmsms_post_format_img  cmsms-icon-desktop-3\"><\/span>\r\n\t<div class=\"cmsms_post_cont\">\r\n\t<figure><a href=\"https:\/\/lcpr.pl\/zg\/2026\/04\/11\/poznaj-lubuskie-smaki-z-kolami-gospodyn-wiejskich-kgw-w-laskach\/\" title=\"Poznaj Lubuskie Smaki z Ko\u0142ami Gospody\u0144 Wiejskich &#8211; KGW w Laskach\" class=\"cmsms_img_link preloader\"><img loading=\"lazy\" decoding=\"async\" width=\"580\" height=\"390\" src=\"https:\/\/lcpr.pl\/zg\/wp-content\/uploads\/2026\/04\/670491005_987087480313229_6946587657931796972_n-e1776073142151-580x390.jpg\" class=\"full-width wp-post-image\" alt=\"Poznaj Lubuskie Smaki z Ko\u0142ami Gospody\u0144 Wiejskich &#8211; KGW w Laskach\" title=\"Poznaj Lubuskie Smaki z Ko\u0142ami Gospody\u0144 Wiejskich &#8211; KGW w Laskach\" \/><\/a><\/figure><header class=\"cmsms_post_header entry-header\"><h2 class=\"cmsms_post_title entry-title\"><a href=\"https:\/\/lcpr.pl\/zg\/2026\/04\/11\/poznaj-lubuskie-smaki-z-kolami-gospodyn-wiejskich-kgw-w-laskach\/\">Poznaj Lubuskie Smaki z Ko\u0142ami Gospody\u0144 Wiejskich &#8211; KGW w Laskach<\/a><\/h2><\/header><div class=\"cmsms_post_content entry-content\">\n<\/div>\n<footer class=\"cmsms_post_footer entry-meta tar\"><div class=\"cmsms_post_meta_info\"><abbr class=\"published cmsms_post_date cmsms-icon-calendar-8\" title=\"2026-04-11\">2026-04-11<\/abbr><abbr class=\"dn date updated\" title=\"2026-04-13\">2026-04-13<\/abbr><\/div><a class=\"button cmsms_post_read_more\" href=\"https:\/\/lcpr.pl\/zg\/2026\/04\/11\/poznaj-lubuskie-smaki-z-kolami-gospodyn-wiejskich-kgw-w-laskach\/\">Wi\u0119cej informacji<\/a><\/footer>\t<\/div>\r\n<\/article>\r\n<!--_________________________ Finish Standard Article _________________________ -->\r\n\r\n\r\n<!--_________________________ Start Standard Article _________________________ -->\r\n\r\n<article id=\"post-21054\" class=\"cmsms_post_masonry post-21054 post type-post status-publish format-standard has-post-thumbnail hentry category-aktualnosci\" data-category=\"aktualnosci\">\r\n\t<span class=\"cmsms_post_format_img  cmsms-icon-desktop-3\"><\/span>\r\n\t<div class=\"cmsms_post_cont\">\r\n\t<figure><a href=\"https:\/\/lcpr.pl\/zg\/2026\/04\/09\/trzecie-szkolenie-jak-lepiej-filmowac-i-fotografowac-swoim-smartfonem\/\" title=\"Trzecie szkolenie &#8222;Jak lepiej filmowa\u0107 i fotografowa\u0107 swoim smartfonem&#8221;\" class=\"cmsms_img_link preloader\"><img loading=\"lazy\" decoding=\"async\" width=\"580\" height=\"390\" src=\"https:\/\/lcpr.pl\/zg\/wp-content\/uploads\/2026\/04\/668768143_984924073862903_2081703808804839142_n-1-e1775807202454-580x390.jpg\" class=\"full-width wp-post-image\" alt=\"Trzecie szkolenie &#8222;Jak lepiej filmowa\u0107 i fotografowa\u0107 swoim smartfonem&#8221;\" title=\"Trzecie szkolenie &#8222;Jak lepiej filmowa\u0107 i fotografowa\u0107 swoim smartfonem&#8221;\" \/><\/a><\/figure><header class=\"cmsms_post_header entry-header\"><h2 class=\"cmsms_post_title entry-title\"><a href=\"https:\/\/lcpr.pl\/zg\/2026\/04\/09\/trzecie-szkolenie-jak-lepiej-filmowac-i-fotografowac-swoim-smartfonem\/\">Trzecie szkolenie &#8222;Jak lepiej filmowa\u0107 i fotografowa\u0107 swoim smartfonem&#8221;<\/a><\/h2><\/header><div class=\"cmsms_post_content entry-content\">\n<\/div>\n<footer class=\"cmsms_post_footer entry-meta tar\"><div class=\"cmsms_post_meta_info\"><abbr class=\"published cmsms_post_date cmsms-icon-calendar-8\" title=\"2026-04-09\">2026-04-09<\/abbr><abbr class=\"dn date updated\" title=\"2026-04-10\">2026-04-10<\/abbr><\/div><a class=\"button cmsms_post_read_more\" href=\"https:\/\/lcpr.pl\/zg\/2026\/04\/09\/trzecie-szkolenie-jak-lepiej-filmowac-i-fotografowac-swoim-smartfonem\/\">Wi\u0119cej informacji<\/a><\/footer>\t<\/div>\r\n<\/article>\r\n<!--_________________________ Finish Standard Article _________________________ -->\r\n\r\n\r\n<!--_________________________ Start Standard Article _________________________ -->\r\n\r\n<article id=\"post-21071\" class=\"cmsms_post_masonry post-21071 post type-post status-publish format-standard has-post-thumbnail hentry category-aktualnosci\" data-category=\"aktualnosci\">\r\n\t<span class=\"cmsms_post_format_img  cmsms-icon-desktop-3\"><\/span>\r\n\t<div class=\"cmsms_post_cont\">\r\n\t<figure><a href=\"https:\/\/lcpr.pl\/zg\/2026\/04\/08\/poznaj-lubuskie-smaki-z-kolami-gospodyn-wiejskich\/\" title=\"Poznaj Lubuskie Smaki z Ko\u0142ami Gospody\u0144 Wiejskich w niedziele!\" class=\"cmsms_img_link preloader\"><img loading=\"lazy\" decoding=\"async\" width=\"580\" height=\"390\" src=\"https:\/\/lcpr.pl\/zg\/wp-content\/uploads\/2026\/04\/668704334_984152363940074_4337585020826779719_n-1-e1775653757150-580x390.jpg\" class=\"full-width wp-post-image\" alt=\"Poznaj Lubuskie Smaki z Ko\u0142ami Gospody\u0144 Wiejskich w niedziele!\" title=\"Poznaj Lubuskie Smaki z Ko\u0142ami Gospody\u0144 Wiejskich w niedziele!\" \/><\/a><\/figure><header class=\"cmsms_post_header entry-header\"><h2 class=\"cmsms_post_title entry-title\"><a href=\"https:\/\/lcpr.pl\/zg\/2026\/04\/08\/poznaj-lubuskie-smaki-z-kolami-gospodyn-wiejskich\/\">Poznaj Lubuskie Smaki z Ko\u0142ami Gospody\u0144 Wiejskich w niedziele!<\/a><\/h2><\/header><div class=\"cmsms_post_content entry-content\">\n<\/div>\n<footer class=\"cmsms_post_footer entry-meta tar\"><div class=\"cmsms_post_meta_info\"><abbr class=\"published cmsms_post_date cmsms-icon-calendar-8\" title=\"2026-04-08\">2026-04-08<\/abbr><abbr class=\"dn date updated\" title=\"2026-04-08\">2026-04-08<\/abbr><\/div><a class=\"button cmsms_post_read_more\" href=\"https:\/\/lcpr.pl\/zg\/2026\/04\/08\/poznaj-lubuskie-smaki-z-kolami-gospodyn-wiejskich\/\">Wi\u0119cej informacji<\/a><\/footer>\t<\/div>\r\n<\/article>\r\n<!--_________________________ Finish Standard Article _________________________ -->\r\n\r\n\r\n<!--_________________________ Start Standard Article _________________________ -->\r\n\r\n<article id=\"post-21040\" class=\"cmsms_post_masonry post-21040 post type-post status-publish format-standard has-post-thumbnail hentry category-aktualnosci\" data-category=\"aktualnosci\">\r\n\t<span class=\"cmsms_post_format_img  cmsms-icon-desktop-3\"><\/span>\r\n\t<div class=\"cmsms_post_cont\">\r\n\t<figure><a href=\"https:\/\/lcpr.pl\/zg\/2026\/04\/07\/jak-wykorzystac-produkty-ktore-zostaly-po-swietach\/\" title=\"Jak wykorzysta\u0107 produkty, kt\u00f3re zosta\u0142y po \u015bwi\u0119tach?\" class=\"cmsms_img_link preloader\"><img loading=\"lazy\" decoding=\"async\" width=\"580\" height=\"390\" src=\"https:\/\/lcpr.pl\/zg\/wp-content\/uploads\/2026\/04\/667632327_983277440694233_1449168505360287332_n-1-e1775553807759-580x390.jpg\" class=\"full-width wp-post-image\" alt=\"Jak wykorzysta\u0107 produkty, kt\u00f3re zosta\u0142y po \u015bwi\u0119tach?\" title=\"Jak wykorzysta\u0107 produkty, kt\u00f3re zosta\u0142y po \u015bwi\u0119tach?\" \/><\/a><\/figure><header class=\"cmsms_post_header entry-header\"><h2 class=\"cmsms_post_title entry-title\"><a href=\"https:\/\/lcpr.pl\/zg\/2026\/04\/07\/jak-wykorzystac-produkty-ktore-zostaly-po-swietach\/\">Jak wykorzysta\u0107 produkty, kt\u00f3re zosta\u0142y po \u015bwi\u0119tach?<\/a><\/h2><\/header><div class=\"cmsms_post_content entry-content\">\n<\/div>\n<footer class=\"cmsms_post_footer entry-meta tar\"><div class=\"cmsms_post_meta_info\"><abbr class=\"published cmsms_post_date cmsms-icon-calendar-8\" title=\"2026-04-07\">2026-04-07<\/abbr><abbr class=\"dn date updated\" title=\"2026-04-07\">2026-04-07<\/abbr><\/div><a class=\"button cmsms_post_read_more\" href=\"https:\/\/lcpr.pl\/zg\/2026\/04\/07\/jak-wykorzystac-produkty-ktore-zostaly-po-swietach\/\">Wi\u0119cej informacji<\/a><\/footer>\t<\/div>\r\n<\/article>\r\n<!--_________________________ Finish Standard Article _________________________ -->\r\n\r\n\r\n<!--_________________________ Start Standard Article _________________________ -->\r\n\r\n<article id=\"post-21037\" class=\"cmsms_post_masonry post-21037 post type-post status-publish format-standard has-post-thumbnail hentry category-aktualnosci\" data-category=\"aktualnosci\">\r\n\t<span class=\"cmsms_post_format_img  cmsms-icon-desktop-3\"><\/span>\r\n\t<div class=\"cmsms_post_cont\">\r\n\t<figure><a href=\"https:\/\/lcpr.pl\/zg\/2026\/04\/06\/21037\/\" title=\"Wywiad z LCI &#8211; \u015aniadanie wielkanocne z LCPR\" class=\"cmsms_img_link preloader\"><img loading=\"lazy\" decoding=\"async\" width=\"580\" height=\"390\" src=\"https:\/\/lcpr.pl\/zg\/wp-content\/uploads\/2026\/04\/Screenshot-2026-04-07-at-11-27-29-1-Facebook-e1775563275122-580x390.png\" class=\"full-width wp-post-image\" alt=\"Wywiad z LCI &#8211; \u015aniadanie wielkanocne z LCPR\" title=\"Wywiad z LCI &#8211; \u015aniadanie wielkanocne z LCPR\" \/><\/a><\/figure><header class=\"cmsms_post_header entry-header\"><h2 class=\"cmsms_post_title entry-title\"><a href=\"https:\/\/lcpr.pl\/zg\/2026\/04\/06\/21037\/\">Wywiad z LCI &#8211; \u015aniadanie wielkanocne z LCPR<\/a><\/h2><\/header><div class=\"cmsms_post_content entry-content\">\n<\/div>\n<footer class=\"cmsms_post_footer entry-meta tar\"><div class=\"cmsms_post_meta_info\"><abbr class=\"published cmsms_post_date cmsms-icon-calendar-8\" title=\"2026-04-06\">2026-04-06<\/abbr><abbr class=\"dn date updated\" title=\"2026-04-07\">2026-04-07<\/abbr><\/div><a class=\"button cmsms_post_read_more\" href=\"https:\/\/lcpr.pl\/zg\/2026\/04\/06\/21037\/\">Wi\u0119cej informacji<\/a><\/footer>\t<\/div>\r\n<\/article>\r\n<!--_________________________ Finish Standard Article _________________________ -->\r\n\r\n\r\n<!--_________________________ Start Standard Article _________________________ -->\r\n\r\n<article id=\"post-21019\" class=\"cmsms_post_masonry post-21019 post type-post status-publish format-standard has-post-thumbnail hentry category-aktualnosci\" data-category=\"aktualnosci\">\r\n\t<span class=\"cmsms_post_format_img  cmsms-icon-desktop-3\"><\/span>\r\n\t<div class=\"cmsms_post_cont\">\r\n\t<figure><a href=\"https:\/\/lcpr.pl\/zg\/2026\/04\/03\/wesolych-swiat-wielkanocnych-2\/\" title=\"Weso\u0142ych \u015awi\u0105t Wielkanocnych!\" class=\"cmsms_img_link preloader\"><img loading=\"lazy\" decoding=\"async\" width=\"580\" height=\"390\" src=\"https:\/\/lcpr.pl\/zg\/wp-content\/uploads\/2026\/04\/kartka-2026-scaled-e1775200674987-580x390.jpg\" class=\"full-width wp-post-image\" alt=\"Weso\u0142ych \u015awi\u0105t Wielkanocnych!\" title=\"Weso\u0142ych \u015awi\u0105t Wielkanocnych!\" \/><\/a><\/figure><header class=\"cmsms_post_header entry-header\"><h2 class=\"cmsms_post_title entry-title\"><a href=\"https:\/\/lcpr.pl\/zg\/2026\/04\/03\/wesolych-swiat-wielkanocnych-2\/\">Weso\u0142ych \u015awi\u0105t Wielkanocnych!<\/a><\/h2><\/header><div class=\"cmsms_post_content entry-content\">\n<\/div>\n<footer class=\"cmsms_post_footer entry-meta tar\"><div class=\"cmsms_post_meta_info\"><abbr class=\"published cmsms_post_date cmsms-icon-calendar-8\" title=\"2026-04-03\">2026-04-03<\/abbr><abbr class=\"dn date updated\" title=\"2026-04-03\">2026-04-03<\/abbr><\/div><a class=\"button cmsms_post_read_more\" href=\"https:\/\/lcpr.pl\/zg\/2026\/04\/03\/wesolych-swiat-wielkanocnych-2\/\">Wi\u0119cej informacji<\/a><\/footer>\t<\/div>\r\n<\/article>\r\n<!--_________________________ Finish Standard Article _________________________ -->\r\n\r\n\r\n<!--_________________________ Start Standard Article _________________________ -->\r\n\r\n<article id=\"post-20995\" class=\"cmsms_post_masonry post-20995 post type-post status-publish format-standard has-post-thumbnail hentry category-aktualnosci\" data-category=\"aktualnosci\">\r\n\t<span class=\"cmsms_post_format_img  cmsms-icon-desktop-3\"><\/span>\r\n\t<div class=\"cmsms_post_cont\">\r\n\t<figure><a href=\"https:\/\/lcpr.pl\/zg\/2026\/04\/02\/ostatnie-targi-przedswiateczne\/\" title=\"Ostatnie targi przed\u015bwi\u0105teczne!\" class=\"cmsms_img_link preloader\"><img loading=\"lazy\" decoding=\"async\" width=\"580\" height=\"390\" src=\"https:\/\/lcpr.pl\/zg\/wp-content\/uploads\/2026\/04\/662238061_979378714417439_281062320288571087_n-1-e1775128830347-580x390.jpg\" class=\"full-width wp-post-image\" alt=\"Ostatnie targi przed\u015bwi\u0105teczne!\" title=\"Ostatnie targi przed\u015bwi\u0105teczne!\" \/><\/a><\/figure><header class=\"cmsms_post_header entry-header\"><h2 class=\"cmsms_post_title entry-title\"><a href=\"https:\/\/lcpr.pl\/zg\/2026\/04\/02\/ostatnie-targi-przedswiateczne\/\">Ostatnie targi przed\u015bwi\u0105teczne!<\/a><\/h2><\/header><div class=\"cmsms_post_content entry-content\">\n<\/div>\n<footer class=\"cmsms_post_footer entry-meta tar\"><div class=\"cmsms_post_meta_info\"><abbr class=\"published cmsms_post_date cmsms-icon-calendar-8\" title=\"2026-04-02\">2026-04-02<\/abbr><abbr class=\"dn date updated\" title=\"2026-04-02\">2026-04-02<\/abbr><\/div><a class=\"button cmsms_post_read_more\" href=\"https:\/\/lcpr.pl\/zg\/2026\/04\/02\/ostatnie-targi-przedswiateczne\/\">Wi\u0119cej informacji<\/a><\/footer>\t<\/div>\r\n<\/article>\r\n<!--_________________________ Finish Standard Article _________________________ -->\r\n\r\n\r\n<!--_________________________ Start Standard Article _________________________ -->\r\n\r\n<article id=\"post-20988\" class=\"cmsms_post_masonry post-20988 post type-post status-publish format-standard has-post-thumbnail hentry category-aktualnosci\" data-category=\"aktualnosci\">\r\n\t<span class=\"cmsms_post_format_img  cmsms-icon-desktop-3\"><\/span>\r\n\t<div class=\"cmsms_post_cont\">\r\n\t<figure><a href=\"https:\/\/lcpr.pl\/zg\/2026\/04\/02\/czym-jest-dla-was-produkt-regionalny-2\/\" title=\"Czym jest dla Was produkt regionalny?\" class=\"cmsms_img_link preloader\"><img loading=\"lazy\" decoding=\"async\" width=\"580\" height=\"390\" src=\"https:\/\/lcpr.pl\/zg\/wp-content\/uploads\/2026\/04\/658180108_974502394905071_3655796412022087620_n-1-e1775127016691-580x390.jpg\" class=\"full-width wp-post-image\" alt=\"Czym jest dla Was produkt regionalny?\" title=\"Czym jest dla Was produkt regionalny?\" \/><\/a><\/figure><header class=\"cmsms_post_header entry-header\"><h2 class=\"cmsms_post_title entry-title\"><a href=\"https:\/\/lcpr.pl\/zg\/2026\/04\/02\/czym-jest-dla-was-produkt-regionalny-2\/\">Czym jest dla Was produkt regionalny?<\/a><\/h2><\/header><div class=\"cmsms_post_content entry-content\">\n<\/div>\n<footer class=\"cmsms_post_footer entry-meta tar\"><div class=\"cmsms_post_meta_info\"><abbr class=\"published cmsms_post_date cmsms-icon-calendar-8\" title=\"2026-04-02\">2026-04-02<\/abbr><abbr class=\"dn date updated\" title=\"2026-04-02\">2026-04-02<\/abbr><\/div><a class=\"button cmsms_post_read_more\" href=\"https:\/\/lcpr.pl\/zg\/2026\/04\/02\/czym-jest-dla-was-produkt-regionalny-2\/\">Wi\u0119cej informacji<\/a><\/footer>\t<\/div>\r\n<\/article>\r\n<!--_________________________ Finish Standard Article _________________________ -->\r\n\r\n\r\n<!--_________________________ Start Standard Article _________________________ -->\r\n\r\n<article id=\"post-20984\" class=\"cmsms_post_masonry post-20984 post type-post status-publish format-standard has-post-thumbnail hentry category-aktualnosci\" data-category=\"aktualnosci\">\r\n\t<span class=\"cmsms_post_format_img  cmsms-icon-desktop-3\"><\/span>\r\n\t<div class=\"cmsms_post_cont\">\r\n\t<figure><a href=\"https:\/\/lcpr.pl\/zg\/2026\/04\/02\/dzien-marchewki\/\" title=\"Dzie\u0144 Marchewki\" class=\"cmsms_img_link preloader\"><img loading=\"lazy\" decoding=\"async\" width=\"399\" height=\"390\" src=\"https:\/\/lcpr.pl\/zg\/wp-content\/uploads\/2026\/04\/661378467_978559227832721_6799409592217229332_n-399x390.jpg\" class=\"full-width wp-post-image\" alt=\"Dzie\u0144 Marchewki\" title=\"Dzie\u0144 Marchewki\" srcset=\"https:\/\/lcpr.pl\/zg\/wp-content\/uploads\/2026\/04\/661378467_978559227832721_6799409592217229332_n-399x390.jpg 399w, https:\/\/lcpr.pl\/zg\/wp-content\/uploads\/2026\/04\/661378467_978559227832721_6799409592217229332_n-55x55.jpg 55w\" sizes=\"auto, (max-width: 399px) 100vw, 399px\" \/><\/a><\/figure><header class=\"cmsms_post_header entry-header\"><h2 class=\"cmsms_post_title entry-title\"><a href=\"https:\/\/lcpr.pl\/zg\/2026\/04\/02\/dzien-marchewki\/\">Dzie\u0144 Marchewki<\/a><\/h2><\/header><div class=\"cmsms_post_content entry-content\">\n<\/div>\n<footer class=\"cmsms_post_footer entry-meta tar\"><div class=\"cmsms_post_meta_info\"><abbr class=\"published cmsms_post_date cmsms-icon-calendar-8\" title=\"2026-04-02\">2026-04-02<\/abbr><abbr class=\"dn date updated\" title=\"2026-04-02\">2026-04-02<\/abbr><\/div><a class=\"button cmsms_post_read_more\" href=\"https:\/\/lcpr.pl\/zg\/2026\/04\/02\/dzien-marchewki\/\">Wi\u0119cej informacji<\/a><\/footer>\t<\/div>\r\n<\/article>\r\n<!--_________________________ Finish Standard Article _________________________ -->\r\n\r\n\r\n<!--_________________________ Start Standard Article _________________________ -->\r\n\r\n<article id=\"post-20978\" class=\"cmsms_post_masonry post-20978 post type-post status-publish format-standard has-post-thumbnail hentry category-aktualnosci\" data-category=\"aktualnosci\">\r\n\t<span class=\"cmsms_post_format_img  cmsms-icon-desktop-3\"><\/span>\r\n\t<div class=\"cmsms_post_cont\">\r\n\t<figure><a href=\"https:\/\/lcpr.pl\/zg\/2026\/03\/31\/konferencja-pn-jakosc-ktora-buduje-rynek-organizowana-przez-krajowy-osrodek-wsparcia-rolnictwa\/\" title=\"Konferencja pn. \u201eJako\u015b\u0107, kt\u00f3ra buduje rynek\u201d organizowana przez Krajowy O\u015brodek Wsparcia Rolnictwa\" class=\"cmsms_img_link preloader\"><img loading=\"lazy\" decoding=\"async\" width=\"580\" height=\"390\" src=\"https:\/\/lcpr.pl\/zg\/wp-content\/uploads\/2026\/04\/660868325_977824131239564_7954101732134218031_n-1-e1775043117962-580x390.jpg\" class=\"full-width wp-post-image\" alt=\"Konferencja pn. \u201eJako\u015b\u0107, kt\u00f3ra buduje rynek\u201d organizowana przez Krajowy O\u015brodek Wsparcia Rolnictwa\" title=\"Konferencja pn. \u201eJako\u015b\u0107, kt\u00f3ra buduje rynek\u201d organizowana przez Krajowy O\u015brodek Wsparcia Rolnictwa\" \/><\/a><\/figure><header class=\"cmsms_post_header entry-header\"><h2 class=\"cmsms_post_title entry-title\"><a href=\"https:\/\/lcpr.pl\/zg\/2026\/03\/31\/konferencja-pn-jakosc-ktora-buduje-rynek-organizowana-przez-krajowy-osrodek-wsparcia-rolnictwa\/\">Konferencja pn. \u201eJako\u015b\u0107, kt\u00f3ra buduje rynek\u201d organizowana przez Krajowy O\u015brodek Wsparcia Rolnictwa<\/a><\/h2><\/header><div class=\"cmsms_post_content entry-content\">\n<\/div>\n<footer class=\"cmsms_post_footer entry-meta tar\"><div class=\"cmsms_post_meta_info\"><abbr class=\"published cmsms_post_date cmsms-icon-calendar-8\" title=\"2026-03-31\">2026-03-31<\/abbr><abbr class=\"dn date updated\" title=\"2026-04-01\">2026-04-01<\/abbr><\/div><a class=\"button cmsms_post_read_more\" href=\"https:\/\/lcpr.pl\/zg\/2026\/03\/31\/konferencja-pn-jakosc-ktora-buduje-rynek-organizowana-przez-krajowy-osrodek-wsparcia-rolnictwa\/\">Wi\u0119cej informacji<\/a><\/footer>\t<\/div>\r\n<\/article>\r\n<!--_________________________ Finish Standard Article _________________________ -->\r\n\r\n\r\n<!--_________________________ Start Standard Article _________________________ -->\r\n\r\n<article id=\"post-20930\" class=\"cmsms_post_masonry post-20930 post type-post status-publish format-standard has-post-thumbnail hentry category-aktualnosci category-szkolenia\" data-category=\"aktualnosci szkolenia\">\r\n\t<span class=\"cmsms_post_format_img  cmsms-icon-desktop-3\"><\/span>\r\n\t<div class=\"cmsms_post_cont\">\r\n\t<figure><a href=\"https:\/\/lcpr.pl\/zg\/2026\/03\/30\/szkolenie-2026-04\/\" title=\"Szkolenie &#8222;Jak lepiej filmowa\u0107 i fotografowa\u0107 swoim smartfonem?&#8221;\" class=\"cmsms_img_link preloader\"><img loading=\"lazy\" decoding=\"async\" width=\"580\" height=\"390\" src=\"https:\/\/lcpr.pl\/zg\/wp-content\/uploads\/2026\/03\/SZKOLENIE-2026x3-1-580x390.png\" class=\"full-width wp-post-image\" alt=\"Szkolenie &#8222;Jak lepiej filmowa\u0107 i fotografowa\u0107 swoim smartfonem?&#8221;\" title=\"Szkolenie &#8222;Jak lepiej filmowa\u0107 i fotografowa\u0107 swoim smartfonem?&#8221;\" \/><\/a><\/figure><header class=\"cmsms_post_header entry-header\"><h2 class=\"cmsms_post_title entry-title\"><a href=\"https:\/\/lcpr.pl\/zg\/2026\/03\/30\/szkolenie-2026-04\/\">Szkolenie &#8222;Jak lepiej filmowa\u0107 i fotografowa\u0107 swoim smartfonem?&#8221;<\/a><\/h2><\/header><div class=\"cmsms_post_content entry-content\">\n<p>Producenci! Og\u0142aszamy nab\u00f3r na bezp\u0142atne szkolenia w ramach Akademii Producenta: \"Jak lepiej filmowa\u0107 i fotografowa\u0107 swoim smartfonem?\u201d. Szkolenie odb\u0119d\u0105 si\u0119 w Zielonej G\u00f3rze.<\/p>\n<\/div>\n<footer class=\"cmsms_post_footer entry-meta tar\"><div class=\"cmsms_post_meta_info\"><abbr class=\"published cmsms_post_date cmsms-icon-calendar-8\" title=\"2026-03-30\">2026-03-30<\/abbr><abbr class=\"dn date updated\" title=\"2026-03-30\">2026-03-30<\/abbr><\/div><a class=\"button cmsms_post_read_more\" href=\"https:\/\/lcpr.pl\/zg\/2026\/03\/30\/szkolenie-2026-04\/\">Wi\u0119cej informacji<\/a><\/footer>\t<\/div>\r\n<\/article>\r\n<!--_________________________ Finish Standard Article _________________________ -->\r\n\r\n\r\n<!--_________________________ Start Standard Article _________________________ -->\r\n\r\n<article id=\"post-20955\" class=\"cmsms_post_masonry post-20955 post type-post status-publish format-standard has-post-thumbnail hentry category-aktualnosci\" data-category=\"aktualnosci\">\r\n\t<span class=\"cmsms_post_format_img  cmsms-icon-desktop-3\"><\/span>\r\n\t<div class=\"cmsms_post_cont\">\r\n\t<figure><a href=\"https:\/\/lcpr.pl\/zg\/2026\/03\/28\/audycja-co-jak-i-dlaczego-w-radio-zachod-z-produktem-regionalnym\/\" title=\"Audycja CO? JAK? I DLACZEGO? w Radio Zach\u00f3d z produktem regionalnym\" class=\"cmsms_img_link preloader\"><img loading=\"lazy\" decoding=\"async\" width=\"580\" height=\"390\" src=\"https:\/\/lcpr.pl\/zg\/wp-content\/uploads\/2026\/03\/659507160_974962501525727_2292397223325634889_n-1-e1774858328957-580x390.jpg\" class=\"full-width wp-post-image\" alt=\"Audycja CO? JAK? I DLACZEGO? w Radio Zach\u00f3d z produktem regionalnym\" title=\"Audycja CO? JAK? I DLACZEGO? w Radio Zach\u00f3d z produktem regionalnym\" \/><\/a><\/figure><header class=\"cmsms_post_header entry-header\"><h2 class=\"cmsms_post_title entry-title\"><a href=\"https:\/\/lcpr.pl\/zg\/2026\/03\/28\/audycja-co-jak-i-dlaczego-w-radio-zachod-z-produktem-regionalnym\/\">Audycja CO? JAK? I DLACZEGO? w Radio Zach\u00f3d z produktem regionalnym<\/a><\/h2><\/header><div class=\"cmsms_post_content entry-content\">\n<\/div>\n<footer class=\"cmsms_post_footer entry-meta tar\"><div class=\"cmsms_post_meta_info\"><abbr class=\"published cmsms_post_date cmsms-icon-calendar-8\" title=\"2026-03-28\">2026-03-28<\/abbr><abbr class=\"dn date updated\" title=\"2026-03-30\">2026-03-30<\/abbr><\/div><a class=\"button cmsms_post_read_more\" href=\"https:\/\/lcpr.pl\/zg\/2026\/03\/28\/audycja-co-jak-i-dlaczego-w-radio-zachod-z-produktem-regionalnym\/\">Wi\u0119cej informacji<\/a><\/footer>\t<\/div>\r\n<\/article>\r\n<!--_________________________ Finish Standard Article _________________________ -->\r\n\r\n\r\n<!--_________________________ Start Standard Article _________________________ -->\r\n\r\n<article id=\"post-20945\" class=\"cmsms_post_masonry post-20945 post type-post status-publish format-standard has-post-thumbnail hentry category-aktualnosci\" data-category=\"aktualnosci\">\r\n\t<span class=\"cmsms_post_format_img  cmsms-icon-desktop-3\"><\/span>\r\n\t<div class=\"cmsms_post_cont\">\r\n\t<figure><a href=\"https:\/\/lcpr.pl\/zg\/2026\/03\/28\/viii-mistrzostwa-polski-biznesu-artystow-i-sportu-w-snookerze-w-zielonej-gorze\/\" title=\"VIII Mistrzostwa Polski Biznesu, Artyst\u00f3w i Sportu w Snookerze w Zielonej G\u00f3rze\" class=\"cmsms_img_link preloader\"><img loading=\"lazy\" decoding=\"async\" width=\"580\" height=\"390\" src=\"https:\/\/lcpr.pl\/zg\/wp-content\/uploads\/2026\/03\/658881417_974735021548475_2678028587007676686_n-1-e1774857793340-580x390.jpg\" class=\"full-width wp-post-image\" alt=\"VIII Mistrzostwa Polski Biznesu, Artyst\u00f3w i Sportu w Snookerze w Zielonej G\u00f3rze\" title=\"VIII Mistrzostwa Polski Biznesu, Artyst\u00f3w i Sportu w Snookerze w Zielonej G\u00f3rze\" \/><\/a><\/figure><header class=\"cmsms_post_header entry-header\"><h2 class=\"cmsms_post_title entry-title\"><a href=\"https:\/\/lcpr.pl\/zg\/2026\/03\/28\/viii-mistrzostwa-polski-biznesu-artystow-i-sportu-w-snookerze-w-zielonej-gorze\/\">VIII Mistrzostwa Polski Biznesu, Artyst\u00f3w i Sportu w Snookerze w Zielonej G\u00f3rze<\/a><\/h2><\/header><div class=\"cmsms_post_content entry-content\">\n<\/div>\n<footer class=\"cmsms_post_footer entry-meta tar\"><div class=\"cmsms_post_meta_info\"><abbr class=\"published cmsms_post_date cmsms-icon-calendar-8\" title=\"2026-03-28\">2026-03-28<\/abbr><abbr class=\"dn date updated\" title=\"2026-03-30\">2026-03-30<\/abbr><\/div><a class=\"button cmsms_post_read_more\" href=\"https:\/\/lcpr.pl\/zg\/2026\/03\/28\/viii-mistrzostwa-polski-biznesu-artystow-i-sportu-w-snookerze-w-zielonej-gorze\/\">Wi\u0119cej informacji<\/a><\/footer>\t<\/div>\r\n<\/article>\r\n<!--_________________________ Finish Standard Article _________________________ -->\r\n\r\n\r\n<!--_________________________ Start Standard Article _________________________ -->\r\n\r\n<article id=\"post-20921\" class=\"cmsms_post_masonry post-20921 post type-post status-publish format-standard has-post-thumbnail hentry category-aktualnosci\" data-category=\"aktualnosci\">\r\n\t<span class=\"cmsms_post_format_img  cmsms-icon-desktop-3\"><\/span>\r\n\t<div class=\"cmsms_post_cont\">\r\n\t<figure><a href=\"https:\/\/lcpr.pl\/zg\/2026\/03\/27\/miedzynarodowy-dzien-sera\/\" title=\"Mi\u0119dzynarodowy dzie\u0144 sera!\" class=\"cmsms_img_link preloader\"><img loading=\"lazy\" decoding=\"async\" width=\"580\" height=\"390\" src=\"https:\/\/lcpr.pl\/zg\/wp-content\/uploads\/2026\/03\/658444330_974489794906331_6317842498891464682_n-1-e1774609917894-580x390.jpg\" class=\"full-width wp-post-image\" alt=\"Mi\u0119dzynarodowy dzie\u0144 sera!\" title=\"Mi\u0119dzynarodowy dzie\u0144 sera!\" \/><\/a><\/figure><header class=\"cmsms_post_header entry-header\"><h2 class=\"cmsms_post_title entry-title\"><a href=\"https:\/\/lcpr.pl\/zg\/2026\/03\/27\/miedzynarodowy-dzien-sera\/\">Mi\u0119dzynarodowy dzie\u0144 sera!<\/a><\/h2><\/header><div class=\"cmsms_post_content entry-content\">\n<\/div>\n<footer class=\"cmsms_post_footer entry-meta tar\"><div class=\"cmsms_post_meta_info\"><abbr class=\"published cmsms_post_date cmsms-icon-calendar-8\" title=\"2026-03-27\">2026-03-27<\/abbr><abbr class=\"dn date updated\" title=\"2026-03-27\">2026-03-27<\/abbr><\/div><a class=\"button cmsms_post_read_more\" href=\"https:\/\/lcpr.pl\/zg\/2026\/03\/27\/miedzynarodowy-dzien-sera\/\">Wi\u0119cej informacji<\/a><\/footer>\t<\/div>\r\n<\/article>\r\n<!--_________________________ Finish Standard Article _________________________ -->\r\n\r\n\r\n<!--_________________________ Start Standard Article _________________________ -->\r\n\r\n<article id=\"post-20908\" class=\"cmsms_post_masonry post-20908 post type-post status-publish format-standard has-post-thumbnail hentry category-aktualnosci\" data-category=\"aktualnosci\">\r\n\t<span class=\"cmsms_post_format_img  cmsms-icon-desktop-3\"><\/span>\r\n\t<div class=\"cmsms_post_cont\">\r\n\t<figure><a href=\"https:\/\/lcpr.pl\/zg\/2026\/03\/26\/drugie-szkolenie-jak-lepiej-filmowac-i-fotografowac-swoim-smartfonem\/\" title=\"Drugie szkolenie &#8222;Jak lepiej filmowa\u0107 i fotografowa\u0107 swoim smartfonem&#8221;\" class=\"cmsms_img_link preloader\"><img loading=\"lazy\" decoding=\"async\" width=\"580\" height=\"390\" src=\"https:\/\/lcpr.pl\/zg\/wp-content\/uploads\/2026\/03\/658177922_973812271640750_5948319938702725518_n-1-e1774609499460-580x390.jpg\" class=\"full-width wp-post-image\" alt=\"Drugie szkolenie &#8222;Jak lepiej filmowa\u0107 i fotografowa\u0107 swoim smartfonem&#8221;\" title=\"Drugie szkolenie &#8222;Jak lepiej filmowa\u0107 i fotografowa\u0107 swoim smartfonem&#8221;\" \/><\/a><\/figure><header class=\"cmsms_post_header entry-header\"><h2 class=\"cmsms_post_title entry-title\"><a href=\"https:\/\/lcpr.pl\/zg\/2026\/03\/26\/drugie-szkolenie-jak-lepiej-filmowac-i-fotografowac-swoim-smartfonem\/\">Drugie szkolenie &#8222;Jak lepiej filmowa\u0107 i fotografowa\u0107 swoim smartfonem&#8221;<\/a><\/h2><\/header><div class=\"cmsms_post_content entry-content\">\n<\/div>\n<footer class=\"cmsms_post_footer entry-meta tar\"><div class=\"cmsms_post_meta_info\"><abbr class=\"published cmsms_post_date cmsms-icon-calendar-8\" title=\"2026-03-26\">2026-03-26<\/abbr><abbr class=\"dn date updated\" title=\"2026-03-27\">2026-03-27<\/abbr><\/div><a class=\"button cmsms_post_read_more\" href=\"https:\/\/lcpr.pl\/zg\/2026\/03\/26\/drugie-szkolenie-jak-lepiej-filmowac-i-fotografowac-swoim-smartfonem\/\">Wi\u0119cej informacji<\/a><\/footer>\t<\/div>\r\n<\/article>\r\n<!--_________________________ Finish Standard Article _________________________ -->\r\n\r\n\r\n<!--_________________________ Start Standard Article _________________________ -->\r\n\r\n<article id=\"post-20901\" class=\"cmsms_post_masonry post-20901 post type-post status-publish format-standard has-post-thumbnail hentry category-aktualnosci\" data-category=\"aktualnosci\">\r\n\t<span class=\"cmsms_post_format_img  cmsms-icon-desktop-3\"><\/span>\r\n\t<div class=\"cmsms_post_cont\">\r\n\t<figure><a href=\"https:\/\/lcpr.pl\/zg\/2026\/03\/26\/dzien-szpinaku\/\" title=\"Dzie\u0144 szpinaku!\" class=\"cmsms_img_link preloader\"><img loading=\"lazy\" decoding=\"async\" width=\"555\" height=\"390\" src=\"https:\/\/lcpr.pl\/zg\/wp-content\/uploads\/2026\/03\/650225756_963215806033730_734778666428495382_n-1-e1774608745352-555x390.jpg\" class=\"full-width wp-post-image\" alt=\"Dzie\u0144 szpinaku!\" title=\"Dzie\u0144 szpinaku!\" \/><\/a><\/figure><header class=\"cmsms_post_header entry-header\"><h2 class=\"cmsms_post_title entry-title\"><a href=\"https:\/\/lcpr.pl\/zg\/2026\/03\/26\/dzien-szpinaku\/\">Dzie\u0144 szpinaku!<\/a><\/h2><\/header><div class=\"cmsms_post_content entry-content\">\n<\/div>\n<footer class=\"cmsms_post_footer entry-meta tar\"><div class=\"cmsms_post_meta_info\"><abbr class=\"published cmsms_post_date cmsms-icon-calendar-8\" title=\"2026-03-26\">2026-03-26<\/abbr><abbr class=\"dn date updated\" title=\"2026-03-27\">2026-03-27<\/abbr><\/div><a class=\"button cmsms_post_read_more\" href=\"https:\/\/lcpr.pl\/zg\/2026\/03\/26\/dzien-szpinaku\/\">Wi\u0119cej informacji<\/a><\/footer>\t<\/div>\r\n<\/article>\r\n<!--_________________________ Finish Standard Article _________________________ -->\r\n\r\n\r\n<!--_________________________ Start Standard Article _________________________ -->\r\n\r\n<article id=\"post-20887\" class=\"cmsms_post_masonry post-20887 post type-post status-publish format-standard has-post-thumbnail hentry category-aktualnosci\" data-category=\"aktualnosci\">\r\n\t<span class=\"cmsms_post_format_img  cmsms-icon-desktop-3\"><\/span>\r\n\t<div class=\"cmsms_post_cont\">\r\n\t<figure><a href=\"https:\/\/lcpr.pl\/zg\/2026\/03\/22\/kaziuki-w-ochli-strefa-produktu-regionalnego-lcpr\/\" title=\"Kaziuki w Ochli &#8211; Strefa Produktu Regionalnego LCPR\" class=\"cmsms_img_link preloader\"><img loading=\"lazy\" decoding=\"async\" width=\"580\" height=\"390\" src=\"https:\/\/lcpr.pl\/zg\/wp-content\/uploads\/2026\/03\/657795241_972749051747072_5986407742732724867_n-1-e1774426575385-580x390.jpg\" class=\"full-width wp-post-image\" alt=\"Kaziuki w Ochli &#8211; Strefa Produktu Regionalnego LCPR\" title=\"Kaziuki w Ochli &#8211; Strefa Produktu Regionalnego LCPR\" \/><\/a><\/figure><header class=\"cmsms_post_header entry-header\"><h2 class=\"cmsms_post_title entry-title\"><a href=\"https:\/\/lcpr.pl\/zg\/2026\/03\/22\/kaziuki-w-ochli-strefa-produktu-regionalnego-lcpr\/\">Kaziuki w Ochli &#8211; Strefa Produktu Regionalnego LCPR<\/a><\/h2><\/header><div class=\"cmsms_post_content entry-content\">\n<\/div>\n<footer class=\"cmsms_post_footer entry-meta tar\"><div class=\"cmsms_post_meta_info\"><abbr class=\"published cmsms_post_date cmsms-icon-calendar-8\" title=\"2026-03-22\">2026-03-22<\/abbr><abbr class=\"dn date updated\" title=\"2026-03-25\">2026-03-25<\/abbr><\/div><a class=\"button cmsms_post_read_more\" href=\"https:\/\/lcpr.pl\/zg\/2026\/03\/22\/kaziuki-w-ochli-strefa-produktu-regionalnego-lcpr\/\">Wi\u0119cej informacji<\/a><\/footer>\t<\/div>\r\n<\/article>\r\n<!--_________________________ Finish Standard Article _________________________ -->\r\n\r\n\r\n<!--_________________________ Start Standard Article _________________________ -->\r\n\r\n<article id=\"post-20854\" class=\"cmsms_post_masonry post-20854 post type-post status-publish format-standard has-post-thumbnail hentry category-aktualnosci\" data-category=\"aktualnosci\">\r\n\t<span class=\"cmsms_post_format_img  cmsms-icon-desktop-3\"><\/span>\r\n\t<div class=\"cmsms_post_cont\">\r\n\t<figure><a href=\"https:\/\/lcpr.pl\/zg\/2026\/03\/20\/kaziuki-w-ochli-juz-w-najblizsza-niedziele-22-marca\/\" title=\"Kaziuki w Ochli ju\u017c w najbli\u017csz\u0105 niedziel\u0119 22 marca!\" class=\"cmsms_img_link preloader\"><img loading=\"lazy\" decoding=\"async\" width=\"580\" height=\"390\" src=\"https:\/\/lcpr.pl\/zg\/wp-content\/uploads\/2026\/03\/KAZIUKI-20262-e1773744313340-580x390.png\" class=\"full-width wp-post-image\" alt=\"Kaziuki w Ochli ju\u017c w najbli\u017csz\u0105 niedziel\u0119 22 marca!\" title=\"Kaziuki w Ochli ju\u017c w najbli\u017csz\u0105 niedziel\u0119 22 marca!\" \/><\/a><\/figure><header class=\"cmsms_post_header entry-header\"><h2 class=\"cmsms_post_title entry-title\"><a href=\"https:\/\/lcpr.pl\/zg\/2026\/03\/20\/kaziuki-w-ochli-juz-w-najblizsza-niedziele-22-marca\/\">Kaziuki w Ochli ju\u017c w najbli\u017csz\u0105 niedziel\u0119 22 marca!<\/a><\/h2><\/header><div class=\"cmsms_post_content entry-content\">\n<\/div>\n<footer class=\"cmsms_post_footer entry-meta tar\"><div class=\"cmsms_post_meta_info\"><abbr class=\"published cmsms_post_date cmsms-icon-calendar-8\" title=\"2026-03-20\">2026-03-20<\/abbr><abbr class=\"dn date updated\" title=\"2026-03-20\">2026-03-20<\/abbr><\/div><a class=\"button cmsms_post_read_more\" href=\"https:\/\/lcpr.pl\/zg\/2026\/03\/20\/kaziuki-w-ochli-juz-w-najblizsza-niedziele-22-marca\/\">Wi\u0119cej informacji<\/a><\/footer>\t<\/div>\r\n<\/article>\r\n<!--_________________________ Finish Standard Article _________________________ -->\r\n\r\n<\/div><div class=\"cmsms_wrap_more_posts cmsms_wrap_more_items\"><div class=\"cmsms_wrap_pagination\"><ul class='page-numbers'>\n\t<li><span aria-current=\"page\" class=\"page-numbers current\">1<\/span><\/li>\n\t<li><a class=\"page-numbers\" href=\"https:\/\/lcpr.pl\/zg\/wp-json\/wp\/v2\/pages\/10530\/page\/2\/\">2<\/a><\/li>\n\t<li><a class=\"page-numbers\" href=\"https:\/\/lcpr.pl\/zg\/wp-json\/wp\/v2\/pages\/10530\/page\/3\/\">3<\/a><\/li>\n\t<li><span class=\"page-numbers dots\">&hellip;<\/span><\/li>\n\t<li><a class=\"page-numbers\" href=\"https:\/\/lcpr.pl\/zg\/wp-json\/wp\/v2\/pages\/10530\/page\/23\/\">23<\/a><\/li>\n\t<li><a class=\"next page-numbers\" href=\"https:\/\/lcpr.pl\/zg\/wp-json\/wp\/v2\/pages\/10530\/page\/2\/\"><span class=\"cmsms_next_arrow\"><span><\/span><\/span><\/a><\/li>\n<\/ul>\n<\/div><\/div><\/div>\n<\/div>\n<\/div>\n<\/div>\n<\/div>\n<\/div>\n<\/div>\n\n","protected":false},"excerpt":{"rendered":"","protected":false},"author":1,"featured_media":0,"parent":0,"menu_order":0,"comment_status":"closed","ping_status":"closed","template":"","meta":{"footnotes":""},"class_list":["post-10530","page","type-page","status-publish","hentry"],"_links":{"self":[{"href":"https:\/\/lcpr.pl\/zg\/wp-json\/wp\/v2\/pages\/10530","targetHints":{"allow":["GET"]}}],"collection":[{"href":"https:\/\/lcpr.pl\/zg\/wp-json\/wp\/v2\/pages"}],"about":[{"href":"https:\/\/lcpr.pl\/zg\/wp-json\/wp\/v2\/types\/page"}],"author":[{"embeddable":true,"href":"https:\/\/lcpr.pl\/zg\/wp-json\/wp\/v2\/users\/1"}],"replies":[{"embeddable":true,"href":"https:\/\/lcpr.pl\/zg\/wp-json\/wp\/v2\/comments?post=10530"}],"version-history":[{"count":6,"href":"https:\/\/lcpr.pl\/zg\/wp-json\/wp\/v2\/pages\/10530\/revisions"}],"predecessor-version":[{"id":13864,"href":"https:\/\/lcpr.pl\/zg\/wp-json\/wp\/v2\/pages\/10530\/revisions\/13864"}],"wp:attachment":[{"href":"https:\/\/lcpr.pl\/zg\/wp-json\/wp\/v2\/media?parent=10530"}],"curies":[{"name":"wp","href":"https:\/\/api.w.org\/{rel}","templated":true}]}}